{"id":4008,"date":"2017-08-02T15:30:59","date_gmt":"2017-08-02T13:30:59","guid":{"rendered":"http:\/\/www.teatreromea.cat\/el-teatre\/"},"modified":"2026-03-11T12:57:09","modified_gmt":"2026-03-11T11:57:09","slug":"el-teatro","status":"publish","type":"page","link":"https:\/\/www.teatreromea.cat\/es\/el-teatro\/","title":{"rendered":"El teatro"},"content":{"rendered":"\n<div class=\"wp-block-cover alignfull has-custom-content-position is-position-bottom-left hero hero_01\" style=\"min-height:619px;aspect-ratio:unset;\"><img loading=\"lazy\" decoding=\"async\" width=\"2048\" height=\"1363\" class=\"wp-block-cover__image-background wp-image-11522\" alt=\"\" src=\"https:\/\/www.teatreromea.cat\/wp-content\/uploads\/sites\/2\/2025\/02\/31_Teatre-Romea_\u00a9StudioRuano_240611-7967_w.jpg\" style=\"object-position:47% 69%\" data-object-fit=\"cover\" data-object-position=\"47% 69%\" srcset=\"https:\/\/www.teatreromea.cat\/wp-content\/uploads\/sites\/2\/2025\/02\/31_Teatre-Romea_\u00a9StudioRuano_240611-7967_w.jpg 2048w, https:\/\/www.teatreromea.cat\/wp-content\/uploads\/sites\/2\/2025\/02\/31_Teatre-Romea_\u00a9StudioRuano_240611-7967_w-300x200.jpg 300w, https:\/\/www.teatreromea.cat\/wp-content\/uploads\/sites\/2\/2025\/02\/31_Teatre-Romea_\u00a9StudioRuano_240611-7967_w-1124x748.jpg 1124w, https:\/\/www.teatreromea.cat\/wp-content\/uploads\/sites\/2\/2025\/02\/31_Teatre-Romea_\u00a9StudioRuano_240611-7967_w-800x532.jpg 800w, https:\/\/www.teatreromea.cat\/wp-content\/uploads\/sites\/2\/2025\/02\/31_Teatre-Romea_\u00a9StudioRuano_240611-7967_w-1536x1022.jpg 1536w, https:\/\/www.teatreromea.cat\/wp-content\/uploads\/sites\/2\/2025\/02\/31_Teatre-Romea_\u00a9StudioRuano_240611-7967_w-1500x998.jpg 1500w\" sizes=\"auto, (max-width: 2048px) 100vw, 2048px\" \/><span aria-hidden=\"true\" class=\"wp-block-cover__background has-background-dim-40 has-background-dim wp-block-cover__gradient-background has-background-gradient has-diagonal-secondary-gradient-gradient-background\" style=\"background-color:#7f3027\"><\/span><div class=\"wp-block-cover__inner-container is-layout-flow wp-block-cover-is-layout-flow\"><h1 style=\"text-transform:uppercase;\" class=\"has-text-align-center wp-block-post-title has-text-color has-background-color has-huge-font-size\">El teatro<\/h1><\/div><\/div>\n\n\n\n<div class=\"internal-nav-container\">\n\n<div data-sticky-container class=\" internal-nav \">  \n        <div class=\"sticky\" data-sticky data-top-anchor=\"intro:top\" data-btm-anchor=\"footer:bottom:bottom\" data-sticky-on=\"small\" data-margin-top=\"5\">\n\n\n\n<div id=\"internal-nav-block_96a8a78e14fb4a341519b69e5e92ae6d\" class=\"row expanded\">\n  <div class=\"columns \">          \n\n                <nav class=\"internal-nav right hide-on-init\" role=\"complementary\"><ul class=\"menu\" data-magellan data-offset=\"140\"><li class=\"menu-text\"><svg class=\"icon tiny\" viewBox=\"0 0 60 60\"><use xlink:href=\"#arrow-down-45\"><\/use><\/svg>                        <\/li><li><a href=\"#historia\">Hist\u00f2ria<\/a><\/li><li><a href=\"#direccio\">Direcci\u00f3 art\u00edstica<\/a><\/li><li><a href=\"#gransteatrerus\">Grans Teatrerus<\/a><\/li><li><a href=\"#espais\">Espais<\/a><\/li><li><a href=\"#oficina\">Oficina t\u00e8cnica<\/a><\/li><li><a href=\"#patrocinadors\">Patrocinadors<\/a><\/li><li><a href=\"#accessibilitat\">Accessibilitat<\/a><\/li><li><a href=\"#sostenibilitat\">Sostenibilitat<\/a><\/li><li><a href=\"#contacte\">Contacte<\/a><\/li><button id=\"internal-nav_close\" class=\"show-for-small-only\"><svg class=\"icon small white\" viewBox=\"0 0 60 60\"><use xlink:href=\"#chevron-down\"><\/use><\/svg><\/button><\/ul><\/nav>                \n            \n        \n  \n\n<\/div>\n<\/div>\n\n  <\/div> <!-- sticky -->\n<\/div> <!-- data-sticky-container -->\n\n<\/div> <!-- internal-nav-container -->\n\n\n<div id=\"intro\" class=\"wp-block-group block-section is-content-justification-center is-nowrap is-layout-flex wp-container-core-group-is-layout-23441af8 wp-block-group-is-layout-flex\">\n<div class=\"wp-block-columns is-layout-flex wp-container-core-columns-is-layout-28f84493 wp-block-columns-is-layout-flex\">\n<div class=\"wp-block-column is-layout-constrained wp-container-core-column-is-layout-6ec501fb wp-block-column-is-layout-constrained\">\n<p class=\"has-text-align-center has-medium-font-size\" id=\"intro\">Transgresi\u00f3n, provocaci\u00f3n, reflexi\u00f3n y entretenimiento, son la marca de este centro de producci\u00f3n, generador de debate cultural contempor\u00e1neo.<\/p>\n<\/div>\n<\/div>\n<\/div>\n\n\n\n<div id=\"historia\" class=\"wp-block-group block-section is-layout-constrained wp-block-group-is-layout-constrained\">\n<h2 class=\"wp-block-heading has-primary-color has-text-color has-xx-large-font-size\" style=\"text-transform:uppercase\">Historia<\/h2>\n\n\n\n<p>El <strong>Teatro Romea<\/strong> naci\u00f3 como teatro privado en 1863, orientado hacia la peque\u00f1a burgues\u00eda y las clases populares. En 1981, se convirti\u00f3 en el Centro Dram\u00e1tico de la Generalitat, cumpliendo el papel de Teatro Nacional hasta la creaci\u00f3n del Teatro Nacional de Catalu\u00f1a.<\/p>\n\n\n\n<p>Es en 1999 cuando comienza su nueva etapa bajo la gesti\u00f3n del Grupo Focus que encarga la direcci\u00f3n art\u00edstica a Calixto Bieito, uno de los directores esc\u00e9nicos espa\u00f1oles con mayor proyecci\u00f3n internacional. Desde entonces, el <strong>Teatro Romea<\/strong> se ha convertido en un espacio de rabiosa actualidad art\u00edstica, que se arriesga con propuestas innovadoras. Transgresi\u00f3n, provocaci\u00f3n, reflexi\u00f3n y entretenimiento son la marca de este centro de producci\u00f3n, generador de debate cultural contempor\u00e1neo. En 2011, la direcci\u00f3n art\u00edstica del&nbsp;<strong>Teatro Romea<\/strong>&nbsp;pasa a manos de Julio Manrique; en 2014, Borja Sitj\u00e0 toma el relevo y, entre 2017 y 2018, Carles Canut se pone al frente de la direcci\u00f3n del Romea. En febrero de 2019, Josep Maria Pou es nombrado nuevo director art\u00edstico del Romea.<\/p>\n\n\n\n<p>Varios galardones avalan la trayectoria y propuesta art\u00edstica del&nbsp;<strong>Teatro Romea<\/strong>, entre los que cabe destacar el premio a la Mejor Programaci\u00f3n de Teatro de Espa\u00f1a, otorgado por la Feria Internacional de Teatro de Huesca en 2005; el premio Max de las Artes Esc\u00e9nicas como Mejor Empresario o Productor Teatral, en 2007; la Medalla de Oro al M\u00e9rito Cultural del Ayuntamiento de Barcelona en 2014, y la Cruz de San Jorge de la Generalidad de Catalu\u00f1a, en 2015.<\/p>\n\n\n\n<p>El&nbsp;<strong>Teatro Romea<\/strong>&nbsp;recibe el apoyo de las siguientes instituciones: Generalitat de Catalunya (Departamento de Cultura), ICEC (Instituto Catal\u00e1n de las Empresas Culturales), Ayuntamiento de Barcelona (Instituto de Cultura), INAEM (Gobierno de Espa\u00f1a, Ministerio de Cultura), Uni\u00f3n Europea (Fondo Europeo Next Generation; Plan de Recuperaci\u00f3n, Transformaci\u00f3n y Resiliencia), Next Generation Catalu\u00f1a.<\/p>\n<\/div>\n\n\n\n<div id=\"direccio\" class=\"wp-block-group block-section is-layout-constrained wp-container-core-group-is-layout-9da16794 wp-block-group-is-layout-constrained\">\n<h2 class=\"wp-block-heading has-primary-color has-text-color has-xx-large-font-size\" style=\"text-transform:uppercase\">Direcci\u00f3n art\u00edstica<\/h2>\n\n\n\n<div class=\"wp-block-columns is-layout-flex wp-container-core-columns-is-layout-28f84493 wp-block-columns-is-layout-flex\">\n<div class=\"wp-block-column is-layout-flow wp-block-column-is-layout-flow\" style=\"flex-basis:33.33%\">\n<h2 class=\"wp-block-heading has-x-large-font-size\" style=\"text-transform:uppercase\">Josep Maria Pou<\/h2>\n\n\n\n<p class=\"has-medium-font-size\">Director art\u00edstico<\/p>\n<\/div>\n\n\n\n<div class=\"wp-block-column is-layout-flow wp-block-column-is-layout-flow\" style=\"flex-basis:66.66%\">\n<figure class=\"wp-block-image alignright size-full\"><img loading=\"lazy\" decoding=\"async\" width=\"781\" height=\"520\" src=\"https:\/\/www.teatreromea.cat\/wp-content\/uploads\/sites\/2\/2023\/05\/josep-maria-pou-director-artistic-teatre-romea-barcelona.jpg\" alt=\"\" class=\"wp-image-10596\" srcset=\"https:\/\/www.teatreromea.cat\/wp-content\/uploads\/sites\/2\/2023\/05\/josep-maria-pou-director-artistic-teatre-romea-barcelona.jpg 781w, https:\/\/www.teatreromea.cat\/wp-content\/uploads\/sites\/2\/2023\/05\/josep-maria-pou-director-artistic-teatre-romea-barcelona-300x200.jpg 300w\" sizes=\"auto, (max-width: 781px) 100vw, 781px\" \/><\/figure>\n<\/div>\n<\/div>\n\n\n\n<div class=\"wp-block-columns is-layout-flex wp-container-core-columns-is-layout-0c0b91ec wp-block-columns-is-layout-flex\">\n<div class=\"wp-block-column is-layout-flow wp-block-column-is-layout-flow\">\n<p>Actor y director, debuta en el Teatro Espa\u00f1ol de Madrid el 2 de octubre de 1968 y desde entonces ha estrenado alrededor de unos sesenta espect\u00e1culos teatrales en los cuales se conjugan los grandes t\u00edtulos con los nombres de los mejores autores y directores nacionales e internacionales.<\/p>\n\n\n\n<p>Su actividad teatral se ha desarrollado en paralelo con la del cine y la televisi\u00f3n sumando gran cantidad de trabajos (casi dos centenares) en los dos medios.<\/p>\n\n\n\n<p>A su labor de actor y director se une su labor como traductor y adaptador de diversas obras del teatro ingl\u00e9s y americano m\u00e1s reciente.<\/p>\n\n\n\n<p>Colaborador en varias cadenas radiof\u00f3nicas, ha tenido un programa propio (La Calle&nbsp;42) en&nbsp;Radio&nbsp;Nacional&nbsp;de Espa\u00f1a-Radio&nbsp;1 quince a\u00f1os.<\/p>\n\n\n\n<p>Tambi\u00e9n ha publicado en varios medios de prensa y ha escrito una columna semanal de opini\u00f3n en El Peri\u00f3dico de Catalunya a lo largo de los \u00faltimos doce a\u00f1os.<\/p>\n<\/div>\n\n\n\n<div class=\"wp-block-column is-layout-flow wp-block-column-is-layout-flow\">\n<p>Ha estado director art\u00edstico del Teatre Goya de Barcelona y del Teatro La Latina de Madrid, y en la actualidad lo es del Teatre Romea de Barcelona.<\/p>\n\n\n\n<p>Su actividad se ha visto reconocida con varios premios: Premio Nacional de Teatro del Ministerio de Cultura, Premio Nacional de Cultura de la Generalitat de Catalu\u00f1a, Premio de Cultura de la Comunidad de Madrid, Premio Ricardo Calvo del Ayuntamiento de Madrid, Premio Ondas, Premio Max, Fotogramas de Plata, Premio Internacional Terenci Mustio, Premio San Jorge de Cinematograf\u00eda, Premio Cine Barcelona, Premio Butaca, Premio de la Cr\u00edtica de Barcelona, Premio Ercilla, Premio Talento Comunicativo de la Universidad Complutense de Madrid, Premio Gim\u00e9nez Front\u00edn de la Asociaci\u00f3n de Escritores de Catalu\u00f1a, Premio La Barraca de la Universidad Internacional Men\u00e9ndez Pelayo de Santander, Gaud\u00ed de Honor de la Academia del Cine Catal\u00e1n, y Cruz de San Jorge, entre otros.<\/p>\n\n\n\n\n<a href=\"http:\/\/www.josepmariapou.com\" target=\"_self\" id=\"button-block_ec3047a5bcd50a3ca718909b44085bc1\" class=\"button right default default clear\">\nwww.josepmariapou.com \n\n<\/a><\/div>\n<\/div>\n<\/div>\n\n\n\n<div id=\"gransteatrerus\" class=\"wp-block-group block-section is-layout-constrained wp-block-group-is-layout-constrained\">\n<h2 class=\"wp-block-heading has-primary-color has-text-color has-xx-large-font-size\" style=\"text-transform:uppercase\">grans teatrerus<\/h2>\n\n\n\n<p>Proyecto social del Grup Focus que pretende contribuir a combatir la soledad no voluntaria entre las personas mayores y propiciar el envejecimiento activo a trav\u00e9s del teatro y de la cultura.<\/p>\n\n\n\n<p>Queremos recuperar como espectadores a nuestros \u00abgrandes teatreros\u00bb que, por motivos diversos, han dejado de ser p\u00fablicos de teatro, a trav\u00e9s de v\u00ednculos intergeneracionales con j\u00f3venes, con los que compartir su pasi\u00f3n y conocimiento por las artes esc\u00e9nicas.<\/p>\n\n\n\n<p>Durante la temporada 2023-24 se desarrollar\u00e1 una prueba piloto con vecinas y vecinos del barrio del Raval de Barcelona, vinculada al Teatro Romea y al Teatro Goya.<\/p>\n\n\n\n\n<a href=\"https:\/\/www.focus.cat\/es\/grans-teatrerus\/\" target=\"_blank\" id=\"button-block_c97d392e16a947601ae606c02b15b1cf\" class=\"button alignright default default default\">\nM\u00e1s informaci\u00f3n\n\n<\/a><\/div>\n\n\n\n<div id=\"espais\" class=\"wp-block-group block-section is-layout-constrained wp-container-core-group-is-layout-59711a16 wp-block-group-is-layout-constrained\" style=\"padding-top:var(--wp--preset--spacing--80)\">\n<h2 class=\"wp-block-heading has-primary-color has-text-color has-xx-large-font-size\" style=\"text-transform:uppercase\">Espacios<\/h2>\n\n\n\n<div class=\"wp-block-group is-content-justification-left is-layout-constrained wp-container-core-group-is-layout-1ca60971 wp-block-group-is-layout-constrained\">\n<p class=\"has-medium-font-size\">Las puertas del Teatre Romea est\u00e1n abiertas al desarrollo de acontecimientos empresariales, culturales o promocionales que busquen un entorno singular y con valor a\u00f1adido.<\/p>\n\n\n\n<div class=\"wp-block-group alignfull no-mobile-lateral-padding is-layout-flow wp-container-core-group-is-layout-b3ce9772 wp-block-group-is-layout-flow\" style=\"padding-top:0;padding-right:0;padding-bottom:0;padding-left:0\">\n<div class=\"wp-block-media-text alignwide has-media-on-the-right is-stacked-on-mobile is-vertically-aligned-center\"><div class=\"wp-block-media-text__content\">\n<h2 class=\"wp-block-heading has-large-font-size\" id=\"fusce-porttitor-a-mi-at-suscipit-facilisis-dolo\"><strong>Caracter\u00edsticas<\/strong><\/h2>\n\n\n\n<p><strong>Aforo<\/strong>\nTotal: 618\n\n<strong>Relaci\u00f3n p\u00fablico\/escena<\/strong>\nTeatro con distribuci\u00f3n de tipo \u00abitaliana\u00bb.<\/p>\n\n\n\n<p><strong>\u00daltima reforma<\/strong>\nA\u00f1o 1992<\/p>\n\n\n\n<p><strong>Arquitecto<\/strong>\nJoan Rod\u00f3n<\/p>\n\n\n\n<p style=\"font-size:18px\"><\/p>\n<\/div><figure class=\"wp-block-media-text__media\"><img loading=\"lazy\" decoding=\"async\" width=\"1124\" height=\"748\" src=\"https:\/\/www.teatreromea.cat\/wp-content\/uploads\/sites\/2\/2025\/02\/31_Teatre-Romea_\u00a9StudioRuano_240611-7967_w-1124x748.jpg\" alt=\"\" class=\"wp-image-11522 size-large\" srcset=\"https:\/\/www.teatreromea.cat\/wp-content\/uploads\/sites\/2\/2025\/02\/31_Teatre-Romea_\u00a9StudioRuano_240611-7967_w-1124x748.jpg 1124w, https:\/\/www.teatreromea.cat\/wp-content\/uploads\/sites\/2\/2025\/02\/31_Teatre-Romea_\u00a9StudioRuano_240611-7967_w-300x200.jpg 300w, https:\/\/www.teatreromea.cat\/wp-content\/uploads\/sites\/2\/2025\/02\/31_Teatre-Romea_\u00a9StudioRuano_240611-7967_w-800x532.jpg 800w, https:\/\/www.teatreromea.cat\/wp-content\/uploads\/sites\/2\/2025\/02\/31_Teatre-Romea_\u00a9StudioRuano_240611-7967_w-1536x1022.jpg 1536w, https:\/\/www.teatreromea.cat\/wp-content\/uploads\/sites\/2\/2025\/02\/31_Teatre-Romea_\u00a9StudioRuano_240611-7967_w-1500x998.jpg 1500w, https:\/\/www.teatreromea.cat\/wp-content\/uploads\/sites\/2\/2025\/02\/31_Teatre-Romea_\u00a9StudioRuano_240611-7967_w.jpg 2048w\" sizes=\"auto, (max-width: 1124px) 100vw, 1124px\" \/><\/figure><\/div>\n\n\n\n<div class=\"wp-block-media-text alignwide is-stacked-on-mobile is-vertically-aligned-center\" style=\"grid-template-columns:49% auto\"><figure class=\"wp-block-media-text__media\"><img loading=\"lazy\" decoding=\"async\" width=\"1124\" height=\"748\" src=\"https:\/\/www.teatreromea.cat\/wp-content\/uploads\/sites\/2\/2025\/02\/33_Teatre-Romea_\u00a9StudioRuano_240611-7970_w-1124x748.jpg\" alt=\"\" class=\"wp-image-11526 size-large\" srcset=\"https:\/\/www.teatreromea.cat\/wp-content\/uploads\/sites\/2\/2025\/02\/33_Teatre-Romea_\u00a9StudioRuano_240611-7970_w-1124x748.jpg 1124w, https:\/\/www.teatreromea.cat\/wp-content\/uploads\/sites\/2\/2025\/02\/33_Teatre-Romea_\u00a9StudioRuano_240611-7970_w-300x200.jpg 300w, https:\/\/www.teatreromea.cat\/wp-content\/uploads\/sites\/2\/2025\/02\/33_Teatre-Romea_\u00a9StudioRuano_240611-7970_w-800x532.jpg 800w, https:\/\/www.teatreromea.cat\/wp-content\/uploads\/sites\/2\/2025\/02\/33_Teatre-Romea_\u00a9StudioRuano_240611-7970_w-1536x1022.jpg 1536w, https:\/\/www.teatreromea.cat\/wp-content\/uploads\/sites\/2\/2025\/02\/33_Teatre-Romea_\u00a9StudioRuano_240611-7970_w-1500x998.jpg 1500w, https:\/\/www.teatreromea.cat\/wp-content\/uploads\/sites\/2\/2025\/02\/33_Teatre-Romea_\u00a9StudioRuano_240611-7970_w.jpg 2048w\" sizes=\"auto, (max-width: 1124px) 100vw, 1124px\" \/><\/figure><div class=\"wp-block-media-text__content\">\n<h2 class=\"wp-block-heading has-large-font-size\" id=\"fusce-porttitor-a-mi-at-suscipit-facilisis-dolo\"> Dimensiones de la sala<\/h2>\n\n\n\n<p>Ancho: 15,70m\n\nFondo desde la boca: 19,2m\n\nAltura m\u00e1xima: 10,7m<\/p>\n\n\n\n<p><strong>Alturas a pisos:<\/strong><\/p>\n\n\n\n<p>Primer pios: 2,7m\n\nSegundo piso: 5,44m<\/p>\n\n\n\n<h2 class=\"wp-block-heading has-large-font-size\" id=\"fusce-porttitor-a-mi-at-suscipit-facilisis-dolo\"><strong>Alquiler del espacio<\/strong><\/h2>\n\n\n\n<p>Para recibir m\u00e1s informaci\u00f3n sobre las caracter\u00edsticas del espacio, la disponibilidad de fechas y las tarifas de alquiler pod\u00e9is contactar con:<\/p>\n\n\n\n<p><strong>Irene Hernandez<\/strong><br>Tel. 93 309 75 38<br><a href=\"mailto:ihernandez@focus.cat\">ihernandez@focus.cat<\/a><\/p>\n<\/div><\/div>\n\n\n\n<div class=\"wp-block-media-text alignwide has-media-on-the-right is-stacked-on-mobile is-vertically-aligned-center\"><div class=\"wp-block-media-text__content\">\n<p style=\"font-size:18px\"><\/p>\n\n\n\n<h2 class=\"wp-block-heading has-large-font-size\" id=\"fusce-porttitor-a-mi-at-suscipit-facilisis-dolo\">Servicios<\/h2>\n\n\n\n<p><strong>Cafeter\u00eda<\/strong><\/p>\n\n\n\n<p>El Teatre Romea dispone de servicio de cafeter\u00eda con acceso directo desde el vest\u00edbulo del teatro. La cafeter\u00eda estar\u00e1 abierta desde una hora antes del comienzo de la representaci\u00f3n hasta el inicio del espect\u00e1culo.<\/p>\n<\/div><figure class=\"wp-block-media-text__media\"><img loading=\"lazy\" decoding=\"async\" width=\"1124\" height=\"748\" src=\"https:\/\/www.teatreromea.cat\/wp-content\/uploads\/sites\/2\/2025\/02\/18_Teatre-Romea_\u00a9StudioRuano_240611-8055_w-1124x748.jpg\" alt=\"\" class=\"wp-image-11520 size-large\" srcset=\"https:\/\/www.teatreromea.cat\/wp-content\/uploads\/sites\/2\/2025\/02\/18_Teatre-Romea_\u00a9StudioRuano_240611-8055_w-1124x748.jpg 1124w, https:\/\/www.teatreromea.cat\/wp-content\/uploads\/sites\/2\/2025\/02\/18_Teatre-Romea_\u00a9StudioRuano_240611-8055_w-300x200.jpg 300w, https:\/\/www.teatreromea.cat\/wp-content\/uploads\/sites\/2\/2025\/02\/18_Teatre-Romea_\u00a9StudioRuano_240611-8055_w-800x532.jpg 800w, https:\/\/www.teatreromea.cat\/wp-content\/uploads\/sites\/2\/2025\/02\/18_Teatre-Romea_\u00a9StudioRuano_240611-8055_w-1536x1022.jpg 1536w, https:\/\/www.teatreromea.cat\/wp-content\/uploads\/sites\/2\/2025\/02\/18_Teatre-Romea_\u00a9StudioRuano_240611-8055_w-1500x998.jpg 1500w, https:\/\/www.teatreromea.cat\/wp-content\/uploads\/sites\/2\/2025\/02\/18_Teatre-Romea_\u00a9StudioRuano_240611-8055_w.jpg 2048w\" sizes=\"auto, (max-width: 1124px) 100vw, 1124px\" \/><\/figure><\/div>\n<\/div>\n<\/div>\n<\/div>\n\n\n\n<div id=\"oficina\" class=\"wp-block-group block-section is-layout-constrained wp-container-core-group-is-layout-9da16794 wp-block-group-is-layout-constrained\">\n<h2 class=\"wp-block-heading has-primary-color has-text-color has-xx-large-font-size\" style=\"text-transform:uppercase\"> Oficina t\u00e9cnica<\/h2>\n\n\n\n<div class=\"wp-block-columns is-layout-flex wp-container-core-columns-is-layout-c4788e2e wp-block-columns-is-layout-flex\">\n<div class=\"wp-block-column is-layout-flow wp-block-column-is-layout-flow\">\n<p class=\"has-medium-font-size\">Si necesit\u00e1is informaci\u00f3n sobre las caracter\u00edsticas t\u00e9cnicas del Teatro Romea pod\u00e9is poneros contacto cono la oficina t\u00e9cnica:<\/p>\n\n\n\n<div class=\"wp-block-group is-vertical is-layout-flex wp-container-core-group-is-layout-187baabe wp-block-group-is-layout-flex\">\n\n<a href=\"tel:933015504\" target=\"_self\" id=\"button-block_ffd0e20e5d275253630dc1ee5fb84289\" class=\"button black default hollow add-icon-on-left\">\n93 301 55 04<svg class=\"icon\" viewBox=\"0 0 60 60\"><use xlink:href=\"#phone\"><\/use><\/svg>\n\n<\/a>\n\n\n\n<a href=\"https:\/\/www.teatreromea.cat\/wp-content\/uploads\/sites\/2\/2024\/10\/ROMEA_dosier-tecnico-2024CAST-1.pdf\" target=\"_self\" id=\"button-block_f8c9c56778e57c7087d7609edf430726\" class=\"button black default default add-icon-on-left\">\nDescarregar fitxa t\u00e8cnica<svg class=\"icon\" viewBox=\"0 0 60 60\"><use xlink:href=\"#download\"><\/use><\/svg>\n\n<\/a><\/div>\n<\/div>\n\n\n\n<div class=\"wp-block-column is-layout-flow wp-block-column-is-layout-flow\">\n<div class=\"wp-block-group is-layout-constrained wp-container-core-group-is-layout-7fca5b48 wp-block-group-is-layout-constrained\">\n<h3 class=\"wp-block-heading\"> Director de la oficina t\u00e9cnica<\/h3>\n\n\n\n<p>Moi Cuenca\n<a href=\"mailto:mcuenca@focus.cat\">mcuenca@focus.cat<\/a>\nTel. 93 309 75 38<\/p>\n<\/div>\n\n\n\n<div class=\"wp-block-group is-layout-constrained wp-container-core-group-is-layout-7fca5b48 wp-block-group-is-layout-constrained\">\n<h3 class=\"wp-block-heading\">Jefe t\u00e9cnicos del teatro<\/h3>\n\n\n\n<p>Sergio Lobaco\n<a href=\"mailto:slobaco@teatreromea.com\">slobaco@teatreromea.com<\/a><\/p>\n<\/div>\n\n\n\n<div class=\"wp-block-group is-layout-constrained wp-container-core-group-is-layout-7fca5b48 wp-block-group-is-layout-constrained\">\n<h3 class=\"wp-block-heading\"><\/h3>\n\n\n\n<p><\/p>\n<\/div>\n<\/div>\n<\/div>\n<\/div>\n\n\n\n<div id=\"patrocinadors\" class=\"wp-block-group block-section is-layout-flow wp-block-group-is-layout-flow\">\n<h2 class=\"wp-block-heading has-primary-color has-text-color has-xx-large-font-size\" style=\"text-transform:uppercase\"> Patrocinadores<\/h2>\n\n\n\n<h3 class=\"wp-block-heading\"> FORM\u00c1IS PARTE DE UNA EMPRESA COMPROMETIDA CON LA CULTURA?<\/h3>\n\n\n\n<p>El TeatrE Romea ofrece la posibilidad de patrocinar el conjunto de su programaci\u00f3n anual o alguno de sus espect\u00e1culos de manera individualizada.<\/p>\n\n\n\n<p>De este modo, las empresas pueden asociar su imagen corporativa a la trayectoria del teatro y a la vez disfrutar de un amplio programa de contraprestaciones.\nPara mayor informaci\u00f3n y elaboraci\u00f3n de una propuesta adecuada a vuestras necesidades os pod\u00e9is poner en contacto con:<\/p>\n\n\n\n<p><strong>Fabyan Salvador<\/strong>\n<a href=\"mailto:fsalvador@grupfocus.cat\">fsalvador@grupfocus.cat<\/a>\nTel. 93 309 75 38<\/p>\n\n\n\n<h4 class=\"wp-block-heading\">Patrocinador oficial<\/h4>\n\n\n\n<div id=\"logos-block_3960c55408f42968998e66d56c79fb66\" class=\"logos\">\n\n <div class=\"logos-clientes clearfix\">\n       \n            <div class=\"row align-left \">\n                                                              <a href=\"https:\/\/www.estrelladamm.com\/\" target=\"_blank\" class=\"no-external-link\">\n                                  <div class=\"logo-container\">\n                   \n                    <div class=\"caption\"><\/div>\n                    <img decoding=\"async\" class=\"\" src=\"https:\/\/www.teatreromea.cat\/wp-content\/uploads\/sites\/2\/2025\/08\/Manual_Estrella_page-0010-300x129.png\" alt=\"\">\n                <\/div>\n                                         <\/a>\n                                               <\/div>\n        \n    <\/div>\n    \n<\/div>\n\n\n<h4 class=\"wp-block-heading\"> Empresas patrocinadoras<\/h4>\n\n\n\n<div id=\"logos-block_0a55e90d5a0ae3ce036f59bd63857f88\" class=\"logos\">\n\n <div class=\"logos-clientes clearfix\">\n       \n            <div class=\"row align-left \">\n                                                              <a href=\"https:\/\/www.halconviajes.com\/\" target=\"_blank\" class=\"no-external-link\">\n                                  <div class=\"logo-container\">\n                   \n                    <div class=\"caption\"><\/div>\n                    <img decoding=\"async\" class=\"\" src=\"https:\/\/www.teatreromea.cat\/wp-content\/uploads\/sites\/2\/2025\/08\/HV_bn_horizontal_cat-01-300x128.jpg\" alt=\"\">\n                <\/div>\n                                         <\/a>\n                                                                                 <a href=\"https:\/\/docat.cat\/es\/inicio\/\" target=\"_blank\" class=\"no-external-link\">\n                                  <div class=\"logo-container\">\n                   \n                    <div class=\"caption\"><\/div>\n                    <img decoding=\"async\" class=\"\" src=\"https:\/\/www.teatreromea.cat\/wp-content\/uploads\/sites\/2\/2023\/03\/do-catalunya-color-300x116.png\" alt=\"\">\n                <\/div>\n                                         <\/a>\n                                                                                 <a href=\"https:\/\/www.rowenta.es\/\" target=\"_blank\" class=\"no-external-link\">\n                                  <div class=\"logo-container\">\n                   \n                    <div class=\"caption\"><\/div>\n                    <img decoding=\"async\" class=\"\" src=\"https:\/\/www.teatreromea.cat\/wp-content\/uploads\/sites\/2\/2023\/03\/Rowenta-V2-Logo-300x26-1.png\" alt=\"\">\n                <\/div>\n                                         <\/a>\n                                                                                 <a href=\"https:\/\/www.coca-cola.com\/es\/es\" target=\"_blank\" class=\"no-external-link\">\n                                  <div class=\"logo-container\">\n                   \n                    <div class=\"caption\"><\/div>\n                    <img decoding=\"async\" class=\"\" src=\"https:\/\/www.teatreromea.cat\/wp-content\/uploads\/sites\/2\/2023\/03\/cocacola-REF-300x109-1.png\" alt=\"\">\n                <\/div>\n                                         <\/a>\n                                               <\/div>\n        \n    <\/div>\n    \n<\/div>\n\n\n<h4 class=\"wp-block-heading\">Medio de comunicaci\u00f3n oficial<\/h4>\n\n\n\n<div id=\"logos-block_7591f743c50f8e6adcc429768777b83b\" class=\"logos\">\n\n <div class=\"logos-clientes clearfix\">\n       \n            <div class=\"row align-left \">\n                                                              <a href=\"https:\/\/www.elperiodico.com\/\" target=\"_blank\" class=\"no-external-link\">\n                                  <div class=\"logo-container\">\n                   \n                    <div class=\"caption\"><\/div>\n                    <img decoding=\"async\" class=\"\" src=\"https:\/\/www.teatreromea.cat\/wp-content\/uploads\/sites\/2\/2023\/03\/ELPERIODICO-LOGOTIPO-P-vermell-300x62-1.png\" alt=\"\">\n                <\/div>\n                                         <\/a>\n                                               <\/div>\n        \n    <\/div>\n    \n<\/div>\n\n\n<h4 class=\"wp-block-heading\">Partner tecnol\u00f3gico<\/h4>\n\n\n\n<div id=\"logos-block_2f552d15ac94b138a892bb7b04a82beb\" class=\"logos\">\n\n <div class=\"logos-clientes clearfix\">\n       \n            <div class=\"row align-left \">\n                                                              <a href=\"https:\/\/www.telefonica.es\/\" target=\"_blank\" class=\"no-external-link\">\n                                  <div class=\"logo-container\">\n                   \n                    <div class=\"caption\"><\/div>\n                    <img decoding=\"async\" class=\"\" src=\"https:\/\/www.teatreromea.cat\/wp-content\/uploads\/sites\/2\/2023\/06\/descarga-300x72.png\" alt=\"\">\n                <\/div>\n                                         <\/a>\n                                               <\/div>\n        \n    <\/div>\n    \n<\/div>\n\n\n<h4 class=\"wp-block-heading\"> Con la colaboraci\u00f3n de<\/h4>\n\n\n\n<div id=\"logos-block_0e6f10adcecdfd69b80144822dc16598\" class=\"logos\">\n\n <div class=\"logos-clientes clearfix\">\n       \n            <div class=\"row align-left \">\n                                                      <div class=\"logo-container\">\n                   \n                    <div class=\"caption\"><\/div>\n                    <img decoding=\"async\" class=\"\" src=\"https:\/\/www.teatreromea.cat\/wp-content\/uploads\/sites\/2\/2021\/09\/montibello.png\" alt=\"\">\n                <\/div>\n                                                                       <div class=\"logo-container\">\n                   \n                    <div class=\"caption\"><\/div>\n                    <img decoding=\"async\" class=\"\" src=\"https:\/\/www.teatreromea.cat\/wp-content\/uploads\/sites\/2\/2024\/02\/Mikakus_Barcelona_logo-bk_150x@2x.png\" alt=\"\">\n                <\/div>\n                                                                       <div class=\"logo-container\">\n                   \n                    <div class=\"caption\"><\/div>\n                    <img decoding=\"async\" class=\"\" src=\"https:\/\/www.teatreromea.cat\/wp-content\/uploads\/sites\/2\/2021\/09\/punto-blanco.jpg\" alt=\"\">\n                <\/div>\n                                                                       <div class=\"logo-container\">\n                   \n                    <div class=\"caption\"><\/div>\n                    <img decoding=\"async\" class=\"\" src=\"https:\/\/www.teatreromea.cat\/wp-content\/uploads\/sites\/2\/2025\/08\/images.png\" alt=\"\">\n                <\/div>\n                                                                       <div class=\"logo-container\">\n                   \n                    <div class=\"caption\"><\/div>\n                    <img decoding=\"async\" class=\"\" src=\"https:\/\/www.teatreromea.cat\/wp-content\/uploads\/sites\/2\/2023\/03\/LogoCompletoTA-300x90-1.png\" alt=\"\">\n                <\/div>\n                                                                       <div class=\"logo-container\">\n                   \n                    <div class=\"caption\"><\/div>\n                    <img decoding=\"async\" class=\"\" src=\"https:\/\/www.teatreromea.cat\/wp-content\/uploads\/sites\/2\/2023\/03\/Raval-cultural-300x150-1.png\" alt=\"\">\n                <\/div>\n                                                                       <div class=\"logo-container\">\n                   \n                    <div class=\"caption\"><\/div>\n                    <img decoding=\"async\" class=\"\" src=\"https:\/\/www.teatreromea.cat\/wp-content\/uploads\/sites\/2\/2023\/03\/thumbnail_Logo-Renfe_R_2425-300x113-1.png\" alt=\"\">\n                <\/div>\n                                             <\/div>\n        \n    <\/div>\n    \n<\/div>\n\n\n<h4 class=\"wp-block-heading\"> Instituciones<\/h4>\n\n\n\n<div id=\"logos-block_365d767f6d8110e609ad32817705a2cb\" class=\"logos instituciones\">\n\n <div class=\"logos-clientes clearfix\">\n       \n            <div class=\"row align-left \">\n                                                      <div class=\"logo-container\">\n                   \n                    <div class=\"caption\"><\/div>\n                    <img decoding=\"async\" class=\"\" src=\"https:\/\/www.teatreromea.cat\/wp-content\/uploads\/sites\/2\/2025\/02\/icec-300x54.png\" alt=\"\">\n                <\/div>\n                                                                       <div class=\"logo-container\">\n                   \n                    <div class=\"caption\"><\/div>\n                    <img decoding=\"async\" class=\"\" src=\"https:\/\/www.teatreromea.cat\/wp-content\/uploads\/sites\/2\/2025\/02\/gencat_color-300x98.png\" alt=\"\">\n                <\/div>\n                                                                       <div class=\"logo-container\">\n                   \n                    <div class=\"caption\"><\/div>\n                    <img decoding=\"async\" class=\"\" src=\"https:\/\/www.teatreromea.cat\/wp-content\/uploads\/sites\/2\/2023\/03\/ajuntament-de-barcelona-limes_reduides-15_rgb-770x288-1-300x112.png\" alt=\"\">\n                <\/div>\n                                                                       <div class=\"logo-container\">\n                   \n                    <div class=\"caption\"><\/div>\n                    <img decoding=\"async\" class=\"\" src=\"https:\/\/www.teatreromea.cat\/wp-content\/uploads\/sites\/2\/2023\/05\/institut-ramon-llull.jpg\" alt=\"\">\n                <\/div>\n                                                                       <div class=\"logo-container\">\n                   \n                    <div class=\"caption\"><\/div>\n                    <img decoding=\"async\" class=\"\" src=\"https:\/\/www.teatreromea.cat\/wp-content\/uploads\/sites\/2\/2023\/10\/Sin-titulo-1.png\" alt=\"\">\n                <\/div>\n                                                                       <div class=\"logo-container\">\n                   \n                    <div class=\"caption\"><\/div>\n                    <img decoding=\"async\" class=\"\" src=\"https:\/\/www.teatreromea.cat\/wp-content\/uploads\/sites\/2\/2023\/11\/INAEM-02-CAJETIN-ROJO-1-300x53.png\" alt=\"\">\n                <\/div>\n                                                                       <div class=\"logo-container\">\n                   \n                    <div class=\"caption\"><\/div>\n                    <img decoding=\"async\" class=\"\" src=\"https:\/\/www.teatreromea.cat\/wp-content\/uploads\/sites\/2\/2023\/10\/Logo-PRTR-tres-lineas_COLOR-300x169.png\" alt=\"\">\n                <\/div>\n                                                                       <div class=\"logo-container\">\n                   \n                    <div class=\"caption\"><\/div>\n                    <img decoding=\"async\" class=\"\" src=\"https:\/\/www.teatreromea.cat\/wp-content\/uploads\/sites\/2\/2023\/06\/thumbnail_image002.png\" alt=\"\">\n                <\/div>\n                                             <\/div>\n        \n    <\/div>\n    \n<\/div><\/div>\n\n\n\n<div id=\"accessibilitat\" class=\"wp-block-group block-section is-layout-constrained wp-block-group-is-layout-constrained\">\n<h2 class=\"wp-block-heading has-primary-color has-text-color has-xx-large-font-size\" style=\"text-transform:uppercase\"> Accesibilidad<\/h2>\n\n\n\n<div class=\"wp-block-group is-nowrap is-layout-flex wp-container-core-group-is-layout-6c531013 wp-block-group-is-layout-flex\">\n\n<div class=\"icon-circle black solid default\">\n<svg class=\"icon\" viewBox=\"0 0 60 60\"><use xlink:href=\"#accessible\"><\/use><\/svg><\/div>\n\n\n\n<h3 class=\"wp-block-heading\"> Atenci\u00f3n especial y accesos para personas con movilidad reducida<\/h3>\n<\/div>\n\n\n\n<p>Accesos y ba\u00f1os adaptados para personas con movilidad reducida.\nPara comprar un asiento de movilidad reducida, por favor llamen a la taquilla del teatro y efect\u00faen la reserva. El mismo d\u00eda de la funci\u00f3n podr\u00e1n pagarla hasta media hora antes del inicio.<\/p>\n\n\n\n<div class=\"wp-block-group is-nowrap is-layout-flex wp-container-core-group-is-layout-6c531013 wp-block-group-is-layout-flex\">\n\n<div class=\"icon-circle black solid default\">\n<svg class=\"icon\" viewBox=\"0 0 60 60\"><use xlink:href=\"#hearing\"><\/use><\/svg><\/div>\n\n\n\n<h3 class=\"wp-block-heading\">Atenci\u00f3n especial para personas con diversidades auditivas<\/h3>\n<\/div>\n\n\n\n<p>El teatro cuenta con la instalaci\u00f3n de un bucle magn\u00e9tico que permite mejorar la experiencia a personas con disminuci\u00f3n auditiva.\nEl personal de sala les proporcionar\u00e1 el servicio y cualquier informaci\u00f3n complementaria que necesiten.<\/p>\n\n\n\n<div class=\"wp-block-group is-nowrap is-layout-flex wp-container-core-group-is-layout-6c531013 wp-block-group-is-layout-flex\">\n\n<div class=\"icon-circle black solid default\">\n<svg class=\"icon\" viewBox=\"0 0 60 60\"><use xlink:href=\"#closed-captioning\"><\/use><\/svg><\/div>\n\n\n\n<h3 class=\"wp-block-heading\">Servicio de subtitulaci\u00f3n<\/h3>\n<\/div>\n\n\n\n<p>Este servicio se ofrece para el p\u00fablico con graves dificultades de audici\u00f3n y\/o para poder subtitular en catal\u00e1n espect\u00e1culos en otro idioma. El p\u00fablico podr\u00e1 seguir la funci\u00f3n sin perder el argumento y la acci\u00f3n.<\/p>\n\n\n\n<div class=\"wp-block-group is-nowrap is-layout-flex wp-container-core-group-is-layout-6c531013 wp-block-group-is-layout-flex\">\n\n<div class=\"icon-circle black solid default\">\n<svg class=\"icon\" viewBox=\"0 0 60 60\"><use xlink:href=\"#audio-description\"><\/use><\/svg><\/div>\n\n\n\n<h3 class=\"wp-block-heading\">Servicio de audiodescripci\u00f3n<\/h3>\n<\/div>\n\n\n\n<p>El teatro realizar\u00e1 una serie de funciones de cada espect\u00e1culo con la adaptaci\u00f3n de audiodescripci\u00f3n.\nEste sistema de audiodescripci\u00f3n en directo se ofrece en funciones concretas de la temporada y se anuncian en la programaci\u00f3n.<\/p>\n<\/div>\n\n\n\n<div id=\"sostenibilitat\" class=\"wp-block-group block-section is-layout-constrained wp-container-core-group-is-layout-346627ba wp-block-group-is-layout-constrained\">\n<h2 class=\"wp-block-heading has-primary-color has-text-color has-xx-large-font-size\" style=\"text-transform:uppercase\"><strong>Sostenibilidad<\/strong><\/h2>\n\n\n\n<p>En el Teatre Romea estamos comprometidos con la protecci\u00f3n del medio ambiente. Desc\u00e1rgate m\u00e1s informaci\u00f3n sobre el Distintivo de garant\u00eda de calidad ambiental para conocer las pr\u00e1cticas sostenibles que hemos implantado, y descubre c\u00f3mo puedes unirte para promover un futuro m\u00e1s verde.<\/p>\n\n\n\n<div class=\"wp-block-group is-vertical is-layout-flex wp-container-core-group-is-layout-fe9cc265 wp-block-group-is-layout-flex\">\n<div class=\"wp-block-columns is-layout-flex wp-container-core-columns-is-layout-28f84493 wp-block-columns-is-layout-flex\">\n<div class=\"wp-block-column is-layout-flow wp-block-column-is-layout-flow\">\n<figure class=\"wp-block-image size-full is-resized\"><img decoding=\"async\" src=\"https:\/\/www.teatrecondal.cat\/wp-content\/uploads\/sites\/3\/2024\/08\/Dgqa_Horitzontal_CAT_COLOR-1.jpg\" alt=\"\" class=\"wp-image-5102\" style=\"width:380px;height:auto\" \/><\/figure>\n<\/div>\n<\/div>\n\n\n\n\n<a href=\"https:\/\/www.teatreromea.cat\/wp-content\/uploads\/sites\/2\/2024\/03\/Inf-Distintiu-ambiental-amb-explicacio-Romea.pdf\" target=\"_self\" id=\"button-block_5158270ba53af44d69699f2715fa01fb\" class=\"button black default default add-icon-on-left\">\nBuenas pr\u00e1cticas de sostenibilidad<svg class=\"icon\" viewBox=\"0 0 60 60\"><use xlink:href=\"#download\"><\/use><\/svg>\n\n<\/a>\n\n\n\n<a href=\"https:\/\/www.teatreromea.cat\/wp-content\/uploads\/sites\/2\/2024\/09\/Certificat-Romea.pdf\" target=\"_self\" id=\"button-block_06cf68c657a20c3eadeb472738a5e627\" class=\"button default default default add-icon-on-left\">\nDistintivo de garant\u00eda de calidad ambiental<svg class=\"icon\" viewBox=\"0 0 60 60\"><use xlink:href=\"#download\"><\/use><\/svg>\n\n<\/a><\/div>\n<\/div>\n\n\n\n<div id=\"contacte\" class=\"wp-block-group block-section is-layout-constrained wp-container-core-group-is-layout-9da16794 wp-block-group-is-layout-constrained\">\n<h2 class=\"wp-block-heading has-primary-color has-text-color has-xx-large-font-size\" style=\"text-transform:uppercase\">Contacto<\/h2>\n\n\n\n<div class=\"wp-block-group is-layout-constrained wp-container-core-group-is-layout-9da16794 wp-block-group-is-layout-constrained\">\n<h3 class=\"wp-block-heading has-x-large-font-size\" style=\"text-transform:uppercase\"> Como llegar<\/h3>\n\n\n\n<div class=\"wp-block-columns is-layout-flex wp-container-core-columns-is-layout-c4788e2e wp-block-columns-is-layout-flex\">\n<div class=\"wp-block-column is-layout-flow wp-block-column-is-layout-flow\">\n<p class=\"has-medium-font-size\">C\/ Hospital n\u00ba 51\n08001 Barcelona<\/p>\n\n\n\n<div class=\"wp-block-group is-vertical is-layout-flex wp-container-core-group-is-layout-187baabe wp-block-group-is-layout-flex\">\n\n<a href=\"https:\/\/goo.gl\/maps\/6ajGA6WNutX8qURQ8\" target=\"_self\" id=\"button-block_2868b62a6b3325e7655c8169e09a8ef7\" class=\"button black default clear add-icon-on-left\">\nver mapa<svg class=\"icon\" viewBox=\"0 0 60 60\"><use xlink:href=\"#location\"><\/use><\/svg>\n\n<\/a><\/div>\n<\/div>\n\n\n\n<div class=\"wp-block-column is-layout-flow wp-block-column-is-layout-flow\">\n<div class=\"wp-block-group is-layout-constrained wp-container-core-group-is-layout-e0082cf6 wp-block-group-is-layout-constrained\">\n<h3 class=\"wp-block-heading\">Metro<\/h3>\n\n\n\n<p>L3 Liceu<\/p>\n<\/div>\n\n\n\n<div class=\"wp-block-group is-layout-constrained wp-container-core-group-is-layout-e0082cf6 wp-block-group-is-layout-constrained\">\n<h3 class=\"wp-block-heading\">Bus<\/h3>\n\n\n\n<p>59, V13<\/p>\n<\/div>\n\n\n\n<div class=\"wp-block-group is-layout-constrained wp-container-core-group-is-layout-e0082cf6 wp-block-group-is-layout-constrained\">\n<h3 class=\"wp-block-heading\">Nit Bus<\/h3>\n\n\n\n<p>N9, N12<\/p>\n<\/div>\n\n\n\n<div class=\"wp-block-group is-layout-constrained wp-container-core-group-is-layout-e0082cf6 wp-block-group-is-layout-constrained\">\n<h3 class=\"wp-block-heading\">FGC<\/h3>\n\n\n\n<p>Pl. Catalunya<\/p>\n<\/div>\n\n\n\n<div class=\"wp-block-group is-layout-constrained wp-container-core-group-is-layout-e0082cf6 wp-block-group-is-layout-constrained\">\n<h3 class=\"wp-block-heading\">Rodalies RENFE<\/h3>\n\n\n\n<p>Pl. Catalunya<\/p>\n<\/div>\n<\/div>\n\n\n\n<div class=\"wp-block-column is-layout-flow wp-block-column-is-layout-flow\">\n<h3 class=\"wp-block-heading\"> Aparcamientos<\/h3>\n\n\n\n<p><strong>Parking Ciutat Vella<\/strong><br>C\/ Hospital, 25<\/p>\n\n\n\n<p><strong>Parkings Saba Barcelona Bamsa<\/strong><br>Pl. Castilla*<br>Pl. de los \u00c1ngeles*<br>Pl. Catalu\u00f1a*<br>Rambla Catalu\u00f1a*<br>*25% de dto. pidiendo el ticket en el Teatro Romea<br><em>Promoci\u00f3n no v\u00e1lida para ViaT<\/em><\/p>\n<\/div>\n<\/div>\n<\/div>\n\n\n\n<div class=\"wp-block-group is-layout-constrained wp-container-core-group-is-layout-9da16794 wp-block-group-is-layout-constrained\">\n<h3 class=\"wp-block-heading has-x-large-font-size\" style=\"text-transform:uppercase\">Departamentos<\/h3>\n\n\n\n<div class=\"wp-block-columns is-layout-flex wp-container-core-columns-is-layout-c4788e2e wp-block-columns-is-layout-flex\">\n<div class=\"wp-block-column is-layout-flow wp-block-column-is-layout-flow\"><\/div>\n\n\n\n<div class=\"wp-block-column is-layout-flow wp-block-column-is-layout-flow\">\n<div class=\"wp-block-group is-layout-constrained wp-container-core-group-is-layout-e0082cf6 wp-block-group-is-layout-constrained\">\n<h3 class=\"wp-block-heading\">Informaci\u00f3n General<\/h3>\n\n\n\n<p>Taquilla (horario de tarde): 93 301 55 04 info@teatreromea.com Abiertas de mi\u00e9rcoles a viernes de 17.30 h, cuando exista funci\u00f3n, hasta la hora de inicio del espect\u00e1culo. S\u00e1bados y domingos, a partir de las 16:30 h hasta la hora de inicio del espect\u00e1culo. Horario de atenci\u00f3n telef\u00f3nica: por la tarde, los d\u00edas de funci\u00f3n.<\/p>\n\n\n\n<p>* Las entradas compradas en taquilla tambi\u00e9n incluyen gastos de gesti\u00f3n.<\/p>\n<\/div>\n\n\n\n<div class=\"wp-block-group is-layout-constrained wp-container-core-group-is-layout-e0082cf6 wp-block-group-is-layout-constrained\">\n<h3 class=\"wp-block-heading\">Jefe de sala<\/h3>\n\n\n\n<p>Juan M\u00e1\u00f1ez<\/p>\n<\/div>\n\n\n\n<div class=\"wp-block-group is-layout-constrained wp-container-core-group-is-layout-e0082cf6 wp-block-group-is-layout-constrained\">\n<h3 class=\"wp-block-heading\">Servicios a empresas<\/h3>\n\n\n\n<p>Irene Hern\u00e1ndez<br><a href=\"mailto:ihernandez@focus.cat\">ihernandez@focus.cat<\/a><\/p>\n\n\n\n<p>Tel. 93 309 75 38<\/p>\n<\/div>\n<\/div>\n\n\n\n<div class=\"wp-block-column is-layout-flow wp-block-column-is-layout-flow\">\n<div class=\"wp-block-group is-layout-constrained wp-container-core-group-is-layout-e0082cf6 wp-block-group-is-layout-constrained\">\n<h3 class=\"wp-block-heading\"> Departamento de prensa<\/h3>\n\n\n\n<p><a href=\"mailto:premsa@focus.cat\">premsa@focus.cat<\/a>\nTel. 93 309 75 38<\/p>\n\n\n\n\n<a href=\"https:\/\/www.focus.cat\/teatre\/#premsa\" target=\"_self\" id=\"button-block_f62046bd67879e2f2add9e3d4cb8af5f\" class=\"button black small default\">\nSala de Prensa\n\n<\/a><\/div>\n\n\n\n<div class=\"wp-block-group is-layout-constrained wp-container-core-group-is-layout-e0082cf6 wp-block-group-is-layout-constrained\">\n<h3 class=\"wp-block-heading\">Romea internacional<\/h3>\n\n\n\n<p><a href=\"mailto:international@focus.cat\">international@focus.cat<\/a>\nTel. +34 93 309 75 38<\/p>\n<\/div>\n<\/div>\n<\/div>\n<\/div>\n<\/div>\n","protected":false},"excerpt":{"rendered":"<p>Transgresi\u00f3n, provocaci\u00f3n, reflexi\u00f3n y entretenimiento, son la marca de este centro de producci\u00f3n, generador de debate cultural contempor\u00e1neo. Historia El Teatro Romea naci\u00f3 como teatro privado en 1863, orientado hacia la peque\u00f1a burgues\u00eda y las clases populares. En 1981, se convirti\u00f3 en el Centro Dram\u00e1tico de la Generalitat, cumpliendo el papel de Teatro Nacional hasta<a class=\"excerpt-read-more\" href=\"https:\/\/www.teatreromea.cat\/es\/el-teatro\/\" title=\"ReadEl teatro\"> &#8230; Leer m\u00e1s<\/a><\/p>\n","protected":false},"author":1,"featured_media":0,"parent":0,"menu_order":0,"comment_status":"closed","ping_status":"closed","template":"","meta":{"_acf_changed":false,"footnotes":""},"class_list":["post-4008","page","type-page","status-publish","hentry"],"acf":{"page_description":""},"yoast_head":"<!-- This site is optimized with the Yoast SEO plugin v27.5 - https:\/\/yoast.com\/product\/yoast-seo-wordpress\/ -->\n<title>El teatro - Teatre Romea<\/title>\n<meta name=\"robots\" content=\"index, follow, max-snippet:-1, max-image-preview:large, max-video-preview:-1\" \/>\n<link rel=\"canonical\" href=\"https:\/\/www.teatreromea.cat\/es\/el-teatro\/\" \/>\n<meta name=\"twitter:label1\" content=\"Tiempo de lectura\" \/>\n\t<meta name=\"twitter:data1\" content=\"9 minutos\" \/>\n<script type=\"application\/ld+json\" class=\"yoast-schema-graph\">{\"@context\":\"https:\\\/\\\/schema.org\",\"@graph\":[{\"@type\":\"WebPage\",\"@id\":\"https:\\\/\\\/www.teatreromea.cat\\\/es\\\/el-teatro\\\/\",\"url\":\"https:\\\/\\\/www.teatreromea.cat\\\/es\\\/el-teatro\\\/\",\"name\":\"El teatro - Teatre Romea\",\"isPartOf\":{\"@id\":\"https:\\\/\\\/www.teatreromea.cat\\\/es\\\/#website\"},\"primaryImageOfPage\":{\"@id\":\"https:\\\/\\\/www.teatreromea.cat\\\/es\\\/el-teatro\\\/#primaryimage\"},\"image\":{\"@id\":\"https:\\\/\\\/www.teatreromea.cat\\\/es\\\/el-teatro\\\/#primaryimage\"},\"thumbnailUrl\":\"https:\\\/\\\/www.teatreromea.cat\\\/wp-content\\\/uploads\\\/sites\\\/2\\\/2023\\\/05\\\/josep-maria-pou-director-artistic-teatre-romea-barcelona.jpg\",\"datePublished\":\"2017-08-02T13:30:59+00:00\",\"dateModified\":\"2026-03-11T11:57:09+00:00\",\"breadcrumb\":{\"@id\":\"https:\\\/\\\/www.teatreromea.cat\\\/es\\\/el-teatro\\\/#breadcrumb\"},\"inLanguage\":\"es\",\"potentialAction\":[{\"@type\":\"ReadAction\",\"target\":[\"https:\\\/\\\/www.teatreromea.cat\\\/es\\\/el-teatro\\\/\"]}]},{\"@type\":\"ImageObject\",\"inLanguage\":\"es\",\"@id\":\"https:\\\/\\\/www.teatreromea.cat\\\/es\\\/el-teatro\\\/#primaryimage\",\"url\":\"https:\\\/\\\/www.teatreromea.cat\\\/wp-content\\\/uploads\\\/sites\\\/2\\\/2023\\\/05\\\/josep-maria-pou-director-artistic-teatre-romea-barcelona.jpg\",\"contentUrl\":\"https:\\\/\\\/www.teatreromea.cat\\\/wp-content\\\/uploads\\\/sites\\\/2\\\/2023\\\/05\\\/josep-maria-pou-director-artistic-teatre-romea-barcelona.jpg\"},{\"@type\":\"BreadcrumbList\",\"@id\":\"https:\\\/\\\/www.teatreromea.cat\\\/es\\\/el-teatro\\\/#breadcrumb\",\"itemListElement\":[{\"@type\":\"ListItem\",\"position\":1,\"name\":\"Inici\",\"item\":\"https:\\\/\\\/www.teatreromea.cat\\\/es\\\/\"},{\"@type\":\"ListItem\",\"position\":2,\"name\":\"El teatro\"}]},{\"@type\":\"WebSite\",\"@id\":\"https:\\\/\\\/www.teatreromea.cat\\\/es\\\/#website\",\"url\":\"https:\\\/\\\/www.teatreromea.cat\\\/es\\\/\",\"name\":\"Teatre Romea\",\"description\":\"\",\"publisher\":{\"@id\":\"https:\\\/\\\/www.teatreromea.cat\\\/es\\\/#organization\"},\"potentialAction\":[{\"@type\":\"SearchAction\",\"target\":{\"@type\":\"EntryPoint\",\"urlTemplate\":\"https:\\\/\\\/www.teatreromea.cat\\\/es\\\/?s={search_term_string}\"},\"query-input\":{\"@type\":\"PropertyValueSpecification\",\"valueRequired\":true,\"valueName\":\"search_term_string\"}}],\"inLanguage\":\"es\"},{\"@type\":\"Organization\",\"@id\":\"https:\\\/\\\/www.teatreromea.cat\\\/es\\\/#organization\",\"name\":\"Teatre Romea\",\"url\":\"https:\\\/\\\/www.teatreromea.cat\\\/es\\\/\",\"logo\":{\"@type\":\"ImageObject\",\"inLanguage\":\"es\",\"@id\":\"https:\\\/\\\/www.teatreromea.cat\\\/es\\\/#\\\/schema\\\/logo\\\/image\\\/\",\"url\":\"https:\\\/\\\/www.teatreromea.cat\\\/wp-content\\\/uploads\\\/sites\\\/2\\\/2017\\\/09\\\/teatre-romea-logo.svg\",\"contentUrl\":\"https:\\\/\\\/www.teatreromea.cat\\\/wp-content\\\/uploads\\\/sites\\\/2\\\/2017\\\/09\\\/teatre-romea-logo.svg\",\"width\":1,\"height\":1,\"caption\":\"Teatre Romea\"},\"image\":{\"@id\":\"https:\\\/\\\/www.teatreromea.cat\\\/es\\\/#\\\/schema\\\/logo\\\/image\\\/\"},\"sameAs\":[\"http:\\\/\\\/www.facebook.com\\\/TeatreRomea\",\"https:\\\/\\\/x.com\\\/teatre_romea\",\"http:\\\/\\\/instagram.com\\\/teatreromea\",\"http:\\\/\\\/www.youtube.com\\\/user\\\/TeatreRomea\"]}]}<\/script>\n<!-- \/ Yoast SEO plugin. -->","yoast_head_json":{"title":"El teatro - Teatre Romea","robots":{"index":"index","follow":"follow","max-snippet":"max-snippet:-1","max-image-preview":"max-image-preview:large","max-video-preview":"max-video-preview:-1"},"canonical":"https:\/\/www.teatreromea.cat\/es\/el-teatro\/","twitter_misc":{"Tiempo de lectura":"9 minutos"},"schema":{"@context":"https:\/\/schema.org","@graph":[{"@type":"WebPage","@id":"https:\/\/www.teatreromea.cat\/es\/el-teatro\/","url":"https:\/\/www.teatreromea.cat\/es\/el-teatro\/","name":"El teatro - Teatre Romea","isPartOf":{"@id":"https:\/\/www.teatreromea.cat\/es\/#website"},"primaryImageOfPage":{"@id":"https:\/\/www.teatreromea.cat\/es\/el-teatro\/#primaryimage"},"image":{"@id":"https:\/\/www.teatreromea.cat\/es\/el-teatro\/#primaryimage"},"thumbnailUrl":"https:\/\/www.teatreromea.cat\/wp-content\/uploads\/sites\/2\/2023\/05\/josep-maria-pou-director-artistic-teatre-romea-barcelona.jpg","datePublished":"2017-08-02T13:30:59+00:00","dateModified":"2026-03-11T11:57:09+00:00","breadcrumb":{"@id":"https:\/\/www.teatreromea.cat\/es\/el-teatro\/#breadcrumb"},"inLanguage":"es","potentialAction":[{"@type":"ReadAction","target":["https:\/\/www.teatreromea.cat\/es\/el-teatro\/"]}]},{"@type":"ImageObject","inLanguage":"es","@id":"https:\/\/www.teatreromea.cat\/es\/el-teatro\/#primaryimage","url":"https:\/\/www.teatreromea.cat\/wp-content\/uploads\/sites\/2\/2023\/05\/josep-maria-pou-director-artistic-teatre-romea-barcelona.jpg","contentUrl":"https:\/\/www.teatreromea.cat\/wp-content\/uploads\/sites\/2\/2023\/05\/josep-maria-pou-director-artistic-teatre-romea-barcelona.jpg"},{"@type":"BreadcrumbList","@id":"https:\/\/www.teatreromea.cat\/es\/el-teatro\/#breadcrumb","itemListElement":[{"@type":"ListItem","position":1,"name":"Inici","item":"https:\/\/www.teatreromea.cat\/es\/"},{"@type":"ListItem","position":2,"name":"El teatro"}]},{"@type":"WebSite","@id":"https:\/\/www.teatreromea.cat\/es\/#website","url":"https:\/\/www.teatreromea.cat\/es\/","name":"Teatre Romea","description":"","publisher":{"@id":"https:\/\/www.teatreromea.cat\/es\/#organization"},"potentialAction":[{"@type":"SearchAction","target":{"@type":"EntryPoint","urlTemplate":"https:\/\/www.teatreromea.cat\/es\/?s={search_term_string}"},"query-input":{"@type":"PropertyValueSpecification","valueRequired":true,"valueName":"search_term_string"}}],"inLanguage":"es"},{"@type":"Organization","@id":"https:\/\/www.teatreromea.cat\/es\/#organization","name":"Teatre Romea","url":"https:\/\/www.teatreromea.cat\/es\/","logo":{"@type":"ImageObject","inLanguage":"es","@id":"https:\/\/www.teatreromea.cat\/es\/#\/schema\/logo\/image\/","url":"https:\/\/www.teatreromea.cat\/wp-content\/uploads\/sites\/2\/2017\/09\/teatre-romea-logo.svg","contentUrl":"https:\/\/www.teatreromea.cat\/wp-content\/uploads\/sites\/2\/2017\/09\/teatre-romea-logo.svg","width":1,"height":1,"caption":"Teatre Romea"},"image":{"@id":"https:\/\/www.teatreromea.cat\/es\/#\/schema\/logo\/image\/"},"sameAs":["http:\/\/www.facebook.com\/TeatreRomea","https:\/\/x.com\/teatre_romea","http:\/\/instagram.com\/teatreromea","http:\/\/www.youtube.com\/user\/TeatreRomea"]}]}},"_links":{"self":[{"href":"https:\/\/www.teatreromea.cat\/es\/wp-json\/wp\/v2\/pages\/4008","targetHints":{"allow":["GET"]}}],"collection":[{"href":"https:\/\/www.teatreromea.cat\/es\/wp-json\/wp\/v2\/pages"}],"about":[{"href":"https:\/\/www.teatreromea.cat\/es\/wp-json\/wp\/v2\/types\/page"}],"author":[{"embeddable":true,"href":"https:\/\/www.teatreromea.cat\/es\/wp-json\/wp\/v2\/users\/1"}],"replies":[{"embeddable":true,"href":"https:\/\/www.teatreromea.cat\/es\/wp-json\/wp\/v2\/comments?post=4008"}],"version-history":[{"count":0,"href":"https:\/\/www.teatreromea.cat\/es\/wp-json\/wp\/v2\/pages\/4008\/revisions"}],"wp:attachment":[{"href":"https:\/\/www.teatreromea.cat\/es\/wp-json\/wp\/v2\/media?parent=4008"}],"curies":[{"name":"wp","href":"https:\/\/api.w.org\/{rel}","templated":true}]}}