{"id":10290,"date":"2020-09-05T08:51:26","date_gmt":"2020-09-05T06:51:26","guid":{"rendered":"https:\/\/pre.teatreromea.cat\/ex\/\/rey-lear\/"},"modified":"2020-09-05T08:51:26","modified_gmt":"2020-09-05T06:51:26","slug":"rey-lear","status":"publish","type":"ex","link":"https:\/\/www.teatreromea.cat\/es\/ex\/rey-lear\/","title":{"rendered":"Rey Lear"},"content":{"rendered":"","protected":false},"excerpt":{"rendered":"","protected":false},"author":2,"featured_media":0,"comment_status":"closed","ping_status":"closed","template":"","class_list":["post-10290","ex","type-ex","status-publish","hentry","season-2020-21"],"acf":{"txt_synopsis":"\"Rey Lear \" se basa en un cuento popular que aparece incorporado a la historia antigua de Inglaterra desde el siglo XII. Cuentan las cr\u00f3nicas que el viejo Lear quiso conocer el grado de afecto de sus tres hijas para designar sucesora a quien m\u00e1s le quisiera. Dos se deshicieron en halagos y la menor le contest\u00f3 que le quer\u00eda como padre y nada m\u00e1s. Le pareci\u00f3 poco al rey, que la castig\u00f3. El tiempo y las peripecias vendr\u00edan a demostrar m\u00e1s tarde que era la \u00fanica digna del trono que, por fin, tras una guerra con las hermanas, consigui\u00f3. Shakespeare ampl\u00eda y transforma la trama, infundi\u00e9ndole una visi\u00f3n personal. Paralelamente a la propia historia de Lear plasma la de Gloucester y sus hijos. El resultado supone una experiencia extrema de dolor, locura y destrucci\u00f3n expresada crudamente y sin reservas.","main_buy_link":"https:\/\/grupfocus.4tickets.es\/TeatreRomea\/public\/janto\/?Nivel=Evento&idEvento=TRROM215&Idioma=ES","main_buy_links":"","group_buy_link":"","show_language":"Espect\u00e1culo en castellano","show_duration":"100","show_start_date":"20210428000000","show_end_date":"20210509000000","show_sort_date":"20210428000000","txt_custom_show_dates":"hasta el 9 de mayo de 2021","show_disciplines":"","show_ultimes_funcions":false,"hide_tarifes_especials":false,"show_properament":false,"txt_additional_info":"","txt_present":"","show_season":[173],"txt_season":"[\"2020\/21\"]","txt_cycle":"","txt_claim":"","txt_cast_excerpt":"","txt_cast":"<p>Direcci\u00f3n y Dramaturgia: <strong>Ricardo Iniesta.<\/strong> <br \/>Composici\u00f3n Musical: <strong>Luis Navarro.<\/strong> <br \/>Coreograf\u00eda: <strong>Juana Casado.<\/strong> <\/p>\n<p>Personajes\/Actores:<\/p>\n<p>Lear:&nbsp;<strong>Marga Reyes&nbsp;<br \/><\/strong>Kent: <strong>Joaqu\u00edn Gal\u00e1n <br \/><\/strong>Regan: <strong>Maria Sanz <br \/><\/strong>Gloucester: <strong>Ra\u00fal Vera <br \/><\/strong>Cordelia: <strong>Laura Porras - Wadley<\/strong> <br \/>Goneril: <strong>Silvia Garz\u00f3n <br \/><\/strong>Buf\u00f3n:<strong>&nbsp;Lidia Mauduit <br \/><\/strong>Edgard:<strong> Jos\u00e9 Angel Moreno<\/strong> <br \/>Edmund: <strong>Javi Dom\u00ednguez <br \/><\/strong>Oswald: <strong>Laura Porras - Wadley<\/strong><br \/>Albany: <strong>Ra\u00fal Vera<\/strong> <br \/>Corwnall:<strong> Joaqu\u00edn Gal\u00e1n<\/strong> <br \/>Rey de Francia: <strong>Jos\u00e9 Angel Moreno<\/strong> <\/p>\n<p>Coros de soldados, desharrapados y cortesanos\u2026<\/p>\n<p><br \/>Espacio Esc\u00e9nico: <strong>Ricardo Iniesta. <br \/><\/strong>Vestuario: <strong>Carmen de Giles<\/strong> y <strong>Flores de Giles<\/strong> <br \/>Dise\u00f1o de Luces: <strong>Alejandro Conesa<\/strong> <br \/>Espacio Sonoro: <strong>Emilio Morales.<\/strong> <br \/>Maquillaje, peluquer\u00eda y estilismo: <strong>Manolo Cort\u00e9s<\/strong> <br \/>Ayudante de direcci\u00f3n: <strong>Sario T\u00e9llez<\/strong> <br \/>Asistente de direcci\u00f3n: <strong>Roc\u00edo Costa <br \/><\/strong>Direcci\u00f3n Coral: <strong>Marga Reyes<\/strong> y <strong>Lidia Mauduit<\/strong> <br \/>Texturizado y acabado escenograf\u00eda: <strong>Ana Arteaga <\/strong><br \/>Utiler\u00eda y Atrezzo: <strong>Sergio Bellido. <br \/><\/strong>Videos: <strong>Felix Vazquez. <br \/><\/strong>Fotos: <strong>Luis Castilla.<\/strong> <br \/>Gerencia: <strong>Roc\u00edo de los Reyes. <\/strong><br \/>Distribuci\u00f3n: <strong>Victoria Villalta.<\/strong> <br \/>Producci\u00f3n: <strong>Francesca Lupo <br \/><\/strong>Comunicaci\u00f3n:&nbsp;<strong>Roc\u00edo Claraco&nbsp;.<\/strong> <br \/>Secretar\u00eda: <strong>Macarena Guti\u00e9rrez.<\/strong><\/p>\n<p><br \/>Jefes t\u00e9cnicos del teatro: <strong>Sergi Lobaco<\/strong> y <strong>Ra\u00fal Mart\u00ednez<\/strong><br \/>Prensa: <strong>Albert L\u00f3pez<\/strong> y <strong>Judit Hern\u00e1ndez<\/strong><br \/>M\u00e1rquetin y comunicaci\u00f3n: <strong>Publispec <\/strong><br \/>Dise\u00f1o gr\u00e1fico: <strong>Santi&Kco<\/strong><\/p>","txt_reviews":"Roser Garcia|Teatre Barcelona|\u201cEn el Rey Lear s\u2019hi donen tots els tipus de drama acad\u00e8mics, d\u2019acci\u00f3, de personatge i d\u2019ambient. Saber introduir-los i tractar-los tots adequadament \u00e9s la feina del director i dramaturg, Ricardo Iniesta, que ho aconsegueix  amb una senzillesa i efectivitat notables\u201d","hashtag":"ReyLear","have_promo":"","slogan":"","id_exhibicio":1761,"id_versio":1430,"id_local":1,"txt_seo_desc":"El Rey Lear, con Carmen Gallardo, en el Teatre Romea de Barcelona.","data_images":"[{\"localizer\":\"V3PORTADAWIDE\",\"url\":\"media\/ver\/port\/v3wide\/31519\/01_088_00050637\/0-el-rey-lear-atalaya-teatre-romea-barcelona.jpg\",\"thumb_url\":\"media\/ver\/port\/v3wide\/31519\/01_088_00050637\/0-el-rey-lear-atalaya-teatre-romea-barcelona_thumb.jpg\",\"title\":\"El Rey Lear - Teatre Romea\",\"description\":\"el rey lear al teatre romea de barcelona\",\"copyright\":\"\",\"order\":1},{\"localizer\":\"V3PORTADA\",\"url\":\"media\/ver\/port\/v3\/31519\/01_084_00050638\/1-el-rey-lear-atalaya-teatre-romea-barcelona.jpg\",\"thumb_url\":\"media\/ver\/port\/v3\/31519\/01_084_00050638\/1-el-rey-lear-atalaya-teatre-romea-barcelona_thumb.jpg\",\"title\":\"El Rey Lear - Teatre Romea\",\"description\":\"el rey lear al teatre romea de barcelona\",\"copyright\":\"\",\"order\":2},{\"localizer\":\"V3CARTELL\",\"url\":\"media\/ver\/cartell\/v3\/31519\/01_085_00050639\/cartell-web-el-rey-lear-atalaya-teatre-romea-barcelona.jpg\",\"thumb_url\":\"media\/ver\/cartell\/v3\/31519\/01_085_00050639\/cartell-web-el-rey-lear-atalaya-teatre-romea-barcelona_thumb.jpg\",\"title\":\"El Rey Lear - Teatre Romea\",\"description\":\"el rey lear al teatre romea de barcelona\",\"copyright\":\"\",\"order\":3},{\"localizer\":\"V2CARTELL\",\"url\":\"media\/ver\/cartell\/31519\/01_079_00050640\/cartell-web-el-rey-lear-atalaya-teatre-romea-barcelona.jpg\",\"thumb_url\":\"media\/ver\/cartell\/31519\/01_079_00050640\/cartell-web-el-rey-lear-atalaya-teatre-romea-barcelona_thumb.jpg\",\"title\":\"El Rey Lear - Teatre Romea\",\"description\":\"el rey lear al teatre romea de barcelona\",\"copyright\":\"\",\"order\":4},{\"localizer\":\"V3SLIDE\",\"url\":\"media\/ftgalslide\/v3\/31519\/01_086_00050641\/Imagen_cartel_Rey_Lear.jpg\",\"thumb_url\":\"media\/ftgalslide\/v3\/31519\/01_086_00050641\/Imagen_cartel_Rey_Lear_thumb.jpg\",\"title\":\"El Rey Lear - Teatre Romea\",\"description\":\"el rey lear al teatre romea de barcelona\",\"copyright\":\"https:\/\/www.youtube.com\/watch?v=AJ-ZK3urxeA&feature=youtu.be\",\"order\":5},{\"localizer\":\"V2CARTELL\",\"url\":\"media\/ver\/cartell\/31578\/01_079_00051247\/cartell-web-el-rey-lear-atalaya-teatre-romea-barcelona.jpg\",\"thumb_url\":\"media\/ver\/cartell\/31578\/01_079_00051247\/cartell-web-el-rey-lear-atalaya-teatre-romea-barcelona_thumb.jpg\",\"title\":\"Rey Lear - Teatre Romea\",\"description\":\"rey lear al teatre romea de barcelona\",\"copyright\":\"\",\"order\":6},{\"localizer\":\"V2CARTELL\",\"url\":\"media\/ver\/cartell\/31579\/01_079_00051304\/cartell-web-el-rey-lear-atalaya-teatre-romea-barcelona.jpg\",\"thumb_url\":\"media\/ver\/cartell\/31579\/01_079_00051304\/cartell-web-el-rey-lear-atalaya-teatre-romea-barcelona_thumb.jpg\",\"title\":\"Rey Lear - Teatre Romea\",\"description\":\"rey lear al teatre romea de barcelona\",\"copyright\":\"\",\"order\":7}]","material__texto_intro":"","data_material":null,"data_gallery":"","data_discounts":"[]","contract_is_open":false,"in_tour":false},"yoast_head":"<!-- This site is optimized with the Yoast SEO plugin v27.4 - https:\/\/yoast.com\/product\/yoast-seo-wordpress\/ -->\n<title>Rey Lear - Teatre Romea<\/title>\n<meta name=\"robots\" content=\"index, follow, max-snippet:-1, max-image-preview:large, max-video-preview:-1\" \/>\n<link rel=\"canonical\" href=\"https:\/\/www.teatreromea.cat\/es\/ex\/rey-lear\/\" \/>\n<script type=\"application\/ld+json\" class=\"yoast-schema-graph\">{\"@context\":\"https:\\\/\\\/schema.org\",\"@graph\":[{\"@type\":\"WebPage\",\"@id\":\"https:\\\/\\\/www.teatreromea.cat\\\/es\\\/ex\\\/rey-lear\\\/\",\"url\":\"https:\\\/\\\/www.teatreromea.cat\\\/es\\\/ex\\\/rey-lear\\\/\",\"name\":\"Rey Lear - Teatre Romea\",\"isPartOf\":{\"@id\":\"https:\\\/\\\/www.teatreromea.cat\\\/es\\\/#website\"},\"datePublished\":\"2020-09-05T06:51:26+00:00\",\"breadcrumb\":{\"@id\":\"https:\\\/\\\/www.teatreromea.cat\\\/es\\\/ex\\\/rey-lear\\\/#breadcrumb\"},\"inLanguage\":\"es\",\"potentialAction\":[{\"@type\":\"ReadAction\",\"target\":[\"https:\\\/\\\/www.teatreromea.cat\\\/es\\\/ex\\\/rey-lear\\\/\"]}]},{\"@type\":\"BreadcrumbList\",\"@id\":\"https:\\\/\\\/www.teatreromea.cat\\\/es\\\/ex\\\/rey-lear\\\/#breadcrumb\",\"itemListElement\":[{\"@type\":\"ListItem\",\"position\":1,\"name\":\"Inici\",\"item\":\"https:\\\/\\\/www.teatreromea.cat\\\/es\\\/\"},{\"@type\":\"ListItem\",\"position\":2,\"name\":\"Espectacles\",\"item\":\"https:\\\/\\\/www.teatreromea.cat\\\/es\\\/ex\\\/\"},{\"@type\":\"ListItem\",\"position\":3,\"name\":\"Rey Lear\"}]},{\"@type\":\"WebSite\",\"@id\":\"https:\\\/\\\/www.teatreromea.cat\\\/es\\\/#website\",\"url\":\"https:\\\/\\\/www.teatreromea.cat\\\/es\\\/\",\"name\":\"Teatre Romea\",\"description\":\"\",\"publisher\":{\"@id\":\"https:\\\/\\\/www.teatreromea.cat\\\/es\\\/#organization\"},\"potentialAction\":[{\"@type\":\"SearchAction\",\"target\":{\"@type\":\"EntryPoint\",\"urlTemplate\":\"https:\\\/\\\/www.teatreromea.cat\\\/es\\\/?s={search_term_string}\"},\"query-input\":{\"@type\":\"PropertyValueSpecification\",\"valueRequired\":true,\"valueName\":\"search_term_string\"}}],\"inLanguage\":\"es\"},{\"@type\":\"Organization\",\"@id\":\"https:\\\/\\\/www.teatreromea.cat\\\/es\\\/#organization\",\"name\":\"Teatre Romea\",\"url\":\"https:\\\/\\\/www.teatreromea.cat\\\/es\\\/\",\"logo\":{\"@type\":\"ImageObject\",\"inLanguage\":\"es\",\"@id\":\"https:\\\/\\\/www.teatreromea.cat\\\/es\\\/#\\\/schema\\\/logo\\\/image\\\/\",\"url\":\"https:\\\/\\\/www.teatreromea.cat\\\/wp-content\\\/uploads\\\/sites\\\/2\\\/2017\\\/09\\\/teatre-romea-logo.svg\",\"contentUrl\":\"https:\\\/\\\/www.teatreromea.cat\\\/wp-content\\\/uploads\\\/sites\\\/2\\\/2017\\\/09\\\/teatre-romea-logo.svg\",\"width\":1,\"height\":1,\"caption\":\"Teatre Romea\"},\"image\":{\"@id\":\"https:\\\/\\\/www.teatreromea.cat\\\/es\\\/#\\\/schema\\\/logo\\\/image\\\/\"},\"sameAs\":[\"http:\\\/\\\/www.facebook.com\\\/TeatreRomea\",\"https:\\\/\\\/x.com\\\/teatre_romea\",\"http:\\\/\\\/instagram.com\\\/teatreromea\",\"http:\\\/\\\/www.youtube.com\\\/user\\\/TeatreRomea\"]}]}<\/script>\n<!-- \/ Yoast SEO plugin. -->","yoast_head_json":{"title":"Rey Lear - Teatre Romea","robots":{"index":"index","follow":"follow","max-snippet":"max-snippet:-1","max-image-preview":"max-image-preview:large","max-video-preview":"max-video-preview:-1"},"canonical":"https:\/\/www.teatreromea.cat\/es\/ex\/rey-lear\/","schema":{"@context":"https:\/\/schema.org","@graph":[{"@type":"WebPage","@id":"https:\/\/www.teatreromea.cat\/es\/ex\/rey-lear\/","url":"https:\/\/www.teatreromea.cat\/es\/ex\/rey-lear\/","name":"Rey Lear - Teatre Romea","isPartOf":{"@id":"https:\/\/www.teatreromea.cat\/es\/#website"},"datePublished":"2020-09-05T06:51:26+00:00","breadcrumb":{"@id":"https:\/\/www.teatreromea.cat\/es\/ex\/rey-lear\/#breadcrumb"},"inLanguage":"es","potentialAction":[{"@type":"ReadAction","target":["https:\/\/www.teatreromea.cat\/es\/ex\/rey-lear\/"]}]},{"@type":"BreadcrumbList","@id":"https:\/\/www.teatreromea.cat\/es\/ex\/rey-lear\/#breadcrumb","itemListElement":[{"@type":"ListItem","position":1,"name":"Inici","item":"https:\/\/www.teatreromea.cat\/es\/"},{"@type":"ListItem","position":2,"name":"Espectacles","item":"https:\/\/www.teatreromea.cat\/es\/ex\/"},{"@type":"ListItem","position":3,"name":"Rey Lear"}]},{"@type":"WebSite","@id":"https:\/\/www.teatreromea.cat\/es\/#website","url":"https:\/\/www.teatreromea.cat\/es\/","name":"Teatre Romea","description":"","publisher":{"@id":"https:\/\/www.teatreromea.cat\/es\/#organization"},"potentialAction":[{"@type":"SearchAction","target":{"@type":"EntryPoint","urlTemplate":"https:\/\/www.teatreromea.cat\/es\/?s={search_term_string}"},"query-input":{"@type":"PropertyValueSpecification","valueRequired":true,"valueName":"search_term_string"}}],"inLanguage":"es"},{"@type":"Organization","@id":"https:\/\/www.teatreromea.cat\/es\/#organization","name":"Teatre Romea","url":"https:\/\/www.teatreromea.cat\/es\/","logo":{"@type":"ImageObject","inLanguage":"es","@id":"https:\/\/www.teatreromea.cat\/es\/#\/schema\/logo\/image\/","url":"https:\/\/www.teatreromea.cat\/wp-content\/uploads\/sites\/2\/2017\/09\/teatre-romea-logo.svg","contentUrl":"https:\/\/www.teatreromea.cat\/wp-content\/uploads\/sites\/2\/2017\/09\/teatre-romea-logo.svg","width":1,"height":1,"caption":"Teatre Romea"},"image":{"@id":"https:\/\/www.teatreromea.cat\/es\/#\/schema\/logo\/image\/"},"sameAs":["http:\/\/www.facebook.com\/TeatreRomea","https:\/\/x.com\/teatre_romea","http:\/\/instagram.com\/teatreromea","http:\/\/www.youtube.com\/user\/TeatreRomea"]}]}},"translations":[{"id":9926,"locale":"ca"},{"id":10290,"locale":"es"}],"_links":{"self":[{"href":"https:\/\/www.teatreromea.cat\/es\/wp-json\/wp\/v2\/ex\/10290","targetHints":{"allow":["GET"]}}],"collection":[{"href":"https:\/\/www.teatreromea.cat\/es\/wp-json\/wp\/v2\/ex"}],"about":[{"href":"https:\/\/www.teatreromea.cat\/es\/wp-json\/wp\/v2\/types\/ex"}],"author":[{"embeddable":true,"href":"https:\/\/www.teatreromea.cat\/es\/wp-json\/wp\/v2\/users\/2"}],"replies":[{"embeddable":true,"href":"https:\/\/www.teatreromea.cat\/es\/wp-json\/wp\/v2\/comments?post=10290"}],"acf:term":[{"embeddable":true,"taxonomy":"season","href":"https:\/\/www.teatreromea.cat\/es\/wp-json\/wp\/v2\/season\/173"}],"wp:attachment":[{"href":"https:\/\/www.teatreromea.cat\/es\/wp-json\/wp\/v2\/media?parent=10290"}],"curies":[{"name":"wp","href":"https:\/\/api.w.org\/{rel}","templated":true}]}}