{"id":10270,"date":"2019-09-04T07:04:43","date_gmt":"2019-09-04T05:04:43","guid":{"rendered":"https:\/\/pre.teatreromea.cat\/ex\/\/romancero-gitano\/"},"modified":"2019-09-04T07:04:43","modified_gmt":"2019-09-04T05:04:43","slug":"romancero-gitano","status":"publish","type":"ex","link":"https:\/\/www.teatreromea.cat\/es\/ex\/romancero-gitano\/","title":{"rendered":"Romancero Gitano"},"content":{"rendered":"","protected":false},"excerpt":{"rendered":"","protected":false},"author":2,"featured_media":0,"comment_status":"closed","ping_status":"closed","template":"","class_list":["post-10270","ex","type-ex","status-publish","hentry","season-2019-20"],"acf":{"txt_synopsis":"<p><strong>\u201cUna ocasi\u00f3n \u00fanica para revivir la magia de la poes\u00eda de Lorca con el talento de dos grandes de la escena internacional, Nuria Espert i Llu\u00eds Pasqual, al Romea, el teatro al cual debutaron Espert y la gran musa del autor granadino, Margarita Xirgu.\u201d<\/strong><\/p>\n<p>Nuria Espert, reconocida con el premio Especial Europa de teatro el 2018 por su extraordinaria trayectoria en los \u00e1mbitos de la interpretaci\u00f3n y la direcci\u00f3n esc\u00e9nica vuelve al Teatro Romea, al cual debut\u00f3 como actriz con trece a\u00f1os, con Romancero gitano, un espect\u00e1culo creado para ella por un otra de las personalidades m\u00e1s relevantes de la escena internacional, Llu\u00eds Pasqual, en que los versos y las explicaciones con que el poeta y dramaturgo m\u00e1s universal en lengua castellana acostumbraba a presentar la lectura de sus obras se combinan con los recuerdos de la vida de la actriz, de sus interpretaciones y las de Margarida Xirgu de las grandes protagonistas lorquianas como Mariana Pineda o la madre de Bodas de sangre.<\/p>\n<p><\/p>","main_buy_link":"https:\/\/grupfocus.4tickets.es\/TeatreRomea\/public\/janto\/?Nivel=Evento&idEvento=ROM230&Idioma=ES","main_buy_links":"","group_buy_link":"","show_language":"Espect\u00e1culo en castellano y catal\u00e1n","show_duration":"60","show_start_date":"20200108000000","show_end_date":"20200126000000","show_sort_date":"20200108000000","txt_custom_show_dates":"hasta el 26 de enero de 2020","show_disciplines":"","show_ultimes_funcions":false,"hide_tarifes_especials":false,"show_properament":false,"txt_additional_info":"","txt_present":"","show_season":[172],"txt_season":"[\"2019\/20\"]","txt_cycle":"","txt_claim":"","txt_cast_excerpt":"","txt_cast":"<p>Direcci\u00f3n: <strong>Llu\u00eds Pasqual<br \/><\/strong>Textos: <strong>Federico Garc\u00eda Lorca<\/strong> i <strong>Llu\u00eds Pasqual<\/strong><br \/>Int\u00e9rprete: <strong>Nuria Espert<\/strong> <\/p>\n<p>Dise\u00f1o de&nbsp;iluminaci\u00f3n: <strong>Pascal Merat<\/strong><br \/>Dise\u00f1o de sonido: <strong>Roc Mateu<\/strong><br \/>Ayudante de direcci\u00f3n: <strong>Marco Berriel<br \/><\/strong><br \/>Producci\u00f3n ejecutiva: <strong>Alicia Moreno<br \/><\/strong><br \/>Asistente de direcci\u00f3n: <strong>Catalina Pretelt<\/strong><br \/>Coordinaci\u00f3n t\u00e9cnica gira: <strong>Manuel Fuster<br \/><\/strong>T\u00e9cnico de luces: <strong>Manuel Fuster<\/strong><br \/>T\u00e9cnico&nbsp;de sonido: <strong>Javier Almela<br \/><\/strong><br \/>Jefe&nbsp;t\u00e9cnico del teatro: <strong>Sergio Lobaco<\/strong> i <strong>Ra\u00fal Martinez<\/strong><\/p>\n<p>Prensa: <strong>L\u00eddia Gim\u00e9nez<\/strong> y <strong>Albert L\u00f3pez<\/strong> <br \/>Marqueting y comunicaci\u00f3n: <strong>Publispec<\/strong> <br \/>Fotograf\u00edas de escena: <strong>Ros Ribas<\/strong><br \/>Fotograf\u00edas promocionales: <strong>Sergio Parra<br \/><\/strong>Dise\u00f1o gr\u00e1fico: <strong>Santi&Kco<br \/><\/strong>Producci\u00f3n: <strong>Julio \u00c1lvarez <\/strong>e<strong> Interludio S.L.<br \/><br \/><\/strong>Agradecimientos: <strong>Paco Ib\u00e1\u00f1ez<\/strong> \u201cCanci\u00f3n del jinete\u201d, <strong>Teatro Real&nbsp;<\/strong>y&nbsp;<strong>Teatro de la Abad\u00eda<\/strong><\/p>","txt_reviews":"","hashtag":"RomanceroGitano","have_promo":"","slogan":"","id_exhibicio":1685,"id_versio":1377,"id_local":1,"txt_seo_desc":"'Romancero Gitano', de Federico Garc\u00eda Lorca Lorca, direcci\u00f3n de Llu\u00eds Pasqual y con Nuria Espert en el Teatre Romea de Barcelona.","data_images":"[{\"localizer\":\"V3SLIDE\",\"url\":\"media\/ftgalslide\/v3\/314B8\/01_086_00049979\/romancero-gitano-teatre-romea-barcelona.jpg\",\"thumb_url\":\"media\/ftgalslide\/v3\/314B8\/01_086_00049979\/romancero-gitano-teatre-romea-barcelona_thumb.jpg\",\"title\":\"Romancero gitano - Teatre Romea\",\"description\":\"romancero gitano teatre romea barcelona\",\"copyright\":\"https:\/\/www.youtube.com\/watch?v=okut0mBloOs&feature=youtu.be\",\"order\":1},{\"localizer\":\"V3PORTADA\",\"url\":\"media\/ver\/port\/v3\/314B3\/01_084_00048546\/1-romancero-gitano-teatre-romea-barcelona.jpg\",\"thumb_url\":\"media\/ver\/port\/v3\/314B3\/01_084_00048546\/1-romancero-gitano-teatre-romea-barcelona_thumb.jpg\",\"title\":\"Romancero Gitano - Teatre Romea\",\"description\":\"romancero gitano teatre romea barcelona\",\"copyright\":\"\",\"order\":2},{\"localizer\":\"V3CARTELL\",\"url\":\"media\/ver\/cartell\/v3\/314B3\/01_085_00048547\/cartell-web-romancero-gitano-teatre-romea-barcelona.jpg\",\"thumb_url\":\"media\/ver\/cartell\/v3\/314B3\/01_085_00048547\/cartell-web-romancero-gitano-teatre-romea-barcelona_thumb.jpg\",\"title\":\"Romancero Gitano - Teatre Romea\",\"description\":\"romancero gitano teatre romea barcelona\",\"copyright\":\"\",\"order\":3},{\"localizer\":\"V3SLIDE\",\"url\":\"media\/ftgalslide\/v3\/314B3\/01_086_00048923\/romancero-gitano-nuria-espert.jpg\",\"thumb_url\":\"media\/ftgalslide\/v3\/314B3\/01_086_00048923\/romancero-gitano-nuria-espert_thumb.jpg\",\"title\":\"Romancero Gitano Nuria Espert\",\"description\":\"Romancero Gitano Nuria Espert Barcelona\",\"copyright\":\"\",\"order\":4},{\"localizer\":\"V3SLIDE\",\"url\":\"media\/ftgalslide\/v3\/314B3\/01_086_00048924\/romancero-gitano-nuria-espert-teatre-romea.jpg\",\"thumb_url\":\"media\/ftgalslide\/v3\/314B3\/01_086_00048924\/romancero-gitano-nuria-espert-teatre-romea_thumb.jpg\",\"title\":\"Romancero Gitano al Teatre Romea \",\"description\":\"Romancero Gitano Teatre Romea Barcelona\",\"copyright\":\"\",\"order\":5},{\"localizer\":\"V3SLIDE\",\"url\":\"media\/ftgalslide\/v3\/314B3\/01_086_00048925\/romancero-gitano-romea-barcelona.jpg\",\"thumb_url\":\"media\/ftgalslide\/v3\/314B3\/01_086_00048925\/romancero-gitano-romea-barcelona_thumb.jpg\",\"title\":\"Romancero Gitano Romea Barcelona\",\"description\":\"Romancero Gitano Romea Barcelona\",\"copyright\":\"\",\"order\":6},{\"localizer\":\"V3SLIDE\",\"url\":\"media\/ftgalslide\/v3\/314B3\/01_086_00048926\/romancero-gitano-romea-nuria-espert.jpg\",\"thumb_url\":\"media\/ftgalslide\/v3\/314B3\/01_086_00048926\/romancero-gitano-romea-nuria-espert_thumb.jpg\",\"title\":\"Romancero Gitano Romea Nuria Espert\",\"description\":\"Romancero Gitano Romea Nuria Espert\",\"copyright\":\"\",\"order\":7},{\"localizer\":\"V3SLIDE\",\"url\":\"media\/ftgalslide\/v3\/314B3\/01_086_00048927\/romancero-gitano-teatre-romea.jpg\",\"thumb_url\":\"media\/ftgalslide\/v3\/314B3\/01_086_00048927\/romancero-gitano-teatre-romea_thumb.jpg\",\"title\":\"Romancero Gitano Teatre Romea\",\"description\":\"Romancero Gitano Teatre Romea\",\"copyright\":\"\",\"order\":8},{\"localizer\":\"V3SLIDE\",\"url\":\"media\/ftgalslide\/v3\/314B3\/01_086_00048928\/Romancero-gitano-teatre-romea-barcelona.jpg\",\"thumb_url\":\"media\/ftgalslide\/v3\/314B3\/01_086_00048928\/Romancero-gitano-teatre-romea-barcelona_thumb.jpg\",\"title\":\"Romancero Gitano Teatre Romea Barcelona\",\"description\":\"Romancero Gitano Teatre Romea Barcelona\",\"copyright\":\"\",\"order\":9},{\"localizer\":\"V3SLIDE\",\"url\":\"media\/ftgalslide\/v3\/314B3\/01_086_00048929\/Romancero-gitano-teatre-romea-barcelona-nuria-espert.jpg\",\"thumb_url\":\"media\/ftgalslide\/v3\/314B3\/01_086_00048929\/Romancero-gitano-teatre-romea-barcelona-nuria-espert_thumb.jpg\",\"title\":\"Romancero Gitano Teatre Romea Barcelona Nuria Espert\",\"description\":\"Romancero Gitano Teatre Romea Barcelona Nuria Espert\",\"copyright\":\"\",\"order\":10},{\"localizer\":\"V3PORTADAWIDE\",\"url\":\"media\/ver\/port\/v3wide\/314B8\/01_088_00049980\/0-romancero-gitano-teatre-romea-3-uniques-setmanes.jpg\",\"thumb_url\":\"media\/ver\/port\/v3wide\/314B8\/01_088_00049980\/0-romancero-gitano-teatre-romea-3-uniques-setmanes_thumb.jpg\",\"title\":\"Romancero gitano - Teatre Romea\",\"description\":\"romancero gitano teatre romea barcelona\",\"copyright\":\"\",\"order\":14},{\"localizer\":\"V2CARTELL\",\"url\":\"media\/ver\/cartell\/31511\/01_079_00050147\/cartell-web-romancero-gitano-teatre-romea-barcelona.jpg\",\"thumb_url\":\"media\/ver\/cartell\/31511\/01_079_00050147\/cartell-web-romancero-gitano-teatre-romea-barcelona_thumb.jpg\",\"title\":\"Romancero Gitano - Teatre Romea\",\"description\":\"romancero gitano al teatre romea de barcelona\",\"copyright\":\"\",\"order\":15}]","material__texto_intro":"","data_material":null,"data_gallery":"","data_discounts":"[{\"InfoAddicional\":\"<p><strong>Descuentos para particulares<br \/><\/strong><\/p>\",\"Url\":\"vip.promentrada.com\/es\/product\/{#CODI#}\",\"Codi\":\"https:\/\/vip.promentrada.com\/ca\/product\/3369\",\"LogoUrl\":\"media\/fimage\/31389\/01_005_00038559\/logo_prome_vip_v_web.jpg\",\"TitolBoto\":\"Descuentos para particulares\",\"Type\":\"discount\"},{\"InfoAddicional\":\"<p><strong>Descuentos para grupos y escuelas<br \/><\/strong><\/p>\",\"Url\":\"https:\/\/www.promentrada.com\/es\/product\/{#CODI#}\",\"Codi\":\"https:\/\/www.promentrada.com\/ca\/product\/3369\",\"LogoUrl\":\"media\/fimage\/31389\/01_005_00038530\/logo_prome_nuevo_v_web.jpg\",\"TitolBoto\":\"Descuentos para grupos y escuelas\",\"Type\":\"discount\"}]","contract_is_open":false,"in_tour":false},"yoast_head":"<!-- This site is optimized with the Yoast SEO plugin v27.5 - https:\/\/yoast.com\/product\/yoast-seo-wordpress\/ -->\n<title>Romancero Gitano - Teatre Romea<\/title>\n<meta name=\"robots\" content=\"index, follow, max-snippet:-1, max-image-preview:large, max-video-preview:-1\" \/>\n<link rel=\"canonical\" href=\"https:\/\/www.teatreromea.cat\/es\/ex\/romancero-gitano\/\" \/>\n<script type=\"application\/ld+json\" class=\"yoast-schema-graph\">{\"@context\":\"https:\\\/\\\/schema.org\",\"@graph\":[{\"@type\":\"WebPage\",\"@id\":\"https:\\\/\\\/www.teatreromea.cat\\\/es\\\/ex\\\/romancero-gitano\\\/\",\"url\":\"https:\\\/\\\/www.teatreromea.cat\\\/es\\\/ex\\\/romancero-gitano\\\/\",\"name\":\"Romancero Gitano - Teatre Romea\",\"isPartOf\":{\"@id\":\"https:\\\/\\\/www.teatreromea.cat\\\/es\\\/#website\"},\"datePublished\":\"2019-09-04T05:04:43+00:00\",\"breadcrumb\":{\"@id\":\"https:\\\/\\\/www.teatreromea.cat\\\/es\\\/ex\\\/romancero-gitano\\\/#breadcrumb\"},\"inLanguage\":\"es\",\"potentialAction\":[{\"@type\":\"ReadAction\",\"target\":[\"https:\\\/\\\/www.teatreromea.cat\\\/es\\\/ex\\\/romancero-gitano\\\/\"]}]},{\"@type\":\"BreadcrumbList\",\"@id\":\"https:\\\/\\\/www.teatreromea.cat\\\/es\\\/ex\\\/romancero-gitano\\\/#breadcrumb\",\"itemListElement\":[{\"@type\":\"ListItem\",\"position\":1,\"name\":\"Inici\",\"item\":\"https:\\\/\\\/www.teatreromea.cat\\\/es\\\/\"},{\"@type\":\"ListItem\",\"position\":2,\"name\":\"Espectacles\",\"item\":\"https:\\\/\\\/www.teatreromea.cat\\\/es\\\/ex\\\/\"},{\"@type\":\"ListItem\",\"position\":3,\"name\":\"Romancero Gitano\"}]},{\"@type\":\"WebSite\",\"@id\":\"https:\\\/\\\/www.teatreromea.cat\\\/es\\\/#website\",\"url\":\"https:\\\/\\\/www.teatreromea.cat\\\/es\\\/\",\"name\":\"Teatre Romea\",\"description\":\"\",\"publisher\":{\"@id\":\"https:\\\/\\\/www.teatreromea.cat\\\/es\\\/#organization\"},\"potentialAction\":[{\"@type\":\"SearchAction\",\"target\":{\"@type\":\"EntryPoint\",\"urlTemplate\":\"https:\\\/\\\/www.teatreromea.cat\\\/es\\\/?s={search_term_string}\"},\"query-input\":{\"@type\":\"PropertyValueSpecification\",\"valueRequired\":true,\"valueName\":\"search_term_string\"}}],\"inLanguage\":\"es\"},{\"@type\":\"Organization\",\"@id\":\"https:\\\/\\\/www.teatreromea.cat\\\/es\\\/#organization\",\"name\":\"Teatre Romea\",\"url\":\"https:\\\/\\\/www.teatreromea.cat\\\/es\\\/\",\"logo\":{\"@type\":\"ImageObject\",\"inLanguage\":\"es\",\"@id\":\"https:\\\/\\\/www.teatreromea.cat\\\/es\\\/#\\\/schema\\\/logo\\\/image\\\/\",\"url\":\"https:\\\/\\\/www.teatreromea.cat\\\/wp-content\\\/uploads\\\/sites\\\/2\\\/2017\\\/09\\\/teatre-romea-logo.svg\",\"contentUrl\":\"https:\\\/\\\/www.teatreromea.cat\\\/wp-content\\\/uploads\\\/sites\\\/2\\\/2017\\\/09\\\/teatre-romea-logo.svg\",\"width\":1,\"height\":1,\"caption\":\"Teatre Romea\"},\"image\":{\"@id\":\"https:\\\/\\\/www.teatreromea.cat\\\/es\\\/#\\\/schema\\\/logo\\\/image\\\/\"},\"sameAs\":[\"http:\\\/\\\/www.facebook.com\\\/TeatreRomea\",\"https:\\\/\\\/x.com\\\/teatre_romea\",\"http:\\\/\\\/instagram.com\\\/teatreromea\",\"http:\\\/\\\/www.youtube.com\\\/user\\\/TeatreRomea\"]}]}<\/script>\n<!-- \/ Yoast SEO plugin. -->","yoast_head_json":{"title":"Romancero Gitano - Teatre Romea","robots":{"index":"index","follow":"follow","max-snippet":"max-snippet:-1","max-image-preview":"max-image-preview:large","max-video-preview":"max-video-preview:-1"},"canonical":"https:\/\/www.teatreromea.cat\/es\/ex\/romancero-gitano\/","schema":{"@context":"https:\/\/schema.org","@graph":[{"@type":"WebPage","@id":"https:\/\/www.teatreromea.cat\/es\/ex\/romancero-gitano\/","url":"https:\/\/www.teatreromea.cat\/es\/ex\/romancero-gitano\/","name":"Romancero Gitano - Teatre Romea","isPartOf":{"@id":"https:\/\/www.teatreromea.cat\/es\/#website"},"datePublished":"2019-09-04T05:04:43+00:00","breadcrumb":{"@id":"https:\/\/www.teatreromea.cat\/es\/ex\/romancero-gitano\/#breadcrumb"},"inLanguage":"es","potentialAction":[{"@type":"ReadAction","target":["https:\/\/www.teatreromea.cat\/es\/ex\/romancero-gitano\/"]}]},{"@type":"BreadcrumbList","@id":"https:\/\/www.teatreromea.cat\/es\/ex\/romancero-gitano\/#breadcrumb","itemListElement":[{"@type":"ListItem","position":1,"name":"Inici","item":"https:\/\/www.teatreromea.cat\/es\/"},{"@type":"ListItem","position":2,"name":"Espectacles","item":"https:\/\/www.teatreromea.cat\/es\/ex\/"},{"@type":"ListItem","position":3,"name":"Romancero Gitano"}]},{"@type":"WebSite","@id":"https:\/\/www.teatreromea.cat\/es\/#website","url":"https:\/\/www.teatreromea.cat\/es\/","name":"Teatre Romea","description":"","publisher":{"@id":"https:\/\/www.teatreromea.cat\/es\/#organization"},"potentialAction":[{"@type":"SearchAction","target":{"@type":"EntryPoint","urlTemplate":"https:\/\/www.teatreromea.cat\/es\/?s={search_term_string}"},"query-input":{"@type":"PropertyValueSpecification","valueRequired":true,"valueName":"search_term_string"}}],"inLanguage":"es"},{"@type":"Organization","@id":"https:\/\/www.teatreromea.cat\/es\/#organization","name":"Teatre Romea","url":"https:\/\/www.teatreromea.cat\/es\/","logo":{"@type":"ImageObject","inLanguage":"es","@id":"https:\/\/www.teatreromea.cat\/es\/#\/schema\/logo\/image\/","url":"https:\/\/www.teatreromea.cat\/wp-content\/uploads\/sites\/2\/2017\/09\/teatre-romea-logo.svg","contentUrl":"https:\/\/www.teatreromea.cat\/wp-content\/uploads\/sites\/2\/2017\/09\/teatre-romea-logo.svg","width":1,"height":1,"caption":"Teatre Romea"},"image":{"@id":"https:\/\/www.teatreromea.cat\/es\/#\/schema\/logo\/image\/"},"sameAs":["http:\/\/www.facebook.com\/TeatreRomea","https:\/\/x.com\/teatre_romea","http:\/\/instagram.com\/teatreromea","http:\/\/www.youtube.com\/user\/TeatreRomea"]}]}},"translations":[{"id":9906,"locale":"ca"},{"id":10270,"locale":"es"}],"_links":{"self":[{"href":"https:\/\/www.teatreromea.cat\/es\/wp-json\/wp\/v2\/ex\/10270","targetHints":{"allow":["GET"]}}],"collection":[{"href":"https:\/\/www.teatreromea.cat\/es\/wp-json\/wp\/v2\/ex"}],"about":[{"href":"https:\/\/www.teatreromea.cat\/es\/wp-json\/wp\/v2\/types\/ex"}],"author":[{"embeddable":true,"href":"https:\/\/www.teatreromea.cat\/es\/wp-json\/wp\/v2\/users\/2"}],"replies":[{"embeddable":true,"href":"https:\/\/www.teatreromea.cat\/es\/wp-json\/wp\/v2\/comments?post=10270"}],"acf:term":[{"embeddable":true,"taxonomy":"season","href":"https:\/\/www.teatreromea.cat\/es\/wp-json\/wp\/v2\/season\/172"}],"wp:attachment":[{"href":"https:\/\/www.teatreromea.cat\/es\/wp-json\/wp\/v2\/media?parent=10270"}],"curies":[{"name":"wp","href":"https:\/\/api.w.org\/{rel}","templated":true}]}}