{"id":10267,"date":"2018-10-23T14:41:55","date_gmt":"2018-10-23T12:41:55","guid":{"rendered":"https:\/\/pre.teatreromea.cat\/ex\/\/jose-k-torturado\/"},"modified":"2018-10-23T14:41:55","modified_gmt":"2018-10-23T12:41:55","slug":"jose-k-torturado","status":"publish","type":"ex","link":"https:\/\/www.teatreromea.cat\/es\/ex\/jose-k-torturado\/","title":{"rendered":"Jos\u00e9 K, torturado"},"content":{"rendered":"","protected":false},"excerpt":{"rendered":"","protected":false},"author":2,"featured_media":0,"comment_status":"closed","ping_status":"closed","template":"","class_list":["post-10267","ex","type-ex","status-publish","hentry","season-2018-19"],"acf":{"txt_synopsis":"Jos\u00e9 K. es un terrorista cuya intenci\u00f3n es detonar una bomba en una concurrida plaza. La polic\u00eda lo detiene y, ante la premura de tiempo, lo tortura para evitar la masacre. Avalar la tortura en alg\u00fan caso equivale a avalarla en cualquiera...Desconocer no s\u00f3lo es conveniente, sino imprescindible. <br \/>La calidad art\u00edstica de este espect\u00e1culo no s\u00f3lo se sustenta en el debate moral sobre la justificaci\u00f3n de la tortura, adem\u00e1s de la acertada puesta en escena y la sobrecogedora interpretaci\u00f3n de Iv\u00e1n Hermes, si no en el di\u00e1logo que elabora sobre la sinraz\u00f3n humana. La escena se transforma en un espejo que devuelve al p\u00fablico un reflejo de s\u00ed mismo con el que se identifica a lo largo de una reflexi\u00f3n sobre el desajuste moral de cualquier forma de analfabetismo pasional, que nos saca de nuestra modorra existencial. Promueve conciencias planteando hasta qu\u00e9 grado envilece la tortura todo lo que toca. <br \/>","main_buy_link":"https:\/\/www.4tickets.es\/TeatreRomea\/public\/janto\/?Nivel=Evento&idEvento=ROM213&Idioma=ES","main_buy_links":"","group_buy_link":"","show_language":"Espect\u00e1culo en castellano","show_duration":"70","show_start_date":"20181127000000","show_end_date":"20181207000000","show_sort_date":"20181127000000","txt_custom_show_dates":"del 27 de noviembre al 7 de diciembre de 2018","show_disciplines":"","show_ultimes_funcions":false,"hide_tarifes_especials":false,"show_properament":false,"txt_additional_info":"","txt_present":"","show_season":[171],"txt_season":"[\"2018\/19\"]","txt_cycle":"","txt_claim":"","txt_cast_excerpt":"","txt_cast":"<p>Direcci\u00f3n, dramaturgia y espacio esc\u00e9nico: <strong>Carles Alfaro<\/strong> <br \/>Actor: <strong>Iv\u00e1n Hermes <br \/><\/strong>Espacio sonoro: <strong>Jos\u00e9 Antonio Guti\u00e9rrez<\/strong> <br \/>Producci\u00f3n ejecutiva: <strong>Moma Teatre<\/strong> <br \/>Ayudante de direcci\u00f3n: <strong>Vicenta N\u2019Dongo<\/strong> <\/p>\n<p>Dise\u00f1o gr\u00e1fico: <strong>Andr\u00e9s Palacio<\/strong> <br \/>Asesoramiento y documentaci\u00f3n: <strong>Jorge Del Cura<\/strong> <\/p>\n<p>Con la colaboraci\u00f3n de <strong>Hermes Producciones<\/strong><\/p>","txt_reviews":"Rosana Torres|El Pa\u00eds|\"La \u00fanica ambici\u00f3n de Jos\u00e9 K tiene que venir de aquellos que quieran ver una peque\u00f1a joya que re\u00fane a hombres excepcionales ejerciendo su oficio.\"","hashtag":"Jos\u00e9Ktorturado","have_promo":"","slogan":"","id_exhibicio":1598,"id_versio":1335,"id_local":1,"txt_seo_desc":"'Jos\u00e9 K, torturado' de Carles Alfaro y con Iv\u00e1n Hermes, en el Teatre Romea de Barcelona. \u00bfHasta qu\u00e9 grado envilece la tortura todo lo que toca?","data_images":"[{\"localizer\":\"V3PORTADA\",\"url\":\"media\/ver\/port\/v3\/31452\/01_084_00046231\/0-jose-k-teatre-romea-barcelona.jpg\",\"thumb_url\":\"media\/ver\/port\/v3\/31452\/01_084_00046231\/0-jose-k-teatre-romea-barcelona_thumb.jpg\",\"title\":\"Jos\u00e9 K, torturado\",\"description\":\"jos\u00e9 k torturado off romea teatre barcelona\",\"copyright\":\"\",\"order\":1},{\"localizer\":\"V3CARTELL\",\"url\":\"media\/ver\/cartell\/v3\/31452\/01_085_00046232\/cartellweb-jose-k-teatre-romea-barcelona.jpg\",\"thumb_url\":\"media\/ver\/cartell\/v3\/31452\/01_085_00046232\/cartellweb-jose-k-teatre-romea-barcelona_thumb.jpg\",\"title\":\"Jos\u00e9 K, torturado\",\"description\":\"jos\u00e9 k torturado off romea teatre barcelona\",\"copyright\":\"\",\"order\":2},{\"localizer\":\"V3SLIDE\",\"url\":\"media\/ftgalslide\/v3\/31452\/01_086_00046233\/jose-k-teatre-romea-barcelona-2.jpg\",\"thumb_url\":\"media\/ftgalslide\/v3\/31452\/01_086_00046233\/jose-k-teatre-romea-barcelona-2_thumb.jpg\",\"title\":\"Jos\u00e9 K, torturado\",\"description\":\"jos\u00e9 k torturado teatre romea barcelona\",\"copyright\":\"\",\"order\":3},{\"localizer\":\"V3SLIDE\",\"url\":\"media\/ftgalslide\/v3\/31452\/01_086_00046234\/jose-k-teatre-romea-barcelona-4.jpg\",\"thumb_url\":\"media\/ftgalslide\/v3\/31452\/01_086_00046234\/jose-k-teatre-romea-barcelona-4_thumb.jpg\",\"title\":\"Jos\u00e9 K, torturado\",\"description\":\"jos\u00e9 k torturado teatre romea barcelona\",\"copyright\":\"\",\"order\":4},{\"localizer\":\"V3SLIDE\",\"url\":\"media\/ftgalslide\/v3\/31452\/01_086_00046235\/jose-k-teatre-romea-barcelona-5.jpg\",\"thumb_url\":\"media\/ftgalslide\/v3\/31452\/01_086_00046235\/jose-k-teatre-romea-barcelona-5_thumb.jpg\",\"title\":\"Jos\u00e9 K, torturado\",\"description\":\"jos\u00e9 k torturado teatre romea barcelona\",\"copyright\":\"\",\"order\":5},{\"localizer\":\"V3SLIDE\",\"url\":\"media\/ftgalslide\/v3\/31452\/01_086_00046236\/jose-k-teatre-romea-barcelona-6.jpg\",\"thumb_url\":\"media\/ftgalslide\/v3\/31452\/01_086_00046236\/jose-k-teatre-romea-barcelona-6_thumb.jpg\",\"title\":\"Jos\u00e9 K, torturado\",\"description\":\"jos\u00e9 k torturado teatre romea barcelona\",\"copyright\":\"\",\"order\":6},{\"localizer\":\"V3SLIDE\",\"url\":\"media\/ftgalslide\/v3\/31452\/01_086_00046237\/jose-k-teatre-romea-barcelona-7.jpg\",\"thumb_url\":\"media\/ftgalslide\/v3\/31452\/01_086_00046237\/jose-k-teatre-romea-barcelona-7_thumb.jpg\",\"title\":\"Jos\u00e9 K, torturado\",\"description\":\"jos\u00e9 k torturado teatre romea barcelona\",\"copyright\":\"\",\"order\":7},{\"localizer\":\"V3SLIDE\",\"url\":\"media\/ftgalslide\/v3\/31452\/01_086_00046238\/jose-k-teatre-romea-barcelona-8.jpg\",\"thumb_url\":\"media\/ftgalslide\/v3\/31452\/01_086_00046238\/jose-k-teatre-romea-barcelona-8_thumb.jpg\",\"title\":\"Jos\u00e9 K, torturado\",\"description\":\"jos\u00e9 k torturado teatre romea barcelona\",\"copyright\":\"\",\"order\":8}]","material__texto_intro":"","data_material":null,"data_gallery":"","data_discounts":"[]","contract_is_open":false,"in_tour":false},"yoast_head":"<!-- This site is optimized with the Yoast SEO plugin v27.4 - https:\/\/yoast.com\/product\/yoast-seo-wordpress\/ -->\n<title>Jos\u00e9 K, torturado - Teatre Romea<\/title>\n<meta name=\"robots\" content=\"index, follow, max-snippet:-1, max-image-preview:large, max-video-preview:-1\" \/>\n<link rel=\"canonical\" href=\"https:\/\/www.teatreromea.cat\/es\/ex\/jose-k-torturado\/\" \/>\n<script type=\"application\/ld+json\" class=\"yoast-schema-graph\">{\"@context\":\"https:\\\/\\\/schema.org\",\"@graph\":[{\"@type\":\"WebPage\",\"@id\":\"https:\\\/\\\/www.teatreromea.cat\\\/es\\\/ex\\\/jose-k-torturado\\\/\",\"url\":\"https:\\\/\\\/www.teatreromea.cat\\\/es\\\/ex\\\/jose-k-torturado\\\/\",\"name\":\"Jos\u00e9 K, torturado - Teatre Romea\",\"isPartOf\":{\"@id\":\"https:\\\/\\\/www.teatreromea.cat\\\/es\\\/#website\"},\"datePublished\":\"2018-10-23T12:41:55+00:00\",\"breadcrumb\":{\"@id\":\"https:\\\/\\\/www.teatreromea.cat\\\/es\\\/ex\\\/jose-k-torturado\\\/#breadcrumb\"},\"inLanguage\":\"es\",\"potentialAction\":[{\"@type\":\"ReadAction\",\"target\":[\"https:\\\/\\\/www.teatreromea.cat\\\/es\\\/ex\\\/jose-k-torturado\\\/\"]}]},{\"@type\":\"BreadcrumbList\",\"@id\":\"https:\\\/\\\/www.teatreromea.cat\\\/es\\\/ex\\\/jose-k-torturado\\\/#breadcrumb\",\"itemListElement\":[{\"@type\":\"ListItem\",\"position\":1,\"name\":\"Inici\",\"item\":\"https:\\\/\\\/www.teatreromea.cat\\\/es\\\/\"},{\"@type\":\"ListItem\",\"position\":2,\"name\":\"Espectacles\",\"item\":\"https:\\\/\\\/www.teatreromea.cat\\\/es\\\/ex\\\/\"},{\"@type\":\"ListItem\",\"position\":3,\"name\":\"Jos\u00e9 K, torturado\"}]},{\"@type\":\"WebSite\",\"@id\":\"https:\\\/\\\/www.teatreromea.cat\\\/es\\\/#website\",\"url\":\"https:\\\/\\\/www.teatreromea.cat\\\/es\\\/\",\"name\":\"Teatre Romea\",\"description\":\"\",\"publisher\":{\"@id\":\"https:\\\/\\\/www.teatreromea.cat\\\/es\\\/#organization\"},\"potentialAction\":[{\"@type\":\"SearchAction\",\"target\":{\"@type\":\"EntryPoint\",\"urlTemplate\":\"https:\\\/\\\/www.teatreromea.cat\\\/es\\\/?s={search_term_string}\"},\"query-input\":{\"@type\":\"PropertyValueSpecification\",\"valueRequired\":true,\"valueName\":\"search_term_string\"}}],\"inLanguage\":\"es\"},{\"@type\":\"Organization\",\"@id\":\"https:\\\/\\\/www.teatreromea.cat\\\/es\\\/#organization\",\"name\":\"Teatre Romea\",\"url\":\"https:\\\/\\\/www.teatreromea.cat\\\/es\\\/\",\"logo\":{\"@type\":\"ImageObject\",\"inLanguage\":\"es\",\"@id\":\"https:\\\/\\\/www.teatreromea.cat\\\/es\\\/#\\\/schema\\\/logo\\\/image\\\/\",\"url\":\"https:\\\/\\\/www.teatreromea.cat\\\/wp-content\\\/uploads\\\/sites\\\/2\\\/2017\\\/09\\\/teatre-romea-logo.svg\",\"contentUrl\":\"https:\\\/\\\/www.teatreromea.cat\\\/wp-content\\\/uploads\\\/sites\\\/2\\\/2017\\\/09\\\/teatre-romea-logo.svg\",\"width\":1,\"height\":1,\"caption\":\"Teatre Romea\"},\"image\":{\"@id\":\"https:\\\/\\\/www.teatreromea.cat\\\/es\\\/#\\\/schema\\\/logo\\\/image\\\/\"},\"sameAs\":[\"http:\\\/\\\/www.facebook.com\\\/TeatreRomea\",\"https:\\\/\\\/x.com\\\/teatre_romea\",\"http:\\\/\\\/instagram.com\\\/teatreromea\",\"http:\\\/\\\/www.youtube.com\\\/user\\\/TeatreRomea\"]}]}<\/script>\n<!-- \/ Yoast SEO plugin. -->","yoast_head_json":{"title":"Jos\u00e9 K, torturado - Teatre Romea","robots":{"index":"index","follow":"follow","max-snippet":"max-snippet:-1","max-image-preview":"max-image-preview:large","max-video-preview":"max-video-preview:-1"},"canonical":"https:\/\/www.teatreromea.cat\/es\/ex\/jose-k-torturado\/","schema":{"@context":"https:\/\/schema.org","@graph":[{"@type":"WebPage","@id":"https:\/\/www.teatreromea.cat\/es\/ex\/jose-k-torturado\/","url":"https:\/\/www.teatreromea.cat\/es\/ex\/jose-k-torturado\/","name":"Jos\u00e9 K, torturado - Teatre Romea","isPartOf":{"@id":"https:\/\/www.teatreromea.cat\/es\/#website"},"datePublished":"2018-10-23T12:41:55+00:00","breadcrumb":{"@id":"https:\/\/www.teatreromea.cat\/es\/ex\/jose-k-torturado\/#breadcrumb"},"inLanguage":"es","potentialAction":[{"@type":"ReadAction","target":["https:\/\/www.teatreromea.cat\/es\/ex\/jose-k-torturado\/"]}]},{"@type":"BreadcrumbList","@id":"https:\/\/www.teatreromea.cat\/es\/ex\/jose-k-torturado\/#breadcrumb","itemListElement":[{"@type":"ListItem","position":1,"name":"Inici","item":"https:\/\/www.teatreromea.cat\/es\/"},{"@type":"ListItem","position":2,"name":"Espectacles","item":"https:\/\/www.teatreromea.cat\/es\/ex\/"},{"@type":"ListItem","position":3,"name":"Jos\u00e9 K, torturado"}]},{"@type":"WebSite","@id":"https:\/\/www.teatreromea.cat\/es\/#website","url":"https:\/\/www.teatreromea.cat\/es\/","name":"Teatre Romea","description":"","publisher":{"@id":"https:\/\/www.teatreromea.cat\/es\/#organization"},"potentialAction":[{"@type":"SearchAction","target":{"@type":"EntryPoint","urlTemplate":"https:\/\/www.teatreromea.cat\/es\/?s={search_term_string}"},"query-input":{"@type":"PropertyValueSpecification","valueRequired":true,"valueName":"search_term_string"}}],"inLanguage":"es"},{"@type":"Organization","@id":"https:\/\/www.teatreromea.cat\/es\/#organization","name":"Teatre Romea","url":"https:\/\/www.teatreromea.cat\/es\/","logo":{"@type":"ImageObject","inLanguage":"es","@id":"https:\/\/www.teatreromea.cat\/es\/#\/schema\/logo\/image\/","url":"https:\/\/www.teatreromea.cat\/wp-content\/uploads\/sites\/2\/2017\/09\/teatre-romea-logo.svg","contentUrl":"https:\/\/www.teatreromea.cat\/wp-content\/uploads\/sites\/2\/2017\/09\/teatre-romea-logo.svg","width":1,"height":1,"caption":"Teatre Romea"},"image":{"@id":"https:\/\/www.teatreromea.cat\/es\/#\/schema\/logo\/image\/"},"sameAs":["http:\/\/www.facebook.com\/TeatreRomea","https:\/\/x.com\/teatre_romea","http:\/\/instagram.com\/teatreromea","http:\/\/www.youtube.com\/user\/TeatreRomea"]}]}},"translations":[{"id":9903,"locale":"ca"},{"id":10267,"locale":"es"}],"_links":{"self":[{"href":"https:\/\/www.teatreromea.cat\/es\/wp-json\/wp\/v2\/ex\/10267","targetHints":{"allow":["GET"]}}],"collection":[{"href":"https:\/\/www.teatreromea.cat\/es\/wp-json\/wp\/v2\/ex"}],"about":[{"href":"https:\/\/www.teatreromea.cat\/es\/wp-json\/wp\/v2\/types\/ex"}],"author":[{"embeddable":true,"href":"https:\/\/www.teatreromea.cat\/es\/wp-json\/wp\/v2\/users\/2"}],"replies":[{"embeddable":true,"href":"https:\/\/www.teatreromea.cat\/es\/wp-json\/wp\/v2\/comments?post=10267"}],"acf:term":[{"embeddable":true,"taxonomy":"season","href":"https:\/\/www.teatreromea.cat\/es\/wp-json\/wp\/v2\/season\/171"}],"wp:attachment":[{"href":"https:\/\/www.teatreromea.cat\/es\/wp-json\/wp\/v2\/media?parent=10267"}],"curies":[{"name":"wp","href":"https:\/\/api.w.org\/{rel}","templated":true}]}}