{"id":10228,"date":"2017-09-07T13:28:28","date_gmt":"2017-09-07T11:28:28","guid":{"rendered":"https:\/\/pre.teatreromea.cat\/ex\/\/alicia-al-pais-dels-mobils-2\/"},"modified":"2026-03-11T12:35:35","modified_gmt":"2026-03-11T11:35:35","slug":"alicia-al-pais-dels-mobils-2017-18","status":"publish","type":"ex","link":"https:\/\/www.teatreromea.cat\/es\/ex\/alicia-al-pais-dels-mobils-2017-18\/","title":{"rendered":"Al\u00edcia al pa\u00eds dels m\u00f2bils"},"content":{"rendered":"","protected":false},"excerpt":{"rendered":"","protected":false},"author":2,"featured_media":0,"comment_status":"closed","ping_status":"open","template":"","class_list":["post-10228","ex","type-ex","status-publish","hentry","season-2017-18"],"acf":{"txt_synopsis":"<p>El d\u00eda que Al\u00edcia cumple diez a\u00f1os, le regalan el primer m\u00f3vil. El conejo blanco, pero, se lo roba y ella tendr\u00e1 que recorrer el pa\u00eds de las maravillas hasta llegar al palacio de los m\u00f3viles para recuperarlo. Lo conseguir\u00e1? Con este viaje, Al\u00edcia se da cuenta que no puede vivir como hasta ahora, que enganchada al m\u00f3vil se pierde muchas cosas. Despu\u00e9s de emocionarnos con Litus, la dramaturga Marta Buchaca se junta con Viu el Teatre para presentar una Al\u00edcia rabiosamente contempor\u00e1nea y actualizada. Una versi\u00f3n del mito de Lewis Carroll con la cual es imposible que grandes y peque\u00f1os no se identifiquen y reflexionen sobre el uso coherente del m\u00f3vil. Una comedia musical que har\u00e1 reir, emocionar y disfrutar a toda la familia.<\/p>\n<p align=\"center\"><\/p>","main_buy_link":"","main_buy_links":"","group_buy_link":"","show_language":"Espect\u00e1culo en catal\u00e1n","show_duration":"70","show_start_date":"20171227000000","show_end_date":"20180104000000","show_sort_date":"20171227000000","txt_custom_show_dates":"del 27 de diciembre de 2017 al 4 de enero de 2018","show_disciplines":"","show_ultimes_funcions":false,"hide_tarifes_especials":false,"show_properament":false,"txt_additional_info":"<p><i class=\"fa fa-info fa-2x fa-fw\"><\/i>El d\u00eda <strong>5\/03 a las 12h<\/strong> se llevar\u00e1 a cabo una funci\u00f3n accesible.<br \/><br \/>La funci\u00f3n contar\u00e1 con:<br \/>\u00b7 Audiodescripci\u00f3n<br \/>\u00b7 Visita esc\u00e9nica<br \/>\u00b7 Subtitulado<br \/>\u00b7 Sonido amplificado con auriculares <br \/>\u00b7 Bucle magn\u00e9tico <br \/>\u00b7 Int\u00e9rprete de lengua de signos<\/p>\n<p>La visita esc\u00e9nica ser\u00e1 a las 11:00 horas en el escenario, donde las personas podr\u00e1n conocer la escenograf\u00eda, la utiler\u00eda y el vestuario de la obra. Para asistir, es imprescindible inscribirse al correo <a href=\"mailto:comunicacion@teatroaccesible.com\">comunicacion@teatroaccesible.com<\/a> o escribir al Whatsapp +34 635 151 365.<\/p>","txt_present":"","show_season":[160],"txt_season":"[\"2017\/18\"]","txt_cycle":"","txt_claim":"","txt_cast_excerpt":"","txt_cast":"","txt_reviews":"Victor Giralt| Recomana.cat|\"Sospito que aquesta Al\u00edcia \u00e9s un dels millors espectacles familiars que he vist aquesta temporada, i que la meva filla pensa el mateix.\" \nImma Mu\u00f1oz|El Peri\u00f3dico|\"Un texto divertido con m\u00e1s de una capa de lectura, unas canciones bien trabajadas; unas interpretaciones que llegan al ni\u00f1o sin expulsar al padre, y una inteligente escenograf\u00eda.\" \nAndreu Sotorra|Clip de Teatre|\"L\u2019espectacle compta amb un suport t\u00e8cnic i digital d\u2019animaci\u00f3 que li atorga una gran vivesa i fa que no perdi en cap moment el ritme.\"\nJordi Bordes|El Punt-Avui|\"La mirada de Buchaca contemporanitza el conte i, es m\u00e9s, el dota d\u2019un punt de controv\u00e8rsia, sense renunciar a la fantasia ni a la m\u00fasica.\"","hashtag":"Al\u00edciaAlPa\u00edsDelsM\u00f2bils","have_promo":"","slogan":"","id_exhibicio":1492,"id_versio":1142,"id_local":1,"txt_seo_desc":"'Al\u00edcia al pa\u00eds de les meravelles', en el Petit Romea, el fen\u00f3meno del teatro infantil de Marta Buchaca y direcci\u00f3n de Jordi And\u00fajar en el Teatre Romea de Barcelona.","data_images":"[{\"localizer\":\"V3SLIDE\",\"url\":\"media\/ftgalslide\/v3\/31450\/01_086_00045696\/aliciaalpaisdelesmeravellespetitromeateatreinfantilbarcelona0.jpg\",\"thumb_url\":\"media\/ftgalslide\/v3\/31450\/01_086_00045696\/aliciaalpaisdelesmeravellespetitromeateatreinfantilbarcelona0_thumb.jpg\",\"title\":\"Al\u00edcia al pa\u00eds de les meravelles\",\"description\":\"Al\u00edcia al pa\u00eds de les meravelles teatre infantil petit romea barcelona\",\"copyright\":\"https:\/\/www.youtube.com\/watch?v=sG3EVyxQSRI\",\"order\":51},{\"localizer\":\"V3SLIDE\",\"url\":\"media\/ftgalslide\/v3\/31450\/01_086_00045697\/aliciaalpaisdelesmeravellespetitromeateatreinfantilbarcelona1.jpg\",\"thumb_url\":\"media\/ftgalslide\/v3\/31450\/01_086_00045697\/aliciaalpaisdelesmeravellespetitromeateatreinfantilbarcelona1_thumb.jpg\",\"title\":\"Al\u00edcia al pa\u00eds de les meravelles\",\"description\":\"Al\u00edcia al pa\u00eds de les meravelles teatre infantil petit romea barcelona\",\"copyright\":\"\",\"order\":52},{\"localizer\":\"V3SLIDE\",\"url\":\"media\/ftgalslide\/v3\/31450\/01_086_00045698\/aliciaalpaisdelesmeravellespetitromeateatreinfantilbarcelona2.jpg\",\"thumb_url\":\"media\/ftgalslide\/v3\/31450\/01_086_00045698\/aliciaalpaisdelesmeravellespetitromeateatreinfantilbarcelona2_thumb.jpg\",\"title\":\"Al\u00edcia al pa\u00eds de les meravelles\",\"description\":\"Al\u00edcia al pa\u00eds de les meravelles teatre infantil petit romea barcelona\",\"copyright\":\"\",\"order\":53},{\"localizer\":\"V3SLIDE\",\"url\":\"media\/ftgalslide\/v3\/31450\/01_086_00045699\/aliciaalpaisdelesmeravellespetitromeateatreinfantilbarcelona3.jpg\",\"thumb_url\":\"media\/ftgalslide\/v3\/31450\/01_086_00045699\/aliciaalpaisdelesmeravellespetitromeateatreinfantilbarcelona3_thumb.jpg\",\"title\":\"Al\u00edcia al pa\u00eds de les meravelles\",\"description\":\"Al\u00edcia al pa\u00eds de les meravelles teatre infantil petit romea barcelona\",\"copyright\":\"\",\"order\":54},{\"localizer\":\"V3CARTELL\",\"url\":\"media\/ver\/cartell\/v3\/314B3\/01_085_00048550\/cartellweb-alicia-eb-el-pais-de-les-meravelles-petit-romea-teatre.jpg\",\"thumb_url\":\"media\/ver\/cartell\/v3\/314B3\/01_085_00048550\/cartellweb-alicia-eb-el-pais-de-les-meravelles-petit-romea-teatre_thumb.jpg\",\"title\":\"Al\u00edcia al pa\u00eds de les meravelles - Petit Romea\",\"description\":\"al\u00edcia al pa\u00eds de les meravelles teatre petit romea barcelona\",\"copyright\":\"\",\"order\":59},{\"localizer\":\"V3PORTADA\",\"url\":\"media\/ver\/port\/v3\/3157E\/01_084_00051926\/1-alicia-al-pais-dels-mobils-petit-romea-teatre.jpg\",\"thumb_url\":\"media\/ver\/port\/v3\/3157E\/01_084_00051926\/1-alicia-al-pais-dels-mobils-petit-romea-teatre_thumb.jpg\",\"title\":\"Al\u00edcia al pa\u00eds dels m\u00f2bils - Petit Romea\",\"description\":\"alicia al pais dels mobils al petit romea de barcelona\",\"copyright\":\"\",\"order\":66}]","material__texto_intro":"","data_material":null,"data_gallery":"","data_discounts":"[{\"InfoAddicional\":\"<p><strong>Descuentos para particulares<br \/><\/strong><\/p>\",\"Url\":\"vip.promentrada.com\/es\/product\/{#CODI#}\",\"Codi\":\"ROM139\",\"LogoUrl\":\"media\/fimage\/31389\/01_005_00038559\/logo_prome_vip_v_web.jpg\",\"TitolBoto\":\"Descuentos para particulares\",\"Type\":\"discount\"},{\"InfoAddicional\":\"<p><strong>Descuentos para grupos y escuelas<br \/><\/strong><\/p>\",\"Url\":\"https:\/\/www.promentrada.com\/es\/product\/{#CODI#}\",\"Codi\":\"ROM139\",\"LogoUrl\":\"media\/fimage\/31389\/01_005_00038530\/logo_prome_nuevo_v_web.jpg\",\"TitolBoto\":\"Descuentos para grupos y escuelas\",\"Type\":\"discount\"}]","contract_is_open":false,"in_tour":false},"yoast_head":"<!-- This site is optimized with the Yoast SEO plugin v27.4 - https:\/\/yoast.com\/product\/yoast-seo-wordpress\/ -->\n<title>Al\u00edcia al pa\u00eds dels m\u00f2bils - Teatre Romea<\/title>\n<meta name=\"robots\" content=\"index, follow, max-snippet:-1, max-image-preview:large, max-video-preview:-1\" \/>\n<link rel=\"canonical\" href=\"https:\/\/www.teatreromea.cat\/es\/ex\/alicia-al-pais-dels-mobils-2017-18\/\" \/>\n<script type=\"application\/ld+json\" class=\"yoast-schema-graph\">{\"@context\":\"https:\\\/\\\/schema.org\",\"@graph\":[{\"@type\":\"WebPage\",\"@id\":\"https:\\\/\\\/www.teatreromea.cat\\\/es\\\/ex\\\/alicia-al-pais-dels-mobils-2017-18\\\/\",\"url\":\"https:\\\/\\\/www.teatreromea.cat\\\/es\\\/ex\\\/alicia-al-pais-dels-mobils-2017-18\\\/\",\"name\":\"Al\u00edcia al pa\u00eds dels m\u00f2bils - Teatre Romea\",\"isPartOf\":{\"@id\":\"https:\\\/\\\/www.teatreromea.cat\\\/es\\\/#website\"},\"datePublished\":\"2017-09-07T11:28:28+00:00\",\"dateModified\":\"2026-03-11T11:35:35+00:00\",\"breadcrumb\":{\"@id\":\"https:\\\/\\\/www.teatreromea.cat\\\/es\\\/ex\\\/alicia-al-pais-dels-mobils-2017-18\\\/#breadcrumb\"},\"inLanguage\":\"es\",\"potentialAction\":[{\"@type\":\"ReadAction\",\"target\":[\"https:\\\/\\\/www.teatreromea.cat\\\/es\\\/ex\\\/alicia-al-pais-dels-mobils-2017-18\\\/\"]}]},{\"@type\":\"BreadcrumbList\",\"@id\":\"https:\\\/\\\/www.teatreromea.cat\\\/es\\\/ex\\\/alicia-al-pais-dels-mobils-2017-18\\\/#breadcrumb\",\"itemListElement\":[{\"@type\":\"ListItem\",\"position\":1,\"name\":\"Inici\",\"item\":\"https:\\\/\\\/www.teatreromea.cat\\\/es\\\/\"},{\"@type\":\"ListItem\",\"position\":2,\"name\":\"Espectacles\",\"item\":\"https:\\\/\\\/www.teatreromea.cat\\\/es\\\/ex\\\/\"},{\"@type\":\"ListItem\",\"position\":3,\"name\":\"Al\u00edcia al pa\u00eds dels m\u00f2bils\"}]},{\"@type\":\"WebSite\",\"@id\":\"https:\\\/\\\/www.teatreromea.cat\\\/es\\\/#website\",\"url\":\"https:\\\/\\\/www.teatreromea.cat\\\/es\\\/\",\"name\":\"Teatre Romea\",\"description\":\"\",\"publisher\":{\"@id\":\"https:\\\/\\\/www.teatreromea.cat\\\/es\\\/#organization\"},\"potentialAction\":[{\"@type\":\"SearchAction\",\"target\":{\"@type\":\"EntryPoint\",\"urlTemplate\":\"https:\\\/\\\/www.teatreromea.cat\\\/es\\\/?s={search_term_string}\"},\"query-input\":{\"@type\":\"PropertyValueSpecification\",\"valueRequired\":true,\"valueName\":\"search_term_string\"}}],\"inLanguage\":\"es\"},{\"@type\":\"Organization\",\"@id\":\"https:\\\/\\\/www.teatreromea.cat\\\/es\\\/#organization\",\"name\":\"Teatre Romea\",\"url\":\"https:\\\/\\\/www.teatreromea.cat\\\/es\\\/\",\"logo\":{\"@type\":\"ImageObject\",\"inLanguage\":\"es\",\"@id\":\"https:\\\/\\\/www.teatreromea.cat\\\/es\\\/#\\\/schema\\\/logo\\\/image\\\/\",\"url\":\"https:\\\/\\\/www.teatreromea.cat\\\/wp-content\\\/uploads\\\/sites\\\/2\\\/2017\\\/09\\\/teatre-romea-logo.svg\",\"contentUrl\":\"https:\\\/\\\/www.teatreromea.cat\\\/wp-content\\\/uploads\\\/sites\\\/2\\\/2017\\\/09\\\/teatre-romea-logo.svg\",\"width\":1,\"height\":1,\"caption\":\"Teatre Romea\"},\"image\":{\"@id\":\"https:\\\/\\\/www.teatreromea.cat\\\/es\\\/#\\\/schema\\\/logo\\\/image\\\/\"},\"sameAs\":[\"http:\\\/\\\/www.facebook.com\\\/TeatreRomea\",\"https:\\\/\\\/x.com\\\/teatre_romea\",\"http:\\\/\\\/instagram.com\\\/teatreromea\",\"http:\\\/\\\/www.youtube.com\\\/user\\\/TeatreRomea\"]}]}<\/script>\n<!-- \/ Yoast SEO plugin. -->","yoast_head_json":{"title":"Al\u00edcia al pa\u00eds dels m\u00f2bils - Teatre Romea","robots":{"index":"index","follow":"follow","max-snippet":"max-snippet:-1","max-image-preview":"max-image-preview:large","max-video-preview":"max-video-preview:-1"},"canonical":"https:\/\/www.teatreromea.cat\/es\/ex\/alicia-al-pais-dels-mobils-2017-18\/","schema":{"@context":"https:\/\/schema.org","@graph":[{"@type":"WebPage","@id":"https:\/\/www.teatreromea.cat\/es\/ex\/alicia-al-pais-dels-mobils-2017-18\/","url":"https:\/\/www.teatreromea.cat\/es\/ex\/alicia-al-pais-dels-mobils-2017-18\/","name":"Al\u00edcia al pa\u00eds dels m\u00f2bils - Teatre Romea","isPartOf":{"@id":"https:\/\/www.teatreromea.cat\/es\/#website"},"datePublished":"2017-09-07T11:28:28+00:00","dateModified":"2026-03-11T11:35:35+00:00","breadcrumb":{"@id":"https:\/\/www.teatreromea.cat\/es\/ex\/alicia-al-pais-dels-mobils-2017-18\/#breadcrumb"},"inLanguage":"es","potentialAction":[{"@type":"ReadAction","target":["https:\/\/www.teatreromea.cat\/es\/ex\/alicia-al-pais-dels-mobils-2017-18\/"]}]},{"@type":"BreadcrumbList","@id":"https:\/\/www.teatreromea.cat\/es\/ex\/alicia-al-pais-dels-mobils-2017-18\/#breadcrumb","itemListElement":[{"@type":"ListItem","position":1,"name":"Inici","item":"https:\/\/www.teatreromea.cat\/es\/"},{"@type":"ListItem","position":2,"name":"Espectacles","item":"https:\/\/www.teatreromea.cat\/es\/ex\/"},{"@type":"ListItem","position":3,"name":"Al\u00edcia al pa\u00eds dels m\u00f2bils"}]},{"@type":"WebSite","@id":"https:\/\/www.teatreromea.cat\/es\/#website","url":"https:\/\/www.teatreromea.cat\/es\/","name":"Teatre Romea","description":"","publisher":{"@id":"https:\/\/www.teatreromea.cat\/es\/#organization"},"potentialAction":[{"@type":"SearchAction","target":{"@type":"EntryPoint","urlTemplate":"https:\/\/www.teatreromea.cat\/es\/?s={search_term_string}"},"query-input":{"@type":"PropertyValueSpecification","valueRequired":true,"valueName":"search_term_string"}}],"inLanguage":"es"},{"@type":"Organization","@id":"https:\/\/www.teatreromea.cat\/es\/#organization","name":"Teatre Romea","url":"https:\/\/www.teatreromea.cat\/es\/","logo":{"@type":"ImageObject","inLanguage":"es","@id":"https:\/\/www.teatreromea.cat\/es\/#\/schema\/logo\/image\/","url":"https:\/\/www.teatreromea.cat\/wp-content\/uploads\/sites\/2\/2017\/09\/teatre-romea-logo.svg","contentUrl":"https:\/\/www.teatreromea.cat\/wp-content\/uploads\/sites\/2\/2017\/09\/teatre-romea-logo.svg","width":1,"height":1,"caption":"Teatre Romea"},"image":{"@id":"https:\/\/www.teatreromea.cat\/es\/#\/schema\/logo\/image\/"},"sameAs":["http:\/\/www.facebook.com\/TeatreRomea","https:\/\/x.com\/teatre_romea","http:\/\/instagram.com\/teatreromea","http:\/\/www.youtube.com\/user\/TeatreRomea"]}]}},"translations":[{"id":9864,"locale":"ca"},{"id":10228,"locale":"es"}],"_links":{"self":[{"href":"https:\/\/www.teatreromea.cat\/es\/wp-json\/wp\/v2\/ex\/10228","targetHints":{"allow":["GET"]}}],"collection":[{"href":"https:\/\/www.teatreromea.cat\/es\/wp-json\/wp\/v2\/ex"}],"about":[{"href":"https:\/\/www.teatreromea.cat\/es\/wp-json\/wp\/v2\/types\/ex"}],"author":[{"embeddable":true,"href":"https:\/\/www.teatreromea.cat\/es\/wp-json\/wp\/v2\/users\/2"}],"replies":[{"embeddable":true,"href":"https:\/\/www.teatreromea.cat\/es\/wp-json\/wp\/v2\/comments?post=10228"}],"acf:term":[{"embeddable":true,"taxonomy":"season","href":"https:\/\/www.teatreromea.cat\/es\/wp-json\/wp\/v2\/season\/160"}],"wp:attachment":[{"href":"https:\/\/www.teatreromea.cat\/es\/wp-json\/wp\/v2\/media?parent=10228"}],"curies":[{"name":"wp","href":"https:\/\/api.w.org\/{rel}","templated":true}]}}