{"id":10217,"date":"2018-09-06T09:48:56","date_gmt":"2018-09-06T07:48:56","guid":{"rendered":"https:\/\/pre.teatreromea.cat\/ex\/\/federico-garcia\/"},"modified":"2023-05-25T10:00:40","modified_gmt":"2023-05-25T08:00:40","slug":"federico-garcia","status":"publish","type":"ex","link":"https:\/\/www.teatreromea.cat\/es\/ex\/federico-garcia\/","title":{"rendered":"Federico Garc\u00eda"},"content":{"rendered":"","protected":false},"excerpt":{"rendered":"","protected":false},"author":2,"featured_media":0,"comment_status":"closed","ping_status":"closed","template":"","class_list":["post-10217","ex","type-ex","status-publish","hentry","season-2016-17"],"acf":{"txt_synopsis":"<p>Pep Tosar explora la dimensi\u00f3n humana del poeta a trav\u00e9s de este espect\u00e1culo que, impregnado del duende lorquiano, integra poes\u00eda y testigo, canto y baile flamenco, e imagen documental. El espect\u00e1culo descubre universos desconocidos de Federico Garc\u00eda Lorca y ofrece una gu\u00eda formidable para entender mejor el poeta que cant\u00f3 a la vida y a la muerte con la misma intensidad.<\/p>","main_buy_link":"","main_buy_links":"","group_buy_link":"","show_language":"Espect\u00e1culo en castellano","show_duration":"","show_start_date":"20170425000000","show_end_date":"20170528000000","show_sort_date":"20170425000000","txt_custom_show_dates":"del 25 de abril al 28 de mayo de 2017","show_disciplines":"","show_ultimes_funcions":false,"hide_tarifes_especials":false,"show_properament":false,"txt_additional_info":"","txt_present":"","show_season":[161],"txt_season":"[\"2016\/17\"]","txt_cycle":"","txt_claim":"","txt_cast_excerpt":"","txt_cast":"<p><strong>Autor: <\/strong>Federico Garc\u00eda Lorca<br \/><strong>Dramaturgia:<\/strong> Evelyn Ar\u00e9valo&nbsp;y Pep Tosar<br \/><strong>Direcci\u00f3n:<\/strong> Pep Tosar<br \/><strong>Reparto:<\/strong> Mariola Membrives, Rycardo Moreno, Jos\u00e9 Maldonado, David Dom\u00ednguez&nbsp;y Pep Tosar<br \/><strong>Audiovisuales:<\/strong> Agust\u00ed Torres&nbsp;y Pep Tosar<br \/><strong>Producci\u00f3n ejecutiva y distribuci\u00f3n:<\/strong> Gabriela Marsal y Leila Barenboim (Mika Project)<br \/><br \/>Es una producci\u00f3n de <strong>Oblideu-vos de nosaltres SLU<\/strong> y <strong>Grec 2015 Festival de Barcelona<\/strong> <br \/><br \/>Espect\u00e1culo en castellano<br \/><strong>Duraci\u00f3n:<\/strong> 1 h y 30 minuts<br \/><br \/><\/p>","txt_reviews":"Joan Anton Benach|La Vanguardia|\u201cEn les seves propostes poeticoteatrals, Pep Tosar encara no sap el que \u00e9s equivocar-se.\u201d \nSanti Fondevila|Ara|\"Un delici\u00f3s viatge amb Lorca.\"\nMar\u00eda Jos\u00e9 Ragu\u00e9|El Mundo|\"Un espect\u00e1culo riguroso, admirable.\"\nJos\u00e9 Carlos Sorribes|On Barcelona|\"Una mirada panor\u00e0mica a la figura del poeta de visita obligada.\"\nJos\u00e9-Miguel Vila|Diariocritico|\u201cUn brillante espect\u00e1culo que aproxima al espectador a la figura humana de Federico Garc\u00eda Lorca.\u201d","hashtag":"FedericoGarc\u00eda","have_promo":"","slogan":"","id_exhibicio":1384,"id_versio":1137,"id_local":1,"txt_seo_desc":"Federico Garc\u00eda prorroga su \u00e9xito imparable en el Teatre Goya de Barcelona. Despu\u00e9s de cautivar cr\u00edtica y p\u00fablico en el Teatre Romea, llega al Goya el espect\u00e1culo m\u00e1s aclamado sobre la figura y la obra de Lorca.","data_images":"[{\"localizer\":\"V3SLIDE\",\"url\":\"media\/ftgalslide\/v3\/314AF\/01_086_00047496\/federico-garcia-teatre-goya-barcelona.jpg\",\"thumb_url\":\"media\/ftgalslide\/v3\/314AF\/01_086_00047496\/federico-garcia-teatre-goya-barcelona_thumb.jpg\",\"title\":\"Federico Garc\u00eda - Teatre Goya\",\"description\":\"federico garcia teatre goya barcelona\",\"copyright\":\"https:\/\/www.youtube.com\/watch?v=wvjbG4RngsE\",\"order\":1},{\"localizer\":\"V2SLIDE\",\"url\":\"media\/ftgalslide\/3138A\/01_076_00038743\/JosepAznar_FEDERICOGARCIeA_04.jpg\",\"thumb_url\":\"media\/ftgalslide\/3138A\/01_076_00038743\/JosepAznar_FEDERICOGARCIeA_04_thumb.jpg\",\"title\":\"Federico Garc\u00eda\",\"description\":\"Teatre Romea\",\"copyright\":\"Josep Aznar\",\"order\":4},{\"localizer\":\"VERS_IMATGE_ESPECTACLE\",\"url\":\"media\/ftespect\/3138A\/01_020_00038748\/JosepAznar_FEDERICOGARCIeA_04.jpg\",\"thumb_url\":\"media\/ftespect\/3138A\/01_020_00038748\/JosepAznar_FEDERICOGARCIeA_04_thumb.jpg\",\"title\":\"Federico Garc\u00eda\",\"description\":\"Federico Garc\u00eda\",\"copyright\":\"Josep Aznar\",\"order\":9},{\"localizer\":\"VERS_IMATGE_ESPECTACLE\",\"url\":\"media\/ftespect\/3138A\/01_020_00038749\/JosepAznar_FEDERICOGARCIeA_05.jpg\",\"thumb_url\":\"media\/ftespect\/3138A\/01_020_00038749\/JosepAznar_FEDERICOGARCIeA_05_thumb.jpg\",\"title\":\"Federico Garc\u00eda\",\"description\":\"Federico Garc\u00eda\",\"copyright\":\"Josep Aznar\",\"order\":10},{\"localizer\":\"VERS_IMATGE_ESPECTACLE\",\"url\":\"media\/ftespect\/3138A\/01_020_00038751\/JosepAznar_FEDERICOGARCIeA_07.jpg\",\"thumb_url\":\"media\/ftespect\/3138A\/01_020_00038751\/JosepAznar_FEDERICOGARCIeA_07_thumb.jpg\",\"title\":\"Federico Garc\u00eda\",\"description\":\"Federico Garc\u00eda\",\"copyright\":\"Josep Aznar\",\"order\":12},{\"localizer\":\"V2CARTELL\",\"url\":\"media\/ver\/cartell\/313E7\/01_079_00040536\/405x579_Federico_Garcia.jpg\",\"thumb_url\":\"media\/ver\/cartell\/313E7\/01_079_00040536\/405x579_Federico_Garcia_thumb.jpg\",\"title\":\"Federico Garc\u00eda\",\"description\":\"Federico Garc\u00eda\",\"copyright\":\"\",\"order\":16},{\"localizer\":\"V2PORTADA\",\"url\":\"media\/ver\/port\/313E9\/01_078_00040913\/h_Federico_Garcia01_vok.jpg\",\"thumb_url\":\"media\/ver\/port\/313E9\/01_078_00040913\/h_Federico_Garcia01_vok_thumb.jpg\",\"title\":\"Federico Garc\u00eda\",\"description\":\"Federico Garc\u00eda\",\"copyright\":\"\",\"order\":20},{\"localizer\":\"V3SLIDE\",\"url\":\"media\/ftgalslide\/v3\/314AF\/01_086_00047430\/federico-garcia-lorca-teatre-goya-barcelona-1.jpg\",\"thumb_url\":\"media\/ftgalslide\/v3\/314AF\/01_086_00047430\/federico-garcia-lorca-teatre-goya-barcelona-1_thumb.jpg\",\"title\":\"Federico Garc\u00eda - Teatre Goya\",\"description\":\"federico garc\u00eda teatre goya barcelona\",\"copyright\":\"\",\"order\":49},{\"localizer\":\"V3SLIDE\",\"url\":\"media\/ftgalslide\/v3\/314AF\/01_086_00047431\/federico-garcia-lorca-teatre-goya-barcelona-2.jpg\",\"thumb_url\":\"media\/ftgalslide\/v3\/314AF\/01_086_00047431\/federico-garcia-lorca-teatre-goya-barcelona-2_thumb.jpg\",\"title\":\"Federico Garc\u00eda - Teatre Goya\",\"description\":\"federico garc\u00eda teatre goya barcelona\",\"copyright\":\"\",\"order\":50},{\"localizer\":\"V3SLIDE\",\"url\":\"media\/ftgalslide\/v3\/314AF\/01_086_00047432\/federico-garcia-lorca-teatre-goya-barcelona-3.jpg\",\"thumb_url\":\"media\/ftgalslide\/v3\/314AF\/01_086_00047432\/federico-garcia-lorca-teatre-goya-barcelona-3_thumb.jpg\",\"title\":\"Federico Garc\u00eda - Teatre Goya\",\"description\":\"federico garc\u00eda teatre goya barcelona\",\"copyright\":\"\",\"order\":51},{\"localizer\":\"V3SLIDE\",\"url\":\"media\/ftgalslide\/v3\/314AF\/01_086_00047433\/federico-garcia-lorca-teatre-goya-barcelona-4.jpg\",\"thumb_url\":\"media\/ftgalslide\/v3\/314AF\/01_086_00047433\/federico-garcia-lorca-teatre-goya-barcelona-4_thumb.jpg\",\"title\":\"Federico Garc\u00eda - Teatre Goya\",\"description\":\"federico garc\u00eda teatre goya barcelona\",\"copyright\":\"\",\"order\":52},{\"localizer\":\"V3SLIDE\",\"url\":\"media\/ftgalslide\/v3\/314AF\/01_086_00047434\/federico-garcia-lorca-teatre-goya-barcelona-5.jpg\",\"thumb_url\":\"media\/ftgalslide\/v3\/314AF\/01_086_00047434\/federico-garcia-lorca-teatre-goya-barcelona-5_thumb.jpg\",\"title\":\"Federico Garc\u00eda - Teatre Goya\",\"description\":\"federico garc\u00eda teatre goya barcelona\",\"copyright\":\"\",\"order\":53},{\"localizer\":\"V3CARTELL\",\"url\":\"media\/ver\/cartell\/v3\/314AF\/01_085_00047443\/cartell-federico-garcia-teatre-goya-barcelona.jpg\",\"thumb_url\":\"media\/ver\/cartell\/v3\/314AF\/01_085_00047443\/cartell-federico-garcia-teatre-goya-barcelona_thumb.jpg\",\"title\":\"Federico Garc\u00eda - Teatre Goya\",\"description\":\"federico garc\u00eda teatre goya barcelona\",\"copyright\":\"\",\"order\":59},{\"localizer\":\"V3PORTADAWIDE\",\"url\":\"media\/ver\/port\/v3wide\/314B0\/01_088_00047869\/0-federico-garcia-teatre-goya-ultimes-funcions.jpg\",\"thumb_url\":\"media\/ver\/port\/v3wide\/314B0\/01_088_00047869\/0-federico-garcia-teatre-goya-ultimes-funcions_thumb.jpg\",\"title\":\"Federico Garc\u00eda - Teatre Goya\",\"description\":\"federico garcia teatre goya barcelona\",\"copyright\":\"\",\"order\":66},{\"localizer\":\"V3PORTADA\",\"url\":\"media\/ver\/port\/v3\/314B0\/01_084_00047870\/1-federico-garcia-teatre-goya-ultimes-funcions.jpg\",\"thumb_url\":\"media\/ver\/port\/v3\/314B0\/01_084_00047870\/1-federico-garcia-teatre-goya-ultimes-funcions_thumb.jpg\",\"title\":\"Federico Garc\u00eda - Teatre Goya\",\"description\":\"federico garcia teatre goya barcelona\",\"copyright\":\"\",\"order\":67}]","material__texto_intro":"","data_material":null,"data_gallery":"","data_discounts":"[{\"InfoAddicional\":\"<p><strong>Descuentos para grupos y escuelas<br \/><\/strong><\/p>\",\"Url\":\"https:\/\/www.promentrada.com\/es\/catalog\/\",\"Codi\":\"ROM144\",\"LogoUrl\":\"media\/fimage\/31389\/01_005_00038530\/logo_prome_nuevo_v_web.jpg\",\"TitolBoto\":\"Descuentos para grupos y escuelas\",\"Type\":\"discount\"},{\"InfoAddicional\":\"<p><strong>Descuentos para particulares<br \/><\/strong><\/p>\",\"Url\":\"http:\/\/vip.promentrada.com\",\"Codi\":\"ROM144\",\"LogoUrl\":\"media\/fimage\/31389\/01_005_00038559\/logo_prome_vip_v_web.jpg\",\"TitolBoto\":\"Descuentos para particulares\",\"Type\":\"discount\"}]","contract_is_open":false,"in_tour":false},"yoast_head":"<!-- This site is optimized with the Yoast SEO plugin v27.4 - https:\/\/yoast.com\/product\/yoast-seo-wordpress\/ -->\n<title>Federico Garc\u00eda - Teatre Romea<\/title>\n<meta name=\"robots\" content=\"index, follow, max-snippet:-1, max-image-preview:large, max-video-preview:-1\" \/>\n<link rel=\"canonical\" href=\"https:\/\/www.teatreromea.cat\/es\/ex\/federico-garcia\/\" \/>\n<script type=\"application\/ld+json\" class=\"yoast-schema-graph\">{\"@context\":\"https:\\\/\\\/schema.org\",\"@graph\":[{\"@type\":\"WebPage\",\"@id\":\"https:\\\/\\\/www.teatreromea.cat\\\/es\\\/ex\\\/federico-garcia\\\/\",\"url\":\"https:\\\/\\\/www.teatreromea.cat\\\/es\\\/ex\\\/federico-garcia\\\/\",\"name\":\"Federico Garc\u00eda - Teatre Romea\",\"isPartOf\":{\"@id\":\"https:\\\/\\\/www.teatreromea.cat\\\/es\\\/#website\"},\"datePublished\":\"2018-09-06T07:48:56+00:00\",\"dateModified\":\"2023-05-25T08:00:40+00:00\",\"breadcrumb\":{\"@id\":\"https:\\\/\\\/www.teatreromea.cat\\\/es\\\/ex\\\/federico-garcia\\\/#breadcrumb\"},\"inLanguage\":\"es\",\"potentialAction\":[{\"@type\":\"ReadAction\",\"target\":[\"https:\\\/\\\/www.teatreromea.cat\\\/es\\\/ex\\\/federico-garcia\\\/\"]}]},{\"@type\":\"BreadcrumbList\",\"@id\":\"https:\\\/\\\/www.teatreromea.cat\\\/es\\\/ex\\\/federico-garcia\\\/#breadcrumb\",\"itemListElement\":[{\"@type\":\"ListItem\",\"position\":1,\"name\":\"Inici\",\"item\":\"https:\\\/\\\/www.teatreromea.cat\\\/es\\\/\"},{\"@type\":\"ListItem\",\"position\":2,\"name\":\"Espectacles\",\"item\":\"https:\\\/\\\/www.teatreromea.cat\\\/es\\\/ex\\\/\"},{\"@type\":\"ListItem\",\"position\":3,\"name\":\"Federico Garc\u00eda\"}]},{\"@type\":\"WebSite\",\"@id\":\"https:\\\/\\\/www.teatreromea.cat\\\/es\\\/#website\",\"url\":\"https:\\\/\\\/www.teatreromea.cat\\\/es\\\/\",\"name\":\"Teatre Romea\",\"description\":\"\",\"publisher\":{\"@id\":\"https:\\\/\\\/www.teatreromea.cat\\\/es\\\/#organization\"},\"potentialAction\":[{\"@type\":\"SearchAction\",\"target\":{\"@type\":\"EntryPoint\",\"urlTemplate\":\"https:\\\/\\\/www.teatreromea.cat\\\/es\\\/?s={search_term_string}\"},\"query-input\":{\"@type\":\"PropertyValueSpecification\",\"valueRequired\":true,\"valueName\":\"search_term_string\"}}],\"inLanguage\":\"es\"},{\"@type\":\"Organization\",\"@id\":\"https:\\\/\\\/www.teatreromea.cat\\\/es\\\/#organization\",\"name\":\"Teatre Romea\",\"url\":\"https:\\\/\\\/www.teatreromea.cat\\\/es\\\/\",\"logo\":{\"@type\":\"ImageObject\",\"inLanguage\":\"es\",\"@id\":\"https:\\\/\\\/www.teatreromea.cat\\\/es\\\/#\\\/schema\\\/logo\\\/image\\\/\",\"url\":\"https:\\\/\\\/www.teatreromea.cat\\\/wp-content\\\/uploads\\\/sites\\\/2\\\/2017\\\/09\\\/teatre-romea-logo.svg\",\"contentUrl\":\"https:\\\/\\\/www.teatreromea.cat\\\/wp-content\\\/uploads\\\/sites\\\/2\\\/2017\\\/09\\\/teatre-romea-logo.svg\",\"width\":1,\"height\":1,\"caption\":\"Teatre Romea\"},\"image\":{\"@id\":\"https:\\\/\\\/www.teatreromea.cat\\\/es\\\/#\\\/schema\\\/logo\\\/image\\\/\"},\"sameAs\":[\"http:\\\/\\\/www.facebook.com\\\/TeatreRomea\",\"https:\\\/\\\/x.com\\\/teatre_romea\",\"http:\\\/\\\/instagram.com\\\/teatreromea\",\"http:\\\/\\\/www.youtube.com\\\/user\\\/TeatreRomea\"]}]}<\/script>\n<!-- \/ Yoast SEO plugin. -->","yoast_head_json":{"title":"Federico Garc\u00eda - Teatre Romea","robots":{"index":"index","follow":"follow","max-snippet":"max-snippet:-1","max-image-preview":"max-image-preview:large","max-video-preview":"max-video-preview:-1"},"canonical":"https:\/\/www.teatreromea.cat\/es\/ex\/federico-garcia\/","schema":{"@context":"https:\/\/schema.org","@graph":[{"@type":"WebPage","@id":"https:\/\/www.teatreromea.cat\/es\/ex\/federico-garcia\/","url":"https:\/\/www.teatreromea.cat\/es\/ex\/federico-garcia\/","name":"Federico Garc\u00eda - Teatre Romea","isPartOf":{"@id":"https:\/\/www.teatreromea.cat\/es\/#website"},"datePublished":"2018-09-06T07:48:56+00:00","dateModified":"2023-05-25T08:00:40+00:00","breadcrumb":{"@id":"https:\/\/www.teatreromea.cat\/es\/ex\/federico-garcia\/#breadcrumb"},"inLanguage":"es","potentialAction":[{"@type":"ReadAction","target":["https:\/\/www.teatreromea.cat\/es\/ex\/federico-garcia\/"]}]},{"@type":"BreadcrumbList","@id":"https:\/\/www.teatreromea.cat\/es\/ex\/federico-garcia\/#breadcrumb","itemListElement":[{"@type":"ListItem","position":1,"name":"Inici","item":"https:\/\/www.teatreromea.cat\/es\/"},{"@type":"ListItem","position":2,"name":"Espectacles","item":"https:\/\/www.teatreromea.cat\/es\/ex\/"},{"@type":"ListItem","position":3,"name":"Federico Garc\u00eda"}]},{"@type":"WebSite","@id":"https:\/\/www.teatreromea.cat\/es\/#website","url":"https:\/\/www.teatreromea.cat\/es\/","name":"Teatre Romea","description":"","publisher":{"@id":"https:\/\/www.teatreromea.cat\/es\/#organization"},"potentialAction":[{"@type":"SearchAction","target":{"@type":"EntryPoint","urlTemplate":"https:\/\/www.teatreromea.cat\/es\/?s={search_term_string}"},"query-input":{"@type":"PropertyValueSpecification","valueRequired":true,"valueName":"search_term_string"}}],"inLanguage":"es"},{"@type":"Organization","@id":"https:\/\/www.teatreromea.cat\/es\/#organization","name":"Teatre Romea","url":"https:\/\/www.teatreromea.cat\/es\/","logo":{"@type":"ImageObject","inLanguage":"es","@id":"https:\/\/www.teatreromea.cat\/es\/#\/schema\/logo\/image\/","url":"https:\/\/www.teatreromea.cat\/wp-content\/uploads\/sites\/2\/2017\/09\/teatre-romea-logo.svg","contentUrl":"https:\/\/www.teatreromea.cat\/wp-content\/uploads\/sites\/2\/2017\/09\/teatre-romea-logo.svg","width":1,"height":1,"caption":"Teatre Romea"},"image":{"@id":"https:\/\/www.teatreromea.cat\/es\/#\/schema\/logo\/image\/"},"sameAs":["http:\/\/www.facebook.com\/TeatreRomea","https:\/\/x.com\/teatre_romea","http:\/\/instagram.com\/teatreromea","http:\/\/www.youtube.com\/user\/TeatreRomea"]}]}},"translations":[{"id":9853,"locale":"ca"},{"id":10217,"locale":"es"}],"_links":{"self":[{"href":"https:\/\/www.teatreromea.cat\/es\/wp-json\/wp\/v2\/ex\/10217","targetHints":{"allow":["GET"]}}],"collection":[{"href":"https:\/\/www.teatreromea.cat\/es\/wp-json\/wp\/v2\/ex"}],"about":[{"href":"https:\/\/www.teatreromea.cat\/es\/wp-json\/wp\/v2\/types\/ex"}],"author":[{"embeddable":true,"href":"https:\/\/www.teatreromea.cat\/es\/wp-json\/wp\/v2\/users\/2"}],"replies":[{"embeddable":true,"href":"https:\/\/www.teatreromea.cat\/es\/wp-json\/wp\/v2\/comments?post=10217"}],"acf:term":[{"embeddable":true,"taxonomy":"season","href":"https:\/\/www.teatreromea.cat\/es\/wp-json\/wp\/v2\/season\/161"}],"wp:attachment":[{"href":"https:\/\/www.teatreromea.cat\/es\/wp-json\/wp\/v2\/media?parent=10217"}],"curies":[{"name":"wp","href":"https:\/\/api.w.org\/{rel}","templated":true}]}}