{"id":10191,"date":"2017-09-07T13:27:58","date_gmt":"2017-09-07T11:27:58","guid":{"rendered":"https:\/\/pre.teatreromea.cat\/ex\/\/el-largo-viaje-del-dia-hacia-la-noche\/"},"modified":"2017-09-07T13:27:58","modified_gmt":"2017-09-07T11:27:58","slug":"el-largo-viaje-del-dia-hacia-la-noche","status":"publish","type":"ex","link":"https:\/\/www.teatreromea.cat\/es\/ex\/el-largo-viaje-del-dia-hacia-la-noche\/","title":{"rendered":"El largo viaje del d\u00eda hacia la noche"},"content":{"rendered":"","protected":false},"excerpt":{"rendered":"","protected":false},"author":2,"featured_media":0,"comment_status":"closed","ping_status":"closed","template":"","class_list":["post-10191","ex","type-ex","status-publish","hentry","season-2015-16"],"acf":{"txt_synopsis":"<p align=\"justify\">Es un d\u00eda de agosto de 1912&nbsp;en casa de James Tyrone, c\u00e9lebre actor de teatro,&nbsp;rodeado por su mujer y su sdos&nbsp;hijos. Lo que empieza como una pl\u00e1cida jornada de verano en la casa al lado del mar, se ir\u00e1 convirtiendo en un combate descarnado a medida que avanza la jornada&nbsp;y los demonios&nbsp;familiares salen a la luz. <strong>Una lucha sin cuartel entre cuatro seres humanos&nbsp;fascinantes, condenados a vivir juntos tratando de reavivar la llama del amor, mientras cae la noche<\/strong>.<br \/><br \/><strong>Duraci\u00f3n<\/strong>: 2 hores y 20 minutos<\/p>\n<p align=\"justify\"><strong>Eugene O'Neill<\/strong> (Nueva York, 1888 - Boston, 1953) fue un <strong>dramaturgo norteamericano<\/strong>, consdierado como el <strong>fundador<\/strong> del <strong>teatro estadounidense moderno<\/strong>.&nbsp;Con una vida personal absolutamente tortuosa&nbsp;y demencial, el autor fue capaz de&nbsp;compaginar momentos tr\u00e1gicos con&nbsp;per\u00edodos de genialidad&nbsp;y lucidez que le valieron un <strong>Premio Nobel de Literatura<\/strong> (1936)&nbsp;y <strong>cuatro<\/strong> <strong>Premis Pulitzer<\/strong>: en <strong>1920<\/strong> por <strong>M\u00e1s all\u00e1 del horizonte<\/strong>, en <strong>1922<\/strong> por <strong>Anna Christie<\/strong>, en <strong>1928<\/strong> por <strong>Extra\u00f1o interludio<\/strong>&nbsp;y en <strong>1957<\/strong> por <strong>El largo viaje del d\u00eda hacia la noche<\/strong>. Precisamente esta obra p\u00f3stuma se public\u00f3 mucho antes de lo que el autor quer\u00eda ya que su mujer se salt\u00f3 la voluntad del autor.<\/p>\n<p><br \/><\/p>\n<p align=\"center\"><a href=\"http:\/\/issuu.com\/grupfocus\/docs\/revista_latemporada_grupfocus_1516\/\"><strong>Clique aqu\u00ed para consultar la temporada 15\/16 del Grup Focus<\/strong><\/a>&nbsp;<\/p>","main_buy_link":"#","main_buy_links":"","group_buy_link":"","show_language":"","show_duration":"","show_start_date":"20151021000000","show_end_date":"20151108000000","show_sort_date":"20151021000000","txt_custom_show_dates":"del 21 de octubre al 8 de noviembre de 2015","show_disciplines":"","show_ultimes_funcions":false,"hide_tarifes_especials":false,"show_properament":false,"txt_additional_info":"","txt_present":"","show_season":[162],"txt_season":"[\"2015\/16\"]","txt_cycle":"","txt_claim":"","txt_cast_excerpt":"<p><strong>AUTOR<\/strong>: Eugene O'Neill<br \/><strong>ADAPTACI\u00d3N<\/strong>: Borja Ortiz de Gondra<br \/><strong>DIRECCI\u00d3N<\/strong>: Juan Jos\u00e9 Afonso<\/p>","txt_cast":"<p><strong>AUTOR<\/strong>: Eugene O'Neill<br \/><strong>ADAPTACI\u00d3N<\/strong>: Borja Ortiz de Gondra<br \/><strong>DIRECCI\u00d3N<\/strong>: Juan Jos\u00e9 Afonso<br \/><br \/><strong>REPARTO<\/strong><br \/>Mario Gas<br \/>Vicky Pe\u00f1a<br \/>Alberto Iglesias<br \/>Juan D\u00edaz<br \/>Mar\u00eda Miguel<br \/><br \/><strong>ESCENOGRAF\u00cdA Y VESTUARIO<\/strong>: Elisa Sanz <br \/><strong>IL\u00b7LUMINACI\u00d3<\/strong>: Juan G\u00f3mez Cornejo S\u00e1nchez (A.A.I) <br \/><strong>V\u00cdDEO<\/strong>: Eduardo Moreno <br \/><strong>AYUDANTE DE DIRECCI\u00d3N<\/strong>: Laura Ortega <br \/><strong>DISTRIBUCI\u00d3N<\/strong>: Iraya Producciones<br \/><br \/><strong>PRODUCCI\u00d3N<\/strong>: Teatros Grup Marquina<\/p>","txt_reviews":"","hashtag":"","have_promo":"","slogan":"","id_exhibicio":1211,"id_versio":981,"id_local":1,"txt_seo_desc":"","data_images":"[{\"localizer\":\"VERS_IMATGE_ESPECTACLE\",\"url\":\"media\/ftespect\/31323\/01_020_00034505\/galeriaweb1.jpg\",\"thumb_url\":\"media\/ftespect\/31323\/01_020_00034505\/galeriaweb1_thumb.jpg\",\"title\":\"El largo viaje del d\u00eda hacia la noche\",\"description\":\"\",\"copyright\":\"\",\"order\":2},{\"localizer\":\"VERS_IMATGE_ESPECTACLE\",\"url\":\"media\/ftespect\/31323\/01_020_00034506\/galeriaweb2.jpg\",\"thumb_url\":\"media\/ftespect\/31323\/01_020_00034506\/galeriaweb2_thumb.jpg\",\"title\":\"El largo viaje del d\u00eda hacia la noche\",\"description\":\"\",\"copyright\":\"\",\"order\":3},{\"localizer\":\"VERS_IMATGE_ESPECTACLE\",\"url\":\"media\/ftespect\/31323\/01_020_00034507\/galeriaweb3.jpg\",\"thumb_url\":\"media\/ftespect\/31323\/01_020_00034507\/galeriaweb3_thumb.jpg\",\"title\":\"El largo viaje del d\u00eda hacia la noche\",\"description\":\"\",\"copyright\":\"\",\"order\":4},{\"localizer\":\"VERS_IMATGE_ESPECTACLE\",\"url\":\"media\/ftespect\/31323\/01_020_00034508\/galeriaweb4.jpg\",\"thumb_url\":\"media\/ftespect\/31323\/01_020_00034508\/galeriaweb4_thumb.jpg\",\"title\":\"El largo viaje del d\u00eda hacia la noche\",\"description\":\"\",\"copyright\":\"\",\"order\":5},{\"localizer\":\"VERS_IMATGE_ESPECTACLE\",\"url\":\"media\/ftespect\/31323\/01_020_00034509\/galeriaweb5.jpg\",\"thumb_url\":\"media\/ftespect\/31323\/01_020_00034509\/galeriaweb5_thumb.jpg\",\"title\":\"El largo viaje del d\u00eda hacia la noche\",\"description\":\"\",\"copyright\":\"\",\"order\":6},{\"localizer\":\"VERS_IMATGE_ESPECTACLE\",\"url\":\"media\/ftespect\/31323\/01_020_00034510\/galeriaweb6.jpg\",\"thumb_url\":\"media\/ftespect\/31323\/01_020_00034510\/galeriaweb6_thumb.jpg\",\"title\":\"El largo viaje del d\u00eda hacia la noche\",\"description\":\"\",\"copyright\":\"\",\"order\":7},{\"localizer\":\"VERS_IMATGE_ESPECTACLE\",\"url\":\"media\/ftespect\/31323\/01_020_00034511\/galeriaweb8.jpg\",\"thumb_url\":\"media\/ftespect\/31323\/01_020_00034511\/galeriaweb8_thumb.jpg\",\"title\":\"El largo viaje del d\u00eda hacia la noche\",\"description\":\"\",\"copyright\":\"\",\"order\":8},{\"localizer\":\"VERS_IMATGE_ESPECTACLE\",\"url\":\"media\/ftespect\/31323\/01_020_00034512\/galeriaweb7.jpg\",\"thumb_url\":\"media\/ftespect\/31323\/01_020_00034512\/galeriaweb7_thumb.jpg\",\"title\":\"El largo viaje del d\u00eda hacia la noche\",\"description\":\"\",\"copyright\":\"\",\"order\":9},{\"localizer\":\"VERS_IMATGE_ESPECTACLE\",\"url\":\"media\/ftespect\/31323\/01_020_00034513\/galeriaweb9.jpg\",\"thumb_url\":\"media\/ftespect\/31323\/01_020_00034513\/galeriaweb9_thumb.jpg\",\"title\":\"El largo viaje del d\u00eda hacia la noche\",\"description\":\"\",\"copyright\":\"\",\"order\":10},{\"localizer\":\"VERS_IMATGE_ESPECTACLE\",\"url\":\"media\/ftespect\/31323\/01_020_00034514\/galeriaweb10.jpg\",\"thumb_url\":\"media\/ftespect\/31323\/01_020_00034514\/galeriaweb10_thumb.jpg\",\"title\":\"El largo viaje del d\u00eda hacia la noche\",\"description\":\"\",\"copyright\":\"\",\"order\":11},{\"localizer\":\"VERS_IMATGE_ESPECTACLE\",\"url\":\"media\/ftespect\/31323\/01_020_00034515\/galeriaweb11.jpg\",\"thumb_url\":\"media\/ftespect\/31323\/01_020_00034515\/galeriaweb11_thumb.jpg\",\"title\":\"El largo viaje del d\u00eda hacia la noche\",\"description\":\"\",\"copyright\":\"\",\"order\":12},{\"localizer\":\"VERS_IMATGE_ESPECTACLE\",\"url\":\"media\/ftespect\/31323\/01_020_00034516\/galeriaweb12.jpg\",\"thumb_url\":\"media\/ftespect\/31323\/01_020_00034516\/galeriaweb12_thumb.jpg\",\"title\":\"El largo viaje del d\u00eda hacia la noche\",\"description\":\"\",\"copyright\":\"\",\"order\":13},{\"localizer\":\"VERS_IMATGE_ESPECTACLE\",\"url\":\"media\/ftespect\/31323\/01_020_00034517\/galeriaweb13.jpg\",\"thumb_url\":\"media\/ftespect\/31323\/01_020_00034517\/galeriaweb13_thumb.jpg\",\"title\":\"El largo viaje del d\u00eda hacia la noche\",\"description\":\"\",\"copyright\":\"\",\"order\":14},{\"localizer\":\"VERS_IMATGE_ESPECTACLE\",\"url\":\"media\/ftespect\/31323\/01_020_00034518\/galeriaweb14.jpg\",\"thumb_url\":\"media\/ftespect\/31323\/01_020_00034518\/galeriaweb14_thumb.jpg\",\"title\":\"El largo viaje del d\u00eda hacia la noche\",\"description\":\"\",\"copyright\":\"\",\"order\":15},{\"localizer\":\"VERS_IMATGE_ESPECTACLE\",\"url\":\"media\/ftespect\/31323\/01_020_00034519\/galeriaweb15.jpg\",\"thumb_url\":\"media\/ftespect\/31323\/01_020_00034519\/galeriaweb15_thumb.jpg\",\"title\":\"El largo viaje del d\u00eda hacia la noche\",\"description\":\"\",\"copyright\":\"\",\"order\":16},{\"localizer\":\"V2SLIDE\",\"url\":\"media\/ftgalslide\/31326\/01_076_00035355\/slideweb1.jpg\",\"thumb_url\":\"media\/ftgalslide\/31326\/01_076_00035355\/slideweb1_thumb.jpg\",\"title\":\"El largo viaje del hacia la noche\",\"description\":\"La obra vista por Mario Gas y Vicky Pe\u00f1a\",\"copyright\":\"https:\/\/www.youtube.com\/watch?v=_nnOk49T_k4\",\"order\":16},{\"localizer\":\"V2SLIDE\",\"url\":\"media\/ftgalslide\/31323\/01_076_00034521\/slideweb1.jpg\",\"thumb_url\":\"media\/ftgalslide\/31323\/01_076_00034521\/slideweb1_thumb.jpg\",\"title\":\"El largo viaje del d\u00eda hacia la noche\",\"description\":\"\",\"copyright\":\"\",\"order\":17},{\"localizer\":\"V2SLIDE\",\"url\":\"media\/ftgalslide\/31323\/01_076_00034522\/slideweb2.jpg\",\"thumb_url\":\"media\/ftgalslide\/31323\/01_076_00034522\/slideweb2_thumb.jpg\",\"title\":\"El largo viaje del d\u00eda hacia la noche\",\"description\":\"\",\"copyright\":\"\",\"order\":18},{\"localizer\":\"V2SLIDE\",\"url\":\"media\/ftgalslide\/31323\/01_076_00034523\/slideweb3.jpg\",\"thumb_url\":\"media\/ftgalslide\/31323\/01_076_00034523\/slideweb3_thumb.jpg\",\"title\":\"El largo viaje del d\u00eda hacia la noche\",\"description\":\"\",\"copyright\":\"\",\"order\":19},{\"localizer\":\"V2SLIDE\",\"url\":\"media\/ftgalslide\/31323\/01_076_00034524\/slideweb4.jpg\",\"thumb_url\":\"media\/ftgalslide\/31323\/01_076_00034524\/slideweb4_thumb.jpg\",\"title\":\"El largo viaje del d\u00eda hacia la noche\",\"description\":\"\",\"copyright\":\"\",\"order\":20},{\"localizer\":\"V2SLIDE\",\"url\":\"media\/ftgalslide\/31323\/01_076_00034525\/slideweb5.jpg\",\"thumb_url\":\"media\/ftgalslide\/31323\/01_076_00034525\/slideweb5_thumb.jpg\",\"title\":\"El largo viaje del d\u00eda hacia la noche\",\"description\":\"\",\"copyright\":\"\",\"order\":21},{\"localizer\":\"V2SLIDE\",\"url\":\"media\/ftgalslide\/31323\/01_076_00034526\/slideweb6.jpg\",\"thumb_url\":\"media\/ftgalslide\/31323\/01_076_00034526\/slideweb6_thumb.jpg\",\"title\":\"El largo viaje del d\u00eda hacia la noche\",\"description\":\"\",\"copyright\":\"\",\"order\":22},{\"localizer\":\"V2SLIDE\",\"url\":\"media\/ftgalslide\/31323\/01_076_00034527\/slideweb7.jpg\",\"thumb_url\":\"media\/ftgalslide\/31323\/01_076_00034527\/slideweb7_thumb.jpg\",\"title\":\"El largo viaje del d\u00eda hacia la noche\",\"description\":\"\",\"copyright\":\"\",\"order\":23},{\"localizer\":\"V2SLIDE\",\"url\":\"media\/ftgalslide\/31323\/01_076_00034528\/slideweb8.jpg\",\"thumb_url\":\"media\/ftgalslide\/31323\/01_076_00034528\/slideweb8_thumb.jpg\",\"title\":\"El largo viaje del d\u00eda hacia la noche\",\"description\":\"\",\"copyright\":\"\",\"order\":24},{\"localizer\":\"V2SLIDE\",\"url\":\"media\/ftgalslide\/31323\/01_076_00034529\/slideweb9.jpg\",\"thumb_url\":\"media\/ftgalslide\/31323\/01_076_00034529\/slideweb9_thumb.jpg\",\"title\":\"El largo viaje del d\u00eda hacia la noche\",\"description\":\"\",\"copyright\":\"\",\"order\":25},{\"localizer\":\"V2PORTADA\",\"url\":\"media\/ver\/port\/31323\/01_078_00034536\/H_largo01.jpg\",\"thumb_url\":\"media\/ver\/port\/31323\/01_078_00034536\/H_largo01_thumb.jpg\",\"title\":\"Largo viaje\",\"description\":\"\",\"copyright\":\"\",\"order\":26},{\"localizer\":\"V2CARTELL\",\"url\":\"media\/ver\/cartell\/31324\/01_079_00034696\/092.jpg\",\"thumb_url\":\"media\/ver\/cartell\/31324\/01_079_00034696\/092_thumb.jpg\",\"title\":\"Largo viaje \",\"description\":\"Largo viaje \",\"copyright\":\"https:\/\/d1wfclq6bigznq.cloudfront.net\/tkrfc\/default\/098largo.jpg\",\"order\":28}]","material__texto_intro":"","data_material":null,"data_gallery":"","data_discounts":"[{\"InfoAddicional\":\"<p><strong>Descuentos para grupos y escuelas<br \/><\/strong><\/p>\",\"Url\":\"http:\/\/www.promentrada.com\",\"Codi\":\"ROM102\",\"LogoUrl\":\"media\/fimage\/31389\/01_005_00038530\/logo_prome_nuevo_v_web.jpg\",\"TitolBoto\":\"Descuentos para grupos y escuelas\",\"Type\":\"discount\"},{\"InfoAddicional\":\"<p><strong>Descuentos para particulares<br \/><\/strong><\/p>\",\"Url\":\"http:\/\/vip.promentrada.com\",\"Codi\":\"ROM102\",\"LogoUrl\":\"media\/fimage\/31389\/01_005_00038559\/logo_prome_vip_v_web.jpg\",\"TitolBoto\":\"Descuentos para particulares\",\"Type\":\"discount\"}]","contract_is_open":false,"in_tour":false},"yoast_head":"<!-- This site is optimized with the Yoast SEO plugin v27.5 - https:\/\/yoast.com\/product\/yoast-seo-wordpress\/ -->\n<title>El largo viaje del d\u00eda hacia la noche - Teatre Romea<\/title>\n<meta name=\"robots\" content=\"index, follow, max-snippet:-1, max-image-preview:large, max-video-preview:-1\" \/>\n<link rel=\"canonical\" href=\"https:\/\/www.teatreromea.cat\/es\/ex\/el-largo-viaje-del-dia-hacia-la-noche\/\" \/>\n<script type=\"application\/ld+json\" class=\"yoast-schema-graph\">{\"@context\":\"https:\\\/\\\/schema.org\",\"@graph\":[{\"@type\":\"WebPage\",\"@id\":\"https:\\\/\\\/www.teatreromea.cat\\\/es\\\/ex\\\/el-largo-viaje-del-dia-hacia-la-noche\\\/\",\"url\":\"https:\\\/\\\/www.teatreromea.cat\\\/es\\\/ex\\\/el-largo-viaje-del-dia-hacia-la-noche\\\/\",\"name\":\"El largo viaje del d\u00eda hacia la noche - Teatre Romea\",\"isPartOf\":{\"@id\":\"https:\\\/\\\/www.teatreromea.cat\\\/es\\\/#website\"},\"datePublished\":\"2017-09-07T11:27:58+00:00\",\"breadcrumb\":{\"@id\":\"https:\\\/\\\/www.teatreromea.cat\\\/es\\\/ex\\\/el-largo-viaje-del-dia-hacia-la-noche\\\/#breadcrumb\"},\"inLanguage\":\"es\",\"potentialAction\":[{\"@type\":\"ReadAction\",\"target\":[\"https:\\\/\\\/www.teatreromea.cat\\\/es\\\/ex\\\/el-largo-viaje-del-dia-hacia-la-noche\\\/\"]}]},{\"@type\":\"BreadcrumbList\",\"@id\":\"https:\\\/\\\/www.teatreromea.cat\\\/es\\\/ex\\\/el-largo-viaje-del-dia-hacia-la-noche\\\/#breadcrumb\",\"itemListElement\":[{\"@type\":\"ListItem\",\"position\":1,\"name\":\"Inici\",\"item\":\"https:\\\/\\\/www.teatreromea.cat\\\/es\\\/\"},{\"@type\":\"ListItem\",\"position\":2,\"name\":\"Espectacles\",\"item\":\"https:\\\/\\\/www.teatreromea.cat\\\/es\\\/ex\\\/\"},{\"@type\":\"ListItem\",\"position\":3,\"name\":\"El largo viaje del d\u00eda hacia la noche\"}]},{\"@type\":\"WebSite\",\"@id\":\"https:\\\/\\\/www.teatreromea.cat\\\/es\\\/#website\",\"url\":\"https:\\\/\\\/www.teatreromea.cat\\\/es\\\/\",\"name\":\"Teatre Romea\",\"description\":\"\",\"publisher\":{\"@id\":\"https:\\\/\\\/www.teatreromea.cat\\\/es\\\/#organization\"},\"potentialAction\":[{\"@type\":\"SearchAction\",\"target\":{\"@type\":\"EntryPoint\",\"urlTemplate\":\"https:\\\/\\\/www.teatreromea.cat\\\/es\\\/?s={search_term_string}\"},\"query-input\":{\"@type\":\"PropertyValueSpecification\",\"valueRequired\":true,\"valueName\":\"search_term_string\"}}],\"inLanguage\":\"es\"},{\"@type\":\"Organization\",\"@id\":\"https:\\\/\\\/www.teatreromea.cat\\\/es\\\/#organization\",\"name\":\"Teatre Romea\",\"url\":\"https:\\\/\\\/www.teatreromea.cat\\\/es\\\/\",\"logo\":{\"@type\":\"ImageObject\",\"inLanguage\":\"es\",\"@id\":\"https:\\\/\\\/www.teatreromea.cat\\\/es\\\/#\\\/schema\\\/logo\\\/image\\\/\",\"url\":\"https:\\\/\\\/www.teatreromea.cat\\\/wp-content\\\/uploads\\\/sites\\\/2\\\/2017\\\/09\\\/teatre-romea-logo.svg\",\"contentUrl\":\"https:\\\/\\\/www.teatreromea.cat\\\/wp-content\\\/uploads\\\/sites\\\/2\\\/2017\\\/09\\\/teatre-romea-logo.svg\",\"width\":1,\"height\":1,\"caption\":\"Teatre Romea\"},\"image\":{\"@id\":\"https:\\\/\\\/www.teatreromea.cat\\\/es\\\/#\\\/schema\\\/logo\\\/image\\\/\"},\"sameAs\":[\"http:\\\/\\\/www.facebook.com\\\/TeatreRomea\",\"https:\\\/\\\/x.com\\\/teatre_romea\",\"http:\\\/\\\/instagram.com\\\/teatreromea\",\"http:\\\/\\\/www.youtube.com\\\/user\\\/TeatreRomea\"]}]}<\/script>\n<!-- \/ Yoast SEO plugin. -->","yoast_head_json":{"title":"El largo viaje del d\u00eda hacia la noche - Teatre Romea","robots":{"index":"index","follow":"follow","max-snippet":"max-snippet:-1","max-image-preview":"max-image-preview:large","max-video-preview":"max-video-preview:-1"},"canonical":"https:\/\/www.teatreromea.cat\/es\/ex\/el-largo-viaje-del-dia-hacia-la-noche\/","schema":{"@context":"https:\/\/schema.org","@graph":[{"@type":"WebPage","@id":"https:\/\/www.teatreromea.cat\/es\/ex\/el-largo-viaje-del-dia-hacia-la-noche\/","url":"https:\/\/www.teatreromea.cat\/es\/ex\/el-largo-viaje-del-dia-hacia-la-noche\/","name":"El largo viaje del d\u00eda hacia la noche - Teatre Romea","isPartOf":{"@id":"https:\/\/www.teatreromea.cat\/es\/#website"},"datePublished":"2017-09-07T11:27:58+00:00","breadcrumb":{"@id":"https:\/\/www.teatreromea.cat\/es\/ex\/el-largo-viaje-del-dia-hacia-la-noche\/#breadcrumb"},"inLanguage":"es","potentialAction":[{"@type":"ReadAction","target":["https:\/\/www.teatreromea.cat\/es\/ex\/el-largo-viaje-del-dia-hacia-la-noche\/"]}]},{"@type":"BreadcrumbList","@id":"https:\/\/www.teatreromea.cat\/es\/ex\/el-largo-viaje-del-dia-hacia-la-noche\/#breadcrumb","itemListElement":[{"@type":"ListItem","position":1,"name":"Inici","item":"https:\/\/www.teatreromea.cat\/es\/"},{"@type":"ListItem","position":2,"name":"Espectacles","item":"https:\/\/www.teatreromea.cat\/es\/ex\/"},{"@type":"ListItem","position":3,"name":"El largo viaje del d\u00eda hacia la noche"}]},{"@type":"WebSite","@id":"https:\/\/www.teatreromea.cat\/es\/#website","url":"https:\/\/www.teatreromea.cat\/es\/","name":"Teatre Romea","description":"","publisher":{"@id":"https:\/\/www.teatreromea.cat\/es\/#organization"},"potentialAction":[{"@type":"SearchAction","target":{"@type":"EntryPoint","urlTemplate":"https:\/\/www.teatreromea.cat\/es\/?s={search_term_string}"},"query-input":{"@type":"PropertyValueSpecification","valueRequired":true,"valueName":"search_term_string"}}],"inLanguage":"es"},{"@type":"Organization","@id":"https:\/\/www.teatreromea.cat\/es\/#organization","name":"Teatre Romea","url":"https:\/\/www.teatreromea.cat\/es\/","logo":{"@type":"ImageObject","inLanguage":"es","@id":"https:\/\/www.teatreromea.cat\/es\/#\/schema\/logo\/image\/","url":"https:\/\/www.teatreromea.cat\/wp-content\/uploads\/sites\/2\/2017\/09\/teatre-romea-logo.svg","contentUrl":"https:\/\/www.teatreromea.cat\/wp-content\/uploads\/sites\/2\/2017\/09\/teatre-romea-logo.svg","width":1,"height":1,"caption":"Teatre Romea"},"image":{"@id":"https:\/\/www.teatreromea.cat\/es\/#\/schema\/logo\/image\/"},"sameAs":["http:\/\/www.facebook.com\/TeatreRomea","https:\/\/x.com\/teatre_romea","http:\/\/instagram.com\/teatreromea","http:\/\/www.youtube.com\/user\/TeatreRomea"]}]}},"translations":[{"id":9827,"locale":"ca"},{"id":10191,"locale":"es"}],"_links":{"self":[{"href":"https:\/\/www.teatreromea.cat\/es\/wp-json\/wp\/v2\/ex\/10191","targetHints":{"allow":["GET"]}}],"collection":[{"href":"https:\/\/www.teatreromea.cat\/es\/wp-json\/wp\/v2\/ex"}],"about":[{"href":"https:\/\/www.teatreromea.cat\/es\/wp-json\/wp\/v2\/types\/ex"}],"author":[{"embeddable":true,"href":"https:\/\/www.teatreromea.cat\/es\/wp-json\/wp\/v2\/users\/2"}],"replies":[{"embeddable":true,"href":"https:\/\/www.teatreromea.cat\/es\/wp-json\/wp\/v2\/comments?post=10191"}],"acf:term":[{"embeddable":true,"taxonomy":"season","href":"https:\/\/www.teatreromea.cat\/es\/wp-json\/wp\/v2\/season\/162"}],"wp:attachment":[{"href":"https:\/\/www.teatreromea.cat\/es\/wp-json\/wp\/v2\/media?parent=10191"}],"curies":[{"name":"wp","href":"https:\/\/api.w.org\/{rel}","templated":true}]}}