{"id":10119,"date":"2017-09-07T13:26:59","date_gmt":"2017-09-07T11:26:59","guid":{"rendered":"https:\/\/pre.teatreromea.cat\/ex\/\/el-salt-de-nijinsky-2\/"},"modified":"2017-09-07T13:26:59","modified_gmt":"2017-09-07T11:26:59","slug":"el-salt-de-nijinsky-2","status":"publish","type":"ex","link":"https:\/\/www.teatreromea.cat\/es\/ex\/el-salt-de-nijinsky-2\/","title":{"rendered":"El salt de Nijinsky"},"content":{"rendered":"","protected":false},"excerpt":{"rendered":"","protected":false},"author":2,"featured_media":0,"comment_status":"closed","ping_status":"closed","template":"","class_list":["post-10119","ex","type-ex","status-publish","hentry","season-2010-11"],"acf":{"txt_synopsis":"<p align=\"justify\"><strong>El salt de Nijinsky<\/strong> es un espect\u00e1culo inspirado en una foto del bailar\u00edn Vaslav Nijinsky, a quien la esquizofrenia oblig\u00f3 a abandonar su carrera art\u00edstica. El tambi\u00e9n bailar\u00edn Serge Lifar, durante una visita, con la intenci\u00f3n de reavivar su memoria ejecuta ante \u00e9l algunos pasos de sus coreograf\u00edas y de repente Nijinsky salta y es cazado en el vuelo por el objetivo del fot\u00f3grafo. Una foto que sirve de punto de partida a Maria Rovira para idear un espect\u00e1culo que indagara en los misterios de la memoria y a la vez&nbsp;profundizara en los significados metaf\u00f3ricos del salto. La coreograf\u00eda invita a reflexionar sobre los impulsos que nos llevan a elevarnos del suelo. <br \/><br \/>En el 2008 la compa\u00f1\u00eda Tr\u00e0nsit&nbsp;obtuvo&nbsp;con este montaje el Premio Butaca al mejor espect\u00e1culo de danza de la temporada. Estrenado en el Grec del 2007, El salt de Nijinsky ha&nbsp;realizado una&nbsp;gira por toda Catalu\u00f1a, Madrid, Argentina, Uruguay&nbsp;y Croacia&nbsp;y lo&nbsp;han visto&nbsp;m\u00e1s de 20.000 espectadores.<br \/><\/p>","main_buy_link":"#","main_buy_links":"","group_buy_link":"","show_language":"","show_duration":"","show_start_date":"20110315000000","show_end_date":"20110320000000","show_sort_date":"20110315000000","txt_custom_show_dates":"del 15 al 20 de marzo de 2011","show_disciplines":"","show_ultimes_funcions":false,"hide_tarifes_especials":false,"show_properament":false,"txt_additional_info":"","txt_present":"","show_season":[167],"txt_season":"[\"2010\/11\"]","txt_cycle":"","txt_claim":"","txt_cast_excerpt":"<strong>IDEA ORIGINAL:<\/strong> Maria Rovira<br \/><strong>DIRECCI\u00d3N ART\u00cdSTICA:<\/strong> Maria Rovira<br \/>","txt_cast":"<p><strong>IDEA ORIGINAL:<\/strong> Maria Rovira<br \/><strong>DIRECCI\u00d3N ART\u00cdSTICA:<\/strong> Maria Rovira<\/p>\n<p><strong>BAILARINES:<\/strong> <br \/>Edmundo Pezzopane<br \/>Pere Molsosa<br \/>Mar\u00eda Garriga<br \/>Reinaldo Ribeiro<br \/>Daniel Rosado<br \/>Sol V\u00e1zquez<\/p>\n<p><strong>M\u00daSICA:<\/strong> Javier Gamazo y Marc \u00c1lvarez<br \/><strong>ESCENOGRAF\u00cdA:<\/strong> Mario Herrero y Josu Gonz\u00e1lez<br \/><strong>ILUMINACI\u00d3N:<\/strong> Xavier Valls<br \/><strong>VESTUARIO:<\/strong> Susana Fern\u00e1ndez<\/p>\n<p><strong>PRODUCCI\u00d3N:<\/strong> Tr\u00e0nsit Dansa<br \/><\/p>","txt_reviews":"","hashtag":"","have_promo":"","slogan":"","id_exhibicio":658,"id_versio":444,"id_local":1,"txt_seo_desc":"","data_images":"[{\"localizer\":\"VERS_PORTADA_TEATRE\",\"url\":\"media\/obraporttea\/3118F\/01_017_00013653\/port01.jpg\",\"thumb_url\":\"\",\"title\":\"El salt de Nijinsky\",\"description\":\"El salt de Nijinsky\",\"copyright\":\"\",\"order\":1},{\"localizer\":\"EX_IMATGE_ESPECTACLE\",\"url\":\"media\/ftespect\/3118F\/01_020_00013659\/gal01.jpg\",\"thumb_url\":\"media\/ftespect\/3118F\/01_020_00013659\/gal01_thumb.jpg\",\"title\":\"El salt de Nijinsky\",\"description\":\"El salt de Nijinsky\",\"copyright\":\"Copyright Xavier Valls\",\"order\":1},{\"localizer\":\"VERS_IMATGE_ESPECTACLE\",\"url\":\"media\/ftespect\/310CB\/01_020_00005746\/nijinsky_gal04.jpg\",\"thumb_url\":\"media\/ftespect\/310CB\/01_020_00005746\/nijinsky_gal04_thumb.jpg\",\"title\":\"El salt de Nijinsky\",\"description\":\"El salt de Nijinsky\",\"copyright\":\"Copyright Jean Mazon\",\"order\":1},{\"localizer\":\"EX_IMATGE_ESPECTACLE\",\"url\":\"media\/ftespect\/3118F\/01_020_00013660\/gal02.jpg\",\"thumb_url\":\"media\/ftespect\/3118F\/01_020_00013660\/gal02_thumb.jpg\",\"title\":\"El salt de Nijinsky\",\"description\":\"El salt de Nijinsky\",\"copyright\":\"Copyright Xavier Valls\",\"order\":2},{\"localizer\":\"VERS_PORTADA_TEATRE\",\"url\":\"media\/obraporttea\/3118F\/01_017_00013654\/port02.jpg\",\"thumb_url\":\"\",\"title\":\"El salt de Nijinsky\",\"description\":\"El salt de Nijinsky\",\"copyright\":\"\",\"order\":2},{\"localizer\":\"VERS_IMATGE_ESPECTACLE\",\"url\":\"media\/ftespect\/310CB\/01_020_00005795\/nijinsky_gal05.jpg\",\"thumb_url\":\"media\/ftespect\/310CB\/01_020_00005795\/nijinsky_gal05_thumb.jpg\",\"title\":\"El salt de Nijinsky\",\"description\":\"El salt de Nijinsky\",\"copyright\":\"Copyright Xavier Valls\",\"order\":2},{\"localizer\":\"VERS_IMATGE_ESPECTACLE\",\"url\":\"media\/ftespect\/310CB\/01_020_00005796\/nijinsky_gal06.jpg\",\"thumb_url\":\"media\/ftespect\/310CB\/01_020_00005796\/nijinsky_gal06_thumb.jpg\",\"title\":\"El salt de Nijinsky\",\"description\":\"El salt de Nijinsky\",\"copyright\":\"Copyright Xavier Valls\",\"order\":3},{\"localizer\":\"VERS_PORTADA_TEATRE\",\"url\":\"media\/obraporttea\/3118F\/01_017_00013655\/port03.jpg\",\"thumb_url\":\"\",\"title\":\"El salt de Nijinsky\",\"description\":\"El salt de Nijinsky\",\"copyright\":\"\",\"order\":3},{\"localizer\":\"EX_IMATGE_ESPECTACLE\",\"url\":\"media\/ftespect\/3118F\/01_020_00013661\/gal03.jpg\",\"thumb_url\":\"media\/ftespect\/3118F\/01_020_00013661\/gal03_thumb.jpg\",\"title\":\"El salt de Nijinsky\",\"description\":\"El salt de Nijinsky\",\"copyright\":\"Copyright Xavier Valls\",\"order\":3},{\"localizer\":\"EX_IMATGE_ESPECTACLE\",\"url\":\"media\/ftespect\/3118F\/01_020_00013662\/gal04.jpg\",\"thumb_url\":\"media\/ftespect\/3118F\/01_020_00013662\/gal04_thumb.jpg\",\"title\":\"El salt de Nijinsky\",\"description\":\"El salt de Nijinsky\",\"copyright\":\"Copyright Xavier Valls\",\"order\":4},{\"localizer\":\"VERS_IMATGE_ESPECTACLE\",\"url\":\"media\/ftespect\/310CB\/01_020_00005797\/nijinsky_gal07.jpg\",\"thumb_url\":\"media\/ftespect\/310CB\/01_020_00005797\/nijinsky_gal07_thumb.jpg\",\"title\":\"El salt de Nijinsky\",\"description\":\"El salt de Nijinsky\",\"copyright\":\"Copyright Xavier Valls\",\"order\":4},{\"localizer\":\"VERS_PORTADA_TEATRE\",\"url\":\"media\/obraporttea\/3118F\/01_017_00013656\/port04.jpg\",\"thumb_url\":\"\",\"title\":\"El salt de Nijinsky\",\"description\":\"El salt de Nijinsky\",\"copyright\":\"\",\"order\":4},{\"localizer\":\"EX_IMATGE_ESPECTACLE\",\"url\":\"media\/ftespect\/3118F\/01_020_00013663\/gal05.jpg\",\"thumb_url\":\"media\/ftespect\/3118F\/01_020_00013663\/gal05_thumb.jpg\",\"title\":\"El salt de Nijinsky\",\"description\":\"El salt de Nijinsky\",\"copyright\":\"Copyright Xavier Valls\",\"order\":5},{\"localizer\":\"VERS_PORTADA_TEATRE\",\"url\":\"media\/obraporttea\/3118F\/01_017_00013657\/port05.jpg\",\"thumb_url\":\"\",\"title\":\"El salt de Nijinsky\",\"description\":\"El salt de Nijinsky\",\"copyright\":\"\",\"order\":5},{\"localizer\":\"VERS_IMATGE_ESPECTACLE\",\"url\":\"media\/ftespect\/310CB\/01_020_00005798\/nijinsky_gal08.jpg\",\"thumb_url\":\"media\/ftespect\/310CB\/01_020_00005798\/nijinsky_gal08_thumb.jpg\",\"title\":\"El salt de Nijinsky\",\"description\":\"El salt de Nijinsky\",\"copyright\":\"Copyright Xavier Valls\",\"order\":5},{\"localizer\":\"VERS_PORTADA_TEATRE\",\"url\":\"media\/obraporttea\/3118F\/01_017_00013658\/port06.jpg\",\"thumb_url\":\"\",\"title\":\"El salt de Nijinsky\",\"description\":\"El salt de Nijinsky\",\"copyright\":\"\",\"order\":6},{\"localizer\":\"EX_IMATGE_ESPECTACLE\",\"url\":\"media\/ftespect\/3118F\/01_020_00013664\/gal06.jpg\",\"thumb_url\":\"media\/ftespect\/3118F\/01_020_00013664\/gal06_thumb.jpg\",\"title\":\"El salt de Nijinsky\",\"description\":\"El salt de Nijinsky\",\"copyright\":\"Copyright Xavier Valls\",\"order\":6},{\"localizer\":\"VERS_IMATGE_ESPECTACLE\",\"url\":\"media\/ftespect\/310CB\/01_020_00005799\/nijinsky_gal09.jpg\",\"thumb_url\":\"media\/ftespect\/310CB\/01_020_00005799\/nijinsky_gal09_thumb.jpg\",\"title\":\"El salt de Nijinsky\",\"description\":\"El salt de Nijinsky\",\"copyright\":\"Copyright Xavier Valls\",\"order\":6},{\"localizer\":\"EX_PORTADA_ESPECTACLE\",\"url\":\"media\/obraport\/3118F\/01_014_00013636\/list.jpg\",\"thumb_url\":\"\",\"title\":\"El salt de Nijinsky\",\"description\":\"El salt de Nijinsky\",\"copyright\":\"\",\"order\":-1},{\"localizer\":\"EX_PORTADA_ESPECTACLE\",\"url\":\"media\/obraport\/3118F\/01_014_00013638\/list.jpg\",\"thumb_url\":\"\",\"title\":\"El salt de Nijinsky\",\"description\":\"El salt de Nijinsky\",\"copyright\":\"\",\"order\":-1},{\"localizer\":\"VERS_PORTADA_ESPECTACLE\",\"url\":\"media\/obraport\/310CB\/01_014_00005771\/elsalt_list.jpg\",\"thumb_url\":\"\",\"title\":\"El salt de Nijinsky\",\"description\":\"El salt de Nijinsky\",\"copyright\":\"\",\"order\":-1}]","material__texto_intro":"","data_material":null,"data_gallery":"","data_discounts":"[{\"InfoAddicional\":\".\",\"Url\":\"http:\/\/www.promentrada.com\",\"Codi\":\"0\",\"LogoUrl\":\"\",\"TitolBoto\":\"\",\"Type\":\"discount\"},{\"InfoAddicional\":\"<p><strong>Descuentos para particulares<br \/><\/strong>Tel. 93 309 70 04<br \/><\/p>\",\"Url\":\"http:\/\/vip.promentrada.com\",\"Codi\":\"0\",\"LogoUrl\":\"media\/fimage\/31389\/01_005_00038531\/logo_prome_vip_v_web.jpg\",\"TitolBoto\":\"\",\"Type\":\"discount\"}]","contract_is_open":false,"in_tour":false},"yoast_head":"<!-- This site is optimized with the Yoast SEO plugin v27.5 - https:\/\/yoast.com\/product\/yoast-seo-wordpress\/ -->\n<title>El salt de Nijinsky - Teatre Romea<\/title>\n<meta name=\"robots\" content=\"index, follow, max-snippet:-1, max-image-preview:large, max-video-preview:-1\" \/>\n<link rel=\"canonical\" href=\"https:\/\/www.teatreromea.cat\/es\/ex\/el-salt-de-nijinsky-2\/\" \/>\n<script type=\"application\/ld+json\" class=\"yoast-schema-graph\">{\"@context\":\"https:\\\/\\\/schema.org\",\"@graph\":[{\"@type\":\"WebPage\",\"@id\":\"https:\\\/\\\/www.teatreromea.cat\\\/es\\\/ex\\\/el-salt-de-nijinsky-2\\\/\",\"url\":\"https:\\\/\\\/www.teatreromea.cat\\\/es\\\/ex\\\/el-salt-de-nijinsky-2\\\/\",\"name\":\"El salt de Nijinsky - Teatre Romea\",\"isPartOf\":{\"@id\":\"https:\\\/\\\/www.teatreromea.cat\\\/es\\\/#website\"},\"datePublished\":\"2017-09-07T11:26:59+00:00\",\"breadcrumb\":{\"@id\":\"https:\\\/\\\/www.teatreromea.cat\\\/es\\\/ex\\\/el-salt-de-nijinsky-2\\\/#breadcrumb\"},\"inLanguage\":\"es\",\"potentialAction\":[{\"@type\":\"ReadAction\",\"target\":[\"https:\\\/\\\/www.teatreromea.cat\\\/es\\\/ex\\\/el-salt-de-nijinsky-2\\\/\"]}]},{\"@type\":\"BreadcrumbList\",\"@id\":\"https:\\\/\\\/www.teatreromea.cat\\\/es\\\/ex\\\/el-salt-de-nijinsky-2\\\/#breadcrumb\",\"itemListElement\":[{\"@type\":\"ListItem\",\"position\":1,\"name\":\"Inici\",\"item\":\"https:\\\/\\\/www.teatreromea.cat\\\/es\\\/\"},{\"@type\":\"ListItem\",\"position\":2,\"name\":\"Espectacles\",\"item\":\"https:\\\/\\\/www.teatreromea.cat\\\/es\\\/ex\\\/\"},{\"@type\":\"ListItem\",\"position\":3,\"name\":\"El salt de Nijinsky\"}]},{\"@type\":\"WebSite\",\"@id\":\"https:\\\/\\\/www.teatreromea.cat\\\/es\\\/#website\",\"url\":\"https:\\\/\\\/www.teatreromea.cat\\\/es\\\/\",\"name\":\"Teatre Romea\",\"description\":\"\",\"publisher\":{\"@id\":\"https:\\\/\\\/www.teatreromea.cat\\\/es\\\/#organization\"},\"potentialAction\":[{\"@type\":\"SearchAction\",\"target\":{\"@type\":\"EntryPoint\",\"urlTemplate\":\"https:\\\/\\\/www.teatreromea.cat\\\/es\\\/?s={search_term_string}\"},\"query-input\":{\"@type\":\"PropertyValueSpecification\",\"valueRequired\":true,\"valueName\":\"search_term_string\"}}],\"inLanguage\":\"es\"},{\"@type\":\"Organization\",\"@id\":\"https:\\\/\\\/www.teatreromea.cat\\\/es\\\/#organization\",\"name\":\"Teatre Romea\",\"url\":\"https:\\\/\\\/www.teatreromea.cat\\\/es\\\/\",\"logo\":{\"@type\":\"ImageObject\",\"inLanguage\":\"es\",\"@id\":\"https:\\\/\\\/www.teatreromea.cat\\\/es\\\/#\\\/schema\\\/logo\\\/image\\\/\",\"url\":\"https:\\\/\\\/www.teatreromea.cat\\\/wp-content\\\/uploads\\\/sites\\\/2\\\/2017\\\/09\\\/teatre-romea-logo.svg\",\"contentUrl\":\"https:\\\/\\\/www.teatreromea.cat\\\/wp-content\\\/uploads\\\/sites\\\/2\\\/2017\\\/09\\\/teatre-romea-logo.svg\",\"width\":1,\"height\":1,\"caption\":\"Teatre Romea\"},\"image\":{\"@id\":\"https:\\\/\\\/www.teatreromea.cat\\\/es\\\/#\\\/schema\\\/logo\\\/image\\\/\"},\"sameAs\":[\"http:\\\/\\\/www.facebook.com\\\/TeatreRomea\",\"https:\\\/\\\/x.com\\\/teatre_romea\",\"http:\\\/\\\/instagram.com\\\/teatreromea\",\"http:\\\/\\\/www.youtube.com\\\/user\\\/TeatreRomea\"]}]}<\/script>\n<!-- \/ Yoast SEO plugin. -->","yoast_head_json":{"title":"El salt de Nijinsky - Teatre Romea","robots":{"index":"index","follow":"follow","max-snippet":"max-snippet:-1","max-image-preview":"max-image-preview:large","max-video-preview":"max-video-preview:-1"},"canonical":"https:\/\/www.teatreromea.cat\/es\/ex\/el-salt-de-nijinsky-2\/","schema":{"@context":"https:\/\/schema.org","@graph":[{"@type":"WebPage","@id":"https:\/\/www.teatreromea.cat\/es\/ex\/el-salt-de-nijinsky-2\/","url":"https:\/\/www.teatreromea.cat\/es\/ex\/el-salt-de-nijinsky-2\/","name":"El salt de Nijinsky - Teatre Romea","isPartOf":{"@id":"https:\/\/www.teatreromea.cat\/es\/#website"},"datePublished":"2017-09-07T11:26:59+00:00","breadcrumb":{"@id":"https:\/\/www.teatreromea.cat\/es\/ex\/el-salt-de-nijinsky-2\/#breadcrumb"},"inLanguage":"es","potentialAction":[{"@type":"ReadAction","target":["https:\/\/www.teatreromea.cat\/es\/ex\/el-salt-de-nijinsky-2\/"]}]},{"@type":"BreadcrumbList","@id":"https:\/\/www.teatreromea.cat\/es\/ex\/el-salt-de-nijinsky-2\/#breadcrumb","itemListElement":[{"@type":"ListItem","position":1,"name":"Inici","item":"https:\/\/www.teatreromea.cat\/es\/"},{"@type":"ListItem","position":2,"name":"Espectacles","item":"https:\/\/www.teatreromea.cat\/es\/ex\/"},{"@type":"ListItem","position":3,"name":"El salt de Nijinsky"}]},{"@type":"WebSite","@id":"https:\/\/www.teatreromea.cat\/es\/#website","url":"https:\/\/www.teatreromea.cat\/es\/","name":"Teatre Romea","description":"","publisher":{"@id":"https:\/\/www.teatreromea.cat\/es\/#organization"},"potentialAction":[{"@type":"SearchAction","target":{"@type":"EntryPoint","urlTemplate":"https:\/\/www.teatreromea.cat\/es\/?s={search_term_string}"},"query-input":{"@type":"PropertyValueSpecification","valueRequired":true,"valueName":"search_term_string"}}],"inLanguage":"es"},{"@type":"Organization","@id":"https:\/\/www.teatreromea.cat\/es\/#organization","name":"Teatre Romea","url":"https:\/\/www.teatreromea.cat\/es\/","logo":{"@type":"ImageObject","inLanguage":"es","@id":"https:\/\/www.teatreromea.cat\/es\/#\/schema\/logo\/image\/","url":"https:\/\/www.teatreromea.cat\/wp-content\/uploads\/sites\/2\/2017\/09\/teatre-romea-logo.svg","contentUrl":"https:\/\/www.teatreromea.cat\/wp-content\/uploads\/sites\/2\/2017\/09\/teatre-romea-logo.svg","width":1,"height":1,"caption":"Teatre Romea"},"image":{"@id":"https:\/\/www.teatreromea.cat\/es\/#\/schema\/logo\/image\/"},"sameAs":["http:\/\/www.facebook.com\/TeatreRomea","https:\/\/x.com\/teatre_romea","http:\/\/instagram.com\/teatreromea","http:\/\/www.youtube.com\/user\/TeatreRomea"]}]}},"translations":[{"id":9755,"locale":"ca"},{"id":10119,"locale":"es"}],"_links":{"self":[{"href":"https:\/\/www.teatreromea.cat\/es\/wp-json\/wp\/v2\/ex\/10119","targetHints":{"allow":["GET"]}}],"collection":[{"href":"https:\/\/www.teatreromea.cat\/es\/wp-json\/wp\/v2\/ex"}],"about":[{"href":"https:\/\/www.teatreromea.cat\/es\/wp-json\/wp\/v2\/types\/ex"}],"author":[{"embeddable":true,"href":"https:\/\/www.teatreromea.cat\/es\/wp-json\/wp\/v2\/users\/2"}],"replies":[{"embeddable":true,"href":"https:\/\/www.teatreromea.cat\/es\/wp-json\/wp\/v2\/comments?post=10119"}],"acf:term":[{"embeddable":true,"taxonomy":"season","href":"https:\/\/www.teatreromea.cat\/es\/wp-json\/wp\/v2\/season\/167"}],"wp:attachment":[{"href":"https:\/\/www.teatreromea.cat\/es\/wp-json\/wp\/v2\/media?parent=10119"}],"curies":[{"name":"wp","href":"https:\/\/api.w.org\/{rel}","templated":true}]}}