{"id":10096,"date":"2017-09-07T13:26:41","date_gmt":"2017-09-07T11:26:41","guid":{"rendered":"https:\/\/pre.teatreromea.cat\/ex\/\/terra-baixa\/"},"modified":"2017-09-07T13:26:41","modified_gmt":"2017-09-07T11:26:41","slug":"terra-baixa","status":"publish","type":"ex","link":"https:\/\/www.teatreromea.cat\/es\/ex\/terra-baixa\/","title":{"rendered":"Terra baixa"},"content":{"rendered":"","protected":false},"excerpt":{"rendered":"","protected":false},"author":2,"featured_media":0,"comment_status":"closed","ping_status":"closed","template":"","class_list":["post-10096","ex","type-ex","status-publish","hentry","season-2008-09"],"acf":{"txt_synopsis":"<p align=\"justify\"><strong>Terra baixa<\/strong>, el gran cl\u00e1sico del teatro catal\u00e1n, trata uno de los temas recurrentes en las tragedias de Guimer\u00e0: la problem\u00e1tica de la posesi\u00f3n amorosa. La pasi\u00f3n desquiciada y ciega, en este caso, empuja a Sebasti\u00e0 hacia Marta. Ella acepta de buen grado esa posesi\u00f3n, hasta que llega Manelic, un ingenuo salvaje, lleno de vida, que la va transformando poco a poco. Marta se sentir\u00e1 embrutecida y decidir\u00e1 salvarse a trav\u00e9s del amor fresco y virginal de un Hombre Nuevo. <\/p>\n<p align=\"justify\">La historia de <strong>Terra baixa<\/strong> es muy emotiva. Los personajes son de una intensidad arcaica que sobrepasa nuestra experiencia cotidiana y contempor\u00e1nea. La potencia de las emociones y de la agresividad en estado puro; la fuerza del amor y del odio, caracterizan la extraordinaria calidad de la obra. Todos estos aspectos originan una tensi\u00f3n que me conmueve y fascina. <em>Hasko Weber<\/em><\/p>","main_buy_link":"#","main_buy_links":"","group_buy_link":"","show_language":"","show_duration":"","show_start_date":"20090423000000","show_end_date":"20090604000000","show_sort_date":"20090423000000","txt_custom_show_dates":"del 23 de abril al 4 de junio de 2009","show_disciplines":"","show_ultimes_funcions":false,"hide_tarifes_especials":false,"show_properament":false,"txt_additional_info":"","txt_present":"","show_season":[169],"txt_season":"[\"2008\/09\"]","txt_cycle":"","txt_claim":"","txt_cast_excerpt":"","txt_cast":"","txt_reviews":"","hashtag":"","have_promo":"","slogan":"","id_exhibicio":354,"id_versio":354,"id_local":1,"txt_seo_desc":"","data_images":"[{\"localizer\":\"VERS_IMATGE_ESPECTACLE\",\"url\":\"media\/ftespect\/310C8\/01_020_00005051\/terrabaixa_gal06.jpg\",\"thumb_url\":\"media\/ftespect\/310C8\/01_020_00005051\/terrabaixa_gal06_thumb.jpg\",\"title\":\"Terra baixa\",\"description\":\"Terra baixa\",\"copyright\":\"Copyright David Ruano\",\"order\":1},{\"localizer\":\"VERS_PORTADA_TEATRE\",\"url\":\"media\/obraporttea\/310C8\/01_017_00005059\/terrabaixa_port6.jpg\",\"thumb_url\":\"\",\"title\":\"Terra baixa\",\"description\":\"Terra baixa\",\"copyright\":\"\",\"order\":1},{\"localizer\":\"VERS_PORTADA_TEATRE\",\"url\":\"media\/obraporttea\/310C8\/01_017_00005060\/terrabaixa_port.jpg\",\"thumb_url\":\"\",\"title\":\"Terra baixa\",\"description\":\"Terra baixa\",\"copyright\":\"\",\"order\":2},{\"localizer\":\"VERS_PORTADA_TEATRE\",\"url\":\"media\/obraporttea\/310C8\/01_017_00005061\/terrabaixa_port1.jpg\",\"thumb_url\":\"\",\"title\":\"Terra baixa\",\"description\":\"Terra baixa\",\"copyright\":\"\",\"order\":3},{\"localizer\":\"VERS_IMATGE_ESPECTACLE\",\"url\":\"media\/ftespect\/310C8\/01_020_00005053\/terrabaixa_gal00.jpg\",\"thumb_url\":\"media\/ftespect\/310C8\/01_020_00005053\/terrabaixa_gal00_thumb.jpg\",\"title\":\"Terra baixa\",\"description\":\"Terra baixa\",\"copyright\":\"Copyright David Ruano\",\"order\":3},{\"localizer\":\"VERS_IMATGE_ESPECTACLE\",\"url\":\"media\/ftespect\/310C8\/01_020_00005054\/terrabaixa_gal01.jpg\",\"thumb_url\":\"media\/ftespect\/310C8\/01_020_00005054\/terrabaixa_gal01_thumb.jpg\",\"title\":\"Terra baixa\",\"description\":\"Terra baixa\",\"copyright\":\"Copyright David Ruano\",\"order\":4},{\"localizer\":\"VERS_PORTADA_TEATRE\",\"url\":\"media\/obraporttea\/310C8\/01_017_00005149\/terrabaixa_port9.jpg\",\"thumb_url\":\"\",\"title\":\"Terra baixa\",\"description\":\"Terra baixa\",\"copyright\":\"\",\"order\":4},{\"localizer\":\"VERS_IMATGE_ESPECTACLE\",\"url\":\"media\/ftespect\/310C8\/01_020_00005148\/terrabaixa_gal09.jpg\",\"thumb_url\":\"media\/ftespect\/310C8\/01_020_00005148\/terrabaixa_gal09_thumb.jpg\",\"title\":\"Terra baixa\",\"description\":\"Terra baixa\",\"copyright\":\"Copyright David Ruano\",\"order\":5},{\"localizer\":\"VERS_PORTADA_TEATRE\",\"url\":\"media\/obraporttea\/310C8\/01_017_00005063\/terrabaixa_port8.jpg\",\"thumb_url\":\"\",\"title\":\"Terra baixa\",\"description\":\"Terra baixa\",\"copyright\":\"\",\"order\":5},{\"localizer\":\"VERS_PORTADA_TEATRE\",\"url\":\"media\/obraporttea\/310C8\/01_017_00005064\/terrabaixa_port7.jpg\",\"thumb_url\":\"\",\"title\":\"Terra baixa\",\"description\":\"Terra baixa\",\"copyright\":\"\",\"order\":6},{\"localizer\":\"VERS_IMATGE_ESPECTACLE\",\"url\":\"media\/ftespect\/310C8\/01_020_00005056\/terrabaixa_gal04.jpg\",\"thumb_url\":\"media\/ftespect\/310C8\/01_020_00005056\/terrabaixa_gal04_thumb.jpg\",\"title\":\"Terra baixa\",\"description\":\"Terra baixa\",\"copyright\":\"Copyright David Ruano\",\"order\":6},{\"localizer\":\"VERS_PORTADA_TEATRE\",\"url\":\"media\/obraporttea\/310C8\/01_017_00005065\/terrabaixa_port4.jpg\",\"thumb_url\":\"\",\"title\":\"Terra baixa\",\"description\":\"Terra baixa\",\"copyright\":\"\",\"order\":7},{\"localizer\":\"VERS_IMATGE_ESPECTACLE\",\"url\":\"media\/ftespect\/310C8\/01_020_00005057\/terrabaixa_gal03.jpg\",\"thumb_url\":\"media\/ftespect\/310C8\/01_020_00005057\/terrabaixa_gal03_thumb.jpg\",\"title\":\"Terra baixa\",\"description\":\"Terra baixa\",\"copyright\":\"Copyright David Ruano\",\"order\":7},{\"localizer\":\"VERS_IMATGE_ESPECTACLE\",\"url\":\"media\/ftespect\/310C8\/01_020_00005058\/terrabaixa_gal05.jpg\",\"thumb_url\":\"media\/ftespect\/310C8\/01_020_00005058\/terrabaixa_gal05_thumb.jpg\",\"title\":\"Terra baixa\",\"description\":\"Terra baixa\",\"copyright\":\"Copyright David Ruano\",\"order\":8},{\"localizer\":\"VERS_PORTADA_TEATRE\",\"url\":\"media\/obraporttea\/310C8\/01_017_00005066\/terrabaixa_port3.jpg\",\"thumb_url\":\"\",\"title\":\"Terra baixa\",\"description\":\"Terra baixa\",\"copyright\":\"\",\"order\":8},{\"localizer\":\"VERS_PORTADA_TEATRE\",\"url\":\"media\/obraporttea\/310C8\/01_017_00005067\/terrabaixa_port5.jpg\",\"thumb_url\":\"\",\"title\":\"Terra baixa\",\"description\":\"Terra baixa\",\"copyright\":\"\",\"order\":9},{\"localizer\":\"V2SLIDE\",\"url\":\"media\/ftgalslide\/312BB\/01_076_00029212\/terra01.jpg\",\"thumb_url\":\"media\/ftgalslide\/312BB\/01_076_00029212\/terra01_thumb.jpg\",\"title\":\"Terra baixa\",\"description\":\" \",\"copyright\":\"\",\"order\":10},{\"localizer\":\"V2SLIDE\",\"url\":\"media\/ftgalslide\/312BB\/01_076_00029213\/terra02.jpg\",\"thumb_url\":\"media\/ftgalslide\/312BB\/01_076_00029213\/terra02_thumb.jpg\",\"title\":\"Terra baixa\",\"description\":\" \",\"copyright\":\"\",\"order\":11},{\"localizer\":\"V2SLIDE\",\"url\":\"media\/ftgalslide\/312BB\/01_076_00029214\/terra03.jpg\",\"thumb_url\":\"media\/ftgalslide\/312BB\/01_076_00029214\/terra03_thumb.jpg\",\"title\":\"Terra baixa\",\"description\":\" \",\"copyright\":\"\",\"order\":12},{\"localizer\":\"V2SLIDE\",\"url\":\"media\/ftgalslide\/312BB\/01_076_00029215\/terra04.jpg\",\"thumb_url\":\"media\/ftgalslide\/312BB\/01_076_00029215\/terra04_thumb.jpg\",\"title\":\"Terra baixa\",\"description\":\" \",\"copyright\":\"\",\"order\":13},{\"localizer\":\"V2SLIDE\",\"url\":\"media\/ftgalslide\/312BB\/01_076_00029216\/terra06.jpg\",\"thumb_url\":\"media\/ftgalslide\/312BB\/01_076_00029216\/terra06_thumb.jpg\",\"title\":\"Terra baixa\",\"description\":\" \",\"copyright\":\"\",\"order\":14},{\"localizer\":\"V2SLIDE\",\"url\":\"media\/ftgalslide\/312BB\/01_076_00029217\/terra07.jpg\",\"thumb_url\":\"media\/ftgalslide\/312BB\/01_076_00029217\/terra07_thumb.jpg\",\"title\":\"Terra baixa\",\"description\":\" \",\"copyright\":\"\",\"order\":15},{\"localizer\":\"V2SLIDE\",\"url\":\"media\/ftgalslide\/312BB\/01_076_00029218\/terra053.jpg\",\"thumb_url\":\"media\/ftgalslide\/312BB\/01_076_00029218\/terra053_thumb.jpg\",\"title\":\"Terra baixa\",\"description\":\" \",\"copyright\":\"\",\"order\":16},{\"localizer\":\"VERS_PORTADA_ESPECTACLE\",\"url\":\"media\/obraport\/310C8\/01_014_00004815\/terrabaixa_list.jpg\",\"thumb_url\":\"\",\"title\":\"Terra Baixa\",\"description\":\"Terra Baixa\",\"copyright\":\"\",\"order\":-1}]","material__texto_intro":"","data_material":null,"data_gallery":"","data_discounts":"[{\"InfoAddicional\":\".\",\"Url\":\"http:\/\/www.promentrada.com\",\"Codi\":\"0\",\"LogoUrl\":\"\",\"TitolBoto\":\"\",\"Type\":\"discount\"}]","contract_is_open":false,"in_tour":false},"yoast_head":"<!-- This site is optimized with the Yoast SEO plugin v27.5 - https:\/\/yoast.com\/product\/yoast-seo-wordpress\/ -->\n<title>Terra baixa - Teatre Romea<\/title>\n<meta name=\"robots\" content=\"index, follow, max-snippet:-1, max-image-preview:large, max-video-preview:-1\" \/>\n<link rel=\"canonical\" href=\"https:\/\/www.teatreromea.cat\/es\/ex\/terra-baixa\/\" \/>\n<script type=\"application\/ld+json\" class=\"yoast-schema-graph\">{\"@context\":\"https:\\\/\\\/schema.org\",\"@graph\":[{\"@type\":\"WebPage\",\"@id\":\"https:\\\/\\\/www.teatreromea.cat\\\/es\\\/ex\\\/terra-baixa\\\/\",\"url\":\"https:\\\/\\\/www.teatreromea.cat\\\/es\\\/ex\\\/terra-baixa\\\/\",\"name\":\"Terra baixa - Teatre Romea\",\"isPartOf\":{\"@id\":\"https:\\\/\\\/www.teatreromea.cat\\\/es\\\/#website\"},\"datePublished\":\"2017-09-07T11:26:41+00:00\",\"breadcrumb\":{\"@id\":\"https:\\\/\\\/www.teatreromea.cat\\\/es\\\/ex\\\/terra-baixa\\\/#breadcrumb\"},\"inLanguage\":\"es\",\"potentialAction\":[{\"@type\":\"ReadAction\",\"target\":[\"https:\\\/\\\/www.teatreromea.cat\\\/es\\\/ex\\\/terra-baixa\\\/\"]}]},{\"@type\":\"BreadcrumbList\",\"@id\":\"https:\\\/\\\/www.teatreromea.cat\\\/es\\\/ex\\\/terra-baixa\\\/#breadcrumb\",\"itemListElement\":[{\"@type\":\"ListItem\",\"position\":1,\"name\":\"Inici\",\"item\":\"https:\\\/\\\/www.teatreromea.cat\\\/es\\\/\"},{\"@type\":\"ListItem\",\"position\":2,\"name\":\"Espectacles\",\"item\":\"https:\\\/\\\/www.teatreromea.cat\\\/es\\\/ex\\\/\"},{\"@type\":\"ListItem\",\"position\":3,\"name\":\"Terra baixa\"}]},{\"@type\":\"WebSite\",\"@id\":\"https:\\\/\\\/www.teatreromea.cat\\\/es\\\/#website\",\"url\":\"https:\\\/\\\/www.teatreromea.cat\\\/es\\\/\",\"name\":\"Teatre Romea\",\"description\":\"\",\"publisher\":{\"@id\":\"https:\\\/\\\/www.teatreromea.cat\\\/es\\\/#organization\"},\"potentialAction\":[{\"@type\":\"SearchAction\",\"target\":{\"@type\":\"EntryPoint\",\"urlTemplate\":\"https:\\\/\\\/www.teatreromea.cat\\\/es\\\/?s={search_term_string}\"},\"query-input\":{\"@type\":\"PropertyValueSpecification\",\"valueRequired\":true,\"valueName\":\"search_term_string\"}}],\"inLanguage\":\"es\"},{\"@type\":\"Organization\",\"@id\":\"https:\\\/\\\/www.teatreromea.cat\\\/es\\\/#organization\",\"name\":\"Teatre Romea\",\"url\":\"https:\\\/\\\/www.teatreromea.cat\\\/es\\\/\",\"logo\":{\"@type\":\"ImageObject\",\"inLanguage\":\"es\",\"@id\":\"https:\\\/\\\/www.teatreromea.cat\\\/es\\\/#\\\/schema\\\/logo\\\/image\\\/\",\"url\":\"https:\\\/\\\/www.teatreromea.cat\\\/wp-content\\\/uploads\\\/sites\\\/2\\\/2017\\\/09\\\/teatre-romea-logo.svg\",\"contentUrl\":\"https:\\\/\\\/www.teatreromea.cat\\\/wp-content\\\/uploads\\\/sites\\\/2\\\/2017\\\/09\\\/teatre-romea-logo.svg\",\"width\":1,\"height\":1,\"caption\":\"Teatre Romea\"},\"image\":{\"@id\":\"https:\\\/\\\/www.teatreromea.cat\\\/es\\\/#\\\/schema\\\/logo\\\/image\\\/\"},\"sameAs\":[\"http:\\\/\\\/www.facebook.com\\\/TeatreRomea\",\"https:\\\/\\\/x.com\\\/teatre_romea\",\"http:\\\/\\\/instagram.com\\\/teatreromea\",\"http:\\\/\\\/www.youtube.com\\\/user\\\/TeatreRomea\"]}]}<\/script>\n<!-- \/ Yoast SEO plugin. -->","yoast_head_json":{"title":"Terra baixa - Teatre Romea","robots":{"index":"index","follow":"follow","max-snippet":"max-snippet:-1","max-image-preview":"max-image-preview:large","max-video-preview":"max-video-preview:-1"},"canonical":"https:\/\/www.teatreromea.cat\/es\/ex\/terra-baixa\/","schema":{"@context":"https:\/\/schema.org","@graph":[{"@type":"WebPage","@id":"https:\/\/www.teatreromea.cat\/es\/ex\/terra-baixa\/","url":"https:\/\/www.teatreromea.cat\/es\/ex\/terra-baixa\/","name":"Terra baixa - Teatre Romea","isPartOf":{"@id":"https:\/\/www.teatreromea.cat\/es\/#website"},"datePublished":"2017-09-07T11:26:41+00:00","breadcrumb":{"@id":"https:\/\/www.teatreromea.cat\/es\/ex\/terra-baixa\/#breadcrumb"},"inLanguage":"es","potentialAction":[{"@type":"ReadAction","target":["https:\/\/www.teatreromea.cat\/es\/ex\/terra-baixa\/"]}]},{"@type":"BreadcrumbList","@id":"https:\/\/www.teatreromea.cat\/es\/ex\/terra-baixa\/#breadcrumb","itemListElement":[{"@type":"ListItem","position":1,"name":"Inici","item":"https:\/\/www.teatreromea.cat\/es\/"},{"@type":"ListItem","position":2,"name":"Espectacles","item":"https:\/\/www.teatreromea.cat\/es\/ex\/"},{"@type":"ListItem","position":3,"name":"Terra baixa"}]},{"@type":"WebSite","@id":"https:\/\/www.teatreromea.cat\/es\/#website","url":"https:\/\/www.teatreromea.cat\/es\/","name":"Teatre Romea","description":"","publisher":{"@id":"https:\/\/www.teatreromea.cat\/es\/#organization"},"potentialAction":[{"@type":"SearchAction","target":{"@type":"EntryPoint","urlTemplate":"https:\/\/www.teatreromea.cat\/es\/?s={search_term_string}"},"query-input":{"@type":"PropertyValueSpecification","valueRequired":true,"valueName":"search_term_string"}}],"inLanguage":"es"},{"@type":"Organization","@id":"https:\/\/www.teatreromea.cat\/es\/#organization","name":"Teatre Romea","url":"https:\/\/www.teatreromea.cat\/es\/","logo":{"@type":"ImageObject","inLanguage":"es","@id":"https:\/\/www.teatreromea.cat\/es\/#\/schema\/logo\/image\/","url":"https:\/\/www.teatreromea.cat\/wp-content\/uploads\/sites\/2\/2017\/09\/teatre-romea-logo.svg","contentUrl":"https:\/\/www.teatreromea.cat\/wp-content\/uploads\/sites\/2\/2017\/09\/teatre-romea-logo.svg","width":1,"height":1,"caption":"Teatre Romea"},"image":{"@id":"https:\/\/www.teatreromea.cat\/es\/#\/schema\/logo\/image\/"},"sameAs":["http:\/\/www.facebook.com\/TeatreRomea","https:\/\/x.com\/teatre_romea","http:\/\/instagram.com\/teatreromea","http:\/\/www.youtube.com\/user\/TeatreRomea"]}]}},"translations":[{"id":9732,"locale":"ca"},{"id":10096,"locale":"es"}],"_links":{"self":[{"href":"https:\/\/www.teatreromea.cat\/es\/wp-json\/wp\/v2\/ex\/10096","targetHints":{"allow":["GET"]}}],"collection":[{"href":"https:\/\/www.teatreromea.cat\/es\/wp-json\/wp\/v2\/ex"}],"about":[{"href":"https:\/\/www.teatreromea.cat\/es\/wp-json\/wp\/v2\/types\/ex"}],"author":[{"embeddable":true,"href":"https:\/\/www.teatreromea.cat\/es\/wp-json\/wp\/v2\/users\/2"}],"replies":[{"embeddable":true,"href":"https:\/\/www.teatreromea.cat\/es\/wp-json\/wp\/v2\/comments?post=10096"}],"acf:term":[{"embeddable":true,"taxonomy":"season","href":"https:\/\/www.teatreromea.cat\/es\/wp-json\/wp\/v2\/season\/169"}],"wp:attachment":[{"href":"https:\/\/www.teatreromea.cat\/es\/wp-json\/wp\/v2\/media?parent=10096"}],"curies":[{"name":"wp","href":"https:\/\/api.w.org\/{rel}","templated":true}]}}