{"id":9970,"date":"2022-06-17T07:50:54","date_gmt":"2022-06-17T05:50:54","guid":{"rendered":"https:\/\/pre.teatreromea.cat\/ex\/\/senora-de-rojo-sobre-fondo-gris-3\/"},"modified":"2022-06-17T07:50:54","modified_gmt":"2022-06-17T05:50:54","slug":"senora-de-rojo-sobre-fondo-gris-3","status":"publish","type":"ex","link":"https:\/\/www.teatreromea.cat\/ca\/ex\/senora-de-rojo-sobre-fondo-gris-3\/","title":{"rendered":"Se\u00f1ora de rojo sobre fondo gris"},"content":{"rendered":"","protected":false},"excerpt":{"rendered":"","protected":false},"author":2,"featured_media":0,"comment_status":"closed","ping_status":"open","template":"","class_list":["post-9970","ex","type-ex","status-publish","hentry","season-2022-23"],"acf":{"txt_synopsis":"<p>Un pintor, amb molts anys en l'ofici, porta temps sumit en una crisi creativa. Des que va morir de forma imprevista la seva dona, que era tot per a ell, pr\u00e0cticament no ha pogut tornar a pintar.<\/p>\n<p>Estem a l\u2019estiu i tardor de 1975. La filla major de tots dos est\u00e0 a la pres\u00f3 per les seves activitats pol\u00edtiques, i \u00e9s en aquestes dates quan sorgeixen els primers s\u00edmptomes de la malaltia de la seva mare que la filla viur\u00e0 des de dins de la pres\u00f3. \u00c9s un altre record permanent en la vida del seu pare, que tamb\u00e9 ara reviu.<\/p>\n<p>Aquesta obra teatral \u00e9s el relat d'una hist\u00f2ria d'amor en cam\u00ed desenfrenat cap a la mort, que ens situa en aquella Espanya amb trets inequ\u00edvocs, que ens parla de la felicitat i de la seva p\u00e8rdua, i que arriba a la intimitat de cada \u00e9sser hum\u00e0, i a la seva emoci\u00f3, pel cam\u00ed recte i simple de la veritat.<\/p>","main_buy_link":"https:\/\/proticketing.com\/teatreromea\/ca_ES\/entradas\/evento\/24653","main_buy_links":"[\"https:\/\/proticketing.com\/teatreromea\/ca_ES\/entradas\/evento\/24653\"]","group_buy_link":"","show_language":"Espectacle en castell\u00e0","show_duration":"90","show_start_date":"20220901000000","show_end_date":"20221002000000","show_sort_date":"20220901000000","txt_custom_show_dates":"fins al 2 d'octubre de 2022","show_disciplines":"","show_ultimes_funcions":false,"hide_tarifes_especials":false,"show_properament":false,"txt_additional_info":"","txt_present":"","show_season":[128],"txt_season":"[\"2022\/23\"]","txt_cycle":"","txt_claim":"","txt_cast_excerpt":"","txt_cast":"<p>&nbsp;Autor: <strong>Miguel Delibes<br \/><\/strong>Adaptaci\u00f3: <strong>Jos\u00e9 S\u00e1mano, Jos\u00e9 Sacrist\u00e1n i In\u00e9s Cami\u00f1a <br \/><\/strong>Produ\u00eft i dirigit per: <strong>Jos\u00e9 S\u00e1mano<\/strong><\/p>\n<p>Amb: <strong>Jos\u00e9 Sacrist\u00e1n <br \/><\/strong>Veu d\u2019Ana: <strong>Mercedes Sampietro<\/strong><\/p>\n<p>Disseny d\u2019escenografia: <strong>Arturo Mart\u00edn Burgos<br \/><\/strong>Disseny de vestuari: <strong>Almudena Rodr\u00edguez Huerta<br \/><\/strong>Disseny d\u2019Il\u00b7luminaci\u00f3: <strong>Manuel Fuster<br \/><\/strong>So: <strong>Mariano Garc\u00eda<br \/><\/strong>Directora de producci\u00f3: <strong>Nur Levi <br \/><\/strong>Producci\u00f3 executiva: <strong>Pentaci\u00f3n Espect\u00e1culos<br \/><\/strong>Direcci\u00f3 t\u00e8cnica: <strong>Tatiana Reverto<br \/><\/strong>Gerenta Companyia: <strong>Cristina Berh\u00f3<\/strong><\/p>\n<p>Ajudanta de direcci\u00f3: <strong>In\u00e9s Cami\u00f1a<br \/><\/strong>Ajudanta de producci\u00f3: <strong>Pilar L\u00f3pez \u201cPipi\u201d i M\u00e9lanie Pindado<br \/><\/strong>Regidor \/ Maquinista: <strong>Juan Jos\u00e9 Andreu<br \/><\/strong>Sastressa: <strong>Cristina Berh\u00f3<br \/><\/strong>T\u00e8cnics d\u2019il\u00b7luminaci\u00f3\/so: <strong>Tatiana Reverto i Jes\u00fas D\u00edaz Cort\u00e9s<\/strong><br \/>Caps t\u00e8cnics del teatre: <strong>Sergio Lobaco i Ra\u00fal Martinez<\/strong><\/p>\n<p><br \/>M\u00e0rqueting i comunicaci\u00f3: <strong>Focus <br \/><\/strong>Disseny gr\u00e0fic: <strong>Santi&Kco<\/strong><\/p>\n<p>Una producci\u00f3 de: <strong>Sabre Producciones, Pentaci\u00f3n Espect\u00e1culos, TalyCual i IslaMusa<br \/><\/strong><\/p>\n<p><\/p>","txt_reviews":"Paco Inestrosa|La opini\u00f3n de M\u00e1laga|\u201cSacrist\u00e1n se nos antoja un maestro. Su interpretaci\u00f3n\u2026, una lecci\u00f3n de teatralidad.\u201d \nM\u00e1ximo Ortega|El D\u00eda de C\u00f3rdoba|\u201cNoventa minutos de teatro en esencia pura.\u201d\nMarta Jim\u00e9nez|Cord\u00f3polis|\u201cTras ver al actor entregado a esta aventura llena de dolor, permanentemente enamorado, abriendo una herida a medida que avanza la narraci\u00f3n, el espectador ya nunca podr\u00e1 imaginar este papel en otra voz que no sea la de Sacrist\u00e1n.\u201d \nMarta Jim\u00e9nez|Cord\u00f3polis|\u201cJos\u00e9 S\u00e1mano\u2026 pone todos los focos sobre el texto y la interpretaci\u00f3n con una resoluci\u00f3n t\u00e9cnica extraordinaria.\u201d\nJon\u00e1s S\u00e1inz|Diario La Rioja|\u201cActuaci\u00f3n memorable y monumental (...). El prodigio de las l\u00e1grimas me levant\u00f3 a aplaudir y todav\u00eda sigo llorando.\" \nRegina Sotorr\u00edo|Diario Sur|\"El actor conmueve al Cervantes en su homenaje a Delibes con la adaptaci\u00f3n de Se\u00f1ora de rojo sobre fondo gris.\"","hashtag":"Se\u00f1oraDeRojoSobreFondoGris","have_promo":"","slogan":"","id_exhibicio":1918,"id_versio":1329,"id_local":1,"txt_seo_desc":"Jos\u00e9 Sacrist\u00e1n protagonitza 'Se\u00f1ora de rojo sobre fondo gris', un espectacle sobre la felicitat i la seva p\u00e8rdua basat en la novel\u00b7la de Miguel Delibes, al Teatre Romea de Barcelona.","data_images":"[{\"localizer\":\"V3SLIDE\",\"url\":\"media\/ftgalslide\/v3\/314AF\/01_086_00047378\/senora-de-rojo-sobre-fondo-gris-teatre-romea-barcelona-8.jpg\",\"thumb_url\":\"media\/ftgalslide\/v3\/314AF\/01_086_00047378\/senora-de-rojo-sobre-fondo-gris-teatre-romea-barcelona-8_thumb.jpg\",\"title\":\"Se\u00f1ora de rojo sobre fondo gris - Teatre Romea\",\"description\":\"se\u00f1ora de rojo sobre fondo gris teatre romea barcelona\",\"copyright\":\"https:\/\/youtu.be\/R_8MkJBVDzM\",\"order\":1},{\"localizer\":\"V3EXHBCARTELL\",\"url\":\"media\/ver\/cartell\/v3\/315E1\/01_085_00054607\/CARTELL_WEB-senora-de-rojo-sobre-fondo-gris-teatre-romea-net.jpg\",\"thumb_url\":\"media\/ver\/cartell\/v3\/315E1\/01_085_00054607\/CARTELL_WEB-senora-de-rojo-sobre-fondo-gris-teatre-romea-net_thumb.jpg\",\"title\":\"Se\u00f1ora de rojo - Teatre Romea\",\"description\":\"se\u00f1ora de rojo sobre fondo gris al teatre romea\",\"copyright\":\"\",\"order\":1},{\"localizer\":\"V3SLIDE\",\"url\":\"media\/ftgalslide\/v3\/314AF\/01_086_00047371\/senora-de-rojo-sobre-fondo-gris-teatre-romea-barcelona-4.jpg\",\"thumb_url\":\"media\/ftgalslide\/v3\/314AF\/01_086_00047371\/senora-de-rojo-sobre-fondo-gris-teatre-romea-barcelona-4_thumb.jpg\",\"title\":\"Se\u00f1ora de rojo sobre fondo gris - Teatre Romea\",\"description\":\"se\u00f1ora de rojo sobre fondo gris teatre romea barcelona\",\"copyright\":\"\",\"order\":6},{\"localizer\":\"V3SLIDE\",\"url\":\"media\/ftgalslide\/v3\/314AF\/01_086_00047372\/senora-de-rojo-sobre-fondo-gris-teatre-romea-barcelona-0.jpg\",\"thumb_url\":\"media\/ftgalslide\/v3\/314AF\/01_086_00047372\/senora-de-rojo-sobre-fondo-gris-teatre-romea-barcelona-0_thumb.jpg\",\"title\":\"Se\u00f1ora de rojo sobre fondo gris - Teatre Romea\",\"description\":\"se\u00f1ora de rojo sobre fondo gris teatre romea barcelona\",\"copyright\":\"\",\"order\":7},{\"localizer\":\"V3SLIDE\",\"url\":\"media\/ftgalslide\/v3\/314AF\/01_086_00047373\/senora-de-rojo-sobre-fondo-gris-teatre-romea-barcelona-1.jpg\",\"thumb_url\":\"media\/ftgalslide\/v3\/314AF\/01_086_00047373\/senora-de-rojo-sobre-fondo-gris-teatre-romea-barcelona-1_thumb.jpg\",\"title\":\"Se\u00f1ora de rojo sobre fondo gris - Teatre Romea\",\"description\":\"se\u00f1ora de rojo sobre fondo gris teatre romea barcelona\",\"copyright\":\"\",\"order\":8},{\"localizer\":\"V3SLIDE\",\"url\":\"media\/ftgalslide\/v3\/314AF\/01_086_00047374\/senora-de-rojo-sobre-fondo-gris-teatre-romea-barcelona-3.jpg\",\"thumb_url\":\"media\/ftgalslide\/v3\/314AF\/01_086_00047374\/senora-de-rojo-sobre-fondo-gris-teatre-romea-barcelona-3_thumb.jpg\",\"title\":\"Se\u00f1ora de rojo sobre fondo gris - Teatre Romea\",\"description\":\"se\u00f1ora de rojo sobre fondo gris teatre romea barcelona\",\"copyright\":\"\",\"order\":9},{\"localizer\":\"V3SLIDE\",\"url\":\"media\/ftgalslide\/v3\/314AF\/01_086_00047375\/senora-de-rojo-sobre-fondo-gris-teatre-romea-barcelona-5.jpg\",\"thumb_url\":\"media\/ftgalslide\/v3\/314AF\/01_086_00047375\/senora-de-rojo-sobre-fondo-gris-teatre-romea-barcelona-5_thumb.jpg\",\"title\":\"Se\u00f1ora de rojo sobre fondo gris - Teatre Romea\",\"description\":\"se\u00f1ora de rojo sobre fondo gris teatre romea barcelona\",\"copyright\":\"\",\"order\":10},{\"localizer\":\"V3SLIDE\",\"url\":\"media\/ftgalslide\/v3\/314AF\/01_086_00047376\/senora-de-rojo-sobre-fondo-gris-teatre-romea-barcelona-6.jpg\",\"thumb_url\":\"media\/ftgalslide\/v3\/314AF\/01_086_00047376\/senora-de-rojo-sobre-fondo-gris-teatre-romea-barcelona-6_thumb.jpg\",\"title\":\"Se\u00f1ora de rojo sobre fondo gris - Teatre Romea\",\"description\":\"se\u00f1ora de rojo sobre fondo gris teatre romea barcelona\",\"copyright\":\"\",\"order\":11},{\"localizer\":\"V3SLIDE\",\"url\":\"media\/ftgalslide\/v3\/314AF\/01_086_00047377\/senora-de-rojo-sobre-fondo-gris-teatre-romea-barcelona-7.jpg\",\"thumb_url\":\"media\/ftgalslide\/v3\/314AF\/01_086_00047377\/senora-de-rojo-sobre-fondo-gris-teatre-romea-barcelona-7_thumb.jpg\",\"title\":\"Se\u00f1ora de rojo sobre fondo gris - Teatre Romea\",\"description\":\"se\u00f1ora de rojo sobre fondo gris teatre romea barcelona\",\"copyright\":\"\",\"order\":12},{\"localizer\":\"V3SLIDE\",\"url\":\"media\/ftgalslide\/v3\/314AF\/01_086_00047379\/senora-de-rojo-sobre-fondo-gris-teatre-romea-barcelona-9.jpg\",\"thumb_url\":\"media\/ftgalslide\/v3\/314AF\/01_086_00047379\/senora-de-rojo-sobre-fondo-gris-teatre-romea-barcelona-9_thumb.jpg\",\"title\":\"Se\u00f1ora de rojo sobre fondo gris - Teatre Romea\",\"description\":\"se\u00f1ora de rojo sobre fondo gris teatre romea barcelona\",\"copyright\":\"\",\"order\":14},{\"localizer\":\"V3SLIDE\",\"url\":\"media\/ftgalslide\/v3\/314AF\/01_086_00047380\/senora-de-rojo-sobre-fondo-gris-teatre-romea-barcelona-10.jpg\",\"thumb_url\":\"media\/ftgalslide\/v3\/314AF\/01_086_00047380\/senora-de-rojo-sobre-fondo-gris-teatre-romea-barcelona-10_thumb.jpg\",\"title\":\"Se\u00f1ora de rojo sobre fondo gris - Teatre Romea\",\"description\":\"se\u00f1ora de rojo sobre fondo gris teatre romea barcelona\",\"copyright\":\"\",\"order\":15},{\"localizer\":\"V3SLIDE\",\"url\":\"media\/ftgalslide\/v3\/314AF\/01_086_00047381\/senora-de-rojo-sobre-fondo-gris-teatre-romea-barcelona-11.jpg\",\"thumb_url\":\"media\/ftgalslide\/v3\/314AF\/01_086_00047381\/senora-de-rojo-sobre-fondo-gris-teatre-romea-barcelona-11_thumb.jpg\",\"title\":\"Se\u00f1ora de rojo sobre fondo gris - Teatre Romea\",\"description\":\"se\u00f1ora de rojo sobre fondo gris teatre romea barcelona\",\"copyright\":\"\",\"order\":16},{\"localizer\":\"V3SLIDE\",\"url\":\"media\/ftgalslide\/v3\/314AF\/01_086_00047382\/senora-de-rojo-sobre-fondo-gris-jose-sacristan-teatre-romea-barcelona-12.jpg\",\"thumb_url\":\"media\/ftgalslide\/v3\/314AF\/01_086_00047382\/senora-de-rojo-sobre-fondo-gris-jose-sacristan-teatre-romea-barcelona-12_thumb.jpg\",\"title\":\"Se\u00f1ora de rojo sobre fondo gris - Teatre Romea\",\"description\":\"se\u00f1ora de rojo sobre fondo gris jos\u00e9 sacrist\u00e1n teatre romea barcelona\",\"copyright\":\"\",\"order\":17},{\"localizer\":\"V3SLIDE\",\"url\":\"media\/ftgalslide\/v3\/314AF\/01_086_00047383\/senora-de-rojo-sobre-fondo-gris-jose-sacristan-teatre-romea-barcelona-13.jpg\",\"thumb_url\":\"media\/ftgalslide\/v3\/314AF\/01_086_00047383\/senora-de-rojo-sobre-fondo-gris-jose-sacristan-teatre-romea-barcelona-13_thumb.jpg\",\"title\":\"Se\u00f1ora de rojo sobre fondo gris - Teatre Romea\",\"description\":\"se\u00f1ora de rojo sobre fondo gris jos\u00e9 sacrist\u00e1n teatre romea barcelona\",\"copyright\":\"\",\"order\":18},{\"localizer\":\"V3SLIDE\",\"url\":\"media\/ftgalslide\/v3\/314AF\/01_086_00047384\/senora-de-rojo-sobre-fondo-gris-jose-sacristan-teatre-romea-barcelona-14.jpg\",\"thumb_url\":\"media\/ftgalslide\/v3\/314AF\/01_086_00047384\/senora-de-rojo-sobre-fondo-gris-jose-sacristan-teatre-romea-barcelona-14_thumb.jpg\",\"title\":\"Se\u00f1ora de rojo sobre fondo gris - Teatre Romea\",\"description\":\"se\u00f1ora de rojo sobre fondo gris teatre romea barcelona\",\"copyright\":\"\",\"order\":19},{\"localizer\":\"V2CARTELL\",\"url\":\"media\/ver\/cartell\/3157E\/01_079_00051874\/tmp9D0D.JPG\",\"thumb_url\":\"media\/ver\/cartell\/3157E\/01_079_00051874\/tmp9D0D_thumb.jpg\",\"title\":\"Se\u00f1ora de Rojo sobre fondo gris - Teatre Romea\",\"description\":\"se\u00f1ora de rojo sobre fondo gris al teatre romea de barcelona\",\"copyright\":\"\",\"order\":37},{\"localizer\":\"V3CARTELL\",\"url\":\"media\/ver\/cartell\/v3\/315E1\/01_085_00054608\/CARTELL_WEB-senora-de-rojo-sobre-fondo-gris-teatre-romea-net.jpg\",\"thumb_url\":\"media\/ver\/cartell\/v3\/315E1\/01_085_00054608\/CARTELL_WEB-senora-de-rojo-sobre-fondo-gris-teatre-romea-net_thumb.jpg\",\"title\":\"Se\u00f1ora de rojo - Teatre Romea\",\"description\":\"se\u00f1ora de rojo sobre fondo gris al teatre romea de barcelona\",\"copyright\":\"\",\"order\":49},{\"localizer\":\"V3PORTADAWIDE\",\"url\":\"media\/ver\/port\/v3wide\/315E1\/01_088_00054890\/PORTADA-0.jpg\",\"thumb_url\":\"media\/ver\/port\/v3wide\/315E1\/01_088_00054890\/PORTADA-0_thumb.jpg\",\"title\":\"Se\u00f1ora de rojo sobre fondo gris - Teatre Romea\",\"description\":\"senora de rojo sobre fondo gris al teatre romea de barcelona\",\"copyright\":\"\",\"order\":50},{\"localizer\":\"V3PORTADA\",\"url\":\"media\/ver\/port\/v3\/315E1\/01_084_00054891\/portada-1-sense_titol.jpg\",\"thumb_url\":\"media\/ver\/port\/v3\/315E1\/01_084_00054891\/portada-1-sense_titol_thumb.jpg\",\"title\":\"Se\u00f1ora de rojo sobre fondo gris - Teatre Romea\",\"description\":\"senora de rojo sobre fondo gris al teatre romea de barcelona\",\"copyright\":\"\",\"order\":51}]","material__texto_intro":"","data_material":null,"data_gallery":"","data_discounts":"[]","contract_is_open":false,"in_tour":false},"yoast_head":"<!-- This site is optimized with the Yoast SEO plugin v27.5 - https:\/\/yoast.com\/product\/yoast-seo-wordpress\/ -->\n<title>Se\u00f1ora de rojo sobre fondo gris - Teatre Romea<\/title>\n<meta name=\"robots\" content=\"index, follow, max-snippet:-1, max-image-preview:large, max-video-preview:-1\" \/>\n<link rel=\"canonical\" href=\"https:\/\/www.teatreromea.cat\/ca\/ex\/senora-de-rojo-sobre-fondo-gris-3\/\" \/>\n<script type=\"application\/ld+json\" class=\"yoast-schema-graph\">{\"@context\":\"https:\\\/\\\/schema.org\",\"@graph\":[{\"@type\":\"WebPage\",\"@id\":\"https:\\\/\\\/www.teatreromea.cat\\\/ca\\\/ex\\\/senora-de-rojo-sobre-fondo-gris-3\\\/\",\"url\":\"https:\\\/\\\/www.teatreromea.cat\\\/ca\\\/ex\\\/senora-de-rojo-sobre-fondo-gris-3\\\/\",\"name\":\"Se\u00f1ora de rojo sobre fondo gris - Teatre Romea\",\"isPartOf\":{\"@id\":\"https:\\\/\\\/www.teatreromea.cat\\\/ca\\\/#website\"},\"datePublished\":\"2022-06-17T05:50:54+00:00\",\"breadcrumb\":{\"@id\":\"https:\\\/\\\/www.teatreromea.cat\\\/ca\\\/ex\\\/senora-de-rojo-sobre-fondo-gris-3\\\/#breadcrumb\"},\"inLanguage\":\"ca\",\"potentialAction\":[{\"@type\":\"ReadAction\",\"target\":[\"https:\\\/\\\/www.teatreromea.cat\\\/ca\\\/ex\\\/senora-de-rojo-sobre-fondo-gris-3\\\/\"]}]},{\"@type\":\"BreadcrumbList\",\"@id\":\"https:\\\/\\\/www.teatreromea.cat\\\/ca\\\/ex\\\/senora-de-rojo-sobre-fondo-gris-3\\\/#breadcrumb\",\"itemListElement\":[{\"@type\":\"ListItem\",\"position\":1,\"name\":\"Inici\",\"item\":\"https:\\\/\\\/www.teatreromea.cat\\\/ca\\\/\"},{\"@type\":\"ListItem\",\"position\":2,\"name\":\"Espectacles\",\"item\":\"https:\\\/\\\/www.teatreromea.cat\\\/ca\\\/ex\\\/\"},{\"@type\":\"ListItem\",\"position\":3,\"name\":\"Se\u00f1ora de rojo sobre fondo gris\"}]},{\"@type\":\"WebSite\",\"@id\":\"https:\\\/\\\/www.teatreromea.cat\\\/ca\\\/#website\",\"url\":\"https:\\\/\\\/www.teatreromea.cat\\\/ca\\\/\",\"name\":\"Teatre Romea\",\"description\":\"\",\"publisher\":{\"@id\":\"https:\\\/\\\/www.teatreromea.cat\\\/ca\\\/#organization\"},\"potentialAction\":[{\"@type\":\"SearchAction\",\"target\":{\"@type\":\"EntryPoint\",\"urlTemplate\":\"https:\\\/\\\/www.teatreromea.cat\\\/ca\\\/?s={search_term_string}\"},\"query-input\":{\"@type\":\"PropertyValueSpecification\",\"valueRequired\":true,\"valueName\":\"search_term_string\"}}],\"inLanguage\":\"ca\"},{\"@type\":\"Organization\",\"@id\":\"https:\\\/\\\/www.teatreromea.cat\\\/ca\\\/#organization\",\"name\":\"Teatre Romea\",\"url\":\"https:\\\/\\\/www.teatreromea.cat\\\/ca\\\/\",\"logo\":{\"@type\":\"ImageObject\",\"inLanguage\":\"ca\",\"@id\":\"https:\\\/\\\/www.teatreromea.cat\\\/ca\\\/#\\\/schema\\\/logo\\\/image\\\/\",\"url\":\"https:\\\/\\\/www.teatreromea.cat\\\/wp-content\\\/uploads\\\/sites\\\/2\\\/2017\\\/09\\\/teatre-romea-logo.svg\",\"contentUrl\":\"https:\\\/\\\/www.teatreromea.cat\\\/wp-content\\\/uploads\\\/sites\\\/2\\\/2017\\\/09\\\/teatre-romea-logo.svg\",\"width\":1,\"height\":1,\"caption\":\"Teatre Romea\"},\"image\":{\"@id\":\"https:\\\/\\\/www.teatreromea.cat\\\/ca\\\/#\\\/schema\\\/logo\\\/image\\\/\"},\"sameAs\":[\"http:\\\/\\\/www.facebook.com\\\/TeatreRomea\",\"https:\\\/\\\/x.com\\\/teatre_romea\",\"http:\\\/\\\/instagram.com\\\/teatreromea\",\"http:\\\/\\\/www.youtube.com\\\/user\\\/TeatreRomea\"]}]}<\/script>\n<!-- \/ Yoast SEO plugin. -->","yoast_head_json":{"title":"Se\u00f1ora de rojo sobre fondo gris - Teatre Romea","robots":{"index":"index","follow":"follow","max-snippet":"max-snippet:-1","max-image-preview":"max-image-preview:large","max-video-preview":"max-video-preview:-1"},"canonical":"https:\/\/www.teatreromea.cat\/ca\/ex\/senora-de-rojo-sobre-fondo-gris-3\/","schema":{"@context":"https:\/\/schema.org","@graph":[{"@type":"WebPage","@id":"https:\/\/www.teatreromea.cat\/ca\/ex\/senora-de-rojo-sobre-fondo-gris-3\/","url":"https:\/\/www.teatreromea.cat\/ca\/ex\/senora-de-rojo-sobre-fondo-gris-3\/","name":"Se\u00f1ora de rojo sobre fondo gris - Teatre Romea","isPartOf":{"@id":"https:\/\/www.teatreromea.cat\/ca\/#website"},"datePublished":"2022-06-17T05:50:54+00:00","breadcrumb":{"@id":"https:\/\/www.teatreromea.cat\/ca\/ex\/senora-de-rojo-sobre-fondo-gris-3\/#breadcrumb"},"inLanguage":"ca","potentialAction":[{"@type":"ReadAction","target":["https:\/\/www.teatreromea.cat\/ca\/ex\/senora-de-rojo-sobre-fondo-gris-3\/"]}]},{"@type":"BreadcrumbList","@id":"https:\/\/www.teatreromea.cat\/ca\/ex\/senora-de-rojo-sobre-fondo-gris-3\/#breadcrumb","itemListElement":[{"@type":"ListItem","position":1,"name":"Inici","item":"https:\/\/www.teatreromea.cat\/ca\/"},{"@type":"ListItem","position":2,"name":"Espectacles","item":"https:\/\/www.teatreromea.cat\/ca\/ex\/"},{"@type":"ListItem","position":3,"name":"Se\u00f1ora de rojo sobre fondo gris"}]},{"@type":"WebSite","@id":"https:\/\/www.teatreromea.cat\/ca\/#website","url":"https:\/\/www.teatreromea.cat\/ca\/","name":"Teatre Romea","description":"","publisher":{"@id":"https:\/\/www.teatreromea.cat\/ca\/#organization"},"potentialAction":[{"@type":"SearchAction","target":{"@type":"EntryPoint","urlTemplate":"https:\/\/www.teatreromea.cat\/ca\/?s={search_term_string}"},"query-input":{"@type":"PropertyValueSpecification","valueRequired":true,"valueName":"search_term_string"}}],"inLanguage":"ca"},{"@type":"Organization","@id":"https:\/\/www.teatreromea.cat\/ca\/#organization","name":"Teatre Romea","url":"https:\/\/www.teatreromea.cat\/ca\/","logo":{"@type":"ImageObject","inLanguage":"ca","@id":"https:\/\/www.teatreromea.cat\/ca\/#\/schema\/logo\/image\/","url":"https:\/\/www.teatreromea.cat\/wp-content\/uploads\/sites\/2\/2017\/09\/teatre-romea-logo.svg","contentUrl":"https:\/\/www.teatreromea.cat\/wp-content\/uploads\/sites\/2\/2017\/09\/teatre-romea-logo.svg","width":1,"height":1,"caption":"Teatre Romea"},"image":{"@id":"https:\/\/www.teatreromea.cat\/ca\/#\/schema\/logo\/image\/"},"sameAs":["http:\/\/www.facebook.com\/TeatreRomea","https:\/\/x.com\/teatre_romea","http:\/\/instagram.com\/teatreromea","http:\/\/www.youtube.com\/user\/TeatreRomea"]}]}},"translations":[{"id":9970,"locale":"ca"},{"id":10334,"locale":"es"}],"_links":{"self":[{"href":"https:\/\/www.teatreromea.cat\/ca\/wp-json\/wp\/v2\/ex\/9970","targetHints":{"allow":["GET"]}}],"collection":[{"href":"https:\/\/www.teatreromea.cat\/ca\/wp-json\/wp\/v2\/ex"}],"about":[{"href":"https:\/\/www.teatreromea.cat\/ca\/wp-json\/wp\/v2\/types\/ex"}],"author":[{"embeddable":true,"href":"https:\/\/www.teatreromea.cat\/ca\/wp-json\/wp\/v2\/users\/2"}],"replies":[{"embeddable":true,"href":"https:\/\/www.teatreromea.cat\/ca\/wp-json\/wp\/v2\/comments?post=9970"}],"acf:term":[{"embeddable":true,"taxonomy":"season","href":"https:\/\/www.teatreromea.cat\/ca\/wp-json\/wp\/v2\/season\/128"}],"wp:attachment":[{"href":"https:\/\/www.teatreromea.cat\/ca\/wp-json\/wp\/v2\/media?parent=9970"}],"curies":[{"name":"wp","href":"https:\/\/api.w.org\/{rel}","templated":true}]}}