{"id":9942,"date":"2021-04-12T07:46:19","date_gmt":"2021-04-12T05:46:19","guid":{"rendered":"https:\/\/pre.teatreromea.cat\/ex\/\/recital-rossiniana\/"},"modified":"2021-04-12T07:46:19","modified_gmt":"2021-04-12T05:46:19","slug":"recital-rossiniana","status":"publish","type":"ex","link":"https:\/\/www.teatreromea.cat\/ca\/ex\/recital-rossiniana\/","title":{"rendered":"Recital: Rossiniana"},"content":{"rendered":"","protected":false},"excerpt":{"rendered":"","protected":false},"author":2,"featured_media":0,"comment_status":"closed","ping_status":"open","template":"","class_list":["post-9942","ex","type-ex","status-publish","hentry","season-2020-21"],"acf":{"txt_synopsis":"<p>Cap compositor va gaudir del prestigi i popularitat que va tenir Rossini en vida. Avui, \u00e9s considerat la figura m\u00e9s important de l\u2019\u00f2pera del primer ter\u00e7 del segle XIX. Va agafar el testimoni d\u2019autors italians com ara Paisiello o Cimarosa, per\u00f2 tamb\u00e9 es va deixar influir per l\u2019escola vienesa, representada per Mozart i Haydn. <br \/>Serena S\u00e1enz (soprano) i Carles Pach\u00f3n (bar\u00edton), acompanyats al piano per Anna Crexells, interpreten en aquest recital peces de concert i \u00e0ries i duets semirepresentats, de tem\u00e0tica humor\u00edstica i amorosa, escollits entre els personatges c\u00f2mics i l\u00edrics del cat\u00e0leg rossini\u00e0. De Mozart, present en el programa, Rossini va confessar que havia estat \u201cl\u2019admiraci\u00f3 de la seva jovenesa, la desesperaci\u00f3 a la maduresa i el consol de la seva vellesa\u201d.<\/p>\n<p><strong><u>Programa<\/u><\/strong><\/p>\n<p><u>Primera part<\/u><\/p>\n<p><strong>Gioachino Rossini<\/strong><\/p>\n<p>Canzonetta, 1821<br \/>\u00b7 <em>Canzonetta Spagnuola<\/em>, Serena S\u00e1enz<\/p>\n<p>Canzonetta, 1801<br \/>\u00b7 <em>Se il vuol la molinara<\/em>, Carles Pach\u00f3n<\/p>\n<p>Soir\u00e9es musicales, 1830-1835<br \/>\u00b7 <em>La serenata<\/em>, Serena S\u00e1enz i Carles Pach\u00f3n<\/p>\n<p>Il turco in Italia, 1814<br \/>\u00b7 \"I vostri cenci vi mando... Squallida veste e bruna\", Serena S\u00e1enz<\/p>\n<p>\u00c0ria de Concert, 1813<br \/>\u00b7 <em>Alle voci della gloria<\/em>, Carles Pach\u00f3n<\/p>\n<p>La scala di seta, 1812<br \/>\u00b7 Duet de Giulia i Germano \u2013 <em>Io so ch\u2019hai buon core<\/em>, Serena S\u00e1enz i Carles Pach\u00f3n<\/p>\n<p><u>Segona part<\/u><\/p>\n<p><strong>W. A. Mozart<\/strong><\/p>\n<p><em>Le nozze di Figaro<\/em>, 1785<br \/>\u00b7 Duet de Susanna i Figaro \u2013 <em>Cinque, dieci<\/em>\u2026 , Serena S\u00e1enz i Carles Pach\u00f3n<br \/>\u00b7 \u00c0ria del Comte d\u2019Almaviva \u2013 <em>Hai gi\u00e0 vinta la causa \/ Vedr\u00f2 mentr\u2019io so<\/em>spiro, Carles Pach\u00f3n<br \/>\u00b7 \u00c0ria de Susanna \u2013 <em>Giunse al fin il momento \/ Deh vieni non tardar<\/em>, Serena S\u00e1enz<\/p>\n<p><strong>Gioachino Rossini<\/strong><\/p>\n<p><em>Il barbiere di Siviglia<\/em>, 1816<br \/>\u00b7 Cavatina de Figaro \u2013 <em>Largo al factotum della citt\u00e0<\/em>, Carles Pach\u00f3n<br \/>\u00b7 \u00c0ria de Rosina \u2013 <em>Una voce poco fa<\/em>, Serena S\u00e1enz<br \/>\u00b7 Duet de Rosina i Figaro \u2013 <em>Dunque io son<\/em>, Serena S\u00e1enz i Carles Pach\u00f3n<br \/><\/p>\n<p><br \/>&nbsp;<\/p>","main_buy_link":"https:\/\/grupfocus.4tickets.es\/TeatreRomea\/public\/janto\/?Nivel=Evento&idEvento=ROM257&Idioma=CA","main_buy_links":"","group_buy_link":"","show_language":"Recital en itali\u00e0","show_duration":"90","show_start_date":"20210611000000","show_end_date":"20210611000000","show_sort_date":"20210611000000","txt_custom_show_dates":"l'11 de juny de 2021","show_disciplines":"","show_ultimes_funcions":false,"hide_tarifes_especials":false,"show_properament":false,"txt_additional_info":"","txt_present":"","show_season":[126],"txt_season":"[\"2020\/21\"]","txt_cycle":"BROF","txt_claim":"","txt_cast_excerpt":"","txt_cast":"","txt_reviews":"","hashtag":"Companyia","have_promo":"","slogan":"","id_exhibicio":1802,"id_versio":1455,"id_local":1,"txt_seo_desc":"Recital dins de la programaci\u00f3 del Barcelona Rossini Opera Festival amb Serena S\u00e1enz, Carles Pach\u00f3n i Anna Crexells al Teatre Romea de Barcelona","data_images":"[{\"localizer\":\"V3CARTELL\",\"url\":\"media\/ver\/cartell\/v3\/31578\/01_085_00051233\/cartellweb-BROF-11-6-_recital-teatre-romea-barcelona.jpg\",\"thumb_url\":\"media\/ver\/cartell\/v3\/31578\/01_085_00051233\/cartellweb-BROF-11-6-_recital-teatre-romea-barcelona_thumb.jpg\",\"title\":\"BROF - Barcelona Rossini Opera Festival - Recital Rossiniana - Teatre Romea\",\"description\":\"brof barcelona rossini opera festival recital rossiniana al teatre romea de barcelona\",\"copyright\":\"\",\"order\":2},{\"localizer\":\"V3PORTADA\",\"url\":\"media\/ver\/port\/v3\/31579\/01_084_00051325\/1-BROF-rosiniana-teatre-romea-barcelona.jpg\",\"thumb_url\":\"media\/ver\/port\/v3\/31579\/01_084_00051325\/1-BROF-rosiniana-teatre-romea-barcelona_thumb.jpg\",\"title\":\"BROF - Recital Rossiniana\",\"description\":\"brof recital rossiniana al teatre romea de barcelona\",\"copyright\":\"\",\"order\":4}]","material__texto_intro":"","data_material":null,"data_gallery":"","data_discounts":"[]","contract_is_open":false,"in_tour":false},"yoast_head":"<!-- This site is optimized with the Yoast SEO plugin v27.5 - https:\/\/yoast.com\/product\/yoast-seo-wordpress\/ -->\n<title>Recital: Rossiniana - Teatre Romea<\/title>\n<meta name=\"robots\" content=\"index, follow, max-snippet:-1, max-image-preview:large, max-video-preview:-1\" \/>\n<link rel=\"canonical\" href=\"https:\/\/www.teatreromea.cat\/ca\/ex\/recital-rossiniana\/\" \/>\n<script type=\"application\/ld+json\" class=\"yoast-schema-graph\">{\"@context\":\"https:\\\/\\\/schema.org\",\"@graph\":[{\"@type\":\"WebPage\",\"@id\":\"https:\\\/\\\/www.teatreromea.cat\\\/ca\\\/ex\\\/recital-rossiniana\\\/\",\"url\":\"https:\\\/\\\/www.teatreromea.cat\\\/ca\\\/ex\\\/recital-rossiniana\\\/\",\"name\":\"Recital: Rossiniana - Teatre Romea\",\"isPartOf\":{\"@id\":\"https:\\\/\\\/www.teatreromea.cat\\\/ca\\\/#website\"},\"datePublished\":\"2021-04-12T05:46:19+00:00\",\"breadcrumb\":{\"@id\":\"https:\\\/\\\/www.teatreromea.cat\\\/ca\\\/ex\\\/recital-rossiniana\\\/#breadcrumb\"},\"inLanguage\":\"ca\",\"potentialAction\":[{\"@type\":\"ReadAction\",\"target\":[\"https:\\\/\\\/www.teatreromea.cat\\\/ca\\\/ex\\\/recital-rossiniana\\\/\"]}]},{\"@type\":\"BreadcrumbList\",\"@id\":\"https:\\\/\\\/www.teatreromea.cat\\\/ca\\\/ex\\\/recital-rossiniana\\\/#breadcrumb\",\"itemListElement\":[{\"@type\":\"ListItem\",\"position\":1,\"name\":\"Inici\",\"item\":\"https:\\\/\\\/www.teatreromea.cat\\\/ca\\\/\"},{\"@type\":\"ListItem\",\"position\":2,\"name\":\"Espectacles\",\"item\":\"https:\\\/\\\/www.teatreromea.cat\\\/ca\\\/ex\\\/\"},{\"@type\":\"ListItem\",\"position\":3,\"name\":\"Recital: Rossiniana\"}]},{\"@type\":\"WebSite\",\"@id\":\"https:\\\/\\\/www.teatreromea.cat\\\/ca\\\/#website\",\"url\":\"https:\\\/\\\/www.teatreromea.cat\\\/ca\\\/\",\"name\":\"Teatre Romea\",\"description\":\"\",\"publisher\":{\"@id\":\"https:\\\/\\\/www.teatreromea.cat\\\/ca\\\/#organization\"},\"potentialAction\":[{\"@type\":\"SearchAction\",\"target\":{\"@type\":\"EntryPoint\",\"urlTemplate\":\"https:\\\/\\\/www.teatreromea.cat\\\/ca\\\/?s={search_term_string}\"},\"query-input\":{\"@type\":\"PropertyValueSpecification\",\"valueRequired\":true,\"valueName\":\"search_term_string\"}}],\"inLanguage\":\"ca\"},{\"@type\":\"Organization\",\"@id\":\"https:\\\/\\\/www.teatreromea.cat\\\/ca\\\/#organization\",\"name\":\"Teatre Romea\",\"url\":\"https:\\\/\\\/www.teatreromea.cat\\\/ca\\\/\",\"logo\":{\"@type\":\"ImageObject\",\"inLanguage\":\"ca\",\"@id\":\"https:\\\/\\\/www.teatreromea.cat\\\/ca\\\/#\\\/schema\\\/logo\\\/image\\\/\",\"url\":\"https:\\\/\\\/www.teatreromea.cat\\\/wp-content\\\/uploads\\\/sites\\\/2\\\/2017\\\/09\\\/teatre-romea-logo.svg\",\"contentUrl\":\"https:\\\/\\\/www.teatreromea.cat\\\/wp-content\\\/uploads\\\/sites\\\/2\\\/2017\\\/09\\\/teatre-romea-logo.svg\",\"width\":1,\"height\":1,\"caption\":\"Teatre Romea\"},\"image\":{\"@id\":\"https:\\\/\\\/www.teatreromea.cat\\\/ca\\\/#\\\/schema\\\/logo\\\/image\\\/\"},\"sameAs\":[\"http:\\\/\\\/www.facebook.com\\\/TeatreRomea\",\"https:\\\/\\\/x.com\\\/teatre_romea\",\"http:\\\/\\\/instagram.com\\\/teatreromea\",\"http:\\\/\\\/www.youtube.com\\\/user\\\/TeatreRomea\"]}]}<\/script>\n<!-- \/ Yoast SEO plugin. -->","yoast_head_json":{"title":"Recital: Rossiniana - Teatre Romea","robots":{"index":"index","follow":"follow","max-snippet":"max-snippet:-1","max-image-preview":"max-image-preview:large","max-video-preview":"max-video-preview:-1"},"canonical":"https:\/\/www.teatreromea.cat\/ca\/ex\/recital-rossiniana\/","schema":{"@context":"https:\/\/schema.org","@graph":[{"@type":"WebPage","@id":"https:\/\/www.teatreromea.cat\/ca\/ex\/recital-rossiniana\/","url":"https:\/\/www.teatreromea.cat\/ca\/ex\/recital-rossiniana\/","name":"Recital: Rossiniana - Teatre Romea","isPartOf":{"@id":"https:\/\/www.teatreromea.cat\/ca\/#website"},"datePublished":"2021-04-12T05:46:19+00:00","breadcrumb":{"@id":"https:\/\/www.teatreromea.cat\/ca\/ex\/recital-rossiniana\/#breadcrumb"},"inLanguage":"ca","potentialAction":[{"@type":"ReadAction","target":["https:\/\/www.teatreromea.cat\/ca\/ex\/recital-rossiniana\/"]}]},{"@type":"BreadcrumbList","@id":"https:\/\/www.teatreromea.cat\/ca\/ex\/recital-rossiniana\/#breadcrumb","itemListElement":[{"@type":"ListItem","position":1,"name":"Inici","item":"https:\/\/www.teatreromea.cat\/ca\/"},{"@type":"ListItem","position":2,"name":"Espectacles","item":"https:\/\/www.teatreromea.cat\/ca\/ex\/"},{"@type":"ListItem","position":3,"name":"Recital: Rossiniana"}]},{"@type":"WebSite","@id":"https:\/\/www.teatreromea.cat\/ca\/#website","url":"https:\/\/www.teatreromea.cat\/ca\/","name":"Teatre Romea","description":"","publisher":{"@id":"https:\/\/www.teatreromea.cat\/ca\/#organization"},"potentialAction":[{"@type":"SearchAction","target":{"@type":"EntryPoint","urlTemplate":"https:\/\/www.teatreromea.cat\/ca\/?s={search_term_string}"},"query-input":{"@type":"PropertyValueSpecification","valueRequired":true,"valueName":"search_term_string"}}],"inLanguage":"ca"},{"@type":"Organization","@id":"https:\/\/www.teatreromea.cat\/ca\/#organization","name":"Teatre Romea","url":"https:\/\/www.teatreromea.cat\/ca\/","logo":{"@type":"ImageObject","inLanguage":"ca","@id":"https:\/\/www.teatreromea.cat\/ca\/#\/schema\/logo\/image\/","url":"https:\/\/www.teatreromea.cat\/wp-content\/uploads\/sites\/2\/2017\/09\/teatre-romea-logo.svg","contentUrl":"https:\/\/www.teatreromea.cat\/wp-content\/uploads\/sites\/2\/2017\/09\/teatre-romea-logo.svg","width":1,"height":1,"caption":"Teatre Romea"},"image":{"@id":"https:\/\/www.teatreromea.cat\/ca\/#\/schema\/logo\/image\/"},"sameAs":["http:\/\/www.facebook.com\/TeatreRomea","https:\/\/x.com\/teatre_romea","http:\/\/instagram.com\/teatreromea","http:\/\/www.youtube.com\/user\/TeatreRomea"]}]}},"translations":[{"id":9942,"locale":"ca"},{"id":10306,"locale":"es"}],"_links":{"self":[{"href":"https:\/\/www.teatreromea.cat\/ca\/wp-json\/wp\/v2\/ex\/9942","targetHints":{"allow":["GET"]}}],"collection":[{"href":"https:\/\/www.teatreromea.cat\/ca\/wp-json\/wp\/v2\/ex"}],"about":[{"href":"https:\/\/www.teatreromea.cat\/ca\/wp-json\/wp\/v2\/types\/ex"}],"author":[{"embeddable":true,"href":"https:\/\/www.teatreromea.cat\/ca\/wp-json\/wp\/v2\/users\/2"}],"replies":[{"embeddable":true,"href":"https:\/\/www.teatreromea.cat\/ca\/wp-json\/wp\/v2\/comments?post=9942"}],"acf:term":[{"embeddable":true,"taxonomy":"season","href":"https:\/\/www.teatreromea.cat\/ca\/wp-json\/wp\/v2\/season\/126"}],"wp:attachment":[{"href":"https:\/\/www.teatreromea.cat\/ca\/wp-json\/wp\/v2\/media?parent=9942"}],"curies":[{"name":"wp","href":"https:\/\/api.w.org\/{rel}","templated":true}]}}