{"id":9929,"date":"2020-09-05T08:52:26","date_gmt":"2020-09-05T06:52:26","guid":{"rendered":"https:\/\/pre.teatreromea.cat\/ex\/\/puertas-abiertas\/"},"modified":"2020-09-05T08:52:26","modified_gmt":"2020-09-05T06:52:26","slug":"puertas-abiertas","status":"publish","type":"ex","link":"https:\/\/www.teatreromea.cat\/ca\/ex\/puertas-abiertas\/","title":{"rendered":"#Puertas Abiertas"},"content":{"rendered":"","protected":false},"excerpt":{"rendered":"","protected":false},"author":2,"featured_media":0,"comment_status":"closed","ping_status":"open","template":"","class_list":["post-9929","ex","type-ex","status-publish","hentry","season-2020-21","season-2021-22"],"acf":{"txt_synopsis":"<p>Par\u00eds est\u00e0 immersa en el caos. Diverses bombes han esclatat i han provocat desenes de morts. La ciutat est\u00e0 encerclada. Els carrers tallats. El transport p\u00fablic no funciona. Enfront al col\u00b7lapse, ve\u00efns del centre de la ciutat conviden a les seves cases els qui han quedat atrapats. Julie tamb\u00e9 ofereix el seu apartament. Quan obre la porta es troba amb un jove que l'enfronta als seus prejudicis. Qu\u00e8 passa quan la por s'obre pas en les nostres vides? Des de l'exterior arriben els laments d'una ciutat ferida. A l'interior se succeeixen els silencis, les confessions, la tendresa inesperada i, tamb\u00e9, les mentides. Massa mentides.<\/p>","main_buy_link":"","main_buy_links":"","group_buy_link":"","show_language":"Espectacle en castell\u00e0","show_duration":"75","show_start_date":"20210512000000","show_end_date":"20210606000000","show_sort_date":"20210512000000","txt_custom_show_dates":"del 12 de maig al 6 de juny de 2021","show_disciplines":"","show_ultimes_funcions":false,"hide_tarifes_especials":false,"show_properament":false,"txt_additional_info":"","txt_present":"","show_season":[126,127],"txt_season":"[\"2020\/21\",\"2021\/22\"]","txt_cycle":"","txt_claim":"Par\u00eds est\u00e0 immersa en el caos. Diverses bombes han esclatat i han provocat desenes de morts. La ciutat est\u00e0 encerclada. Els carrers tallats. El transport p\u00fablic no funciona.","txt_cast_excerpt":"","txt_cast":"<p>Autora:<strong> Emma Riverola<br \/><\/strong>Direcci\u00f3:<strong> Abel Folk<br \/><\/strong>Amb: <strong>Cayetana Guill\u00e9n Cuervo i Ayoub El Hilali<\/strong><\/p>\n<p>Espai esc\u00e8nic:<strong> Paco Azor\u00edn<br \/><\/strong>Vestuari:<strong> Patricia Monn\u00e9<\/strong><strong><br \/><\/strong>Moviment esc\u00e8nic: <strong>Ariadna Peya<br \/><\/strong>Disseny Cartell: <strong>Geraldine Leloutre <\/strong><\/p>\n<p>Producci\u00f3 executiva: <strong>Gloria Casanova<br \/><\/strong>Ajudant de direcci\u00f3: <strong>Paco Montes<br \/><\/strong>Regidora: <strong>Olga Fibla<br \/><\/strong>Coordinador t\u00e8cnic i operador: <strong>Fernando Muratori<br \/><\/strong>El\u00e8ctric: <strong>Gustavo Segovia <br \/><\/strong>Operador de Qlab a partir del 21 de maig: <strong>Daniel Seoane<br \/><\/strong>Producci\u00f3:<strong> Irene Peraire i Maria Folk <br \/><\/strong>Distribuci\u00f3: <strong>FOCUS <\/strong><\/p>\n<p>Cap t\u00e8cnic del teatre:<strong> Sergi Lobaco i Ra\u00fal Mart\u00ednez <\/strong><\/p>\n<p>Premsa:<strong>&nbsp;<\/strong><strong>Albert L\u00f3pez i Judit Hern\u00e1ndez<br \/><\/strong>M\u00e0rqueting i comunicaci\u00f3:<strong> Publiespec<br \/><\/strong>Disseny gr\u00e0fic:<strong> Santi&Kco<\/strong><\/p>\n<p>Una coproducci\u00f3:<strong> Hold-Principal, Teatre Romea&nbsp;i Teatro Espa\u00f1ol<\/strong><\/p>\n<p>Agra\u00efments: <strong>Susi Swetts Dress, Juana la loca and the victorians, Llu\u00eds Mauri, Pol Turrens i Sony<br \/><\/strong>Amb la col\u00b7laboraci\u00f3 de <strong>ICEC,<\/strong> <strong>SONY i Mucha Calma<\/strong><\/p>","txt_reviews":"","hashtag":"PuertasAbiertas","have_promo":"","slogan":"","id_exhibicio":1697,"id_versio":1379,"id_local":1,"txt_seo_desc":"#PuertasAbiertas, al Teatre Romea de Barcelona, amb Cayetana Guill\u00e9n Cuervo i Ayoub El Hilali.","data_images":"[{\"localizer\":\"V3CARTELL\",\"url\":\"media\/ver\/cartell\/v3\/31519\/01_085_00050708\/cartellweb-puertas-abiertas-teatre-romea-barcelona.jpg\",\"thumb_url\":\"media\/ver\/cartell\/v3\/31519\/01_085_00050708\/cartellweb-puertas-abiertas-teatre-romea-barcelona_thumb.jpg\",\"title\":\"#PuertasAbiertas - Teatre Romea\",\"description\":\"puertas abiertas al teatre romea de barcelona\",\"copyright\":\"\",\"order\":18},{\"localizer\":\"V2CARTELLDISTRI\",\"url\":\"media\/cartell\/distrib\/31519\/01_082_00050729\/OK_Puertas_Abiertas_A3_DEF.jpg\",\"thumb_url\":\"media\/cartell\/distrib\/31519\/01_082_00050729\/OK_Puertas_Abiertas_A3_DEF_thumb.jpg\",\"title\":\"#PuertasAbiertas\",\"description\":\"#PuertasAbiertas\",\"copyright\":\"\",\"order\":19},{\"localizer\":\"V3CARTELLDISTRI\",\"url\":\"media\/ver\/cartell\/v3\/31519\/01_085_00050730\/OK_Puertas_Abiertas_A3_DEF.jpg\",\"thumb_url\":\"media\/ver\/cartell\/v3\/31519\/01_085_00050730\/OK_Puertas_Abiertas_A3_DEF_thumb.jpg\",\"title\":\"#PuertasAbiertas\",\"description\":\"#PuertasAbiertas\",\"copyright\":\"\",\"order\":20},{\"localizer\":\"V3SLIDE\",\"url\":\"media\/ftgalslide\/v3\/31519\/01_086_00050731\/OK_Puertas_Abiertas_A3_Horizontal_DEF.jpg\",\"thumb_url\":\"media\/ftgalslide\/v3\/31519\/01_086_00050731\/OK_Puertas_Abiertas_A3_Horizontal_DEF_thumb.jpg\",\"title\":\"#PuertasAbiertas\",\"description\":\"#PuertasAbiertas\",\"copyright\":\"\",\"order\":21},{\"localizer\":\"V2SLIDE\",\"url\":\"media\/ftgalslide\/31519\/01_076_00050732\/OK_Puertas_Abiertas_A3_Horizontal_DEF.jpg\",\"thumb_url\":\"media\/ftgalslide\/31519\/01_076_00050732\/OK_Puertas_Abiertas_A3_Horizontal_DEF_thumb.jpg\",\"title\":\"#PuertasAbiertas\",\"description\":\"#PuertasAbiertas\",\"copyright\":\"\",\"order\":22},{\"localizer\":\"V3SLIDE\",\"url\":\"media\/ftgalslide\/v3\/31578\/01_086_00051221\/Cayetana_0L9A2290.jpg\",\"thumb_url\":\"media\/ftgalslide\/v3\/31578\/01_086_00051221\/Cayetana_0L9A2290_thumb.jpg\",\"title\":\"#PuertasAbiertas - Teatre Romea\",\"description\":\"puertas abiertas al teatre romea de barcelona\",\"copyright\":\"\",\"order\":23},{\"localizer\":\"V3SLIDE\",\"url\":\"media\/ftgalslide\/v3\/31578\/01_086_00051222\/Ayoub_El_Hilali_by_Geraldine_Leloutre.jpg\",\"thumb_url\":\"media\/ftgalslide\/v3\/31578\/01_086_00051222\/Ayoub_El_Hilali_by_Geraldine_Leloutre_thumb.jpg\",\"title\":\"#PuertasAbiertas - Teatre Romea\",\"description\":\"puertas abiertas al teatre romea de barcelona\",\"copyright\":\"\",\"order\":24},{\"localizer\":\"V3SLIDE\",\"url\":\"media\/ftgalslide\/v3\/31578\/01_086_00051227\/PA_brindis_general_marzo21_DSC_2094.jpg\",\"thumb_url\":\"media\/ftgalslide\/v3\/31578\/01_086_00051227\/PA_brindis_general_marzo21_DSC_2094_thumb.jpg\",\"title\":\"#PuertasAbiertas - Teatre Romea\",\"description\":\"#puertasabiertas al teatre romea de barcelona\",\"copyright\":\"\",\"order\":25},{\"localizer\":\"V2CARTELL\",\"url\":\"media\/ver\/cartell\/31578\/01_079_00051248\/cartellweb-puertas-abiertas-teatre-romea-barcelona.jpg\",\"thumb_url\":\"media\/ver\/cartell\/31578\/01_079_00051248\/cartellweb-puertas-abiertas-teatre-romea-barcelona_thumb.jpg\",\"title\":\"#PuertasAbiertas - Teatre Romea\",\"description\":\"puertas abiertas al teatre romea de barcelona\",\"copyright\":\"\",\"order\":26},{\"localizer\":\"V2CARTELL\",\"url\":\"media\/ver\/cartell\/31579\/01_079_00051305\/cartellweb-puertas-abiertas-teatre-romea-barcelona.jpg\",\"thumb_url\":\"media\/ver\/cartell\/31579\/01_079_00051305\/cartellweb-puertas-abiertas-teatre-romea-barcelona_thumb.jpg\",\"title\":\"#PuertasAbiertas - Teatre Romea\",\"description\":\"puertas abiertas al teatre romea de barcelona\",\"copyright\":\"\",\"order\":27},{\"localizer\":\"V3PORTADA\",\"url\":\"media\/ver\/port\/v3\/31579\/01_084_00051367\/1-ultimes-funcions-puertas-abiertas-teatre-romea-barcelona.jpg\",\"thumb_url\":\"media\/ver\/port\/v3\/31579\/01_084_00051367\/1-ultimes-funcions-puertas-abiertas-teatre-romea-barcelona_thumb.jpg\",\"title\":\"#PuertasAbiertas - Teatre Romea\",\"description\":\"puerts abiertas al teatre romea de barcelona\",\"copyright\":\"\",\"order\":28},{\"localizer\":\"V3PORTADAWIDE\",\"url\":\"media\/ver\/port\/v3wide\/31579\/01_088_00051368\/0-ultimes-funcions-puertas-abiertas-teatre-romea-barcelona.jpg\",\"thumb_url\":\"media\/ver\/port\/v3wide\/31579\/01_088_00051368\/0-ultimes-funcions-puertas-abiertas-teatre-romea-barcelona_thumb.jpg\",\"title\":\"#PuertasAbiertas - Teatre Romea\",\"description\":\"puerts abiertas al teatre romea de barcelona\",\"copyright\":\"\",\"order\":29}]","material__texto_intro":"","data_material":null,"data_gallery":"","data_discounts":"[]","contract_is_open":false,"in_tour":false},"yoast_head":"<!-- This site is optimized with the Yoast SEO plugin v27.5 - https:\/\/yoast.com\/product\/yoast-seo-wordpress\/ -->\n<title>#Puertas Abiertas - Teatre Romea<\/title>\n<meta name=\"robots\" content=\"index, follow, max-snippet:-1, max-image-preview:large, max-video-preview:-1\" \/>\n<link rel=\"canonical\" href=\"https:\/\/www.teatreromea.cat\/ca\/ex\/puertas-abiertas\/\" \/>\n<script type=\"application\/ld+json\" class=\"yoast-schema-graph\">{\"@context\":\"https:\\\/\\\/schema.org\",\"@graph\":[{\"@type\":\"WebPage\",\"@id\":\"https:\\\/\\\/www.teatreromea.cat\\\/ca\\\/ex\\\/puertas-abiertas\\\/\",\"url\":\"https:\\\/\\\/www.teatreromea.cat\\\/ca\\\/ex\\\/puertas-abiertas\\\/\",\"name\":\"#Puertas Abiertas - Teatre Romea\",\"isPartOf\":{\"@id\":\"https:\\\/\\\/www.teatreromea.cat\\\/ca\\\/#website\"},\"datePublished\":\"2020-09-05T06:52:26+00:00\",\"breadcrumb\":{\"@id\":\"https:\\\/\\\/www.teatreromea.cat\\\/ca\\\/ex\\\/puertas-abiertas\\\/#breadcrumb\"},\"inLanguage\":\"ca\",\"potentialAction\":[{\"@type\":\"ReadAction\",\"target\":[\"https:\\\/\\\/www.teatreromea.cat\\\/ca\\\/ex\\\/puertas-abiertas\\\/\"]}]},{\"@type\":\"BreadcrumbList\",\"@id\":\"https:\\\/\\\/www.teatreromea.cat\\\/ca\\\/ex\\\/puertas-abiertas\\\/#breadcrumb\",\"itemListElement\":[{\"@type\":\"ListItem\",\"position\":1,\"name\":\"Inici\",\"item\":\"https:\\\/\\\/www.teatreromea.cat\\\/ca\\\/\"},{\"@type\":\"ListItem\",\"position\":2,\"name\":\"Espectacles\",\"item\":\"https:\\\/\\\/www.teatreromea.cat\\\/ca\\\/ex\\\/\"},{\"@type\":\"ListItem\",\"position\":3,\"name\":\"#Puertas Abiertas\"}]},{\"@type\":\"WebSite\",\"@id\":\"https:\\\/\\\/www.teatreromea.cat\\\/ca\\\/#website\",\"url\":\"https:\\\/\\\/www.teatreromea.cat\\\/ca\\\/\",\"name\":\"Teatre Romea\",\"description\":\"\",\"publisher\":{\"@id\":\"https:\\\/\\\/www.teatreromea.cat\\\/ca\\\/#organization\"},\"potentialAction\":[{\"@type\":\"SearchAction\",\"target\":{\"@type\":\"EntryPoint\",\"urlTemplate\":\"https:\\\/\\\/www.teatreromea.cat\\\/ca\\\/?s={search_term_string}\"},\"query-input\":{\"@type\":\"PropertyValueSpecification\",\"valueRequired\":true,\"valueName\":\"search_term_string\"}}],\"inLanguage\":\"ca\"},{\"@type\":\"Organization\",\"@id\":\"https:\\\/\\\/www.teatreromea.cat\\\/ca\\\/#organization\",\"name\":\"Teatre Romea\",\"url\":\"https:\\\/\\\/www.teatreromea.cat\\\/ca\\\/\",\"logo\":{\"@type\":\"ImageObject\",\"inLanguage\":\"ca\",\"@id\":\"https:\\\/\\\/www.teatreromea.cat\\\/ca\\\/#\\\/schema\\\/logo\\\/image\\\/\",\"url\":\"https:\\\/\\\/www.teatreromea.cat\\\/wp-content\\\/uploads\\\/sites\\\/2\\\/2017\\\/09\\\/teatre-romea-logo.svg\",\"contentUrl\":\"https:\\\/\\\/www.teatreromea.cat\\\/wp-content\\\/uploads\\\/sites\\\/2\\\/2017\\\/09\\\/teatre-romea-logo.svg\",\"width\":1,\"height\":1,\"caption\":\"Teatre Romea\"},\"image\":{\"@id\":\"https:\\\/\\\/www.teatreromea.cat\\\/ca\\\/#\\\/schema\\\/logo\\\/image\\\/\"},\"sameAs\":[\"http:\\\/\\\/www.facebook.com\\\/TeatreRomea\",\"https:\\\/\\\/x.com\\\/teatre_romea\",\"http:\\\/\\\/instagram.com\\\/teatreromea\",\"http:\\\/\\\/www.youtube.com\\\/user\\\/TeatreRomea\"]}]}<\/script>\n<!-- \/ Yoast SEO plugin. -->","yoast_head_json":{"title":"#Puertas Abiertas - Teatre Romea","robots":{"index":"index","follow":"follow","max-snippet":"max-snippet:-1","max-image-preview":"max-image-preview:large","max-video-preview":"max-video-preview:-1"},"canonical":"https:\/\/www.teatreromea.cat\/ca\/ex\/puertas-abiertas\/","schema":{"@context":"https:\/\/schema.org","@graph":[{"@type":"WebPage","@id":"https:\/\/www.teatreromea.cat\/ca\/ex\/puertas-abiertas\/","url":"https:\/\/www.teatreromea.cat\/ca\/ex\/puertas-abiertas\/","name":"#Puertas Abiertas - Teatre Romea","isPartOf":{"@id":"https:\/\/www.teatreromea.cat\/ca\/#website"},"datePublished":"2020-09-05T06:52:26+00:00","breadcrumb":{"@id":"https:\/\/www.teatreromea.cat\/ca\/ex\/puertas-abiertas\/#breadcrumb"},"inLanguage":"ca","potentialAction":[{"@type":"ReadAction","target":["https:\/\/www.teatreromea.cat\/ca\/ex\/puertas-abiertas\/"]}]},{"@type":"BreadcrumbList","@id":"https:\/\/www.teatreromea.cat\/ca\/ex\/puertas-abiertas\/#breadcrumb","itemListElement":[{"@type":"ListItem","position":1,"name":"Inici","item":"https:\/\/www.teatreromea.cat\/ca\/"},{"@type":"ListItem","position":2,"name":"Espectacles","item":"https:\/\/www.teatreromea.cat\/ca\/ex\/"},{"@type":"ListItem","position":3,"name":"#Puertas Abiertas"}]},{"@type":"WebSite","@id":"https:\/\/www.teatreromea.cat\/ca\/#website","url":"https:\/\/www.teatreromea.cat\/ca\/","name":"Teatre Romea","description":"","publisher":{"@id":"https:\/\/www.teatreromea.cat\/ca\/#organization"},"potentialAction":[{"@type":"SearchAction","target":{"@type":"EntryPoint","urlTemplate":"https:\/\/www.teatreromea.cat\/ca\/?s={search_term_string}"},"query-input":{"@type":"PropertyValueSpecification","valueRequired":true,"valueName":"search_term_string"}}],"inLanguage":"ca"},{"@type":"Organization","@id":"https:\/\/www.teatreromea.cat\/ca\/#organization","name":"Teatre Romea","url":"https:\/\/www.teatreromea.cat\/ca\/","logo":{"@type":"ImageObject","inLanguage":"ca","@id":"https:\/\/www.teatreromea.cat\/ca\/#\/schema\/logo\/image\/","url":"https:\/\/www.teatreromea.cat\/wp-content\/uploads\/sites\/2\/2017\/09\/teatre-romea-logo.svg","contentUrl":"https:\/\/www.teatreromea.cat\/wp-content\/uploads\/sites\/2\/2017\/09\/teatre-romea-logo.svg","width":1,"height":1,"caption":"Teatre Romea"},"image":{"@id":"https:\/\/www.teatreromea.cat\/ca\/#\/schema\/logo\/image\/"},"sameAs":["http:\/\/www.facebook.com\/TeatreRomea","https:\/\/x.com\/teatre_romea","http:\/\/instagram.com\/teatreromea","http:\/\/www.youtube.com\/user\/TeatreRomea"]}]}},"translations":[{"id":9929,"locale":"ca"},{"id":10293,"locale":"es"}],"_links":{"self":[{"href":"https:\/\/www.teatreromea.cat\/ca\/wp-json\/wp\/v2\/ex\/9929","targetHints":{"allow":["GET"]}}],"collection":[{"href":"https:\/\/www.teatreromea.cat\/ca\/wp-json\/wp\/v2\/ex"}],"about":[{"href":"https:\/\/www.teatreromea.cat\/ca\/wp-json\/wp\/v2\/types\/ex"}],"author":[{"embeddable":true,"href":"https:\/\/www.teatreromea.cat\/ca\/wp-json\/wp\/v2\/users\/2"}],"replies":[{"embeddable":true,"href":"https:\/\/www.teatreromea.cat\/ca\/wp-json\/wp\/v2\/comments?post=9929"}],"acf:term":[{"embeddable":true,"taxonomy":"season","href":"https:\/\/www.teatreromea.cat\/ca\/wp-json\/wp\/v2\/season\/127"},{"embeddable":true,"taxonomy":"season","href":"https:\/\/www.teatreromea.cat\/ca\/wp-json\/wp\/v2\/season\/126"}],"wp:attachment":[{"href":"https:\/\/www.teatreromea.cat\/ca\/wp-json\/wp\/v2\/media?parent=9929"}],"curies":[{"name":"wp","href":"https:\/\/api.w.org\/{rel}","templated":true}]}}