{"id":9918,"date":"2020-02-25T16:56:42","date_gmt":"2020-02-25T15:56:42","guid":{"rendered":"https:\/\/pre.teatreromea.cat\/ex\/\/loccasione-fa-il-ladro\/"},"modified":"2020-02-25T16:56:42","modified_gmt":"2020-02-25T15:56:42","slug":"loccasione-fa-il-ladro","status":"publish","type":"ex","link":"https:\/\/www.teatreromea.cat\/ca\/ex\/loccasione-fa-il-ladro\/","title":{"rendered":"L&#8217;occasione fa il ladro"},"content":{"rendered":"","protected":false},"excerpt":{"rendered":"","protected":false},"author":2,"featured_media":0,"comment_status":"closed","ping_status":"open","template":"","class_list":["post-9918","ex","type-ex","status-publish","hentry","season-2020-21"],"acf":{"txt_synopsis":"<p>\u00d2pera en un acte estrenada a Ven\u00e8cia l'any 1812. El llibretista, Luigi Prividali, va adaptar una com\u00e8dia d'Eug\u00e8ne Scribe i Gioachino Rossini, que tenia llavors vint anys, sembla que va compondre la m\u00fasica en nom\u00e9s onze dies. Era la quarta de les cinc farses que l'empresari Antonio Cera li va encarregar pel teatre San Mois\u00e8. <\/p>\n<p>La tempesta obliga don Parmenione i el seu criat Martino a cercar l'aixopluc d'un alberg. Mentre sopen arriba el comte Alberto i don Parmenione el convida a xerrar i beure. El comte explica que va cam\u00ed de N\u00e0pols, deler\u00f3s de con\u00e8ixer la seva futura esposa, i que marxar\u00e0 prest, nom\u00e9s amaini la pluja. A l'hora de pagar, Martino se n'adona que don Alberto s'ha deixat la seva maleta i ha agafat per error la del seu amo. Obren la maleta i troben el retrat d'una noia preciosa. Llavors don Parmenione s'enamora d'ella i decideix prendre la identitat del comte i emportar-se la n\u00favia<\/p>\n<p>\u201c<em>L\u2019occasione fa il ladro<\/em> es construeix sobre el cl\u00e0ssic argument de l\u2019intercanvi de maletes, un argument que ha funcionat en cinema, teatre o literatura, tant per la com\u00e8dia com pel thriller. El meu objectiu ha estat buscar un context on aquest argument sigui versemblant per a l\u2019espectador actual i on aflori&nbsp; la com\u00e8dia. La hist\u00f2ria comen\u00e7a enmig d\u2019una tempesta rossiniana amb tres personatges arrecerats en un hostal de cam\u00ed cap a N\u00e0pols. Jo em vaig quedar amb l\u2019ess\u00e8ncia de la idea: la tempesta i l\u2019aixopluc provisional i ho he traslladat al mig d\u2019una carretera que va a Naples (Florida), on la m\u00e0fia italiana tenia bastant activitat als anys seixanta. En aquest context \u2014m\u00e0fia italiana-anys seixanta-Florida\u2014, els matrimonis concertats, l\u2019intercanvi de maletes i altres equ\u00edvocs de l\u2019obra resulten cre\u00efbles i, a m\u00e9s, \u00e9s un entorn que juga a favor de la comicitat del llibret i de l\u2019esperit festiu de l\u2019\u00f2pera\u201d. <\/p>\n<p>Anna Ponces, directora d\u2019escena<\/p>","main_buy_link":"https:\/\/grupfocus.4tickets.es\/TeatreRomea\/public\/janto\/?Nivel=Evento&idEvento=ROM245&Idioma=CA","main_buy_links":"","group_buy_link":"","show_language":"Espectacle en itali\u00e0 amb sobret\u00edtols en catal\u00e0","show_duration":"90","show_start_date":"20210610000000","show_end_date":"20210613000000","show_sort_date":"20210608000000","txt_custom_show_dates":"del 10 al 13 de juny de 2021","show_disciplines":"","show_ultimes_funcions":false,"hide_tarifes_especials":false,"show_properament":false,"txt_additional_info":"","txt_present":"","show_season":[126],"txt_season":"[\"2020\/21\"]","txt_cycle":"BROF","txt_claim":"","txt_cast_excerpt":"","txt_cast":"T\u00edtol original: <strong>L'occasione fa il ladro, ossia Il Cambio della valigia<\/strong><br \/>Traducci\u00f3: <strong>L'ocasi\u00f3 fa el lladre, o El canvi de la maleta<\/strong><br \/>Compositor: <strong>Gioachino Rossini<\/strong><br \/>Llibretista: <strong>Luigi Prividali<\/strong>\n<p><\/p>\n<p>Personatges:<\/p>\n<p>Berenice: <strong>Natalia P\u00e9rez<\/strong><br \/>Don Parmenione: <strong>Jan Antem<\/strong><br \/>Comte Alberto: <strong>Alberto Ballesta<\/strong><br \/>Ernestina: <strong>Luc\u00eda Iglesias<\/strong><br \/>Martino: <strong>Alejandro Bali\u00f1as \/ Pau Armengol<\/strong><br \/>Don Eusebio: <strong>El\u00edas Ongay<br \/><\/strong>Pinxos del capo:<strong> Jorge Agust\u00ed i \u00d2scar Tramunt&nbsp; <\/strong><\/p>\n<p>Equip art\u00edstic:<\/p>\n<p>Direcci\u00f3 musical: <strong>Assunto Nese<\/strong><br \/>Direcci\u00f3 art\u00edstica: <strong>Ra\u00fal Gim\u00e9nez<\/strong><br \/>Direcci\u00f3 d'escena: <strong>Anna Ponces<\/strong><br \/>Pianista repertorista: <strong>Viviana Salisi<br \/><\/strong>Cover de Berenice:<strong> Alba Mart\u00ednez Nieto<\/strong><\/p>\n<p><strong>Orquestra Barcelona Concertante<\/strong><\/p>\n<p>Viol\u00ed I: <strong>Helena Mu\u00f1oz, Anna Follia, Jan Omedes i Xavier Gonz\u00e1lez<\/strong> <br \/>Viol\u00ed II: <strong>V\u00edctor P\u00e9rez, Rub\u00e9n M\u00e9ndez i In\u00e9s Sanchis<\/strong><br \/>Viola: <strong>Soledad Vicente i V\u00edctor Mateo<\/strong><br \/>Cello: <strong>Svetlana Tovstukha i Carlos S\u00e1nchez<\/strong><br \/>Contrabaix: <strong>M\u00f2nica Serra<\/strong><br \/>Flauta i flaut\u00ed: <strong>Mirjam Plas<\/strong><br \/>Obo\u00e8s: <strong>Enric Tudela i Roberto Ordax<\/strong> <br \/>Clarinets: <strong>Eduardo Javier i Laia Queralt<\/strong><br \/>Fagot: <strong>Josep Joaquim Sanchis<\/strong><br \/>Trompa: <strong>Aleix Garcia<\/strong><br \/>Clavic\u00e8mbal: <strong>Viviana Salisi<\/strong> <\/p>\n<p>Escenografia: Escola <strong>Elisava<\/strong>. Tutor: <strong>Carles Berga<\/strong> <br \/>Amb la col\u00b7laboraci\u00f3 de <strong>BRAVA! Performing Arts<br \/><\/strong>Vestuari: <strong>N\u00faria Cardoner<br \/><\/strong>Regidora: <strong>Ainoa Higon<br \/><\/strong>Ajudant de vestuari: <strong>Iolanda Paternoy<br \/><\/strong>Il\u00b7luminaci\u00f3: <strong>Ram\u00f3n Pasqual i Anna Ponces<\/strong><br \/>T\u00e8cnic de llums: <strong>Ram\u00f3n Pasqual<br \/><\/strong>Perruqueria i maquillatge: <strong>Kiona Vioque<\/strong> <br \/>Sobret\u00edtols: <strong>V\u00edctor Oller <br \/><\/strong><\/p>\n<p>Una producci\u00f3 de<strong> l'\u00d2pera Cambra de Barcelona<\/strong><\/p>","txt_reviews":"","hashtag":"Occassione","have_promo":"","slogan":"","id_exhibicio":1740,"id_versio":1418,"id_local":1,"txt_seo_desc":"","data_images":"[{\"localizer\":\"V3SLIDE\",\"url\":\"media\/ftgalslide\/v3\/31513\/01_086_00050443\/v3-slide-festival-opera-rossini-barcelona.jpg\",\"thumb_url\":\"media\/ftgalslide\/v3\/31513\/01_086_00050443\/v3-slide-festival-opera-rossini-barcelona_thumb.jpg\",\"title\":\"Festival Opera Rossini - Teatre Romea\",\"description\":\"festival opera rossini al teatre romea de barcelona\",\"copyright\":\"\",\"order\":6},{\"localizer\":\"V3PORTADA\",\"url\":\"media\/ver\/port\/v3\/3157A\/01_084_00051394\/portada-1.jpg\",\"thumb_url\":\"media\/ver\/port\/v3\/3157A\/01_084_00051394\/portada-1_thumb.jpg\",\"title\":\"L'occasione fa il ladro - Teatre Romea\",\"description\":\"loccasione fa il ladro al teatre romea de barcelona\",\"copyright\":\"\",\"order\":10},{\"localizer\":\"V3PORTADAWIDE\",\"url\":\"media\/ver\/port\/v3wide\/3157A\/01_088_00051395\/PORTADA-0-.jpg\",\"thumb_url\":\"media\/ver\/port\/v3wide\/3157A\/01_088_00051395\/PORTADA-0-_thumb.jpg\",\"title\":\"L'occasione fa il ladro - Teatre Romea\",\"description\":\"loccasione fa il ladro al teatre romea de barcelona\",\"copyright\":\"\",\"order\":11},{\"localizer\":\"V3CARTELL\",\"url\":\"media\/ver\/cartell\/v3\/3157A\/01_085_00051396\/CARTELLWEB.jpg\",\"thumb_url\":\"media\/ver\/cartell\/v3\/3157A\/01_085_00051396\/CARTELLWEB_thumb.jpg\",\"title\":\"L'occasione fa il ladro - Teatre Romea\",\"description\":\"loccasione fa il ladro al teatre romea de barcelona\",\"copyright\":\"\",\"order\":12}]","material__texto_intro":"","data_material":null,"data_gallery":"","data_discounts":"[]","contract_is_open":false,"in_tour":false},"yoast_head":"<!-- This site is optimized with the Yoast SEO plugin v27.5 - https:\/\/yoast.com\/product\/yoast-seo-wordpress\/ -->\n<title>L&#039;occasione fa il ladro - Teatre Romea<\/title>\n<meta name=\"robots\" content=\"index, follow, max-snippet:-1, max-image-preview:large, max-video-preview:-1\" \/>\n<link rel=\"canonical\" href=\"https:\/\/www.teatreromea.cat\/ca\/ex\/loccasione-fa-il-ladro\/\" \/>\n<script type=\"application\/ld+json\" class=\"yoast-schema-graph\">{\"@context\":\"https:\\\/\\\/schema.org\",\"@graph\":[{\"@type\":\"WebPage\",\"@id\":\"https:\\\/\\\/www.teatreromea.cat\\\/ca\\\/ex\\\/loccasione-fa-il-ladro\\\/\",\"url\":\"https:\\\/\\\/www.teatreromea.cat\\\/ca\\\/ex\\\/loccasione-fa-il-ladro\\\/\",\"name\":\"L'occasione fa il ladro - Teatre Romea\",\"isPartOf\":{\"@id\":\"https:\\\/\\\/www.teatreromea.cat\\\/ca\\\/#website\"},\"datePublished\":\"2020-02-25T15:56:42+00:00\",\"breadcrumb\":{\"@id\":\"https:\\\/\\\/www.teatreromea.cat\\\/ca\\\/ex\\\/loccasione-fa-il-ladro\\\/#breadcrumb\"},\"inLanguage\":\"ca\",\"potentialAction\":[{\"@type\":\"ReadAction\",\"target\":[\"https:\\\/\\\/www.teatreromea.cat\\\/ca\\\/ex\\\/loccasione-fa-il-ladro\\\/\"]}]},{\"@type\":\"BreadcrumbList\",\"@id\":\"https:\\\/\\\/www.teatreromea.cat\\\/ca\\\/ex\\\/loccasione-fa-il-ladro\\\/#breadcrumb\",\"itemListElement\":[{\"@type\":\"ListItem\",\"position\":1,\"name\":\"Inici\",\"item\":\"https:\\\/\\\/www.teatreromea.cat\\\/ca\\\/\"},{\"@type\":\"ListItem\",\"position\":2,\"name\":\"Espectacles\",\"item\":\"https:\\\/\\\/www.teatreromea.cat\\\/ca\\\/ex\\\/\"},{\"@type\":\"ListItem\",\"position\":3,\"name\":\"L&#8217;occasione fa il ladro\"}]},{\"@type\":\"WebSite\",\"@id\":\"https:\\\/\\\/www.teatreromea.cat\\\/ca\\\/#website\",\"url\":\"https:\\\/\\\/www.teatreromea.cat\\\/ca\\\/\",\"name\":\"Teatre Romea\",\"description\":\"\",\"publisher\":{\"@id\":\"https:\\\/\\\/www.teatreromea.cat\\\/ca\\\/#organization\"},\"potentialAction\":[{\"@type\":\"SearchAction\",\"target\":{\"@type\":\"EntryPoint\",\"urlTemplate\":\"https:\\\/\\\/www.teatreromea.cat\\\/ca\\\/?s={search_term_string}\"},\"query-input\":{\"@type\":\"PropertyValueSpecification\",\"valueRequired\":true,\"valueName\":\"search_term_string\"}}],\"inLanguage\":\"ca\"},{\"@type\":\"Organization\",\"@id\":\"https:\\\/\\\/www.teatreromea.cat\\\/ca\\\/#organization\",\"name\":\"Teatre Romea\",\"url\":\"https:\\\/\\\/www.teatreromea.cat\\\/ca\\\/\",\"logo\":{\"@type\":\"ImageObject\",\"inLanguage\":\"ca\",\"@id\":\"https:\\\/\\\/www.teatreromea.cat\\\/ca\\\/#\\\/schema\\\/logo\\\/image\\\/\",\"url\":\"https:\\\/\\\/www.teatreromea.cat\\\/wp-content\\\/uploads\\\/sites\\\/2\\\/2017\\\/09\\\/teatre-romea-logo.svg\",\"contentUrl\":\"https:\\\/\\\/www.teatreromea.cat\\\/wp-content\\\/uploads\\\/sites\\\/2\\\/2017\\\/09\\\/teatre-romea-logo.svg\",\"width\":1,\"height\":1,\"caption\":\"Teatre Romea\"},\"image\":{\"@id\":\"https:\\\/\\\/www.teatreromea.cat\\\/ca\\\/#\\\/schema\\\/logo\\\/image\\\/\"},\"sameAs\":[\"http:\\\/\\\/www.facebook.com\\\/TeatreRomea\",\"https:\\\/\\\/x.com\\\/teatre_romea\",\"http:\\\/\\\/instagram.com\\\/teatreromea\",\"http:\\\/\\\/www.youtube.com\\\/user\\\/TeatreRomea\"]}]}<\/script>\n<!-- \/ Yoast SEO plugin. -->","yoast_head_json":{"title":"L'occasione fa il ladro - Teatre Romea","robots":{"index":"index","follow":"follow","max-snippet":"max-snippet:-1","max-image-preview":"max-image-preview:large","max-video-preview":"max-video-preview:-1"},"canonical":"https:\/\/www.teatreromea.cat\/ca\/ex\/loccasione-fa-il-ladro\/","schema":{"@context":"https:\/\/schema.org","@graph":[{"@type":"WebPage","@id":"https:\/\/www.teatreromea.cat\/ca\/ex\/loccasione-fa-il-ladro\/","url":"https:\/\/www.teatreromea.cat\/ca\/ex\/loccasione-fa-il-ladro\/","name":"L'occasione fa il ladro - Teatre Romea","isPartOf":{"@id":"https:\/\/www.teatreromea.cat\/ca\/#website"},"datePublished":"2020-02-25T15:56:42+00:00","breadcrumb":{"@id":"https:\/\/www.teatreromea.cat\/ca\/ex\/loccasione-fa-il-ladro\/#breadcrumb"},"inLanguage":"ca","potentialAction":[{"@type":"ReadAction","target":["https:\/\/www.teatreromea.cat\/ca\/ex\/loccasione-fa-il-ladro\/"]}]},{"@type":"BreadcrumbList","@id":"https:\/\/www.teatreromea.cat\/ca\/ex\/loccasione-fa-il-ladro\/#breadcrumb","itemListElement":[{"@type":"ListItem","position":1,"name":"Inici","item":"https:\/\/www.teatreromea.cat\/ca\/"},{"@type":"ListItem","position":2,"name":"Espectacles","item":"https:\/\/www.teatreromea.cat\/ca\/ex\/"},{"@type":"ListItem","position":3,"name":"L&#8217;occasione fa il ladro"}]},{"@type":"WebSite","@id":"https:\/\/www.teatreromea.cat\/ca\/#website","url":"https:\/\/www.teatreromea.cat\/ca\/","name":"Teatre Romea","description":"","publisher":{"@id":"https:\/\/www.teatreromea.cat\/ca\/#organization"},"potentialAction":[{"@type":"SearchAction","target":{"@type":"EntryPoint","urlTemplate":"https:\/\/www.teatreromea.cat\/ca\/?s={search_term_string}"},"query-input":{"@type":"PropertyValueSpecification","valueRequired":true,"valueName":"search_term_string"}}],"inLanguage":"ca"},{"@type":"Organization","@id":"https:\/\/www.teatreromea.cat\/ca\/#organization","name":"Teatre Romea","url":"https:\/\/www.teatreromea.cat\/ca\/","logo":{"@type":"ImageObject","inLanguage":"ca","@id":"https:\/\/www.teatreromea.cat\/ca\/#\/schema\/logo\/image\/","url":"https:\/\/www.teatreromea.cat\/wp-content\/uploads\/sites\/2\/2017\/09\/teatre-romea-logo.svg","contentUrl":"https:\/\/www.teatreromea.cat\/wp-content\/uploads\/sites\/2\/2017\/09\/teatre-romea-logo.svg","width":1,"height":1,"caption":"Teatre Romea"},"image":{"@id":"https:\/\/www.teatreromea.cat\/ca\/#\/schema\/logo\/image\/"},"sameAs":["http:\/\/www.facebook.com\/TeatreRomea","https:\/\/x.com\/teatre_romea","http:\/\/instagram.com\/teatreromea","http:\/\/www.youtube.com\/user\/TeatreRomea"]}]}},"translations":[{"id":9918,"locale":"ca"},{"id":10282,"locale":"es"}],"_links":{"self":[{"href":"https:\/\/www.teatreromea.cat\/ca\/wp-json\/wp\/v2\/ex\/9918","targetHints":{"allow":["GET"]}}],"collection":[{"href":"https:\/\/www.teatreromea.cat\/ca\/wp-json\/wp\/v2\/ex"}],"about":[{"href":"https:\/\/www.teatreromea.cat\/ca\/wp-json\/wp\/v2\/types\/ex"}],"author":[{"embeddable":true,"href":"https:\/\/www.teatreromea.cat\/ca\/wp-json\/wp\/v2\/users\/2"}],"replies":[{"embeddable":true,"href":"https:\/\/www.teatreromea.cat\/ca\/wp-json\/wp\/v2\/comments?post=9918"}],"acf:term":[{"embeddable":true,"taxonomy":"season","href":"https:\/\/www.teatreromea.cat\/ca\/wp-json\/wp\/v2\/season\/126"}],"wp:attachment":[{"href":"https:\/\/www.teatreromea.cat\/ca\/wp-json\/wp\/v2\/media?parent=9918"}],"curies":[{"name":"wp","href":"https:\/\/api.w.org\/{rel}","templated":true}]}}