{"id":9888,"date":"2018-06-15T08:27:05","date_gmt":"2018-06-15T06:27:05","guid":{"rendered":"https:\/\/pre.teatreromea.cat\/ex\/\/adossats-2\/"},"modified":"2018-06-15T08:27:05","modified_gmt":"2018-06-15T06:27:05","slug":"adossats-2","status":"publish","type":"ex","link":"https:\/\/www.teatreromea.cat\/ca\/ex\/adossats-2\/","title":{"rendered":"Adossats"},"content":{"rendered":"","protected":false},"excerpt":{"rendered":"","protected":false},"author":2,"featured_media":0,"comment_status":"closed","ping_status":"open","template":"","class_list":["post-9888","ex","type-ex","status-publish","hentry","season-2018-19"],"acf":{"txt_synopsis":"<p>23 d\u2019abril. Sant Jordi. Una urbanitzaci\u00f3 de cases aparellades al Vall\u00e8s Occidental. El dia s\u2019allarga, comen\u00e7a el bon temps. Els ve\u00efns surten a arreglar el jard\u00ed, a fer l\u2019hort, a dinar a fora. Una fam\u00edlia de classe mitjana catalana es troba al jard\u00ed de la casa del Jordi i la Carme. El pare del Jordi -l\u2019avi- es diu Jordi; el fill del Jordi -el net- tamb\u00e9 es diu Jordi. Tres generacions de Jordis celebren plegats el dia del nostre patr\u00f3.<\/p>","main_buy_link":"","main_buy_links":"","group_buy_link":"","show_language":"Espectacle en catal\u00e0","show_duration":"95","show_start_date":"20181213000000","show_end_date":"20190106000000","show_sort_date":"20181213000000","txt_custom_show_dates":"del 13 de desembre de 2018 al 6 de gener de 2019","show_disciplines":"","show_ultimes_funcions":false,"hide_tarifes_especials":false,"show_properament":false,"txt_additional_info":"<p><i class=\"fa fa-info fa-2x fa-fw\"><\/i>&nbsp;18 de desembre: Xerrada postfunci\u00f3 amb Ramon Madaula, autor del text teatral, i els protagonistes de l\u2019espectacle, moderada per Christian Mach\u00edo (Recomana) i en col\u00b7laboraci\u00f3 amb Travessia Recomana<\/p>","txt_present":"","show_season":[149],"txt_season":"[\"2018\/19\"]","txt_cycle":"","txt_claim":"","txt_cast_excerpt":"","txt_cast":"<p>Autor <strong>Ramon Madaula<br \/><\/strong>Direcci\u00f3<strong> Jordi Casanovas<\/strong><\/p>\n<p>Repartiment <\/p>\n<p>Carme&nbsp;&nbsp;<strong>Rosa Renom<\/strong><br \/>Jordi&nbsp; &nbsp;<strong>Jordi Bosch<\/strong>&nbsp;&nbsp;<br \/>Joan&nbsp;&nbsp;<strong>Ramon Madaula<\/strong>&nbsp;&nbsp;<br \/>Jordi Avi <strong>Camilo Garc\u00eda<\/strong><br \/>Deisy&nbsp; &nbsp;<strong>Marieta S\u00e1nchez<\/strong><br \/>Jordi Petit&nbsp;<strong>Guillem Balart<\/strong><br \/>&nbsp;<\/p>\n<p>Escenografia &nbsp;<strong>Joan Sabat\u00e9<\/strong><br \/>Il\u00b7luminaci\u00f3 &nbsp;<strong>Sylvia Kuchinow<\/strong><br \/>Vestuari &nbsp;<strong>M\u00edriam Compte<\/strong><br \/>Espai Sonor &nbsp;<strong>Jordi Agut<\/strong><br \/>Caracteritzaci\u00f3 <strong>Toni Santos<\/strong><br \/>Ajudant de direcci\u00f3 <strong>Marc Angelet<br \/><\/strong>Ajudant d\u2019escenografia <strong>Gemma Moret\u00f3<\/strong><\/p>\n<p>Cap de producci\u00f3 <strong>Maite Pijuan<\/strong><br \/>Producci\u00f3 executiva <strong>Raquel Do\u00f1oro<\/strong><br \/>Responsable t\u00e8cnic <strong>Moi Cuenca<\/strong> <br \/>Regidoria <strong>Jana Morey<\/strong><\/p>\n<p>Cap t\u00e8cnic del teatre <strong>Raul Mart\u00ednez<\/strong>,<strong> Sergio Lobaco<\/strong><\/p>\n<p>Construcci\u00f3 escenografia <strong>Taller d\u2019escenografia Sant Cugat<\/strong><\/p>\n<p>Premsa <strong>Anna Casasayas <\/strong>i <strong>Clara M. Clavell<br \/><\/strong>M\u00e0rqueting i comunicaci\u00f3 <strong>Publispec<\/strong><br \/>Reportatge Fotogr\u00e0fic <strong>David Ruano<\/strong><br \/>Disseny Gr\u00e0fic<strong> sSB<\/strong><\/p>\n<p>\u00c9s una coproducci\u00f3 de <strong>Teatre Romea<\/strong> i <strong>Mola Produccions<\/strong><\/p>","txt_reviews":"Javier P\u00e9rez Senz|El Pa\u00eds|\"Las carcajadas son el term\u00f3metro del \u00e9xito, y en Adossats las hay de la primera a la \u00faltima escena.\"\nJordi Bordes|El Punt Avui|\"Jordi Bosch \u00e9s un mestre de la com\u00e8dia i sap fer aquest personatge tr\u00e0gicament divertit que s\u2019empipa per tot. T\u00e9 una antag\u00f2nica brillant amb Rosa Renom.\"\nC\u00e9sar L\u00f3pez Rosell|El Peri\u00f3dico|\"Jordi Casanovas dirigeix amb bon pols c\u00f2mic Adossats.\" \nJ\u00falia Costa|Llegir en cas d\u2019incendi|\"L'autor es consolida, amb aquesta obra, com un gran observador de l\u2019esp\u00e8cie humana a nivell proper.\"","hashtag":"Adossats","have_promo":"","slogan":"","id_exhibicio":1551,"id_versio":1204,"id_local":1,"txt_seo_desc":"'Adossats', direcci\u00f3 de Jordi Casanovas amb Ramon Madaula, Jordi Bosch, Carles Canut, Rosa Renom al Teatre Romea de Barcelona.","data_images":"[{\"localizer\":\"V3SLIDE\",\"url\":\"media\/ftgalslide\/v3\/313F0\/01_086_00043430\/t_adossats_007_2_e.jpg\",\"thumb_url\":\"media\/ftgalslide\/v3\/313F0\/01_086_00043430\/t_adossats_007_2_e_thumb.jpg\",\"title\":\"Adossats\",\"description\":\"Adossats\",\"copyright\":\"\",\"order\":23},{\"localizer\":\"V3SLIDE\",\"url\":\"media\/ftgalslide\/v3\/313F0\/01_086_00043431\/t_adossats_003_1_e.jpg\",\"thumb_url\":\"media\/ftgalslide\/v3\/313F0\/01_086_00043431\/t_adossats_003_1_e_thumb.jpg\",\"title\":\"Adossats\",\"description\":\"Adossats\",\"copyright\":\"\",\"order\":24},{\"localizer\":\"V3SLIDE\",\"url\":\"media\/ftgalslide\/v3\/313F0\/01_086_00043432\/t_adossats_004_1_e.jpg\",\"thumb_url\":\"media\/ftgalslide\/v3\/313F0\/01_086_00043432\/t_adossats_004_1_e_thumb.jpg\",\"title\":\"Adossats\",\"description\":\"Adossats\",\"copyright\":\"\",\"order\":25},{\"localizer\":\"V3SLIDE\",\"url\":\"media\/ftgalslide\/v3\/313F0\/01_086_00043436\/t_adossats_010_2_e.jpg\",\"thumb_url\":\"media\/ftgalslide\/v3\/313F0\/01_086_00043436\/t_adossats_010_2_e_thumb.jpg\",\"title\":\"Adossats\",\"description\":\"Adossats\",\"copyright\":\"\",\"order\":29},{\"localizer\":\"V3SLIDE\",\"url\":\"media\/ftgalslide\/v3\/313F0\/01_086_00043437\/t_adossats_014_2_e.jpg\",\"thumb_url\":\"media\/ftgalslide\/v3\/313F0\/01_086_00043437\/t_adossats_014_2_e_thumb.jpg\",\"title\":\"Adossats\",\"description\":\"Adossats\",\"copyright\":\"\",\"order\":30},{\"localizer\":\"V3SLIDE\",\"url\":\"media\/ftgalslide\/v3\/313F0\/01_086_00043439\/t_adossats_018_1_e.jpg\",\"thumb_url\":\"media\/ftgalslide\/v3\/313F0\/01_086_00043439\/t_adossats_018_1_e_thumb.jpg\",\"title\":\"Adossats\",\"description\":\"Adossats\",\"copyright\":\"\",\"order\":32},{\"localizer\":\"V3SLIDE\",\"url\":\"media\/ftgalslide\/v3\/313F0\/01_086_00043440\/t_adossats_018_2_e.jpg\",\"thumb_url\":\"media\/ftgalslide\/v3\/313F0\/01_086_00043440\/t_adossats_018_2_e_thumb.jpg\",\"title\":\"Adossats\",\"description\":\"Adossats\",\"copyright\":\"\",\"order\":33},{\"localizer\":\"V3SLIDE\",\"url\":\"media\/ftgalslide\/v3\/313F0\/01_086_00043442\/t_adossats_024_1_e.jpg\",\"thumb_url\":\"media\/ftgalslide\/v3\/313F0\/01_086_00043442\/t_adossats_024_1_e_thumb.jpg\",\"title\":\"Adossats\",\"description\":\"Adossats\",\"copyright\":\"\",\"order\":35},{\"localizer\":\"V3SLIDE\",\"url\":\"media\/ftgalslide\/v3\/313F0\/01_086_00043446\/t_adossats_048_1_e.jpg\",\"thumb_url\":\"media\/ftgalslide\/v3\/313F0\/01_086_00043446\/t_adossats_048_1_e_thumb.jpg\",\"title\":\"Adossats\",\"description\":\"Adossats\",\"copyright\":\"\",\"order\":39},{\"localizer\":\"V2CARTELLDISTRI\",\"url\":\"media\/cartell\/distrib\/31452\/01_082_00046137\/cartell-gira-adossats.jpg\",\"thumb_url\":\"media\/cartell\/distrib\/31452\/01_082_00046137\/cartell-gira-adossats_thumb.jpg\",\"title\":\"adossats\",\"description\":\"adossats focus distribucio\",\"copyright\":\"\",\"order\":131},{\"localizer\":\"V2CARTELL\",\"url\":\"media\/ver\/cartell\/31452\/01_079_00046153\/cartell-adossats-teatre-romea-barcelona.jpg\",\"thumb_url\":\"media\/ver\/cartell\/31452\/01_079_00046153\/cartell-adossats-teatre-romea-barcelona_thumb.jpg\",\"title\":\"Adossats\",\"description\":\"adossats teatre romea barcelona\",\"copyright\":\"\",\"order\":135},{\"localizer\":\"V3PORTADAWIDE\",\"url\":\"media\/ver\/port\/v3wide\/31453\/01_088_00046498\/0-adossats-teatre-romea-barcelona-4-uniques-setmanes.jpg\",\"thumb_url\":\"media\/ver\/port\/v3wide\/31453\/01_088_00046498\/0-adossats-teatre-romea-barcelona-4-uniques-setmanes_thumb.jpg\",\"title\":\"Adossats\",\"description\":\"adossats teatre romea barcelona\",\"copyright\":\"\",\"order\":139},{\"localizer\":\"V3CARTELL\",\"url\":\"media\/ver\/cartell\/v3\/31453\/01_085_00046499\/cartell-adossats-teatre-romea-barcelona.jpg\",\"thumb_url\":\"media\/ver\/cartell\/v3\/31453\/01_085_00046499\/cartell-adossats-teatre-romea-barcelona_thumb.jpg\",\"title\":\"Adossats\",\"description\":\"adossats teatre romea barcelona\",\"copyright\":\"\",\"order\":140},{\"localizer\":\"V3PORTADA\",\"url\":\"media\/ver\/port\/v3\/31454\/01_084_00046670\/1-adossats-teatre-romea-barcelona-4-uniques-setmanes.jpg\",\"thumb_url\":\"media\/ver\/port\/v3\/31454\/01_084_00046670\/1-adossats-teatre-romea-barcelona-4-uniques-setmanes_thumb.jpg\",\"title\":\"Adossats\",\"description\":\"adossats teatre romea barcelona\",\"copyright\":\"\",\"order\":141}]","material__texto_intro":"","data_material":null,"data_gallery":"","data_discounts":"[{\"InfoAddicional\":\"<p><strong>Descomptes per a particulars<br \/><\/strong><\/p>\",\"Url\":\"vip.promentrada.com\/ca\/product\/{#CODI#}\",\"Codi\":\"ROM179\",\"LogoUrl\":\"media\/fimage\/31389\/01_005_00038559\/logo_prome_vip_v_web.jpg\",\"TitolBoto\":\"Descomptes per a particulars\",\"Type\":\"discount\"},{\"InfoAddicional\":\"<p><strong>Descomptes per a grups i escoles<br \/><\/strong><\/p>\",\"Url\":\"https:\/\/www.promentrada.com\/ca\/product\/{#CODI#}\",\"Codi\":\"ROM179\",\"LogoUrl\":\"media\/fimage\/31389\/01_005_00038530\/logo_prome_nuevo_v_web.jpg\",\"TitolBoto\":\"Descomptes per a grups i escoles\",\"Type\":\"discount\"}]","contract_is_open":false,"in_tour":false},"yoast_head":"<!-- This site is optimized with the Yoast SEO plugin v27.5 - https:\/\/yoast.com\/product\/yoast-seo-wordpress\/ -->\n<title>Adossats - Teatre Romea<\/title>\n<meta name=\"robots\" content=\"index, follow, max-snippet:-1, max-image-preview:large, max-video-preview:-1\" \/>\n<link rel=\"canonical\" href=\"https:\/\/www.teatreromea.cat\/ca\/ex\/adossats-2\/\" \/>\n<script type=\"application\/ld+json\" class=\"yoast-schema-graph\">{\"@context\":\"https:\\\/\\\/schema.org\",\"@graph\":[{\"@type\":\"WebPage\",\"@id\":\"https:\\\/\\\/www.teatreromea.cat\\\/ca\\\/ex\\\/adossats-2\\\/\",\"url\":\"https:\\\/\\\/www.teatreromea.cat\\\/ca\\\/ex\\\/adossats-2\\\/\",\"name\":\"Adossats - Teatre Romea\",\"isPartOf\":{\"@id\":\"https:\\\/\\\/www.teatreromea.cat\\\/ca\\\/#website\"},\"datePublished\":\"2018-06-15T06:27:05+00:00\",\"breadcrumb\":{\"@id\":\"https:\\\/\\\/www.teatreromea.cat\\\/ca\\\/ex\\\/adossats-2\\\/#breadcrumb\"},\"inLanguage\":\"ca\",\"potentialAction\":[{\"@type\":\"ReadAction\",\"target\":[\"https:\\\/\\\/www.teatreromea.cat\\\/ca\\\/ex\\\/adossats-2\\\/\"]}]},{\"@type\":\"BreadcrumbList\",\"@id\":\"https:\\\/\\\/www.teatreromea.cat\\\/ca\\\/ex\\\/adossats-2\\\/#breadcrumb\",\"itemListElement\":[{\"@type\":\"ListItem\",\"position\":1,\"name\":\"Inici\",\"item\":\"https:\\\/\\\/www.teatreromea.cat\\\/ca\\\/\"},{\"@type\":\"ListItem\",\"position\":2,\"name\":\"Espectacles\",\"item\":\"https:\\\/\\\/www.teatreromea.cat\\\/ca\\\/ex\\\/\"},{\"@type\":\"ListItem\",\"position\":3,\"name\":\"Adossats\"}]},{\"@type\":\"WebSite\",\"@id\":\"https:\\\/\\\/www.teatreromea.cat\\\/ca\\\/#website\",\"url\":\"https:\\\/\\\/www.teatreromea.cat\\\/ca\\\/\",\"name\":\"Teatre Romea\",\"description\":\"\",\"publisher\":{\"@id\":\"https:\\\/\\\/www.teatreromea.cat\\\/ca\\\/#organization\"},\"potentialAction\":[{\"@type\":\"SearchAction\",\"target\":{\"@type\":\"EntryPoint\",\"urlTemplate\":\"https:\\\/\\\/www.teatreromea.cat\\\/ca\\\/?s={search_term_string}\"},\"query-input\":{\"@type\":\"PropertyValueSpecification\",\"valueRequired\":true,\"valueName\":\"search_term_string\"}}],\"inLanguage\":\"ca\"},{\"@type\":\"Organization\",\"@id\":\"https:\\\/\\\/www.teatreromea.cat\\\/ca\\\/#organization\",\"name\":\"Teatre Romea\",\"url\":\"https:\\\/\\\/www.teatreromea.cat\\\/ca\\\/\",\"logo\":{\"@type\":\"ImageObject\",\"inLanguage\":\"ca\",\"@id\":\"https:\\\/\\\/www.teatreromea.cat\\\/ca\\\/#\\\/schema\\\/logo\\\/image\\\/\",\"url\":\"https:\\\/\\\/www.teatreromea.cat\\\/wp-content\\\/uploads\\\/sites\\\/2\\\/2017\\\/09\\\/teatre-romea-logo.svg\",\"contentUrl\":\"https:\\\/\\\/www.teatreromea.cat\\\/wp-content\\\/uploads\\\/sites\\\/2\\\/2017\\\/09\\\/teatre-romea-logo.svg\",\"width\":1,\"height\":1,\"caption\":\"Teatre Romea\"},\"image\":{\"@id\":\"https:\\\/\\\/www.teatreromea.cat\\\/ca\\\/#\\\/schema\\\/logo\\\/image\\\/\"},\"sameAs\":[\"http:\\\/\\\/www.facebook.com\\\/TeatreRomea\",\"https:\\\/\\\/x.com\\\/teatre_romea\",\"http:\\\/\\\/instagram.com\\\/teatreromea\",\"http:\\\/\\\/www.youtube.com\\\/user\\\/TeatreRomea\"]}]}<\/script>\n<!-- \/ Yoast SEO plugin. -->","yoast_head_json":{"title":"Adossats - Teatre Romea","robots":{"index":"index","follow":"follow","max-snippet":"max-snippet:-1","max-image-preview":"max-image-preview:large","max-video-preview":"max-video-preview:-1"},"canonical":"https:\/\/www.teatreromea.cat\/ca\/ex\/adossats-2\/","schema":{"@context":"https:\/\/schema.org","@graph":[{"@type":"WebPage","@id":"https:\/\/www.teatreromea.cat\/ca\/ex\/adossats-2\/","url":"https:\/\/www.teatreromea.cat\/ca\/ex\/adossats-2\/","name":"Adossats - Teatre Romea","isPartOf":{"@id":"https:\/\/www.teatreromea.cat\/ca\/#website"},"datePublished":"2018-06-15T06:27:05+00:00","breadcrumb":{"@id":"https:\/\/www.teatreromea.cat\/ca\/ex\/adossats-2\/#breadcrumb"},"inLanguage":"ca","potentialAction":[{"@type":"ReadAction","target":["https:\/\/www.teatreromea.cat\/ca\/ex\/adossats-2\/"]}]},{"@type":"BreadcrumbList","@id":"https:\/\/www.teatreromea.cat\/ca\/ex\/adossats-2\/#breadcrumb","itemListElement":[{"@type":"ListItem","position":1,"name":"Inici","item":"https:\/\/www.teatreromea.cat\/ca\/"},{"@type":"ListItem","position":2,"name":"Espectacles","item":"https:\/\/www.teatreromea.cat\/ca\/ex\/"},{"@type":"ListItem","position":3,"name":"Adossats"}]},{"@type":"WebSite","@id":"https:\/\/www.teatreromea.cat\/ca\/#website","url":"https:\/\/www.teatreromea.cat\/ca\/","name":"Teatre Romea","description":"","publisher":{"@id":"https:\/\/www.teatreromea.cat\/ca\/#organization"},"potentialAction":[{"@type":"SearchAction","target":{"@type":"EntryPoint","urlTemplate":"https:\/\/www.teatreromea.cat\/ca\/?s={search_term_string}"},"query-input":{"@type":"PropertyValueSpecification","valueRequired":true,"valueName":"search_term_string"}}],"inLanguage":"ca"},{"@type":"Organization","@id":"https:\/\/www.teatreromea.cat\/ca\/#organization","name":"Teatre Romea","url":"https:\/\/www.teatreromea.cat\/ca\/","logo":{"@type":"ImageObject","inLanguage":"ca","@id":"https:\/\/www.teatreromea.cat\/ca\/#\/schema\/logo\/image\/","url":"https:\/\/www.teatreromea.cat\/wp-content\/uploads\/sites\/2\/2017\/09\/teatre-romea-logo.svg","contentUrl":"https:\/\/www.teatreromea.cat\/wp-content\/uploads\/sites\/2\/2017\/09\/teatre-romea-logo.svg","width":1,"height":1,"caption":"Teatre Romea"},"image":{"@id":"https:\/\/www.teatreromea.cat\/ca\/#\/schema\/logo\/image\/"},"sameAs":["http:\/\/www.facebook.com\/TeatreRomea","https:\/\/x.com\/teatre_romea","http:\/\/instagram.com\/teatreromea","http:\/\/www.youtube.com\/user\/TeatreRomea"]}]}},"translations":[{"id":9888,"locale":"ca"},{"id":10252,"locale":"es"}],"_links":{"self":[{"href":"https:\/\/www.teatreromea.cat\/ca\/wp-json\/wp\/v2\/ex\/9888","targetHints":{"allow":["GET"]}}],"collection":[{"href":"https:\/\/www.teatreromea.cat\/ca\/wp-json\/wp\/v2\/ex"}],"about":[{"href":"https:\/\/www.teatreromea.cat\/ca\/wp-json\/wp\/v2\/types\/ex"}],"author":[{"embeddable":true,"href":"https:\/\/www.teatreromea.cat\/ca\/wp-json\/wp\/v2\/users\/2"}],"replies":[{"embeddable":true,"href":"https:\/\/www.teatreromea.cat\/ca\/wp-json\/wp\/v2\/comments?post=9888"}],"acf:term":[{"embeddable":true,"taxonomy":"season","href":"https:\/\/www.teatreromea.cat\/ca\/wp-json\/wp\/v2\/season\/149"}],"wp:attachment":[{"href":"https:\/\/www.teatreromea.cat\/ca\/wp-json\/wp\/v2\/media?parent=9888"}],"curies":[{"name":"wp","href":"https:\/\/api.w.org\/{rel}","templated":true}]}}