{"id":9823,"date":"2017-09-07T13:27:54","date_gmt":"2017-09-07T11:27:54","guid":{"rendered":"https:\/\/pre.teatreromea.cat\/ex\/\/el-grito-en-el-cielo\/"},"modified":"2017-09-07T13:27:54","modified_gmt":"2017-09-07T11:27:54","slug":"el-grito-en-el-cielo","status":"publish","type":"ex","link":"https:\/\/www.teatreromea.cat\/ca\/ex\/el-grito-en-el-cielo\/","title":{"rendered":"El grito en el cielo"},"content":{"rendered":"","protected":false},"excerpt":{"rendered":"","protected":false},"author":2,"featured_media":0,"comment_status":"closed","ping_status":"open","template":"","class_list":["post-9823","ex","type-ex","status-publish","hentry","season-2015-16"],"acf":{"txt_synopsis":"<p align=\"justify\">Presoners de l\u2019her\u00e8ncia gen\u00e8tica, dels historials m\u00e8dics i del consum estad\u00edstic que administra el seu temps, aquests cossos desnonats acabaren dipositats en aquest magatzem d\u2019\u00f2rgans deteriorats, sense possible regeneraci\u00f3. Una confortable i as\u00e8ptica avantsala de la mort. Malgrat tot, a aquestes vides redu\u00efdes a mecanismes org\u00e0nics no els han pogut abolir totalment la contraindicaci\u00f3 de somniar.<br \/><br \/>Alguns decideixen escapar-se de l\u2019acte final del seu dest\u00ed, tot intentant una fugida de la defunci\u00f3 m\u00e8dicament certificada vers la llegend\u00e0ria font de l\u2019eterna joventut. Un viatge de retorn a la vida recuperant el dolor com a dimensi\u00f3 humana i la joia de la llibertat perduda. Viure a la intemp\u00e8rie de l\u2019\u00e0nima.<br \/><\/p>\n<p align=\"justify\"><strong>Durada:<\/strong> 1 hora i 15 minuts<\/p>\n<p align=\"justify\"><strong>La Zaranda, Teatro Inestable de Andaluc\u00eda la Baja<\/strong>, \u00e9s una companyia de Jerez, amb 36 anys d'experi\u00e8ncia, que continua desenvolupant una intensa tasca creativa que li ha valgut un gran prestigi nacional i tamb\u00e9 internacional. Les seves obres tracten temes com&nbsp;la mort o la devastaci\u00f3 que deixa el pas del temps, o la mem\u00f2ria... S\u00f3n assumptes que pel fet de ser tractats amb fortes dosis d'humor i d'ironia, no perden en absolut gravetat. Aquesta \u00e9s la gr\u00e0cia de La Zaranda, <strong>una companyia&nbsp;capa\u00e7 de riure's del mort i de qui el vetlla<\/strong>. <br \/><br \/><strong>L'any 2010 van rebre el Premi Nacional de Teatre.<\/strong><\/p><br \/><br \/>\n<p align=\"center\"><a href=\"http:\/\/issuu.com\/grupfocus\/docs\/revista_latemporada_grupfocus_1516\/\"><strong>Cliqui aqu\u00ed per consultar la temporada 15\/16 del Grup Focus<\/strong><\/a>&nbsp;<\/p>","main_buy_link":"#","main_buy_links":"","group_buy_link":"","show_language":"","show_duration":"","show_start_date":"20150908000000","show_end_date":"20150920000000","show_sort_date":"20150908000000","txt_custom_show_dates":"del 8 al 20 de setembre de 2015","show_disciplines":"","show_ultimes_funcions":false,"hide_tarifes_especials":false,"show_properament":false,"txt_additional_info":"","txt_present":"","show_season":[146],"txt_season":"[\"2015\/16\"]","txt_cycle":"","txt_claim":"","txt_cast_excerpt":"<strong>Text i dramat\u00fargia:<\/strong> Eusebio Calonge<br \/><strong>Direcci\u00f3:<\/strong> Paco de la Zaranda<br \/>","txt_cast":"<p><strong>Text i dramat\u00fargia:<\/strong> Eusebio Calonge<br \/><strong>Direcci\u00f3:<\/strong> Paco de la Zaranda<\/p>\n<p><strong>Repartiment<br \/><\/strong>Celia Bermejo<br \/>Enrique Bustos<br \/>Gaspar Campuzano<br \/>Iosune Onraita<br \/>Francisco S\u00e1nchez<\/p>\n<p><strong>Escenografia:<\/strong> Paco de La Zaranda<br \/><strong>Il\u00b7luminaci\u00f3<\/strong>: E. Calonge<br \/><strong>M\u00fasica:<\/strong> T\u00e4nnhauser Richard Wagner (transcripci\u00f3 per a piano de Franz Liszt)<br \/><br \/><strong>Producci\u00f3<\/strong>: La Zaranda. Teatro inestable de Andaluc\u00eda la Baja<\/p>","txt_reviews":"","hashtag":"","have_promo":"","slogan":"","id_exhibicio":1193,"id_versio":971,"id_local":1,"txt_seo_desc":"","data_images":"[{\"localizer\":\"V2PORTADA\",\"url\":\"media\/ver\/port\/31322\/01_078_00034134\/portadaweb.jpg\",\"thumb_url\":\"media\/ver\/port\/31322\/01_078_00034134\/portadaweb_thumb.jpg\",\"title\":\"El grito en el cielo\",\"description\":\"El grito en el cielo\",\"copyright\":\"\",\"order\":2},{\"localizer\":\"V2SLIDE\",\"url\":\"media\/ftgalslide\/31323\/01_076_00034450\/Slideweb1.jpg\",\"thumb_url\":\"media\/ftgalslide\/31323\/01_076_00034450\/Slideweb1_thumb.jpg\",\"title\":\"El grito en el cielo\",\"description\":\"La Zaranda, Teatro Inestable de Andaluc\u00eda la Baja\",\"copyright\":\"https:\/\/www.youtube.com\/watch?v=J4zjZZ8I-uo\",\"order\":2},{\"localizer\":\"V2SLIDE\",\"url\":\"media\/ftgalslide\/31322\/01_076_00034199\/Slideweb1.jpg\",\"thumb_url\":\"media\/ftgalslide\/31322\/01_076_00034199\/Slideweb1_thumb.jpg\",\"title\":\"El grito en el cielo\",\"description\":\"La Zaranda. Teatro Inestable de Andaluc\u00eda la Baja\",\"copyright\":\"\",\"order\":3},{\"localizer\":\"V2SLIDE\",\"url\":\"media\/ftgalslide\/31322\/01_076_00034200\/Slideweb2.jpg\",\"thumb_url\":\"media\/ftgalslide\/31322\/01_076_00034200\/Slideweb2_thumb.jpg\",\"title\":\"El grito en el cielo\",\"description\":\"La Zaranda. Teatro Inestable de Andaluc\u00eda la Baja\",\"copyright\":\"\",\"order\":4},{\"localizer\":\"V2SLIDE\",\"url\":\"media\/ftgalslide\/31322\/01_076_00034201\/Slideweb3.jpg\",\"thumb_url\":\"media\/ftgalslide\/31322\/01_076_00034201\/Slideweb3_thumb.jpg\",\"title\":\"El grito en el cielo\",\"description\":\"La Zaranda. Teatro Inestable de Andaluc\u00eda la Baja\",\"copyright\":\"\",\"order\":5},{\"localizer\":\"V2SLIDE\",\"url\":\"media\/ftgalslide\/31322\/01_076_00034202\/Slideweb4.jpg\",\"thumb_url\":\"media\/ftgalslide\/31322\/01_076_00034202\/Slideweb4_thumb.jpg\",\"title\":\"El grito en el cielo\",\"description\":\"La Zaranda. Teatro Inestable de Andaluc\u00eda la Baja\",\"copyright\":\"\",\"order\":6},{\"localizer\":\"V2SLIDE\",\"url\":\"media\/ftgalslide\/31322\/01_076_00034203\/Slideweb5.jpg\",\"thumb_url\":\"media\/ftgalslide\/31322\/01_076_00034203\/Slideweb5_thumb.jpg\",\"title\":\"El grito en el cielo\",\"description\":\"La Zaranda. Teatro Inestable de Andaluc\u00eda la Baja\",\"copyright\":\"\",\"order\":7},{\"localizer\":\"V2SLIDE\",\"url\":\"media\/ftgalslide\/31322\/01_076_00034204\/Slideweb6.jpg\",\"thumb_url\":\"media\/ftgalslide\/31322\/01_076_00034204\/Slideweb6_thumb.jpg\",\"title\":\"El grito en el cielo\",\"description\":\"La Zaranda. Teatro Inestable de Andaluc\u00eda la Baja\",\"copyright\":\"\",\"order\":8},{\"localizer\":\"V2SLIDE\",\"url\":\"media\/ftgalslide\/31322\/01_076_00034205\/Slideweb7.jpg\",\"thumb_url\":\"media\/ftgalslide\/31322\/01_076_00034205\/Slideweb7_thumb.jpg\",\"title\":\"El grito en el cielo\",\"description\":\"La Zaranda. Teatro Inestable de Andaluc\u00eda la Baja\",\"copyright\":\"\",\"order\":9},{\"localizer\":\"V2SLIDE\",\"url\":\"media\/ftgalslide\/31322\/01_076_00034206\/Slideweb8.jpg\",\"thumb_url\":\"media\/ftgalslide\/31322\/01_076_00034206\/Slideweb8_thumb.jpg\",\"title\":\"El grito en el cielo\",\"description\":\"La Zaranda. Teatro Inestable de Andaluc\u00eda la Baja\",\"copyright\":\"\",\"order\":10},{\"localizer\":\"VERS_IMATGE_ESPECTACLE\",\"url\":\"media\/ftespect\/31323\/01_020_00034300\/Slideweb1.jpg\",\"thumb_url\":\"media\/ftespect\/31323\/01_020_00034300\/Slideweb1_thumb.jpg\",\"title\":\"El grito en el cielo\",\"description\":\"La Zaranda\",\"copyright\":\"\",\"order\":11},{\"localizer\":\"VERS_IMATGE_ESPECTACLE\",\"url\":\"media\/ftespect\/31323\/01_020_00034301\/Slideweb2.jpg\",\"thumb_url\":\"media\/ftespect\/31323\/01_020_00034301\/Slideweb2_thumb.jpg\",\"title\":\"El grito en el cielo\",\"description\":\" \",\"copyright\":\"\",\"order\":12},{\"localizer\":\"VERS_IMATGE_ESPECTACLE\",\"url\":\"media\/ftespect\/31323\/01_020_00034302\/Slideweb3.jpg\",\"thumb_url\":\"media\/ftespect\/31323\/01_020_00034302\/Slideweb3_thumb.jpg\",\"title\":\"El grito en el cielo\",\"description\":\" \",\"copyright\":\"\",\"order\":13},{\"localizer\":\"VERS_IMATGE_ESPECTACLE\",\"url\":\"media\/ftespect\/31323\/01_020_00034303\/Slideweb5.jpg\",\"thumb_url\":\"media\/ftespect\/31323\/01_020_00034303\/Slideweb5_thumb.jpg\",\"title\":\"El grito en el cielo\",\"description\":\" \",\"copyright\":\"\",\"order\":14},{\"localizer\":\"VERS_IMATGE_ESPECTACLE\",\"url\":\"media\/ftespect\/31323\/01_020_00034304\/Slideweb4.jpg\",\"thumb_url\":\"media\/ftespect\/31323\/01_020_00034304\/Slideweb4_thumb.jpg\",\"title\":\"El grito en el cielo\",\"description\":\" \",\"copyright\":\"\",\"order\":15},{\"localizer\":\"VERS_IMATGE_ESPECTACLE\",\"url\":\"media\/ftespect\/31323\/01_020_00034305\/Slideweb6.jpg\",\"thumb_url\":\"media\/ftespect\/31323\/01_020_00034305\/Slideweb6_thumb.jpg\",\"title\":\"El grito en el cielo\",\"description\":\" \",\"copyright\":\"\",\"order\":16},{\"localizer\":\"VERS_IMATGE_ESPECTACLE\",\"url\":\"media\/ftespect\/31323\/01_020_00034306\/Slideweb7.jpg\",\"thumb_url\":\"media\/ftespect\/31323\/01_020_00034306\/Slideweb7_thumb.jpg\",\"title\":\"El grito en el cielo\",\"description\":\" \",\"copyright\":\"\",\"order\":17},{\"localizer\":\"VERS_IMATGE_ESPECTACLE\",\"url\":\"media\/ftespect\/31323\/01_020_00034307\/Slideweb8.jpg\",\"thumb_url\":\"media\/ftespect\/31323\/01_020_00034307\/Slideweb8_thumb.jpg\",\"title\":\"El grito en el cielo\",\"description\":\" \",\"copyright\":\"\",\"order\":18},{\"localizer\":\"V2CARTELL\",\"url\":\"media\/ver\/cartell\/31324\/01_079_00034739\/cartell_V_ZARANDA01.jpg\",\"thumb_url\":\"media\/ver\/cartell\/31324\/01_079_00034739\/cartell_V_ZARANDA01_thumb.jpg\",\"title\":\"cartell zaranda negre\",\"description\":\"cartell zaranda negre\",\"copyright\":\"https:\/\/d1wfclq6bigznq.cloudfront.net\/tkrfc\/default\/092grito.jpg\",\"order\":19}]","material__texto_intro":"","data_material":null,"data_gallery":"","data_discounts":"[{\"InfoAddicional\":\"<p><strong>Descomptes per a grups i escoles<br \/><\/strong><\/p>\",\"Url\":\"http:\/\/www.promentrada.com\",\"Codi\":\"0\",\"LogoUrl\":\"media\/fimage\/31389\/01_005_00038530\/logo_prome_nuevo_v_web.jpg\",\"TitolBoto\":\"Descomptes per a grups i escoles\",\"Type\":\"discount\"},{\"InfoAddicional\":\"<p><strong>Descomptes per a particulars<br \/><\/strong><\/p>\",\"Url\":\"http:\/\/vip.promentrada.com\",\"Codi\":\"0\",\"LogoUrl\":\"media\/fimage\/31389\/01_005_00038559\/logo_prome_vip_v_web.jpg\",\"TitolBoto\":\"Descomptes per a particulars\",\"Type\":\"discount\"}]","contract_is_open":false,"in_tour":false},"yoast_head":"<!-- This site is optimized with the Yoast SEO plugin v27.5 - https:\/\/yoast.com\/product\/yoast-seo-wordpress\/ -->\n<title>El grito en el cielo - Teatre Romea<\/title>\n<meta name=\"robots\" content=\"index, follow, max-snippet:-1, max-image-preview:large, max-video-preview:-1\" \/>\n<link rel=\"canonical\" href=\"https:\/\/www.teatreromea.cat\/ca\/ex\/el-grito-en-el-cielo\/\" \/>\n<script type=\"application\/ld+json\" class=\"yoast-schema-graph\">{\"@context\":\"https:\\\/\\\/schema.org\",\"@graph\":[{\"@type\":\"WebPage\",\"@id\":\"https:\\\/\\\/www.teatreromea.cat\\\/ca\\\/ex\\\/el-grito-en-el-cielo\\\/\",\"url\":\"https:\\\/\\\/www.teatreromea.cat\\\/ca\\\/ex\\\/el-grito-en-el-cielo\\\/\",\"name\":\"El grito en el cielo - Teatre Romea\",\"isPartOf\":{\"@id\":\"https:\\\/\\\/www.teatreromea.cat\\\/ca\\\/#website\"},\"datePublished\":\"2017-09-07T11:27:54+00:00\",\"breadcrumb\":{\"@id\":\"https:\\\/\\\/www.teatreromea.cat\\\/ca\\\/ex\\\/el-grito-en-el-cielo\\\/#breadcrumb\"},\"inLanguage\":\"ca\",\"potentialAction\":[{\"@type\":\"ReadAction\",\"target\":[\"https:\\\/\\\/www.teatreromea.cat\\\/ca\\\/ex\\\/el-grito-en-el-cielo\\\/\"]}]},{\"@type\":\"BreadcrumbList\",\"@id\":\"https:\\\/\\\/www.teatreromea.cat\\\/ca\\\/ex\\\/el-grito-en-el-cielo\\\/#breadcrumb\",\"itemListElement\":[{\"@type\":\"ListItem\",\"position\":1,\"name\":\"Inici\",\"item\":\"https:\\\/\\\/www.teatreromea.cat\\\/ca\\\/\"},{\"@type\":\"ListItem\",\"position\":2,\"name\":\"Espectacles\",\"item\":\"https:\\\/\\\/www.teatreromea.cat\\\/ca\\\/ex\\\/\"},{\"@type\":\"ListItem\",\"position\":3,\"name\":\"El grito en el cielo\"}]},{\"@type\":\"WebSite\",\"@id\":\"https:\\\/\\\/www.teatreromea.cat\\\/ca\\\/#website\",\"url\":\"https:\\\/\\\/www.teatreromea.cat\\\/ca\\\/\",\"name\":\"Teatre Romea\",\"description\":\"\",\"publisher\":{\"@id\":\"https:\\\/\\\/www.teatreromea.cat\\\/ca\\\/#organization\"},\"potentialAction\":[{\"@type\":\"SearchAction\",\"target\":{\"@type\":\"EntryPoint\",\"urlTemplate\":\"https:\\\/\\\/www.teatreromea.cat\\\/ca\\\/?s={search_term_string}\"},\"query-input\":{\"@type\":\"PropertyValueSpecification\",\"valueRequired\":true,\"valueName\":\"search_term_string\"}}],\"inLanguage\":\"ca\"},{\"@type\":\"Organization\",\"@id\":\"https:\\\/\\\/www.teatreromea.cat\\\/ca\\\/#organization\",\"name\":\"Teatre Romea\",\"url\":\"https:\\\/\\\/www.teatreromea.cat\\\/ca\\\/\",\"logo\":{\"@type\":\"ImageObject\",\"inLanguage\":\"ca\",\"@id\":\"https:\\\/\\\/www.teatreromea.cat\\\/ca\\\/#\\\/schema\\\/logo\\\/image\\\/\",\"url\":\"https:\\\/\\\/www.teatreromea.cat\\\/wp-content\\\/uploads\\\/sites\\\/2\\\/2017\\\/09\\\/teatre-romea-logo.svg\",\"contentUrl\":\"https:\\\/\\\/www.teatreromea.cat\\\/wp-content\\\/uploads\\\/sites\\\/2\\\/2017\\\/09\\\/teatre-romea-logo.svg\",\"width\":1,\"height\":1,\"caption\":\"Teatre Romea\"},\"image\":{\"@id\":\"https:\\\/\\\/www.teatreromea.cat\\\/ca\\\/#\\\/schema\\\/logo\\\/image\\\/\"},\"sameAs\":[\"http:\\\/\\\/www.facebook.com\\\/TeatreRomea\",\"https:\\\/\\\/x.com\\\/teatre_romea\",\"http:\\\/\\\/instagram.com\\\/teatreromea\",\"http:\\\/\\\/www.youtube.com\\\/user\\\/TeatreRomea\"]}]}<\/script>\n<!-- \/ Yoast SEO plugin. -->","yoast_head_json":{"title":"El grito en el cielo - Teatre Romea","robots":{"index":"index","follow":"follow","max-snippet":"max-snippet:-1","max-image-preview":"max-image-preview:large","max-video-preview":"max-video-preview:-1"},"canonical":"https:\/\/www.teatreromea.cat\/ca\/ex\/el-grito-en-el-cielo\/","schema":{"@context":"https:\/\/schema.org","@graph":[{"@type":"WebPage","@id":"https:\/\/www.teatreromea.cat\/ca\/ex\/el-grito-en-el-cielo\/","url":"https:\/\/www.teatreromea.cat\/ca\/ex\/el-grito-en-el-cielo\/","name":"El grito en el cielo - Teatre Romea","isPartOf":{"@id":"https:\/\/www.teatreromea.cat\/ca\/#website"},"datePublished":"2017-09-07T11:27:54+00:00","breadcrumb":{"@id":"https:\/\/www.teatreromea.cat\/ca\/ex\/el-grito-en-el-cielo\/#breadcrumb"},"inLanguage":"ca","potentialAction":[{"@type":"ReadAction","target":["https:\/\/www.teatreromea.cat\/ca\/ex\/el-grito-en-el-cielo\/"]}]},{"@type":"BreadcrumbList","@id":"https:\/\/www.teatreromea.cat\/ca\/ex\/el-grito-en-el-cielo\/#breadcrumb","itemListElement":[{"@type":"ListItem","position":1,"name":"Inici","item":"https:\/\/www.teatreromea.cat\/ca\/"},{"@type":"ListItem","position":2,"name":"Espectacles","item":"https:\/\/www.teatreromea.cat\/ca\/ex\/"},{"@type":"ListItem","position":3,"name":"El grito en el cielo"}]},{"@type":"WebSite","@id":"https:\/\/www.teatreromea.cat\/ca\/#website","url":"https:\/\/www.teatreromea.cat\/ca\/","name":"Teatre Romea","description":"","publisher":{"@id":"https:\/\/www.teatreromea.cat\/ca\/#organization"},"potentialAction":[{"@type":"SearchAction","target":{"@type":"EntryPoint","urlTemplate":"https:\/\/www.teatreromea.cat\/ca\/?s={search_term_string}"},"query-input":{"@type":"PropertyValueSpecification","valueRequired":true,"valueName":"search_term_string"}}],"inLanguage":"ca"},{"@type":"Organization","@id":"https:\/\/www.teatreromea.cat\/ca\/#organization","name":"Teatre Romea","url":"https:\/\/www.teatreromea.cat\/ca\/","logo":{"@type":"ImageObject","inLanguage":"ca","@id":"https:\/\/www.teatreromea.cat\/ca\/#\/schema\/logo\/image\/","url":"https:\/\/www.teatreromea.cat\/wp-content\/uploads\/sites\/2\/2017\/09\/teatre-romea-logo.svg","contentUrl":"https:\/\/www.teatreromea.cat\/wp-content\/uploads\/sites\/2\/2017\/09\/teatre-romea-logo.svg","width":1,"height":1,"caption":"Teatre Romea"},"image":{"@id":"https:\/\/www.teatreromea.cat\/ca\/#\/schema\/logo\/image\/"},"sameAs":["http:\/\/www.facebook.com\/TeatreRomea","https:\/\/x.com\/teatre_romea","http:\/\/instagram.com\/teatreromea","http:\/\/www.youtube.com\/user\/TeatreRomea"]}]}},"translations":[{"id":9823,"locale":"ca"},{"id":10187,"locale":"es"}],"_links":{"self":[{"href":"https:\/\/www.teatreromea.cat\/ca\/wp-json\/wp\/v2\/ex\/9823","targetHints":{"allow":["GET"]}}],"collection":[{"href":"https:\/\/www.teatreromea.cat\/ca\/wp-json\/wp\/v2\/ex"}],"about":[{"href":"https:\/\/www.teatreromea.cat\/ca\/wp-json\/wp\/v2\/types\/ex"}],"author":[{"embeddable":true,"href":"https:\/\/www.teatreromea.cat\/ca\/wp-json\/wp\/v2\/users\/2"}],"replies":[{"embeddable":true,"href":"https:\/\/www.teatreromea.cat\/ca\/wp-json\/wp\/v2\/comments?post=9823"}],"acf:term":[{"embeddable":true,"taxonomy":"season","href":"https:\/\/www.teatreromea.cat\/ca\/wp-json\/wp\/v2\/season\/146"}],"wp:attachment":[{"href":"https:\/\/www.teatreromea.cat\/ca\/wp-json\/wp\/v2\/media?parent=9823"}],"curies":[{"name":"wp","href":"https:\/\/api.w.org\/{rel}","templated":true}]}}