{"id":9745,"date":"2017-09-07T13:26:51","date_gmt":"2017-09-07T11:26:51","guid":{"rendered":"https:\/\/pre.teatreromea.cat\/ex\/\/almuerzo-en-casa-de-los-wittgenstein-ritter-dene-voss\/"},"modified":"2017-09-07T13:26:51","modified_gmt":"2017-09-07T11:26:51","slug":"almuerzo-en-casa-de-los-wittgenstein-ritter-dene-voss","status":"publish","type":"ex","link":"https:\/\/www.teatreromea.cat\/ca\/ex\/almuerzo-en-casa-de-los-wittgenstein-ritter-dene-voss\/","title":{"rendered":"Almuerzo en casa de los Wittgenstein (Ritter, Dene, Voss)"},"content":{"rendered":"","protected":false},"excerpt":{"rendered":"","protected":false},"author":2,"featured_media":0,"comment_status":"closed","ping_status":"open","template":"","class_list":["post-9745","ex","type-ex","status-publish","hentry","season-2009-10"],"acf":{"txt_synopsis":"<p align=\"justify\">Ludwig, o Voss, \u00e9s un fil\u00f2sof que acaba de sortir d'un dels manicomis m\u00e9s coneguts d\u2019\u00c0ustria. En arribar a casa seva, el domicili d\u2019una fam\u00edlia culta i decadent de la vella Europa, les seves dues germanes, Ritter i Dene, les dues actrius retirades, li organitzen un dinar de benvinguda. Veritats desconegudes, a vegades sorprenents, seran revelades durant la trobada entre aquests tres personatges, atrapats en les convencions d\u2019una fam\u00edlia acomodada.<\/p>","main_buy_link":"#","main_buy_links":"","group_buy_link":"","show_language":"","show_duration":"","show_start_date":"20100710000000","show_end_date":"20100815000000","show_sort_date":"20100710000000","txt_custom_show_dates":"del 10 de juliol al 15 d'agost de 2010","show_disciplines":"","show_ultimes_funcions":false,"hide_tarifes_especials":false,"show_properament":false,"txt_additional_info":"","txt_present":"","show_season":[140],"txt_season":"[\"2009\/10\"]","txt_cycle":"","txt_claim":"","txt_cast_excerpt":"","txt_cast":"","txt_reviews":"","hashtag":"","have_promo":"","slogan":"","id_exhibicio":603,"id_versio":472,"id_local":1,"txt_seo_desc":"","data_images":"[{\"localizer\":\"VERS_PDF_GIRES\",\"url\":\"media\/pressdoc\/31133\/01_021_00011894\/FT_Almuerzo_en_casaCat.pdf\",\"thumb_url\":\"\",\"title\":\"Almuerzo en casa de los Wittgenstein (Ritter, Dene, Voss).\",\"description\":\"Fitxa t\u00e8cnica\",\"copyright\":\"\",\"order\":1},{\"localizer\":\"VERS_IMATGE_ESPECTACLE\",\"url\":\"media\/ftespect\/3112F\/01_020_00010109\/gal01.jpg\",\"thumb_url\":\"media\/ftespect\/3112F\/01_020_00010109\/gal01_thumb.jpg\",\"title\":\"Almuerzo en casa de los Wittgenstein (Ritter, Dene, Voss)\",\"description\":\"Almuerzo en casa de los Wittgenstein (Ritter, Dene, Voss)\",\"copyright\":\"Copyright David Ruano\",\"order\":1},{\"localizer\":\"VERS_PORTADA_TEATRE\",\"url\":\"media\/obraporttea\/3112F\/01_017_00010103\/portada02.jpg\",\"thumb_url\":\"\",\"title\":\"Almuerzo en casa de los Wittgenstein (Ritter, Dene, Voss)\",\"description\":\"Almuerzo en casa de los Wittgenstein (Ritter, Dene, Voss)\",\"copyright\":\"\",\"order\":1},{\"localizer\":\"VERS_IMATGE_ESPECTACLE\",\"url\":\"media\/ftespect\/3112F\/01_020_00010110\/gal02.jpg\",\"thumb_url\":\"media\/ftespect\/3112F\/01_020_00010110\/gal02_thumb.jpg\",\"title\":\"Almuerzo en casa de los Wittgenstein (Ritter, Dene, Voss)\",\"description\":\"Almuerzo en casa de los Wittgenstein (Ritter, Dene, Voss)\",\"copyright\":\"Copyright David Ruano\",\"order\":2},{\"localizer\":\"VERS_PDF_GIRES\",\"url\":\"media\/pressdoc\/31133\/01_021_00011895\/FT_Almuerzo_en_casaCast.pdf\",\"thumb_url\":\"\",\"title\":\"Almuerzo en casa de los Wittgenstein (Ritter, Dene, Voss).\",\"description\":\"Ficha t\u00e9cnica\",\"copyright\":\"\",\"order\":2},{\"localizer\":\"VERS_PORTADA_TEATRE\",\"url\":\"media\/obraporttea\/3112F\/01_017_00010104\/port01.jpg\",\"thumb_url\":\"\",\"title\":\"Almuerzo en casa de los Wittgenstein (Ritter, Dene, Voss)\",\"description\":\"Almuerzo en casa de los Wittgenstein (Ritter, Dene, Voss)\",\"copyright\":\"\",\"order\":2},{\"localizer\":\"VERS_PORTADA_TEATRE\",\"url\":\"media\/obraporttea\/3112F\/01_017_00010107\/port03.jpg\",\"thumb_url\":\"\",\"title\":\"Almuerzo en casa de los Wittgenstein (Ritter, Dene, Voss)\",\"description\":\"Almuerzo en casa de los Wittgenstein (Ritter, Dene, Voss)\",\"copyright\":\"\",\"order\":3},{\"localizer\":\"VERS_IMATGE_ESPECTACLE\",\"url\":\"media\/ftespect\/3112F\/01_020_00010111\/gal03.jpg\",\"thumb_url\":\"media\/ftespect\/3112F\/01_020_00010111\/gal03_thumb.jpg\",\"title\":\"Almuerzo en casa de los Wittgenstein (Ritter, Dene, Voss)\",\"description\":\"Almuerzo en casa de los Wittgenstein (Ritter, Dene, Voss)\",\"copyright\":\"Copyright David Ruano\",\"order\":3},{\"localizer\":\"VERS_PDF_GIRES\",\"url\":\"media\/pressdoc\/31131\/01_021_00011037\/dossier_almuerzo.pdf\",\"thumb_url\":\"\",\"title\":\"Almuerzo en casa de los Wittgenstein (Ritter, Dene, Voss).\",\"description\":\"Dossier de premsa\",\"copyright\":\"\",\"order\":3},{\"localizer\":\"VERS_IMATGE_ESPECTACLE\",\"url\":\"media\/ftespect\/3112F\/01_020_00010112\/gal04.jpg\",\"thumb_url\":\"media\/ftespect\/3112F\/01_020_00010112\/gal04_thumb.jpg\",\"title\":\"Almuerzo en casa de los Wittgenstein (Ritter, Dene, Voss)\",\"description\":\"Almuerzo en casa de los Wittgenstein (Ritter, Dene, Voss)\",\"copyright\":\"Copyright David Ruano\",\"order\":4},{\"localizer\":\"VERS_PORTADA_TEATRE\",\"url\":\"media\/obraporttea\/3112F\/01_017_00010105\/port04.jpg\",\"thumb_url\":\"\",\"title\":\"Almuerzo en casa de los Wittgenstein (Ritter, Dene, Voss)\",\"description\":\"Almuerzo en casa de los Wittgenstein (Ritter, Dene, Voss)\",\"copyright\":\"\",\"order\":4},{\"localizer\":\"VERS_IMATGE_ESPECTACLE\",\"url\":\"media\/ftespect\/3112F\/01_020_00010113\/gal05.jpg\",\"thumb_url\":\"media\/ftespect\/3112F\/01_020_00010113\/gal05_thumb.jpg\",\"title\":\"Almuerzo en casa de los Wittgenstein (Ritter, Dene, Voss)\",\"description\":\"Almuerzo en casa de los Wittgenstein (Ritter, Dene, Voss)\",\"copyright\":\"Copyright David Ruano\",\"order\":5},{\"localizer\":\"VERS_PORTADA_TEATRE\",\"url\":\"media\/obraporttea\/3112F\/01_017_00010106\/port02.jpg\",\"thumb_url\":\"\",\"title\":\"Almuerzo en casa de los Wittgenstein (Ritter, Dene, Voss)\",\"description\":\"Almuerzo en casa de los Wittgenstein (Ritter, Dene, Voss)\",\"copyright\":\"\",\"order\":5},{\"localizer\":\"VERS_PORTADA_TEATRE\",\"url\":\"media\/obraporttea\/3112F\/01_017_00010108\/port05.jpg\",\"thumb_url\":\"\",\"title\":\"Almuerzo en casa de los Wittgenstein (Ritter, Dene, Voss)\",\"description\":\"Almuerzo en casa de los Wittgenstein (Ritter, Dene, Voss)\",\"copyright\":\"\",\"order\":6},{\"localizer\":\"V2SLIDE\",\"url\":\"media\/ftgalslide\/312B9\/01_076_00027684\/Almuerzo_04.JPG\",\"thumb_url\":\"media\/ftgalslide\/312B9\/01_076_00027684\/Almuerzo_04_thumb.jpg\",\"title\":\"Almuerzo en casa de los Wittgenstein (Ritter, Dene, Voss)\",\"description\":\" \",\"copyright\":\"\",\"order\":7},{\"localizer\":\"V2SLIDE\",\"url\":\"media\/ftgalslide\/312B9\/01_076_00027685\/Almuerzo_13.JPG\",\"thumb_url\":\"media\/ftgalslide\/312B9\/01_076_00027685\/Almuerzo_13_thumb.jpg\",\"title\":\"Almuerzo en casa de los Wittgenstein (Ritter, Dene, Voss)\",\"description\":\" \",\"copyright\":\"\",\"order\":8},{\"localizer\":\"V2SLIDE\",\"url\":\"media\/ftgalslide\/312B9\/01_076_00027686\/Almuerzo_28.JPG\",\"thumb_url\":\"media\/ftgalslide\/312B9\/01_076_00027686\/Almuerzo_28_thumb.jpg\",\"title\":\"Almuerzo en casa de los Wittgenstein (Ritter, Dene, Voss)\",\"description\":\" \",\"copyright\":\"\",\"order\":9},{\"localizer\":\"V2SLIDE\",\"url\":\"media\/ftgalslide\/312B9\/01_076_00027687\/Almuerzoa_01.JPG\",\"thumb_url\":\"media\/ftgalslide\/312B9\/01_076_00027687\/Almuerzoa_01_thumb.jpg\",\"title\":\"Almuerzo en casa de los Wittgenstein (Ritter, Dene, Voss)\",\"description\":\" \",\"copyright\":\"\",\"order\":10},{\"localizer\":\"V2SLIDE\",\"url\":\"media\/ftgalslide\/312B9\/01_076_00027688\/Almuerzoa_12.JPG\",\"thumb_url\":\"media\/ftgalslide\/312B9\/01_076_00027688\/Almuerzoa_12_thumb.jpg\",\"title\":\"Almuerzo en casa de los Wittgenstein (Ritter, Dene, Voss)\",\"description\":\" \",\"copyright\":\"\",\"order\":11},{\"localizer\":\"V2SLIDE\",\"url\":\"media\/ftgalslide\/312B9\/01_076_00027689\/Almuerzoa_28.JPG\",\"thumb_url\":\"media\/ftgalslide\/312B9\/01_076_00027689\/Almuerzoa_28_thumb.jpg\",\"title\":\"Almuerzo en casa de los Wittgenstein (Ritter, Dene, Voss)\",\"description\":\" \",\"copyright\":\"\",\"order\":12},{\"localizer\":\"V2SLIDE\",\"url\":\"media\/ftgalslide\/312B9\/01_076_00027690\/Almuerzoa_31.JPG\",\"thumb_url\":\"media\/ftgalslide\/312B9\/01_076_00027690\/Almuerzoa_31_thumb.jpg\",\"title\":\"Almuerzo en casa de los Wittgenstein (Ritter, Dene, Voss)\",\"description\":\" \",\"copyright\":\"\",\"order\":13},{\"localizer\":\"VERS_PORTADA_ESPECTACLE\",\"url\":\"media\/obraport\/3112E\/01_014_00009919\/list2.jpg\",\"thumb_url\":\"\",\"title\":\"Almuerzo en casa de los Wittgenstein\",\"description\":\"Almuerzo en casa de los Wittgenstein\",\"copyright\":\"\",\"order\":-1}]","material__texto_intro":"","data_material":null,"data_gallery":"","data_discounts":"[{\"InfoAddicional\":\".\",\"Url\":\"http:\/\/www.promentrada.com\",\"Codi\":\"0\",\"LogoUrl\":\"\",\"TitolBoto\":\"\",\"Type\":\"discount\"}]","contract_is_open":false,"in_tour":false},"yoast_head":"<!-- This site is optimized with the Yoast SEO plugin v27.5 - https:\/\/yoast.com\/product\/yoast-seo-wordpress\/ -->\n<title>Almuerzo en casa de los Wittgenstein (Ritter, Dene, Voss) - Teatre Romea<\/title>\n<meta name=\"robots\" content=\"index, follow, max-snippet:-1, max-image-preview:large, max-video-preview:-1\" \/>\n<link rel=\"canonical\" href=\"https:\/\/www.teatreromea.cat\/ca\/ex\/almuerzo-en-casa-de-los-wittgenstein-ritter-dene-voss\/\" \/>\n<script type=\"application\/ld+json\" class=\"yoast-schema-graph\">{\"@context\":\"https:\\\/\\\/schema.org\",\"@graph\":[{\"@type\":\"WebPage\",\"@id\":\"https:\\\/\\\/www.teatreromea.cat\\\/ca\\\/ex\\\/almuerzo-en-casa-de-los-wittgenstein-ritter-dene-voss\\\/\",\"url\":\"https:\\\/\\\/www.teatreromea.cat\\\/ca\\\/ex\\\/almuerzo-en-casa-de-los-wittgenstein-ritter-dene-voss\\\/\",\"name\":\"Almuerzo en casa de los Wittgenstein (Ritter, Dene, Voss) - Teatre Romea\",\"isPartOf\":{\"@id\":\"https:\\\/\\\/www.teatreromea.cat\\\/ca\\\/#website\"},\"datePublished\":\"2017-09-07T11:26:51+00:00\",\"breadcrumb\":{\"@id\":\"https:\\\/\\\/www.teatreromea.cat\\\/ca\\\/ex\\\/almuerzo-en-casa-de-los-wittgenstein-ritter-dene-voss\\\/#breadcrumb\"},\"inLanguage\":\"ca\",\"potentialAction\":[{\"@type\":\"ReadAction\",\"target\":[\"https:\\\/\\\/www.teatreromea.cat\\\/ca\\\/ex\\\/almuerzo-en-casa-de-los-wittgenstein-ritter-dene-voss\\\/\"]}]},{\"@type\":\"BreadcrumbList\",\"@id\":\"https:\\\/\\\/www.teatreromea.cat\\\/ca\\\/ex\\\/almuerzo-en-casa-de-los-wittgenstein-ritter-dene-voss\\\/#breadcrumb\",\"itemListElement\":[{\"@type\":\"ListItem\",\"position\":1,\"name\":\"Inici\",\"item\":\"https:\\\/\\\/www.teatreromea.cat\\\/ca\\\/\"},{\"@type\":\"ListItem\",\"position\":2,\"name\":\"Espectacles\",\"item\":\"https:\\\/\\\/www.teatreromea.cat\\\/ca\\\/ex\\\/\"},{\"@type\":\"ListItem\",\"position\":3,\"name\":\"Almuerzo en casa de los Wittgenstein (Ritter, Dene, Voss)\"}]},{\"@type\":\"WebSite\",\"@id\":\"https:\\\/\\\/www.teatreromea.cat\\\/ca\\\/#website\",\"url\":\"https:\\\/\\\/www.teatreromea.cat\\\/ca\\\/\",\"name\":\"Teatre Romea\",\"description\":\"\",\"publisher\":{\"@id\":\"https:\\\/\\\/www.teatreromea.cat\\\/ca\\\/#organization\"},\"potentialAction\":[{\"@type\":\"SearchAction\",\"target\":{\"@type\":\"EntryPoint\",\"urlTemplate\":\"https:\\\/\\\/www.teatreromea.cat\\\/ca\\\/?s={search_term_string}\"},\"query-input\":{\"@type\":\"PropertyValueSpecification\",\"valueRequired\":true,\"valueName\":\"search_term_string\"}}],\"inLanguage\":\"ca\"},{\"@type\":\"Organization\",\"@id\":\"https:\\\/\\\/www.teatreromea.cat\\\/ca\\\/#organization\",\"name\":\"Teatre Romea\",\"url\":\"https:\\\/\\\/www.teatreromea.cat\\\/ca\\\/\",\"logo\":{\"@type\":\"ImageObject\",\"inLanguage\":\"ca\",\"@id\":\"https:\\\/\\\/www.teatreromea.cat\\\/ca\\\/#\\\/schema\\\/logo\\\/image\\\/\",\"url\":\"https:\\\/\\\/www.teatreromea.cat\\\/wp-content\\\/uploads\\\/sites\\\/2\\\/2017\\\/09\\\/teatre-romea-logo.svg\",\"contentUrl\":\"https:\\\/\\\/www.teatreromea.cat\\\/wp-content\\\/uploads\\\/sites\\\/2\\\/2017\\\/09\\\/teatre-romea-logo.svg\",\"width\":1,\"height\":1,\"caption\":\"Teatre Romea\"},\"image\":{\"@id\":\"https:\\\/\\\/www.teatreromea.cat\\\/ca\\\/#\\\/schema\\\/logo\\\/image\\\/\"},\"sameAs\":[\"http:\\\/\\\/www.facebook.com\\\/TeatreRomea\",\"https:\\\/\\\/x.com\\\/teatre_romea\",\"http:\\\/\\\/instagram.com\\\/teatreromea\",\"http:\\\/\\\/www.youtube.com\\\/user\\\/TeatreRomea\"]}]}<\/script>\n<!-- \/ Yoast SEO plugin. -->","yoast_head_json":{"title":"Almuerzo en casa de los Wittgenstein (Ritter, Dene, Voss) - Teatre Romea","robots":{"index":"index","follow":"follow","max-snippet":"max-snippet:-1","max-image-preview":"max-image-preview:large","max-video-preview":"max-video-preview:-1"},"canonical":"https:\/\/www.teatreromea.cat\/ca\/ex\/almuerzo-en-casa-de-los-wittgenstein-ritter-dene-voss\/","schema":{"@context":"https:\/\/schema.org","@graph":[{"@type":"WebPage","@id":"https:\/\/www.teatreromea.cat\/ca\/ex\/almuerzo-en-casa-de-los-wittgenstein-ritter-dene-voss\/","url":"https:\/\/www.teatreromea.cat\/ca\/ex\/almuerzo-en-casa-de-los-wittgenstein-ritter-dene-voss\/","name":"Almuerzo en casa de los Wittgenstein (Ritter, Dene, Voss) - Teatre Romea","isPartOf":{"@id":"https:\/\/www.teatreromea.cat\/ca\/#website"},"datePublished":"2017-09-07T11:26:51+00:00","breadcrumb":{"@id":"https:\/\/www.teatreromea.cat\/ca\/ex\/almuerzo-en-casa-de-los-wittgenstein-ritter-dene-voss\/#breadcrumb"},"inLanguage":"ca","potentialAction":[{"@type":"ReadAction","target":["https:\/\/www.teatreromea.cat\/ca\/ex\/almuerzo-en-casa-de-los-wittgenstein-ritter-dene-voss\/"]}]},{"@type":"BreadcrumbList","@id":"https:\/\/www.teatreromea.cat\/ca\/ex\/almuerzo-en-casa-de-los-wittgenstein-ritter-dene-voss\/#breadcrumb","itemListElement":[{"@type":"ListItem","position":1,"name":"Inici","item":"https:\/\/www.teatreromea.cat\/ca\/"},{"@type":"ListItem","position":2,"name":"Espectacles","item":"https:\/\/www.teatreromea.cat\/ca\/ex\/"},{"@type":"ListItem","position":3,"name":"Almuerzo en casa de los Wittgenstein (Ritter, Dene, Voss)"}]},{"@type":"WebSite","@id":"https:\/\/www.teatreromea.cat\/ca\/#website","url":"https:\/\/www.teatreromea.cat\/ca\/","name":"Teatre Romea","description":"","publisher":{"@id":"https:\/\/www.teatreromea.cat\/ca\/#organization"},"potentialAction":[{"@type":"SearchAction","target":{"@type":"EntryPoint","urlTemplate":"https:\/\/www.teatreromea.cat\/ca\/?s={search_term_string}"},"query-input":{"@type":"PropertyValueSpecification","valueRequired":true,"valueName":"search_term_string"}}],"inLanguage":"ca"},{"@type":"Organization","@id":"https:\/\/www.teatreromea.cat\/ca\/#organization","name":"Teatre Romea","url":"https:\/\/www.teatreromea.cat\/ca\/","logo":{"@type":"ImageObject","inLanguage":"ca","@id":"https:\/\/www.teatreromea.cat\/ca\/#\/schema\/logo\/image\/","url":"https:\/\/www.teatreromea.cat\/wp-content\/uploads\/sites\/2\/2017\/09\/teatre-romea-logo.svg","contentUrl":"https:\/\/www.teatreromea.cat\/wp-content\/uploads\/sites\/2\/2017\/09\/teatre-romea-logo.svg","width":1,"height":1,"caption":"Teatre Romea"},"image":{"@id":"https:\/\/www.teatreromea.cat\/ca\/#\/schema\/logo\/image\/"},"sameAs":["http:\/\/www.facebook.com\/TeatreRomea","https:\/\/x.com\/teatre_romea","http:\/\/instagram.com\/teatreromea","http:\/\/www.youtube.com\/user\/TeatreRomea"]}]}},"translations":[{"id":9745,"locale":"ca"},{"id":10109,"locale":"es"}],"_links":{"self":[{"href":"https:\/\/www.teatreromea.cat\/ca\/wp-json\/wp\/v2\/ex\/9745","targetHints":{"allow":["GET"]}}],"collection":[{"href":"https:\/\/www.teatreromea.cat\/ca\/wp-json\/wp\/v2\/ex"}],"about":[{"href":"https:\/\/www.teatreromea.cat\/ca\/wp-json\/wp\/v2\/types\/ex"}],"author":[{"embeddable":true,"href":"https:\/\/www.teatreromea.cat\/ca\/wp-json\/wp\/v2\/users\/2"}],"replies":[{"embeddable":true,"href":"https:\/\/www.teatreromea.cat\/ca\/wp-json\/wp\/v2\/comments?post=9745"}],"acf:term":[{"embeddable":true,"taxonomy":"season","href":"https:\/\/www.teatreromea.cat\/ca\/wp-json\/wp\/v2\/season\/140"}],"wp:attachment":[{"href":"https:\/\/www.teatreromea.cat\/ca\/wp-json\/wp\/v2\/media?parent=9745"}],"curies":[{"name":"wp","href":"https:\/\/api.w.org\/{rel}","templated":true}]}}