{"id":9739,"date":"2017-09-07T13:26:46","date_gmt":"2017-09-07T11:26:46","guid":{"rendered":"https:\/\/pre.teatreromea.cat\/ex\/\/el-cafe\/"},"modified":"2017-09-07T13:26:46","modified_gmt":"2017-09-07T11:26:46","slug":"el-cafe","status":"publish","type":"ex","link":"https:\/\/www.teatreromea.cat\/ca\/ex\/el-cafe\/","title":{"rendered":"El caf\u00e8"},"content":{"rendered":"","protected":false},"excerpt":{"rendered":"","protected":false},"author":2,"featured_media":0,"comment_status":"closed","ping_status":"open","template":"","class_list":["post-9739","ex","type-ex","status-publish","hentry","season-2009-10"],"acf":{"txt_synopsis":"<p align=\"justify\">Diverses hist\u00f2ries se succeeixen alhora, tenint com a centre el caf\u00e8, al qual els personatges hi acudeixen impulsats per diferents interessos. Goldoni s\u2019endinsa en el problema del joc i la corrupci\u00f3 moral amb una brillant com\u00e8dia de car\u00e0cters: el bondad\u00f3s Ridolfo, propietari del caf\u00e8; Eugenio, l\u2019incorregible jugador; Vittoria, la seva desesperada esposa; l\u2019insidi\u00f3s Don Marzio; Lisaura, la protegida del suposat Comte Leandro; el br\u00e8tol Pandolfo; la misteriosa Placida que busca el seu esp\u00f2s...<br \/><\/p>","main_buy_link":"#","main_buy_links":"","group_buy_link":"","show_language":"","show_duration":"","show_start_date":"20100202000000","show_end_date":"20100405000000","show_sort_date":"20100202000000","txt_custom_show_dates":"del 2 de febrer al 5 d'abril de 2010","show_disciplines":"","show_ultimes_funcions":false,"hide_tarifes_especials":false,"show_properament":false,"txt_additional_info":"","txt_present":"","show_season":[140],"txt_season":"[\"2009\/10\"]","txt_cycle":"","txt_claim":"","txt_cast_excerpt":"","txt_cast":"","txt_reviews":"","hashtag":"","have_promo":"","slogan":"","id_exhibicio":574,"id_versio":454,"id_local":1,"txt_seo_desc":"","data_images":"[{\"localizer\":\"VERS_IMATGE_ESPECTACLE\",\"url\":\"media\/ftespect\/3112A\/01_020_00008198\/galeria01.jpg\",\"thumb_url\":\"media\/ftespect\/3112A\/01_020_00008198\/galeria01_thumb.jpg\",\"title\":\"El Caf\u00e8\",\"description\":\"El Caf\u00e8\",\"copyright\":\"Copyright David Ruano\",\"order\":1},{\"localizer\":\"VERS_PORTADA_TEATRE\",\"url\":\"media\/obraporttea\/31129\/01_017_00008017\/port00.jpg\",\"thumb_url\":\"\",\"title\":\"El Caf\u00e8\",\"description\":\"El Caf\u00e8\",\"copyright\":\"\",\"order\":1},{\"localizer\":\"VERS_PDF_GIRES\",\"url\":\"media\/pressdoc\/3112B\/01_021_00008485\/F_T_Nova_Catala_EL_CAFE.pdf\",\"thumb_url\":\"\",\"title\":\"El Caf\u00e8.\",\"description\":\"Fitxa t\u00e8cnica\",\"copyright\":\"\",\"order\":1},{\"localizer\":\"VERS_PORTADA_TEATRE\",\"url\":\"media\/obraporttea\/3112A\/01_017_00008207\/portada01.jpg\",\"thumb_url\":\"\",\"title\":\"El Caf\u00e8\",\"description\":\"El Caf\u00e8\",\"copyright\":\"\",\"order\":2},{\"localizer\":\"VERS_PDF_GIRES\",\"url\":\"media\/pressdoc\/3112A\/01_021_00008276\/DOsSIER_EL_CAFE_pag_a_pag.pdf\",\"thumb_url\":\"\",\"title\":\"El Caf\u00e8.\",\"description\":\"Dossier de premsa\",\"copyright\":\"\",\"order\":2},{\"localizer\":\"VERS_IMATGE_ESPECTACLE\",\"url\":\"media\/ftespect\/3112A\/01_020_00008199\/galeria02.jpg\",\"thumb_url\":\"media\/ftespect\/3112A\/01_020_00008199\/galeria02_thumb.jpg\",\"title\":\"El Caf\u00e8\",\"description\":\"El Caf\u00e8\",\"copyright\":\"Copyright David Ruano\",\"order\":2},{\"localizer\":\"VERS_PORTADA_TEATRE\",\"url\":\"media\/obraporttea\/3112A\/01_017_00008208\/portada02.jpg\",\"thumb_url\":\"\",\"title\":\"El Caf\u00e8\",\"description\":\"El Caf\u00e8\",\"copyright\":\"\",\"order\":3},{\"localizer\":\"VERS_IMATGE_ESPECTACLE\",\"url\":\"media\/ftespect\/3112A\/01_020_00008200\/galeria03.jpg\",\"thumb_url\":\"media\/ftespect\/3112A\/01_020_00008200\/galeria03_thumb.jpg\",\"title\":\"El Caf\u00e8\",\"description\":\"El Caf\u00e8\",\"copyright\":\"Copyright David Ruano\",\"order\":3},{\"localizer\":\"VERS_PORTADA_TEATRE\",\"url\":\"media\/obraporttea\/3112A\/01_017_00008209\/portada03.jpg\",\"thumb_url\":\"\",\"title\":\"El Caf\u00e8\",\"description\":\"El Caf\u00e8\",\"copyright\":\"\",\"order\":4},{\"localizer\":\"VERS_IMATGE_ESPECTACLE\",\"url\":\"media\/ftespect\/3112A\/01_020_00008201\/galeria04.jpg\",\"thumb_url\":\"media\/ftespect\/3112A\/01_020_00008201\/galeria04_thumb.jpg\",\"title\":\"El Caf\u00e8\",\"description\":\"El Caf\u00e8\",\"copyright\":\"Copyright David Ruano\",\"order\":4},{\"localizer\":\"VERS_PORTADA_TEATRE\",\"url\":\"media\/obraporttea\/3112A\/01_017_00008210\/portada04.jpg\",\"thumb_url\":\"\",\"title\":\"El Caf\u00e8\",\"description\":\"El Caf\u00e8\",\"copyright\":\"\",\"order\":5},{\"localizer\":\"VERS_IMATGE_ESPECTACLE\",\"url\":\"media\/ftespect\/3112A\/01_020_00008202\/galeria05.jpg\",\"thumb_url\":\"media\/ftespect\/3112A\/01_020_00008202\/galeria05_thumb.jpg\",\"title\":\"El Caf\u00e8\",\"description\":\"El Caf\u00e8\",\"copyright\":\"Copyright David Ruano\",\"order\":5},{\"localizer\":\"VERS_PORTADA_TEATRE\",\"url\":\"media\/obraporttea\/3112A\/01_017_00008211\/portada05.jpg\",\"thumb_url\":\"\",\"title\":\"El Caf\u00e8\",\"description\":\"El Caf\u00e8\",\"copyright\":\"\",\"order\":6},{\"localizer\":\"VERS_IMATGE_ESPECTACLE\",\"url\":\"media\/ftespect\/3112A\/01_020_00008203\/galeria06.jpg\",\"thumb_url\":\"media\/ftespect\/3112A\/01_020_00008203\/galeria06_thumb.jpg\",\"title\":\"El Caf\u00e8\",\"description\":\"El Caf\u00e8\",\"copyright\":\"Copyright David Ruano\",\"order\":6},{\"localizer\":\"VERS_IMATGE_ESPECTACLE\",\"url\":\"media\/ftespect\/3112A\/01_020_00008204\/galeria07.jpg\",\"thumb_url\":\"media\/ftespect\/3112A\/01_020_00008204\/galeria07_thumb.jpg\",\"title\":\"El Caf\u00e8\",\"description\":\"El Caf\u00e8\",\"copyright\":\"Copyright David Ruano\",\"order\":7},{\"localizer\":\"VERS_PORTADA_TEATRE\",\"url\":\"media\/obraporttea\/3112A\/01_017_00008212\/portada06.jpg\",\"thumb_url\":\"\",\"title\":\"El Caf\u00e8\",\"description\":\"El Caf\u00e8\",\"copyright\":\"\",\"order\":7},{\"localizer\":\"VERS_PORTADA_TEATRE\",\"url\":\"media\/obraporttea\/3112A\/01_017_00008213\/portada07.jpg\",\"thumb_url\":\"\",\"title\":\"El Caf\u00e8\",\"description\":\"El Caf\u00e8\",\"copyright\":\"\",\"order\":8},{\"localizer\":\"VERS_IMATGE_ESPECTACLE\",\"url\":\"media\/ftespect\/3112A\/01_020_00008205\/galeria08.jpg\",\"thumb_url\":\"media\/ftespect\/3112A\/01_020_00008205\/galeria08_thumb.jpg\",\"title\":\"El Caf\u00e8\",\"description\":\"El Caf\u00e8\",\"copyright\":\"Copyright David Ruano\",\"order\":8},{\"localizer\":\"VERS_PORTADA_TEATRE\",\"url\":\"media\/obraporttea\/3112A\/01_017_00008214\/portada08.jpg\",\"thumb_url\":\"\",\"title\":\"El Caf\u00e8\",\"description\":\"El Caf\u00e8\",\"copyright\":\"\",\"order\":9},{\"localizer\":\"V2SLIDE\",\"url\":\"media\/ftgalslide\/312B9\/01_076_00027967\/cafe01.jpg\",\"thumb_url\":\"media\/ftgalslide\/312B9\/01_076_00027967\/cafe01_thumb.jpg\",\"title\":\"El Caf\u00e8\",\"description\":\" \",\"copyright\":\"\",\"order\":13},{\"localizer\":\"V2SLIDE\",\"url\":\"media\/ftgalslide\/312B9\/01_076_00027968\/cafe02.jpg\",\"thumb_url\":\"media\/ftgalslide\/312B9\/01_076_00027968\/cafe02_thumb.jpg\",\"title\":\"El Caf\u00e8\",\"description\":\" \",\"copyright\":\"\",\"order\":14},{\"localizer\":\"V2SLIDE\",\"url\":\"media\/ftgalslide\/312B9\/01_076_00027969\/cafe03.jpg\",\"thumb_url\":\"media\/ftgalslide\/312B9\/01_076_00027969\/cafe03_thumb.jpg\",\"title\":\"El Caf\u00e8\",\"description\":\" \",\"copyright\":\"\",\"order\":15},{\"localizer\":\"V2SLIDE\",\"url\":\"media\/ftgalslide\/312B9\/01_076_00027970\/cafe04.jpg\",\"thumb_url\":\"media\/ftgalslide\/312B9\/01_076_00027970\/cafe04_thumb.jpg\",\"title\":\"El Caf\u00e8\",\"description\":\" \",\"copyright\":\"\",\"order\":16},{\"localizer\":\"V2SLIDE\",\"url\":\"media\/ftgalslide\/312B9\/01_076_00027971\/cafe05.jpg\",\"thumb_url\":\"media\/ftgalslide\/312B9\/01_076_00027971\/cafe05_thumb.jpg\",\"title\":\"El Caf\u00e8\",\"description\":\" \",\"copyright\":\"\",\"order\":17},{\"localizer\":\"V2SLIDE\",\"url\":\"media\/ftgalslide\/312B9\/01_076_00027972\/cafe06.jpg\",\"thumb_url\":\"media\/ftgalslide\/312B9\/01_076_00027972\/cafe06_thumb.jpg\",\"title\":\"El Caf\u00e8\",\"description\":\" \",\"copyright\":\"\",\"order\":18},{\"localizer\":\"V2SLIDE\",\"url\":\"media\/ftgalslide\/312B9\/01_076_00027973\/cafe07.jpg\",\"thumb_url\":\"media\/ftgalslide\/312B9\/01_076_00027973\/cafe07_thumb.jpg\",\"title\":\"El Caf\u00e8\",\"description\":\" \",\"copyright\":\"\",\"order\":19},{\"localizer\":\"VERS_PORTADA_ESPECTACLE\",\"url\":\"media\/obraport\/31129\/01_014_00007967\/elcafe_list2.jpg\",\"thumb_url\":\"\",\"title\":\"El Caf\u00e8\",\"description\":\"El Caf\u00e8\",\"copyright\":\"\",\"order\":-1}]","material__texto_intro":"","data_material":null,"data_gallery":"","data_discounts":"[{\"InfoAddicional\":\".\",\"Url\":\"http:\/\/www.promentrada.com\",\"Codi\":\"0\",\"LogoUrl\":\"\",\"TitolBoto\":\"\",\"Type\":\"discount\"}]","contract_is_open":false,"in_tour":false},"yoast_head":"<!-- This site is optimized with the Yoast SEO plugin v27.5 - https:\/\/yoast.com\/product\/yoast-seo-wordpress\/ -->\n<title>El caf\u00e8 - Teatre Romea<\/title>\n<meta name=\"robots\" content=\"index, follow, max-snippet:-1, max-image-preview:large, max-video-preview:-1\" \/>\n<link rel=\"canonical\" href=\"https:\/\/www.teatreromea.cat\/ca\/ex\/el-cafe\/\" \/>\n<script type=\"application\/ld+json\" class=\"yoast-schema-graph\">{\"@context\":\"https:\\\/\\\/schema.org\",\"@graph\":[{\"@type\":\"WebPage\",\"@id\":\"https:\\\/\\\/www.teatreromea.cat\\\/ca\\\/ex\\\/el-cafe\\\/\",\"url\":\"https:\\\/\\\/www.teatreromea.cat\\\/ca\\\/ex\\\/el-cafe\\\/\",\"name\":\"El caf\u00e8 - Teatre Romea\",\"isPartOf\":{\"@id\":\"https:\\\/\\\/www.teatreromea.cat\\\/ca\\\/#website\"},\"datePublished\":\"2017-09-07T11:26:46+00:00\",\"breadcrumb\":{\"@id\":\"https:\\\/\\\/www.teatreromea.cat\\\/ca\\\/ex\\\/el-cafe\\\/#breadcrumb\"},\"inLanguage\":\"ca\",\"potentialAction\":[{\"@type\":\"ReadAction\",\"target\":[\"https:\\\/\\\/www.teatreromea.cat\\\/ca\\\/ex\\\/el-cafe\\\/\"]}]},{\"@type\":\"BreadcrumbList\",\"@id\":\"https:\\\/\\\/www.teatreromea.cat\\\/ca\\\/ex\\\/el-cafe\\\/#breadcrumb\",\"itemListElement\":[{\"@type\":\"ListItem\",\"position\":1,\"name\":\"Inici\",\"item\":\"https:\\\/\\\/www.teatreromea.cat\\\/ca\\\/\"},{\"@type\":\"ListItem\",\"position\":2,\"name\":\"Espectacles\",\"item\":\"https:\\\/\\\/www.teatreromea.cat\\\/ca\\\/ex\\\/\"},{\"@type\":\"ListItem\",\"position\":3,\"name\":\"El caf\u00e8\"}]},{\"@type\":\"WebSite\",\"@id\":\"https:\\\/\\\/www.teatreromea.cat\\\/ca\\\/#website\",\"url\":\"https:\\\/\\\/www.teatreromea.cat\\\/ca\\\/\",\"name\":\"Teatre Romea\",\"description\":\"\",\"publisher\":{\"@id\":\"https:\\\/\\\/www.teatreromea.cat\\\/ca\\\/#organization\"},\"potentialAction\":[{\"@type\":\"SearchAction\",\"target\":{\"@type\":\"EntryPoint\",\"urlTemplate\":\"https:\\\/\\\/www.teatreromea.cat\\\/ca\\\/?s={search_term_string}\"},\"query-input\":{\"@type\":\"PropertyValueSpecification\",\"valueRequired\":true,\"valueName\":\"search_term_string\"}}],\"inLanguage\":\"ca\"},{\"@type\":\"Organization\",\"@id\":\"https:\\\/\\\/www.teatreromea.cat\\\/ca\\\/#organization\",\"name\":\"Teatre Romea\",\"url\":\"https:\\\/\\\/www.teatreromea.cat\\\/ca\\\/\",\"logo\":{\"@type\":\"ImageObject\",\"inLanguage\":\"ca\",\"@id\":\"https:\\\/\\\/www.teatreromea.cat\\\/ca\\\/#\\\/schema\\\/logo\\\/image\\\/\",\"url\":\"https:\\\/\\\/www.teatreromea.cat\\\/wp-content\\\/uploads\\\/sites\\\/2\\\/2017\\\/09\\\/teatre-romea-logo.svg\",\"contentUrl\":\"https:\\\/\\\/www.teatreromea.cat\\\/wp-content\\\/uploads\\\/sites\\\/2\\\/2017\\\/09\\\/teatre-romea-logo.svg\",\"width\":1,\"height\":1,\"caption\":\"Teatre Romea\"},\"image\":{\"@id\":\"https:\\\/\\\/www.teatreromea.cat\\\/ca\\\/#\\\/schema\\\/logo\\\/image\\\/\"},\"sameAs\":[\"http:\\\/\\\/www.facebook.com\\\/TeatreRomea\",\"https:\\\/\\\/x.com\\\/teatre_romea\",\"http:\\\/\\\/instagram.com\\\/teatreromea\",\"http:\\\/\\\/www.youtube.com\\\/user\\\/TeatreRomea\"]}]}<\/script>\n<!-- \/ Yoast SEO plugin. -->","yoast_head_json":{"title":"El caf\u00e8 - Teatre Romea","robots":{"index":"index","follow":"follow","max-snippet":"max-snippet:-1","max-image-preview":"max-image-preview:large","max-video-preview":"max-video-preview:-1"},"canonical":"https:\/\/www.teatreromea.cat\/ca\/ex\/el-cafe\/","schema":{"@context":"https:\/\/schema.org","@graph":[{"@type":"WebPage","@id":"https:\/\/www.teatreromea.cat\/ca\/ex\/el-cafe\/","url":"https:\/\/www.teatreromea.cat\/ca\/ex\/el-cafe\/","name":"El caf\u00e8 - Teatre Romea","isPartOf":{"@id":"https:\/\/www.teatreromea.cat\/ca\/#website"},"datePublished":"2017-09-07T11:26:46+00:00","breadcrumb":{"@id":"https:\/\/www.teatreromea.cat\/ca\/ex\/el-cafe\/#breadcrumb"},"inLanguage":"ca","potentialAction":[{"@type":"ReadAction","target":["https:\/\/www.teatreromea.cat\/ca\/ex\/el-cafe\/"]}]},{"@type":"BreadcrumbList","@id":"https:\/\/www.teatreromea.cat\/ca\/ex\/el-cafe\/#breadcrumb","itemListElement":[{"@type":"ListItem","position":1,"name":"Inici","item":"https:\/\/www.teatreromea.cat\/ca\/"},{"@type":"ListItem","position":2,"name":"Espectacles","item":"https:\/\/www.teatreromea.cat\/ca\/ex\/"},{"@type":"ListItem","position":3,"name":"El caf\u00e8"}]},{"@type":"WebSite","@id":"https:\/\/www.teatreromea.cat\/ca\/#website","url":"https:\/\/www.teatreromea.cat\/ca\/","name":"Teatre Romea","description":"","publisher":{"@id":"https:\/\/www.teatreromea.cat\/ca\/#organization"},"potentialAction":[{"@type":"SearchAction","target":{"@type":"EntryPoint","urlTemplate":"https:\/\/www.teatreromea.cat\/ca\/?s={search_term_string}"},"query-input":{"@type":"PropertyValueSpecification","valueRequired":true,"valueName":"search_term_string"}}],"inLanguage":"ca"},{"@type":"Organization","@id":"https:\/\/www.teatreromea.cat\/ca\/#organization","name":"Teatre Romea","url":"https:\/\/www.teatreromea.cat\/ca\/","logo":{"@type":"ImageObject","inLanguage":"ca","@id":"https:\/\/www.teatreromea.cat\/ca\/#\/schema\/logo\/image\/","url":"https:\/\/www.teatreromea.cat\/wp-content\/uploads\/sites\/2\/2017\/09\/teatre-romea-logo.svg","contentUrl":"https:\/\/www.teatreromea.cat\/wp-content\/uploads\/sites\/2\/2017\/09\/teatre-romea-logo.svg","width":1,"height":1,"caption":"Teatre Romea"},"image":{"@id":"https:\/\/www.teatreromea.cat\/ca\/#\/schema\/logo\/image\/"},"sameAs":["http:\/\/www.facebook.com\/TeatreRomea","https:\/\/x.com\/teatre_romea","http:\/\/instagram.com\/teatreromea","http:\/\/www.youtube.com\/user\/TeatreRomea"]}]}},"translations":[{"id":9739,"locale":"ca"},{"id":10103,"locale":"es"}],"_links":{"self":[{"href":"https:\/\/www.teatreromea.cat\/ca\/wp-json\/wp\/v2\/ex\/9739","targetHints":{"allow":["GET"]}}],"collection":[{"href":"https:\/\/www.teatreromea.cat\/ca\/wp-json\/wp\/v2\/ex"}],"about":[{"href":"https:\/\/www.teatreromea.cat\/ca\/wp-json\/wp\/v2\/types\/ex"}],"author":[{"embeddable":true,"href":"https:\/\/www.teatreromea.cat\/ca\/wp-json\/wp\/v2\/users\/2"}],"replies":[{"embeddable":true,"href":"https:\/\/www.teatreromea.cat\/ca\/wp-json\/wp\/v2\/comments?post=9739"}],"acf:term":[{"embeddable":true,"taxonomy":"season","href":"https:\/\/www.teatreromea.cat\/ca\/wp-json\/wp\/v2\/season\/140"}],"wp:attachment":[{"href":"https:\/\/www.teatreromea.cat\/ca\/wp-json\/wp\/v2\/media?parent=9739"}],"curies":[{"name":"wp","href":"https:\/\/api.w.org\/{rel}","templated":true}]}}