{"id":11350,"date":"2024-09-05T17:42:23","date_gmt":"2024-09-05T15:42:23","guid":{"rendered":"https:\/\/www.teatreromea.cat\/ex\/travy\/"},"modified":"2025-06-16T11:01:21","modified_gmt":"2025-06-16T09:01:21","slug":"travy","status":"publish","type":"ex","link":"https:\/\/www.teatreromea.cat\/ca\/ex\/travy\/","title":{"rendered":"Travy"},"content":{"rendered":"","protected":false},"excerpt":{"rendered":"","protected":false},"author":2,"featured_media":0,"comment_status":"closed","ping_status":"closed","template":"","class_list":["post-11350","ex","type-ex","status-publish","hentry","season-2024-25"],"acf":{"txt_synopsis":"<p><strong>Est\u00e0s preparat per con\u00e8ixer a la fam\u00edlia Travy?<\/strong> <\/p>\r\n<p>Una fam\u00edlia que ha tingut el teatre com a forma de ser i viure. Un joc entre la vida i el teatre; la mentida i la veritat. <\/p>\r\n<p>Dos pallassos vells amb poca gr\u00e0cia. Dos fills perduts en si mateixos, la transgressi\u00f3 de l\u2019art i l\u2019\u00e8xit. Una fam\u00edlia de joglars que s\u2019entenen m\u00e9s posant-se m\u00e0scares que mirant-se als ulls. Embrancats en crear un espectacle. L\u2019\u00faltim espectacle? <\/p>\r\n<p><em>Travy<\/em> \u00e9s un homenatge a la mateixa fam\u00edlia Pla-Solina (de nom art\u00edstic \u201cla Fam\u00edlia Travy\u201d) i un (des)encontre entre dos corrents teatrals; per una banda, el clown, el teatre folkl\u00f2ric i popular. Per l\u2019altra, les formes postdram\u00e0tiques i meta-teatrals. Exposa dues generacions i dos moments vitals; els que ja veuen el final del cam\u00ed sense por i els que veuen el principi del mateix amb p\u00e0nic. En un punt en el que veterans de la companyia ja no tenen idees per fer espectacles i en el qual la filla es rebel\u00b7la contra totes les formes art\u00edstiques heretades, torna a casa el fill petit per, retornant als or\u00edgens, trobar el seu discurs art\u00edstic i a si mateix.&nbsp; <br \/><\/p>","main_buy_link":"https:\/\/tickets.oneboxtds.com\/teatreromea\/events\/39382?hl=ca-ES","main_buy_links":"[\"https:\/\/tickets.oneboxtds.com\/teatreromea\/events\/39382?hl=ca-ES\"]","group_buy_link":"https:\/\/www.promentrada.com\/ca\/programacio\/c\/1300-travy--grups.html","show_language":"Espectacle en catal\u00e0  ","show_duration":"90","show_start_date":"20250604000000","show_end_date":"20250629000000","show_sort_date":"20250604000000","txt_custom_show_dates":"fins al 29 de juny de 2025 ","show_disciplines":"7","show_ultimes_funcions":true,"hide_tarifes_especials":false,"show_properament":false,"txt_additional_info":"<ul>\r\n<li><i class=\"fa fa-deaf fa-2x fa-fw\"><\/i>Edat recomanada a partir de 7 anys. \r\n<\/li><li><strong>Funci\u00f3 accessible:<\/strong> <strong>21 de juny de 2025 a les 20h<br \/><\/strong>La funci\u00f3 comptar\u00e0 amb<br \/>\u00b7Subtitulaci\u00f3<br \/>\u00b7Audiodescripci\u00f3<br \/>\u00b7Bucle magn\u00e8tic<br \/>\u00b7So amplificat<\/li><\/ul>","txt_present":"","show_season":[181],"txt_season":"[\"2024\/25\"]","txt_cycle":"","txt_claim":"Una fam\u00edlia que ha tingut el teatre com a forma de ser i viure. Un joc entre la vida i el teatre; la mentida i la veritat. ","txt_cast_excerpt":"","txt_cast":"<p>Autoria: <strong>Pau Matas Nogu\u00e9 i Oriol Pla Solina <br \/><\/strong>Direcci\u00f3: <strong>Oriol Pla Solina<\/strong> <\/p>\r\n<p>Int\u00e8rprets: <strong>Diana Pla, Oriol Pla, Quimet Pla i N\u00faria Solina <\/strong><\/p>\r\n<p>Escenografia i vestuari: <strong>S\u00edlvia Delagneau <br \/><\/strong>Il\u00b7luminaci\u00f3: <strong>Llu\u00eds Mart\u00ed <br \/><\/strong>Espai sonor: <strong>Pau Matas <br \/><\/strong>Dramaturgista: <strong>Jordi Oriol <br \/><\/strong>Treball de cos: <strong>Laia Duran <\/strong><\/p>\r\n<p>Cap t\u00e8cnic i t\u00e8cnic de llums: <strong>Llu\u00eds Mart\u00ed<br \/><\/strong>T\u00e8cnics de funci\u00f3: <strong>Maria Vallo i Alberto Barber\u00e0 <br \/><\/strong>T\u00e8cnic de maquinaria: <strong>Antonio del Moral (Tonetti) <br \/><\/strong>Assessoria ling\u00fc\u00edstica: <strong>Neus Nogu\u00e9 Serrano<\/strong> <br \/>Mobiliari: <strong>Pascual\u00edn i Tallers Jorba-Mir\u00f3 <br \/><\/strong>Confecci\u00f3 de cortines: <strong>Les Godets <\/strong><\/p>\r\n<p>Ajudantia de direcci\u00f3: <strong>Jordi Samper <br \/><\/strong>Ajudantia d\u2019escenografia i vestuari: <strong>Oriol Nogu\u00e9s <br \/><\/strong>Regidoria i ajudantia de producci\u00f3:<strong> Duna Homedes <\/strong><\/p>\r\n<p>Direcci\u00f3 de producci\u00f3:<strong> Josep Dom\u00e8nech <br \/><\/strong>Producci\u00f3 executiva: <strong>Cl\u00e0udia Flores <\/strong><\/p>\r\n<p>M\u00e0rqueting i comunicaci\u00f3 de la companyia: <strong>Bit\u00f2<\/strong> <br \/>Fotografia promocional: <strong>Kiku Pi\u00f1ol<\/strong> <br \/>Fotografia d'escena: <strong>Cl\u00e0udia Serrahima<\/strong> <\/p>\r\n<p>Caps t\u00e8cnics del teatre: <strong>Sergi Lobaco i Ra\u00fal Mart\u00ednez <br \/><\/strong>M\u00e0rqueting i comunicaci\u00f3 del teatre: <strong>Teatre Romea <\/strong><\/p>\r\n<p>Col\u00b7laboradors en la producci\u00f3: <strong>Teatre Sagarra <\/strong><\/p>\r\n<p>Agra\u00efments: <strong>Irene Escolar, Jordi Juanet \u2018Boni\u2019, C\u00e8lia Rovira, Roser Tintor\u00e9 i Alvaro Guerrero \u2018Alvarito\u2019 <\/strong><\/p>\r\n<p>Dedicat a: <strong>Teatre Tot Terreny, Vesper, al J\u00fanior Duran i a la Viqui <\/strong><\/p>\r\n<p>Amb el suport de: <strong>Generalitat de Catalunya <\/strong><\/p>\r\n<p>Distribuci\u00f3: <strong>Bit\u00f2<\/strong> <\/p>\r\n<p>\u00c9s una producci\u00f3 de <strong>Bit\u00f2<\/strong> i la <strong>fam\u00edlia Pla-Solina <br \/><\/strong>A partir de la producci\u00f3 original del <strong>Teatre Lliure<\/strong> <\/p>","txt_reviews":"Ferran Baile|Recomana|\u201cUna aut\u00e8ntica joia, un espectacle que esdev\u00e9 un cl\u00e0ssic contemporani\u201d\r\nOriol Puig Taul\u00e9|El Pa\u00eds|\u201cUn afilad\u00edssim retrat del m\u00f3n de la far\u00e0ndula on la tradici\u00f3 dialoga amb l\u2019avantguarda des de l\u2019humor i l\u2019enginy\"\r\nXavi Pardo|RAC1|\u201cUna pe\u00e7a absolutament rodona que barreja com\u00e8dia de l\u2019art, teatre gestual i grans dosis de poesia esc\u00e8nica\"","hashtag":"Travy","have_promo":"","slogan":"","id_exhibicio":2192,"id_versio":1727,"id_local":1,"txt_seo_desc":"","data_images":"[{\"localizer\":\"V4PORTADA\",\"url\":\"media\/ver\/port\/v4\/316A8\/01_090_00058268\/Portada-1-travy-romea.jpg\",\"thumb_url\":\"\",\"title\":\"Travy - La Villarroel\",\"description\":\"travy a la villarroel de barcelona\",\"copyright\":\"\",\"order\":3},{\"localizer\":\"V4CARTELL\",\"url\":\"media\/ver\/cartell\/v4\/316A8\/01_089_00058269\/Cartell-web-travy-romea.jpg\",\"thumb_url\":\"\",\"title\":\"Travy - La Villarroel\",\"description\":\"travy a la villarroel de barcelona\",\"copyright\":\"\",\"order\":4},{\"localizer\":\"V3SLIDE\",\"url\":\"media\/ftgalslide\/v3\/316A8\/01_086_00058270\/IMG_9092.jpg\",\"thumb_url\":\"media\/ftgalslide\/v3\/316A8\/01_086_00058270\/IMG_9092_thumb.jpg\",\"title\":\"Travy - La Villarroel\",\"description\":\"travy a la villarroel de barcelona\",\"copyright\":\"https:\/\/youtu.be\/xAy47Qro_Cs\",\"order\":5},{\"localizer\":\"V3SLIDE\",\"url\":\"media\/ftgalslide\/v3\/316A8\/01_086_00058271\/IMG_9048.jpg\",\"thumb_url\":\"media\/ftgalslide\/v3\/316A8\/01_086_00058271\/IMG_9048_thumb.jpg\",\"title\":\"Travy - La Villarroel\",\"description\":\"travy a la villarroel de barcelona\",\"copyright\":\"\",\"order\":6},{\"localizer\":\"V3SLIDE\",\"url\":\"media\/ftgalslide\/v3\/316A8\/01_086_00058272\/IMG_9155.jpg\",\"thumb_url\":\"media\/ftgalslide\/v3\/316A8\/01_086_00058272\/IMG_9155_thumb.jpg\",\"title\":\"Travy - La Villarroel\",\"description\":\"travy a la villarroel de barcelona\",\"copyright\":\"\",\"order\":7},{\"localizer\":\"V4PORTADAWIDE\",\"url\":\"media\/ver\/port\/wide\/v4\/3170A\/01_091_00058965\/UF_Portada-0-travy-romea.jpg\",\"thumb_url\":\"\",\"title\":\"Travy - Teatre Romea\",\"description\":\"travy al teatre romea de barcelona\",\"copyright\":\"\",\"order\":8},{\"localizer\":\"V4PORTADAWIDEMOBILE\",\"url\":\"media\/ver\/port\/wide\/mobile\/v4\/3170A\/01_092_00058966\/Portada-mobile-travy-romea.jpg\",\"thumb_url\":\"\",\"title\":\"Travy - Teatre Romea\",\"description\":\"travy al teatre romea de barcelona\",\"copyright\":\"\",\"order\":9}]","material__texto_intro":"","data_material":null,"data_gallery":"","data_discounts":"[]","contract_is_open":false,"in_tour":false},"yoast_head":"<!-- This site is optimized with the Yoast SEO plugin v27.5 - https:\/\/yoast.com\/product\/yoast-seo-wordpress\/ -->\n<title>Travy - Teatre Romea<\/title>\n<meta name=\"robots\" content=\"index, follow, max-snippet:-1, max-image-preview:large, max-video-preview:-1\" \/>\n<link rel=\"canonical\" href=\"https:\/\/www.teatreromea.cat\/ca\/ex\/travy\/\" \/>\n<script type=\"application\/ld+json\" class=\"yoast-schema-graph\">{\"@context\":\"https:\\\/\\\/schema.org\",\"@graph\":[{\"@type\":\"WebPage\",\"@id\":\"https:\\\/\\\/www.teatreromea.cat\\\/ca\\\/ex\\\/travy\\\/\",\"url\":\"https:\\\/\\\/www.teatreromea.cat\\\/ca\\\/ex\\\/travy\\\/\",\"name\":\"Travy - Teatre Romea\",\"isPartOf\":{\"@id\":\"https:\\\/\\\/www.teatreromea.cat\\\/ca\\\/#website\"},\"datePublished\":\"2024-09-05T15:42:23+00:00\",\"dateModified\":\"2025-06-16T09:01:21+00:00\",\"breadcrumb\":{\"@id\":\"https:\\\/\\\/www.teatreromea.cat\\\/ca\\\/ex\\\/travy\\\/#breadcrumb\"},\"inLanguage\":\"ca\",\"potentialAction\":[{\"@type\":\"ReadAction\",\"target\":[\"https:\\\/\\\/www.teatreromea.cat\\\/ca\\\/ex\\\/travy\\\/\"]}]},{\"@type\":\"BreadcrumbList\",\"@id\":\"https:\\\/\\\/www.teatreromea.cat\\\/ca\\\/ex\\\/travy\\\/#breadcrumb\",\"itemListElement\":[{\"@type\":\"ListItem\",\"position\":1,\"name\":\"Inici\",\"item\":\"https:\\\/\\\/www.teatreromea.cat\\\/ca\\\/\"},{\"@type\":\"ListItem\",\"position\":2,\"name\":\"Espectacles\",\"item\":\"https:\\\/\\\/www.teatreromea.cat\\\/ca\\\/ex\\\/\"},{\"@type\":\"ListItem\",\"position\":3,\"name\":\"Travy\"}]},{\"@type\":\"WebSite\",\"@id\":\"https:\\\/\\\/www.teatreromea.cat\\\/ca\\\/#website\",\"url\":\"https:\\\/\\\/www.teatreromea.cat\\\/ca\\\/\",\"name\":\"Teatre Romea\",\"description\":\"\",\"publisher\":{\"@id\":\"https:\\\/\\\/www.teatreromea.cat\\\/ca\\\/#organization\"},\"potentialAction\":[{\"@type\":\"SearchAction\",\"target\":{\"@type\":\"EntryPoint\",\"urlTemplate\":\"https:\\\/\\\/www.teatreromea.cat\\\/ca\\\/?s={search_term_string}\"},\"query-input\":{\"@type\":\"PropertyValueSpecification\",\"valueRequired\":true,\"valueName\":\"search_term_string\"}}],\"inLanguage\":\"ca\"},{\"@type\":\"Organization\",\"@id\":\"https:\\\/\\\/www.teatreromea.cat\\\/ca\\\/#organization\",\"name\":\"Teatre Romea\",\"url\":\"https:\\\/\\\/www.teatreromea.cat\\\/ca\\\/\",\"logo\":{\"@type\":\"ImageObject\",\"inLanguage\":\"ca\",\"@id\":\"https:\\\/\\\/www.teatreromea.cat\\\/ca\\\/#\\\/schema\\\/logo\\\/image\\\/\",\"url\":\"https:\\\/\\\/www.teatreromea.cat\\\/wp-content\\\/uploads\\\/sites\\\/2\\\/2017\\\/09\\\/teatre-romea-logo.svg\",\"contentUrl\":\"https:\\\/\\\/www.teatreromea.cat\\\/wp-content\\\/uploads\\\/sites\\\/2\\\/2017\\\/09\\\/teatre-romea-logo.svg\",\"width\":1,\"height\":1,\"caption\":\"Teatre Romea\"},\"image\":{\"@id\":\"https:\\\/\\\/www.teatreromea.cat\\\/ca\\\/#\\\/schema\\\/logo\\\/image\\\/\"},\"sameAs\":[\"http:\\\/\\\/www.facebook.com\\\/TeatreRomea\",\"https:\\\/\\\/x.com\\\/teatre_romea\",\"http:\\\/\\\/instagram.com\\\/teatreromea\",\"http:\\\/\\\/www.youtube.com\\\/user\\\/TeatreRomea\"]}]}<\/script>\n<!-- \/ Yoast SEO plugin. -->","yoast_head_json":{"title":"Travy - Teatre Romea","robots":{"index":"index","follow":"follow","max-snippet":"max-snippet:-1","max-image-preview":"max-image-preview:large","max-video-preview":"max-video-preview:-1"},"canonical":"https:\/\/www.teatreromea.cat\/ca\/ex\/travy\/","schema":{"@context":"https:\/\/schema.org","@graph":[{"@type":"WebPage","@id":"https:\/\/www.teatreromea.cat\/ca\/ex\/travy\/","url":"https:\/\/www.teatreromea.cat\/ca\/ex\/travy\/","name":"Travy - Teatre Romea","isPartOf":{"@id":"https:\/\/www.teatreromea.cat\/ca\/#website"},"datePublished":"2024-09-05T15:42:23+00:00","dateModified":"2025-06-16T09:01:21+00:00","breadcrumb":{"@id":"https:\/\/www.teatreromea.cat\/ca\/ex\/travy\/#breadcrumb"},"inLanguage":"ca","potentialAction":[{"@type":"ReadAction","target":["https:\/\/www.teatreromea.cat\/ca\/ex\/travy\/"]}]},{"@type":"BreadcrumbList","@id":"https:\/\/www.teatreromea.cat\/ca\/ex\/travy\/#breadcrumb","itemListElement":[{"@type":"ListItem","position":1,"name":"Inici","item":"https:\/\/www.teatreromea.cat\/ca\/"},{"@type":"ListItem","position":2,"name":"Espectacles","item":"https:\/\/www.teatreromea.cat\/ca\/ex\/"},{"@type":"ListItem","position":3,"name":"Travy"}]},{"@type":"WebSite","@id":"https:\/\/www.teatreromea.cat\/ca\/#website","url":"https:\/\/www.teatreromea.cat\/ca\/","name":"Teatre Romea","description":"","publisher":{"@id":"https:\/\/www.teatreromea.cat\/ca\/#organization"},"potentialAction":[{"@type":"SearchAction","target":{"@type":"EntryPoint","urlTemplate":"https:\/\/www.teatreromea.cat\/ca\/?s={search_term_string}"},"query-input":{"@type":"PropertyValueSpecification","valueRequired":true,"valueName":"search_term_string"}}],"inLanguage":"ca"},{"@type":"Organization","@id":"https:\/\/www.teatreromea.cat\/ca\/#organization","name":"Teatre Romea","url":"https:\/\/www.teatreromea.cat\/ca\/","logo":{"@type":"ImageObject","inLanguage":"ca","@id":"https:\/\/www.teatreromea.cat\/ca\/#\/schema\/logo\/image\/","url":"https:\/\/www.teatreromea.cat\/wp-content\/uploads\/sites\/2\/2017\/09\/teatre-romea-logo.svg","contentUrl":"https:\/\/www.teatreromea.cat\/wp-content\/uploads\/sites\/2\/2017\/09\/teatre-romea-logo.svg","width":1,"height":1,"caption":"Teatre Romea"},"image":{"@id":"https:\/\/www.teatreromea.cat\/ca\/#\/schema\/logo\/image\/"},"sameAs":["http:\/\/www.facebook.com\/TeatreRomea","https:\/\/x.com\/teatre_romea","http:\/\/instagram.com\/teatreromea","http:\/\/www.youtube.com\/user\/TeatreRomea"]}]}},"translations":[{"id":11350,"locale":"ca"},{"id":11351,"locale":"es"}],"_links":{"self":[{"href":"https:\/\/www.teatreromea.cat\/ca\/wp-json\/wp\/v2\/ex\/11350","targetHints":{"allow":["GET"]}}],"collection":[{"href":"https:\/\/www.teatreromea.cat\/ca\/wp-json\/wp\/v2\/ex"}],"about":[{"href":"https:\/\/www.teatreromea.cat\/ca\/wp-json\/wp\/v2\/types\/ex"}],"author":[{"embeddable":true,"href":"https:\/\/www.teatreromea.cat\/ca\/wp-json\/wp\/v2\/users\/2"}],"replies":[{"embeddable":true,"href":"https:\/\/www.teatreromea.cat\/ca\/wp-json\/wp\/v2\/comments?post=11350"}],"acf:term":[{"embeddable":true,"taxonomy":"season","href":"https:\/\/www.teatreromea.cat\/ca\/wp-json\/wp\/v2\/season\/181"}],"wp:attachment":[{"href":"https:\/\/www.teatreromea.cat\/ca\/wp-json\/wp\/v2\/media?parent=11350"}],"curies":[{"name":"wp","href":"https:\/\/api.w.org\/{rel}","templated":true}]}}