{"id":11348,"date":"2024-09-05T17:30:23","date_gmt":"2024-09-05T15:30:23","guid":{"rendered":"https:\/\/www.teatreromea.cat\/ex\/el-gran-teatro-del-mundo\/"},"modified":"2025-03-03T10:17:56","modified_gmt":"2025-03-03T09:17:56","slug":"el-gran-teatro-del-mundo","status":"publish","type":"ex","link":"https:\/\/www.teatreromea.cat\/ca\/ex\/el-gran-teatro-del-mundo\/","title":{"rendered":"El gran teatro del mundo"},"content":{"rendered":"","protected":false},"excerpt":{"rendered":"","protected":false},"author":2,"featured_media":0,"comment_status":"closed","ping_status":"closed","template":"","class_list":["post-11348","ex","type-ex","status-publish","hentry","season-2024-25"],"acf":{"txt_synopsis":"<strong>Torna la CNTC amb una de les obres m\u00e9s importants del <em>Siglo de Oro<\/em>. Un cl\u00e0ssic indispensable de Calder\u00f3n de la Barca<\/strong>\r\n\r\nCalder\u00f3n de la Barca sabia perfectament del gran poder del teatre per crear imaginaris fins a aquest moment desconeguts.\r\nFill de la Contrareforma, havia de satisfer les necessitats dogm\u00e0tiques que l'Esgl\u00e9sia del seu temps imposava.\r\n\r\nEl geni creador de Calder\u00f3n va intentar, en innombrables ocasions, conjugar la seva obedi\u00e8ncia a aquests principis dogm\u00e0tics amb elements que elevessin la consci\u00e8ncia dels seus espectadors a espais m\u00e9s enll\u00e0 de l'obedi\u00e8ncia cega i els permetessin \u00e0mplies cotes de reflexi\u00f3, abra\u00e7ant la humanitat sense distincions.\r\n\r\n<em>El gran teatro del mundo<\/em> \u00e9s una obra paradigm\u00e0tica en aquest sentit. En ella es conjuga un imaginari esc\u00e8nic in\u00e8dit en el seu temps i una versificaci\u00f3 d'una extraordin\u00e0ria bellesa amb unes reflexions espirituals i filos\u00f2fiques de gran profunditat que proposaven als espectadors del segle XVII, i a nosaltres mateixos, \u00e0mplies cotes de reflexi\u00f3 sobre la naturalesa de la nostra exist\u00e8ncia i els valors que l'acompanyen.\r\n\r\nPer tot aix\u00f2, <em>El gran teatro del mundo<\/em> continua sent una de les m\u00e9s importants produccions teatrals del <em>Siglo de Oro<\/em>.","main_buy_link":"https:\/\/tickets.oneboxtds.com\/teatreromea\/events\/39378?hl=ca-ES","main_buy_links":"[\"https:\/\/tickets.oneboxtds.com\/teatreromea\/events\/39378?hl=ca-ES\"]","group_buy_link":"https:\/\/www.promentrada.com\/ca\/programacio\/c\/1298-el-gran-teatro-del-mundo--grups.html","show_language":"Espectacle en castell\u00e0  ","show_duration":"90","show_start_date":"20250227000000","show_end_date":"20250316000000","show_sort_date":"20250227000000","txt_custom_show_dates":"fins al 16 de mar\u00e7 de 2025 ","show_disciplines":"11","show_ultimes_funcions":true,"hide_tarifes_especials":false,"show_properament":false,"txt_additional_info":"<ul>\r\n \t<li>Recomanat a partir de 12 anys<\/li>\r\n \t<li><strong>Funci\u00f3 accessible:<\/strong> <strong>1 de mar\u00e7 a les 20h\r\n<\/strong>La funci\u00f3 comptar\u00e0 amb\r\n\u00b7Subtitulaci\u00f3\r\n\u00b7Audiodescripci\u00f3\r\n\u00b7Bucle magn\u00e8tic\r\n\u00b7So amplificat<\/li>\r\n<\/ul>","txt_present":"","show_season":[181],"txt_season":"[\"2024\/25\"]","txt_cycle":"","txt_claim":"Calder\u00f3n de la Barca sabia perfectament del gran poder del teatre per crear imaginaris fins a aquest moment desconeguts.","txt_cast_excerpt":"","txt_cast":"Autoria: <strong>Calder\u00f3n de la Barca\r\n<\/strong>Dramat\u00fargia: <strong>Xavier Albert\u00ed, Brenda Escobedo i Llu\u00eds Homar\r\n<\/strong>Direcci\u00f3: <strong>Llu\u00eds Homar<\/strong>\r\nDirecci\u00f3 musical: <strong>Xavier Albert\u00ed <\/strong>\r\n\r\nInt\u00e8rprets:\r\n<strong>Clara Altarriba<\/strong> - Pobre\r\n<strong>Malena Casado<\/strong> - Ni\u00f1o\r\n<strong>Jos\u00e9 Luis Verguizas<\/strong> - Rico\r\n<strong>Antoni Comas<\/strong> - Autor\r\n<strong>Carlota Gavi\u00f1o<\/strong> - Mundo\r\n<strong>Pilar G\u00f3mez<\/strong> - Labrador\r\n<strong>Yolanda de la Hoz<\/strong> - Hermosura\r\n<strong>Chupi Llorente<\/strong> - Ley de Gracia\r\n<strong>Jorge Merino<\/strong> - Rey\r\n<strong>Aisa P\u00e9rez<\/strong> - Discreci\u00f3n\r\n<strong>Pablo S\u00e1nchez<\/strong> - Percusionista\r\n\r\nEscenografia: <strong>Elisa Sanz\r\n<\/strong>Vestuari: <strong>Deborah Mac\u00edas<\/strong>\r\nIl\u00b7luminaci\u00f3: <strong>Pedro Yag\u00fce\r\n<\/strong>Moviment: <strong>Pau Aran <\/strong>\r\n\r\nDirecci\u00f3 de producci\u00f3: <strong>Gisela Serrano<\/strong>\r\nDirecci\u00f3 t\u00e8cnica: <strong>Fernando Cuadrado<\/strong>\r\n\r\nAjudantia de direcci\u00f3: <strong>\u00d3scar Valsecchi\r\n<\/strong>Ajudantia d\u2019escenografia: <strong>Sofia Skantz\r\n<\/strong>Ajudantia de vestuari: <strong>Victoria Carro\r\n<\/strong>Ajudantia de il\u00b7luminaci\u00f3: <strong>Paloma Cavilla\r\n<\/strong>Caps t\u00e8cnics del teatre: <strong>Sergi Lobaco i Ra\u00fal Mart\u00ednez <\/strong>\r\n\r\nConstrucci\u00f3 de l\u2019escenografia: <strong>Mambo Decorados S.L.\r\n<\/strong>Confecci\u00f3 del vestuari: <strong>CRIN Esc\u00e9nica \/ Maribel Rodr\u00edguez <\/strong>\r\n\r\nM\u00e0rqueting i comunicaci\u00f3 de la companyia: <strong>Javier D\u00edez Ena\r\n<\/strong>M\u00e0rqueting i comunicaci\u00f3 del teatre: <strong>Teatre Romea\r\n<\/strong>Reportatge fotogr\u00e0fic: <strong>Sergio Parra <\/strong>\r\n\r\nCol\u00b7laboradors: <strong>Festival Internacional de teatro Cl\u00e1sico de Almagro <\/strong>\r\n\r\n\u00c9s una producci\u00f3 de la <strong>Compa\u00f1\u00eda Nacional de Teatro Cl\u00e1sico<\/strong>","txt_reviews":"Javier Vallejo|El Pa\u00eds|\u201cUna obra de gran il\u00b7lusi\u00f3, en la que se succeeixen efectes teatrals suggestius\u201d \r\nMarta Moya|Lanza Digital|\u201cLa Compa\u00f1\u00eda Nacional de Teatro Cl\u00e1sico inunda de veritat i reflexi\u00f3 l\u2019escenari\u201d \r\nNatalia Eseverri|El arc\u00f3n de Natalia|\u201cUna gran adaptaci\u00f3\u201d ","hashtag":"ElGranTeatroDelMundo ","have_promo":"","slogan":"","id_exhibicio":2190,"id_versio":1725,"id_local":1,"txt_seo_desc":"","data_images":"[{\"localizer\":\"V3SLIDE\",\"url\":\"media\/ftgalslide\/v3\/316AC\/01_086_00058611\/EL_GRAN_TEATRO_DEL_MUNDO_escena_fotoSergioParra_098.jpg\",\"thumb_url\":\"media\/ftgalslide\/v3\/316AC\/01_086_00058611\/EL_GRAN_TEATRO_DEL_MUNDO_escena_fotoSergioParra_098_thumb.jpg\",\"title\":\"El gran teatro del mundo - Teatre Romea\",\"description\":\"el gran teatro del mundo en el teatre romea\",\"copyright\":\"https:\/\/youtu.be\/Guc8IAsrCPU\",\"order\":8},{\"localizer\":\"V3SLIDE\",\"url\":\"media\/ftgalslide\/v3\/316AC\/01_086_00058612\/EL_GRAN_TEATRO_DEL_MUNDO_escena_fotoSergioParra_044.jpg\",\"thumb_url\":\"media\/ftgalslide\/v3\/316AC\/01_086_00058612\/EL_GRAN_TEATRO_DEL_MUNDO_escena_fotoSergioParra_044_thumb.jpg\",\"title\":\"El gran teatro del mundo - Teatre Romea\",\"description\":\"el gran teatro del mundo en el teatre romea\",\"copyright\":\"\",\"order\":9},{\"localizer\":\"V3SLIDE\",\"url\":\"media\/ftgalslide\/v3\/316AC\/01_086_00058613\/EL_GRAN_TEATRO_DEL_MUNDO_escena_fotoSergioParra_365.jpg\",\"thumb_url\":\"media\/ftgalslide\/v3\/316AC\/01_086_00058613\/EL_GRAN_TEATRO_DEL_MUNDO_escena_fotoSergioParra_365_thumb.jpg\",\"title\":\"El gran teatro del mundo - Teatre Romea\",\"description\":\"el gran teatro del mundo en el teatre romea\",\"copyright\":\"\",\"order\":10},{\"localizer\":\"V4PORTADA\",\"url\":\"media\/ver\/port\/v4\/31705\/01_090_00058655\/Portada-1-el-gran-teatro-del-mundo-romea.jpg\",\"thumb_url\":\"\",\"title\":\"El Gran Teatro del Mundo - Teatre Goya\",\"description\":\"el gran teatro del mundo en el teatre goya\",\"copyright\":\"\",\"order\":14},{\"localizer\":\"V4CARTELL\",\"url\":\"media\/ver\/cartell\/v4\/31705\/01_089_00058660\/EGTDM_Cartell_web_720x1100.jpg\",\"thumb_url\":\"\",\"title\":\"El gran teatro del mundo - Teatre Romea\",\"description\":\"el gran teatro del mundo en el teatre romea\",\"copyright\":\"\",\"order\":15},{\"localizer\":\"V4PORTADAWIDE\",\"url\":\"media\/ver\/port\/wide\/v4\/31707\/01_091_00058718\/UF_Portada-0-el-gran-teatro-del-mundo-romea.jpg\",\"thumb_url\":\"\",\"title\":\"El gran teatro de mundo - \u00faltimes funcions\",\"description\":\"el gran teatro del mundo ultimes funcions\",\"copyright\":\"\",\"order\":16},{\"localizer\":\"V4PORTADAWIDEMOBILE\",\"url\":\"media\/ver\/port\/wide\/mobile\/v4\/31707\/01_092_00058719\/UF_Portada-mobile-el-gran-teatro-del-mundo-romea.jpg\",\"thumb_url\":\"\",\"title\":\"El gran teatro del mundo - \u00faltimes funcions\",\"description\":\"el gran teatro del mundo ultimes funcions\",\"copyright\":\"\",\"order\":17}]","material__texto_intro":"","data_material":null,"data_gallery":"","data_discounts":"[]","contract_is_open":false,"in_tour":false},"yoast_head":"<!-- This site is optimized with the Yoast SEO plugin v27.5 - https:\/\/yoast.com\/product\/yoast-seo-wordpress\/ -->\n<title>El gran teatro del mundo - Teatre Romea<\/title>\n<meta name=\"robots\" content=\"index, follow, max-snippet:-1, max-image-preview:large, max-video-preview:-1\" \/>\n<link rel=\"canonical\" href=\"https:\/\/www.teatreromea.cat\/ca\/ex\/el-gran-teatro-del-mundo\/\" \/>\n<script type=\"application\/ld+json\" class=\"yoast-schema-graph\">{\"@context\":\"https:\\\/\\\/schema.org\",\"@graph\":[{\"@type\":\"WebPage\",\"@id\":\"https:\\\/\\\/www.teatreromea.cat\\\/ca\\\/ex\\\/el-gran-teatro-del-mundo\\\/\",\"url\":\"https:\\\/\\\/www.teatreromea.cat\\\/ca\\\/ex\\\/el-gran-teatro-del-mundo\\\/\",\"name\":\"El gran teatro del mundo - Teatre Romea\",\"isPartOf\":{\"@id\":\"https:\\\/\\\/www.teatreromea.cat\\\/ca\\\/#website\"},\"datePublished\":\"2024-09-05T15:30:23+00:00\",\"dateModified\":\"2025-03-03T09:17:56+00:00\",\"breadcrumb\":{\"@id\":\"https:\\\/\\\/www.teatreromea.cat\\\/ca\\\/ex\\\/el-gran-teatro-del-mundo\\\/#breadcrumb\"},\"inLanguage\":\"ca\",\"potentialAction\":[{\"@type\":\"ReadAction\",\"target\":[\"https:\\\/\\\/www.teatreromea.cat\\\/ca\\\/ex\\\/el-gran-teatro-del-mundo\\\/\"]}]},{\"@type\":\"BreadcrumbList\",\"@id\":\"https:\\\/\\\/www.teatreromea.cat\\\/ca\\\/ex\\\/el-gran-teatro-del-mundo\\\/#breadcrumb\",\"itemListElement\":[{\"@type\":\"ListItem\",\"position\":1,\"name\":\"Inici\",\"item\":\"https:\\\/\\\/www.teatreromea.cat\\\/ca\\\/\"},{\"@type\":\"ListItem\",\"position\":2,\"name\":\"Espectacles\",\"item\":\"https:\\\/\\\/www.teatreromea.cat\\\/ca\\\/ex\\\/\"},{\"@type\":\"ListItem\",\"position\":3,\"name\":\"El gran teatro del mundo\"}]},{\"@type\":\"WebSite\",\"@id\":\"https:\\\/\\\/www.teatreromea.cat\\\/ca\\\/#website\",\"url\":\"https:\\\/\\\/www.teatreromea.cat\\\/ca\\\/\",\"name\":\"Teatre Romea\",\"description\":\"\",\"publisher\":{\"@id\":\"https:\\\/\\\/www.teatreromea.cat\\\/ca\\\/#organization\"},\"potentialAction\":[{\"@type\":\"SearchAction\",\"target\":{\"@type\":\"EntryPoint\",\"urlTemplate\":\"https:\\\/\\\/www.teatreromea.cat\\\/ca\\\/?s={search_term_string}\"},\"query-input\":{\"@type\":\"PropertyValueSpecification\",\"valueRequired\":true,\"valueName\":\"search_term_string\"}}],\"inLanguage\":\"ca\"},{\"@type\":\"Organization\",\"@id\":\"https:\\\/\\\/www.teatreromea.cat\\\/ca\\\/#organization\",\"name\":\"Teatre Romea\",\"url\":\"https:\\\/\\\/www.teatreromea.cat\\\/ca\\\/\",\"logo\":{\"@type\":\"ImageObject\",\"inLanguage\":\"ca\",\"@id\":\"https:\\\/\\\/www.teatreromea.cat\\\/ca\\\/#\\\/schema\\\/logo\\\/image\\\/\",\"url\":\"https:\\\/\\\/www.teatreromea.cat\\\/wp-content\\\/uploads\\\/sites\\\/2\\\/2017\\\/09\\\/teatre-romea-logo.svg\",\"contentUrl\":\"https:\\\/\\\/www.teatreromea.cat\\\/wp-content\\\/uploads\\\/sites\\\/2\\\/2017\\\/09\\\/teatre-romea-logo.svg\",\"width\":1,\"height\":1,\"caption\":\"Teatre Romea\"},\"image\":{\"@id\":\"https:\\\/\\\/www.teatreromea.cat\\\/ca\\\/#\\\/schema\\\/logo\\\/image\\\/\"},\"sameAs\":[\"http:\\\/\\\/www.facebook.com\\\/TeatreRomea\",\"https:\\\/\\\/x.com\\\/teatre_romea\",\"http:\\\/\\\/instagram.com\\\/teatreromea\",\"http:\\\/\\\/www.youtube.com\\\/user\\\/TeatreRomea\"]}]}<\/script>\n<!-- \/ Yoast SEO plugin. -->","yoast_head_json":{"title":"El gran teatro del mundo - Teatre Romea","robots":{"index":"index","follow":"follow","max-snippet":"max-snippet:-1","max-image-preview":"max-image-preview:large","max-video-preview":"max-video-preview:-1"},"canonical":"https:\/\/www.teatreromea.cat\/ca\/ex\/el-gran-teatro-del-mundo\/","schema":{"@context":"https:\/\/schema.org","@graph":[{"@type":"WebPage","@id":"https:\/\/www.teatreromea.cat\/ca\/ex\/el-gran-teatro-del-mundo\/","url":"https:\/\/www.teatreromea.cat\/ca\/ex\/el-gran-teatro-del-mundo\/","name":"El gran teatro del mundo - Teatre Romea","isPartOf":{"@id":"https:\/\/www.teatreromea.cat\/ca\/#website"},"datePublished":"2024-09-05T15:30:23+00:00","dateModified":"2025-03-03T09:17:56+00:00","breadcrumb":{"@id":"https:\/\/www.teatreromea.cat\/ca\/ex\/el-gran-teatro-del-mundo\/#breadcrumb"},"inLanguage":"ca","potentialAction":[{"@type":"ReadAction","target":["https:\/\/www.teatreromea.cat\/ca\/ex\/el-gran-teatro-del-mundo\/"]}]},{"@type":"BreadcrumbList","@id":"https:\/\/www.teatreromea.cat\/ca\/ex\/el-gran-teatro-del-mundo\/#breadcrumb","itemListElement":[{"@type":"ListItem","position":1,"name":"Inici","item":"https:\/\/www.teatreromea.cat\/ca\/"},{"@type":"ListItem","position":2,"name":"Espectacles","item":"https:\/\/www.teatreromea.cat\/ca\/ex\/"},{"@type":"ListItem","position":3,"name":"El gran teatro del mundo"}]},{"@type":"WebSite","@id":"https:\/\/www.teatreromea.cat\/ca\/#website","url":"https:\/\/www.teatreromea.cat\/ca\/","name":"Teatre Romea","description":"","publisher":{"@id":"https:\/\/www.teatreromea.cat\/ca\/#organization"},"potentialAction":[{"@type":"SearchAction","target":{"@type":"EntryPoint","urlTemplate":"https:\/\/www.teatreromea.cat\/ca\/?s={search_term_string}"},"query-input":{"@type":"PropertyValueSpecification","valueRequired":true,"valueName":"search_term_string"}}],"inLanguage":"ca"},{"@type":"Organization","@id":"https:\/\/www.teatreromea.cat\/ca\/#organization","name":"Teatre Romea","url":"https:\/\/www.teatreromea.cat\/ca\/","logo":{"@type":"ImageObject","inLanguage":"ca","@id":"https:\/\/www.teatreromea.cat\/ca\/#\/schema\/logo\/image\/","url":"https:\/\/www.teatreromea.cat\/wp-content\/uploads\/sites\/2\/2017\/09\/teatre-romea-logo.svg","contentUrl":"https:\/\/www.teatreromea.cat\/wp-content\/uploads\/sites\/2\/2017\/09\/teatre-romea-logo.svg","width":1,"height":1,"caption":"Teatre Romea"},"image":{"@id":"https:\/\/www.teatreromea.cat\/ca\/#\/schema\/logo\/image\/"},"sameAs":["http:\/\/www.facebook.com\/TeatreRomea","https:\/\/x.com\/teatre_romea","http:\/\/instagram.com\/teatreromea","http:\/\/www.youtube.com\/user\/TeatreRomea"]}]}},"translations":[{"id":11348,"locale":"ca"},{"id":11349,"locale":"es"}],"_links":{"self":[{"href":"https:\/\/www.teatreromea.cat\/ca\/wp-json\/wp\/v2\/ex\/11348","targetHints":{"allow":["GET"]}}],"collection":[{"href":"https:\/\/www.teatreromea.cat\/ca\/wp-json\/wp\/v2\/ex"}],"about":[{"href":"https:\/\/www.teatreromea.cat\/ca\/wp-json\/wp\/v2\/types\/ex"}],"author":[{"embeddable":true,"href":"https:\/\/www.teatreromea.cat\/ca\/wp-json\/wp\/v2\/users\/2"}],"replies":[{"embeddable":true,"href":"https:\/\/www.teatreromea.cat\/ca\/wp-json\/wp\/v2\/comments?post=11348"}],"acf:term":[{"embeddable":true,"taxonomy":"season","href":"https:\/\/www.teatreromea.cat\/ca\/wp-json\/wp\/v2\/season\/181"}],"wp:attachment":[{"href":"https:\/\/www.teatreromea.cat\/ca\/wp-json\/wp\/v2\/media?parent=11348"}],"curies":[{"name":"wp","href":"https:\/\/api.w.org\/{rel}","templated":true}]}}