{"id":11304,"date":"2024-07-31T10:01:11","date_gmt":"2024-07-31T08:01:11","guid":{"rendered":"https:\/\/www.teatreromea.cat\/ex\/tirant-lo-blanc-2\/"},"modified":"2025-06-03T11:22:46","modified_gmt":"2025-06-03T09:22:46","slug":"tirant-lo-blanc","status":"publish","type":"ex","link":"https:\/\/www.teatreromea.cat\/ca\/ex\/tirant-lo-blanc\/","title":{"rendered":"Tirant lo Blanc"},"content":{"rendered":"","protected":false},"excerpt":{"rendered":"","protected":false},"author":2,"featured_media":0,"comment_status":"closed","ping_status":"closed","template":"","class_list":["post-11304","ex","type-ex","status-publish","hentry","season-2024-25"],"acf":{"txt_synopsis":"<p><strong>El cl\u00e0ssic de Joanot Martorell&nbsp; com mai l\u2019havies vist abans<\/strong> <\/p>\r\n<p>Joan Arqu\u00e9 (<em>Canto jo i la muntanya balla<\/em>) dirigeix aquesta adaptaci\u00f3 teatral signada per M\u00e0rius Serra sobre el cl\u00e0ssic literari de Joanot Martorell, amb una perspectiva trencadora i actual. Agafant els cap\u00edtols m\u00e9s \u00e8pics de les aventures del cavaller de Val\u00e8ncia, seguim a Tirant i Plaerdemavida en un naufragi fins les costes del nord d\u2019\u00c0frica i en el seu llarg periple per tornar a casa, a Constantinoble, amb la seva estimada Carmesina. Un hist\u00f2ria plena de perills, amors i conflictes que ressonen, a trav\u00e9s del temps, fins al m\u00f3n d\u2019avui dia. <\/p>\r\n<p>Escrita fa m\u00e9s de cinc cents anys, <em>Tirant lo blanc<\/em> \u00e9s un pilar de la literatura cavalleresca i una de les obres m\u00e9s importants de la nostra her\u00e8ncia compartida. Ara, aquest muntatge vincula les aventures del m\u00edtic personatge amb els conflictes contemporanis, establint paral\u00b7lelismes amb els relats nacionals que ens expliquem en la societat moderna, suggerint que la hist\u00f2ria sempre l\u2019escriuen els vencedors i que els herois sempre s\u2019erigeixen sobre els cad\u00e0vers de gent innocent. <\/p>\r\n<p>&nbsp;<\/p>","main_buy_link":"","main_buy_links":"","group_buy_link":"","show_language":"Espectacle en catal\u00e0\u202f\u202f  ","show_duration":"110","show_start_date":"20241031000000","show_end_date":"20241116000000","show_sort_date":"20241031000000","txt_custom_show_dates":"del 31 d'octubre al 16 de novembre de 2024 ","show_disciplines":"11","show_ultimes_funcions":true,"hide_tarifes_especials":false,"show_properament":false,"txt_additional_info":"<ul>\r\n<li>Recomanat a partir de 14 anys<\/li>\r\n<ul style=\"LIST-STYLE-TYPE: disc; BOX-SIZING: border-box; FONT-SIZE: 16px; FONT-FAMILY: Raleway; WHITE-SPACE: normal; WORD-SPACING: 0px; LIST-STYLE-POSITION: outside; TEXT-TRANSFORM: none; FONT-WEIGHT: 400; COLOR: rgb(0,0,0); PADDING-BOTTOM: 0px; FONT-STYLE: normal; PADDING-TOP: 0px; PADDING-LEFT: 0px; ORPHANS: 2; WIDOWS: 2; MARGIN: 0px 0px 1px; LETTER-SPACING: normal; LINE-HEIGHT: 1.6; PADDING-RIGHT: 0px; BACKGROUND-COLOR: rgb(255,255,255); TEXT-INDENT: 0px; font-variant-ligatures: normal; font-variant-caps: normal; -webkit-text-stroke-width: 0px; text-decoration-thickness: initial; text-decoration-style: initial; text-decoration-color: initial\">\r\n<li style=\"PADDING-BOTTOM: 0px; PADDING-TOP: 0px; PADDING-LEFT: 0px; MARGIN: 0px; PADDING-RIGHT: 0px\">Funci\u00f3 accessible: <span data-teams=\"true\"><span class=\"ui-provider a b c d e f g h i j k l m n o p q r s t u v w x y z ab ac ae af ag ah ai aj ak\" dir=\"ltr\">16\/11<\/span><\/span> a les 20h. La funci\u00f3 comptar\u00e0 amb:<br \/>\u00b7 Audiodescripci\u00f3<br \/>\u00b7 Subtitulat<br \/>\u00b7 So amplificat<\/li><\/ul><\/ul>\r\n<p style=\"PADDING-BOTTOM: 0px; PADDING-TOP: 0px; PADDING-LEFT: 0px; MARGIN: 0px; PADDING-RIGHT: 0px\">*Visi\u00f3 \u00f2ptima del subtitulat, a partir de la 10 fila de platea cap enrere. Amfiteatre fila 1 i 2.<\/p>\r\n<p>&nbsp;<\/p>","txt_present":"","show_season":[181],"txt_season":"[\"2024\/25\"]","txt_cycle":"","txt_claim":"El cl\u00e0ssic de Joanot Martorell  com mai l\u2019havies vist abans ","txt_cast_excerpt":"","txt_cast":"<p>Text: <strong>M\u00e0rius Serra\u202f(a partir del cl\u00e0ssic de Joanot Martorell) <br \/><\/strong>M\u00fasica original: <strong>Judit Neddermann <br \/><\/strong>Direcci\u00f3: <strong>Joan Arqu\u00e9 \u202f <\/strong><\/p>\r\n<p>Int\u00e8rprets: <strong>Rub\u00e9n de Egu\u00eda, Laura Aubert, Judit Neddermann, Moha Amazian, Neus Ballb\u00e9, Clara Mingueza, Ireneu Tranis i Agn\u00e8s Jabbour <\/strong><\/p>\r\n<p>Escenografia:\u202f<strong>Judit Colomer\u202f <br \/><\/strong>Vestuari: <strong>N\u00eddia Tusal\u202f <br \/><\/strong>Il\u00b7luminaci\u00f3: <strong>Toni Ubach <br \/><\/strong>Espai sonor: <strong>Roger Gimenez i Neus Ballb\u00e9 <br \/><\/strong>Moviment esc\u00e8nic i ajudantia de direcci\u00f3: <strong>Carla Tovias <br \/><\/strong>Caracteritzaci\u00f3:\u202f\u202f<strong>N\u00faria Llunell<\/strong> <br \/>Coach de dramat\u00fargia i assessorament en diversitat: <strong>Denise Duncan <\/strong><\/p>\r\n<p>Direcci\u00f3 de producci\u00f3:\u202f<strong>Maite Pijuan\u202f<\/strong> <br \/>Producci\u00f3 executiva:\u202f\u202f<strong>Raquel Do\u00f1oro <br \/><\/strong>Direcci\u00f3 t\u00e8cnica: <strong>Moi Cuenca\u202f <\/strong><\/p>\r\n<p>Regidoria: <strong>Lluc Armengol\u202f&nbsp; <br \/><\/strong>Sastreria: <strong>Nerea Casas <br \/><\/strong>Caps t\u00e8cnics del teatre: <strong>Sergi Lobaco i Ra\u00fal Mart\u00ednez\u202f<\/strong> <\/p>\r\n<p>Construcci\u00f3 de l\u2019escenografia:\u202f\u202f<strong>Pascualin Estructures i Taller d\u2019Escenografia Castells, S.L.&nbsp; <br \/><\/strong>Construcci\u00f3 del titella: <strong>Gl\u00f2ria Arrufat i Marc Costa <br \/><\/strong>Confecci\u00f3 de vestuari: <strong>Consol D\u00edaz i N\u00eddia Tusal <br \/><\/strong>M\u00e0rqueting i comunicaci\u00f3:\u202f<strong>Teatre Romea <br \/><\/strong>Fotograf\u00eda: <strong>David Ruano\u202f\u202f <br \/><\/strong>Disseny gr\u00e0fic: <strong>Santi&Kco\u202f <\/strong><\/p>\r\n<p>Col\u00b7laboradors: <strong>Jorge de la Garza, Montibello, Rowenta i Mikakus Barcelona\u202f\u202f <\/strong><\/p>\r\n<p>Amb el suport de: <strong>Generalitat de Catalunya \u2013 ICEC Institut Catal\u00e0 de les Empreses Culturals <\/strong><\/p>\r\n<p>Distribuci\u00f3: <strong>Carme Tierz (<\/strong><a href=\"mailto:carmetierz@focus.cat\"><strong>carmetierz@focus.cat<\/strong><\/a><strong>) <\/strong><\/p>\r\n<p>\u00c9s una producci\u00f3 del <strong>Teatre Romea i Grec 2024 Festival de Barcelona <\/strong><\/p>\r\n<p><br \/><\/p>","txt_reviews":"Sergi Doria|ABC| \u201cUna adaptaci\u00f3 mod\u00e8lica (i pedag\u00f2gica)\u201d \r\nSanti Fondevila|ARA| \u201cLa proposta del director, Joan Arqu\u00e9, \u00e9s tremendament correcta, d\u2019un acurat esteticisme, amb una molt bona direcci\u00f3 d\u2019actors i actrius i solucions imaginatives\u201d \r\nGemma Sard\u00e0|La Vanguardia|\u201cDoneu-li novel\u00b7les a Joan Aqru\u00e9. Ha convertit Tirant lo Blanc en teatre del bo\u201d ","hashtag":"TirantloBlanc","have_promo":"","slogan":"","id_exhibicio":2180,"id_versio":1673,"id_local":1,"txt_seo_desc":"","data_images":"[{\"localizer\":\"V4PORTADA\",\"url\":\"media\/ver\/port\/v4\/316AA\/01_090_00058467\/TLB_Portada_1_760x760.jpg\",\"thumb_url\":\"\",\"title\":\"Tirant lo blanc - Teatre Romea\",\"description\":\"tirant lo blanc en el teatre romea\",\"copyright\":\"\",\"order\":28},{\"localizer\":\"V4CARTELL\",\"url\":\"media\/ver\/cartell\/v4\/316AA\/01_089_00058468\/TLB_Cartell_web_720x1100.jpg\",\"thumb_url\":\"\",\"title\":\"Tirant lo blanc - Teatre Romea\",\"description\":\"tirant lo blanc en el teatre romea\",\"copyright\":\"\",\"order\":29},{\"localizer\":\"V3CARTELL\",\"url\":\"media\/ver\/cartell\/v3\/316AA\/01_085_00058469\/TLB_Cartell_web_722x1030.jpg\",\"thumb_url\":\"media\/ver\/cartell\/v3\/316AA\/01_085_00058469\/TLB_Cartell_web_722x1030_thumb.jpg\",\"title\":\"Tirant lo blanc - Teatre Romea\",\"description\":\"tirant lo blanc en el teatre romea\",\"copyright\":\"\",\"order\":30},{\"localizer\":\"V3SLIDE\",\"url\":\"media\/ftgalslide\/v3\/316AA\/01_086_00058481\/Tirant_056.jpg\",\"thumb_url\":\"media\/ftgalslide\/v3\/316AA\/01_086_00058481\/Tirant_056_thumb.jpg\",\"title\":\"Tirant Lo Blanc - Teatre Romea\",\"description\":\"tirant lo blanc en el teatre romea\",\"copyright\":\"https:\/\/youtu.be\/8fCvmgAIMqA\",\"order\":31},{\"localizer\":\"V3SLIDE\",\"url\":\"media\/ftgalslide\/v3\/316AA\/01_086_00058482\/Tirant_070.jpg\",\"thumb_url\":\"media\/ftgalslide\/v3\/316AA\/01_086_00058482\/Tirant_070_thumb.jpg\",\"title\":\"Tirant Lo Blanc - Teatre Romea\",\"description\":\"tirant lo blanc en el teatre romea\",\"copyright\":\"\",\"order\":32},{\"localizer\":\"V3SLIDE\",\"url\":\"media\/ftgalslide\/v3\/316AA\/01_086_00058483\/xTirant_044.jpg\",\"thumb_url\":\"media\/ftgalslide\/v3\/316AA\/01_086_00058483\/xTirant_044_thumb.jpg\",\"title\":\"Tirant Lo Blanc - Teatre Romea\",\"description\":\"tirant lo blanc en el teatre romea\",\"copyright\":\"\",\"order\":33},{\"localizer\":\"V3SLIDE\",\"url\":\"media\/ftgalslide\/v3\/316AA\/01_086_00058484\/Tirant_147.jpg\",\"thumb_url\":\"media\/ftgalslide\/v3\/316AA\/01_086_00058484\/Tirant_147_thumb.jpg\",\"title\":\"Tirant Lo Blanc - Teatre Romea\",\"description\":\"tirant lo blanc en el teatre romea\",\"copyright\":\"\",\"order\":34},{\"localizer\":\"V4PORTADAWIDE\",\"url\":\"media\/ver\/port\/wide\/v4\/316AB\/01_091_00058516\/TLB_Portada_0_2880x1260_Ultimes.jpg\",\"thumb_url\":\"\",\"title\":\"Tirant Lo Blanc - Teatre Romea\",\"description\":\"tirant lo blanc al teatre romea\",\"copyright\":\"\",\"order\":35},{\"localizer\":\"V4PORTADAWIDEMOBILE\",\"url\":\"media\/ver\/port\/wide\/mobile\/v4\/316AB\/01_092_00058517\/TLB_Portada_0_mobile_828x1800_Ultimes.jpg\",\"thumb_url\":\"\",\"title\":\"Tirant Lo Blanc - Teatre Romea\",\"description\":\"tirant lo blanc al teatre romea\",\"copyright\":\"\",\"order\":36}]","material__texto_intro":"","data_material":null,"data_gallery":"","data_discounts":"[]","contract_is_open":true,"in_tour":false},"yoast_head":"<!-- This site is optimized with the Yoast SEO plugin v27.4 - https:\/\/yoast.com\/product\/yoast-seo-wordpress\/ -->\n<title>Tirant lo Blanc - Teatre Romea<\/title>\n<meta name=\"robots\" content=\"index, follow, max-snippet:-1, max-image-preview:large, max-video-preview:-1\" \/>\n<link rel=\"canonical\" href=\"https:\/\/www.teatreromea.cat\/ca\/ex\/tirant-lo-blanc\/\" \/>\n<script type=\"application\/ld+json\" class=\"yoast-schema-graph\">{\"@context\":\"https:\\\/\\\/schema.org\",\"@graph\":[{\"@type\":\"WebPage\",\"@id\":\"https:\\\/\\\/www.teatreromea.cat\\\/ca\\\/ex\\\/tirant-lo-blanc\\\/\",\"url\":\"https:\\\/\\\/www.teatreromea.cat\\\/ca\\\/ex\\\/tirant-lo-blanc\\\/\",\"name\":\"Tirant lo Blanc - Teatre Romea\",\"isPartOf\":{\"@id\":\"https:\\\/\\\/www.teatreromea.cat\\\/ca\\\/#website\"},\"datePublished\":\"2024-07-31T08:01:11+00:00\",\"dateModified\":\"2025-06-03T09:22:46+00:00\",\"breadcrumb\":{\"@id\":\"https:\\\/\\\/www.teatreromea.cat\\\/ca\\\/ex\\\/tirant-lo-blanc\\\/#breadcrumb\"},\"inLanguage\":\"ca\",\"potentialAction\":[{\"@type\":\"ReadAction\",\"target\":[\"https:\\\/\\\/www.teatreromea.cat\\\/ca\\\/ex\\\/tirant-lo-blanc\\\/\"]}]},{\"@type\":\"BreadcrumbList\",\"@id\":\"https:\\\/\\\/www.teatreromea.cat\\\/ca\\\/ex\\\/tirant-lo-blanc\\\/#breadcrumb\",\"itemListElement\":[{\"@type\":\"ListItem\",\"position\":1,\"name\":\"Inici\",\"item\":\"https:\\\/\\\/www.teatreromea.cat\\\/ca\\\/\"},{\"@type\":\"ListItem\",\"position\":2,\"name\":\"Espectacles\",\"item\":\"https:\\\/\\\/www.teatreromea.cat\\\/ca\\\/ex\\\/\"},{\"@type\":\"ListItem\",\"position\":3,\"name\":\"Tirant lo Blanc\"}]},{\"@type\":\"WebSite\",\"@id\":\"https:\\\/\\\/www.teatreromea.cat\\\/ca\\\/#website\",\"url\":\"https:\\\/\\\/www.teatreromea.cat\\\/ca\\\/\",\"name\":\"Teatre Romea\",\"description\":\"\",\"publisher\":{\"@id\":\"https:\\\/\\\/www.teatreromea.cat\\\/ca\\\/#organization\"},\"potentialAction\":[{\"@type\":\"SearchAction\",\"target\":{\"@type\":\"EntryPoint\",\"urlTemplate\":\"https:\\\/\\\/www.teatreromea.cat\\\/ca\\\/?s={search_term_string}\"},\"query-input\":{\"@type\":\"PropertyValueSpecification\",\"valueRequired\":true,\"valueName\":\"search_term_string\"}}],\"inLanguage\":\"ca\"},{\"@type\":\"Organization\",\"@id\":\"https:\\\/\\\/www.teatreromea.cat\\\/ca\\\/#organization\",\"name\":\"Teatre Romea\",\"url\":\"https:\\\/\\\/www.teatreromea.cat\\\/ca\\\/\",\"logo\":{\"@type\":\"ImageObject\",\"inLanguage\":\"ca\",\"@id\":\"https:\\\/\\\/www.teatreromea.cat\\\/ca\\\/#\\\/schema\\\/logo\\\/image\\\/\",\"url\":\"https:\\\/\\\/www.teatreromea.cat\\\/wp-content\\\/uploads\\\/sites\\\/2\\\/2017\\\/09\\\/teatre-romea-logo.svg\",\"contentUrl\":\"https:\\\/\\\/www.teatreromea.cat\\\/wp-content\\\/uploads\\\/sites\\\/2\\\/2017\\\/09\\\/teatre-romea-logo.svg\",\"width\":1,\"height\":1,\"caption\":\"Teatre Romea\"},\"image\":{\"@id\":\"https:\\\/\\\/www.teatreromea.cat\\\/ca\\\/#\\\/schema\\\/logo\\\/image\\\/\"},\"sameAs\":[\"http:\\\/\\\/www.facebook.com\\\/TeatreRomea\",\"https:\\\/\\\/x.com\\\/teatre_romea\",\"http:\\\/\\\/instagram.com\\\/teatreromea\",\"http:\\\/\\\/www.youtube.com\\\/user\\\/TeatreRomea\"]}]}<\/script>\n<!-- \/ Yoast SEO plugin. -->","yoast_head_json":{"title":"Tirant lo Blanc - Teatre Romea","robots":{"index":"index","follow":"follow","max-snippet":"max-snippet:-1","max-image-preview":"max-image-preview:large","max-video-preview":"max-video-preview:-1"},"canonical":"https:\/\/www.teatreromea.cat\/ca\/ex\/tirant-lo-blanc\/","schema":{"@context":"https:\/\/schema.org","@graph":[{"@type":"WebPage","@id":"https:\/\/www.teatreromea.cat\/ca\/ex\/tirant-lo-blanc\/","url":"https:\/\/www.teatreromea.cat\/ca\/ex\/tirant-lo-blanc\/","name":"Tirant lo Blanc - Teatre Romea","isPartOf":{"@id":"https:\/\/www.teatreromea.cat\/ca\/#website"},"datePublished":"2024-07-31T08:01:11+00:00","dateModified":"2025-06-03T09:22:46+00:00","breadcrumb":{"@id":"https:\/\/www.teatreromea.cat\/ca\/ex\/tirant-lo-blanc\/#breadcrumb"},"inLanguage":"ca","potentialAction":[{"@type":"ReadAction","target":["https:\/\/www.teatreromea.cat\/ca\/ex\/tirant-lo-blanc\/"]}]},{"@type":"BreadcrumbList","@id":"https:\/\/www.teatreromea.cat\/ca\/ex\/tirant-lo-blanc\/#breadcrumb","itemListElement":[{"@type":"ListItem","position":1,"name":"Inici","item":"https:\/\/www.teatreromea.cat\/ca\/"},{"@type":"ListItem","position":2,"name":"Espectacles","item":"https:\/\/www.teatreromea.cat\/ca\/ex\/"},{"@type":"ListItem","position":3,"name":"Tirant lo Blanc"}]},{"@type":"WebSite","@id":"https:\/\/www.teatreromea.cat\/ca\/#website","url":"https:\/\/www.teatreromea.cat\/ca\/","name":"Teatre Romea","description":"","publisher":{"@id":"https:\/\/www.teatreromea.cat\/ca\/#organization"},"potentialAction":[{"@type":"SearchAction","target":{"@type":"EntryPoint","urlTemplate":"https:\/\/www.teatreromea.cat\/ca\/?s={search_term_string}"},"query-input":{"@type":"PropertyValueSpecification","valueRequired":true,"valueName":"search_term_string"}}],"inLanguage":"ca"},{"@type":"Organization","@id":"https:\/\/www.teatreromea.cat\/ca\/#organization","name":"Teatre Romea","url":"https:\/\/www.teatreromea.cat\/ca\/","logo":{"@type":"ImageObject","inLanguage":"ca","@id":"https:\/\/www.teatreromea.cat\/ca\/#\/schema\/logo\/image\/","url":"https:\/\/www.teatreromea.cat\/wp-content\/uploads\/sites\/2\/2017\/09\/teatre-romea-logo.svg","contentUrl":"https:\/\/www.teatreromea.cat\/wp-content\/uploads\/sites\/2\/2017\/09\/teatre-romea-logo.svg","width":1,"height":1,"caption":"Teatre Romea"},"image":{"@id":"https:\/\/www.teatreromea.cat\/ca\/#\/schema\/logo\/image\/"},"sameAs":["http:\/\/www.facebook.com\/TeatreRomea","https:\/\/x.com\/teatre_romea","http:\/\/instagram.com\/teatreromea","http:\/\/www.youtube.com\/user\/TeatreRomea"]}]}},"translations":[{"id":11304,"locale":"ca"},{"id":11305,"locale":"es"}],"_links":{"self":[{"href":"https:\/\/www.teatreromea.cat\/ca\/wp-json\/wp\/v2\/ex\/11304","targetHints":{"allow":["GET"]}}],"collection":[{"href":"https:\/\/www.teatreromea.cat\/ca\/wp-json\/wp\/v2\/ex"}],"about":[{"href":"https:\/\/www.teatreromea.cat\/ca\/wp-json\/wp\/v2\/types\/ex"}],"author":[{"embeddable":true,"href":"https:\/\/www.teatreromea.cat\/ca\/wp-json\/wp\/v2\/users\/2"}],"replies":[{"embeddable":true,"href":"https:\/\/www.teatreromea.cat\/ca\/wp-json\/wp\/v2\/comments?post=11304"}],"acf:term":[{"embeddable":true,"taxonomy":"season","href":"https:\/\/www.teatreromea.cat\/ca\/wp-json\/wp\/v2\/season\/181"}],"wp:attachment":[{"href":"https:\/\/www.teatreromea.cat\/ca\/wp-json\/wp\/v2\/media?parent=11304"}],"curies":[{"name":"wp","href":"https:\/\/api.w.org\/{rel}","templated":true}]}}