{"id":11302,"date":"2024-07-25T15:37:27","date_gmt":"2024-07-25T13:37:27","guid":{"rendered":"https:\/\/www.teatreromea.cat\/ex\/socrates-juicio-y-muerte-de-un-ciudadano-6\/"},"modified":"2025-01-13T15:29:06","modified_gmt":"2025-01-13T14:29:06","slug":"socrates-juicio-y-muerte-de-un-ciudadano-6","status":"publish","type":"ex","link":"https:\/\/www.teatreromea.cat\/ca\/ex\/socrates-juicio-y-muerte-de-un-ciudadano-6\/","title":{"rendered":"S\u00f3crates, juicio y muerte de un ciudadano"},"content":{"rendered":"","protected":false},"excerpt":{"rendered":"","protected":false},"author":2,"featured_media":0,"comment_status":"closed","ping_status":"closed","template":"","class_list":["post-11302","ex","type-ex","status-publish","hentry","season-2016-17"],"acf":{"txt_synopsis":"<p><strong>\u00daltima oportunitat per gaudir de l\u2019excel\u00b7lent muntatge que ha captivat el pa\u00eds sencer.<br \/><br \/>L\u2019\u00e8xit indiscutible de la temporada 2015-2016 torna al Romea per un per\u00edode improrrogable i despr\u00e9s d\u2019una intensa gira per territori espanyol en la qual ha exhaurit localitats.<br \/><\/strong><br \/>A m\u00e9s de ser un dels pensadors m\u00e9s coneguts de l'antiga Atenes i mestre de Plat\u00f3, S\u00f2crates \u00e9s considerat el pare del pensament occidental. Ell, un savi que no va voler escriure els seus pensaments perqu\u00e8 trobava que tothom havia de desenvolupar els seus propis, va ser l'autor d'aquella ir\u00f2nica expressi\u00f3 amb qu\u00e8 la Humanitat reconeix avui la seva ignor\u00e0ncia: Nom\u00e9s s\u00e9 que no s\u00e9 res. S\u00f2crates ser\u00e0 jutjat i condemnat pels seus conciutadans despr\u00e9s d'haver denunciat la corrupci\u00f3 a Atenes i d'haver advertit contra el paper superstici\u00f3s i manipulador de la religi\u00f3 oficial. Acusat de menystenir els d\u00e9us i corrompre la joventut, es va negar a fugir, com li proposaven els seus deixebles, quan va ser condemnat a ingerir una copa de cicuta. I la seva mort es va convertir en una de les m\u00e9s famoses de la hist\u00f2ria.<\/p>\r\n<p><strong>Mario Gas escriu sobre el pensador d'Atenes.<br \/><\/strong>No cabe la menor duda de que S\u00f3crates es una figura fundamental del pensamiento occidental.&nbsp;Su aura sigue proyect\u00e1ndose a trav\u00e9s del tiempo hasta nuestros d\u00edas. Su b\u00fasqueda de la verdad, su indagaci\u00f3n, mediante el di\u00e1logo, sobre la moral, la honestidad, la justicia, el conocimiento del hombre- dando por supuesto que el inicio es siempre una pregunta que incide en el no conocimiento-, le convierten en un ser singular y por supuesto, en un ser peligroso para cualquier tipo de hipocres\u00eda, ya sea individual, colectiva, o incluso estatal y\u2026 democr\u00e1tica.<br \/><br \/>Es esa condici\u00f3n insobornable lo que le lleva -tras una larvada inquina incubada durante m\u00e1s de veinte a\u00f1os-&nbsp; a ser acusado por seres insidiosos cercanos al poder,&nbsp;de perversor de la juventud y negador de los dioses oficiales. El resultado, avalado por parte de la ciudadan\u00eda, no puede ser m\u00e1s terrible e injusto: la ingesta de la cicuta que le producir\u00e1 la muerte.<\/p>\r\n<p align=\"center\">&nbsp;<\/p>\r\n<p align=\"center\"><a href=\"http:\/\/bit.ly\/LaTemporada16-17-GrupFocus\"><strong>Consulta la nostra revista de La Temporada 2016-2017 amb la programaci\u00f3 al detall de tots els teatres del Grup Focus<\/strong><\/a>&nbsp;<\/p>","main_buy_link":"","main_buy_links":"","group_buy_link":"","show_language":"","show_duration":"","show_start_date":"20170310000000","show_end_date":"20170423000000","show_sort_date":"20170302000000","txt_custom_show_dates":"del 10 de mar\u00e7 al 23 d'abril de 2017 ","show_disciplines":"3","show_ultimes_funcions":false,"hide_tarifes_especials":false,"show_properament":false,"txt_additional_info":"","txt_present":"","show_season":[147],"txt_season":"[\"2016\/17\"]","txt_cycle":"","txt_claim":"","txt_cast_excerpt":"","txt_cast":"<strong>Autors:<\/strong> Mario Gas&nbsp;i Alberto Iglesias <br \/><strong>Direcci\u00f3:<\/strong> Mario Gas <br \/><strong>Repartiment:<\/strong> <br \/>Josep Maria Pou <br \/>Carles Canut <br \/>Amparo Pamplona <br \/>Pep Molina <br \/>Borja Espinosa<br \/>Ramon Pujol <br \/>Guillem Motos <br \/><strong>Escenografia:<\/strong> Paco Azor\u00edn <br \/><strong>Il\u00b7luminaci\u00f3:<\/strong> Txema Orriols<br \/><strong>Figurinista:<\/strong> Antonio Belart <br \/><strong>Espai sonor:<\/strong> \u00c0lex Polls <br \/><strong>Ajudant de direcci\u00f3:<\/strong> Montse Tix\u00e9 <br \/><strong>Ajudant<\/strong><strong> d'escenografia:<\/strong> Alessandro Arcangeli <br \/><strong>Ajudant<\/strong><strong>&nbsp;<\/strong><strong>de vestuari:<\/strong> Carlota Ricart <br \/><strong>Estudiant en pr\u00e0ctiques de direcci\u00f3:<\/strong> Selene Perdomo <br \/><strong>Direcci\u00f3 de producci\u00f3:<\/strong> Amparo Mart\u00ednez&nbsp;<br \/><strong>Cap de producci\u00f3:<\/strong> Maite Pijuan <br \/><strong>Producci\u00f3 executiva:<\/strong> Marina Vilardell <br \/><strong>Regidoria:<\/strong> Montse Tix\u00e9 \/ Anna Gas<br \/><strong>Sastreria:<\/strong> Rosario Macias <br \/><strong>Direcci\u00f3 t\u00e8cnica: <\/strong>Moi Cuenca<br \/><strong>Caps t\u00e8cnics del teatre:<\/strong> Sergi Lobaco i Ra\u00fal Mart\u00ednez&nbsp; <br \/><strong>Construcci\u00f3 d'escenografia:<\/strong> Taller d\u2019escenografia Sant Cugat <br \/><strong>Confecci\u00f3 de vestuari:<\/strong> Goretti Puente <br \/><br \/>Espectacle en castell\u00e0<br \/>Durada aproximada d'1h 30 minuts <br \/>Una coproducci\u00f3 del Grec 2015 Festival de Barcelona, Teatre Romea&nbsp;i Festival Internacional de Teatro Cl\u00e1sico de M\u00e9rida. <br \/>Amb la col\u00b7laboraci\u00f3 de Teatre - Auditori de Sant Cugat.<br \/>","txt_reviews":"","hashtag":"","have_promo":"","slogan":"","id_exhibicio":1383,"id_versio":848,"id_local":1,"txt_seo_desc":"","data_images":"[{\"localizer\":\"VERS_IMATGE_ESPECTACLE\",\"url\":\"media\/ftespect\/31323\/01_020_00034383\/galeriaweb1bcn.jpg\",\"thumb_url\":\"media\/ftespect\/31323\/01_020_00034383\/galeriaweb1bcn_thumb.jpg\",\"title\":\"S\u00f3crates. Juicio y muerte de un ciudadano - T. Romea\",\"description\":\" \",\"copyright\":\"David Ruano\",\"order\":35},{\"localizer\":\"VERS_IMATGE_ESPECTACLE\",\"url\":\"media\/ftespect\/31323\/01_020_00034384\/galeriaweb2bcn.jpg\",\"thumb_url\":\"media\/ftespect\/31323\/01_020_00034384\/galeriaweb2bcn_thumb.jpg\",\"title\":\"S\u00f3crates. Juicio y muerte de un ciudadano - T. Romea\",\"description\":\" \",\"copyright\":\"David Ruano\",\"order\":36},{\"localizer\":\"VERS_IMATGE_ESPECTACLE\",\"url\":\"media\/ftespect\/31323\/01_020_00034385\/galeriaweb3bcn.jpg\",\"thumb_url\":\"media\/ftespect\/31323\/01_020_00034385\/galeriaweb3bcn_thumb.jpg\",\"title\":\"S\u00f3crates. Juicio y muerte de un ciudadano - T. Romea\",\"description\":\" \",\"copyright\":\"David Ruano\",\"order\":37},{\"localizer\":\"VERS_IMATGE_ESPECTACLE\",\"url\":\"media\/ftespect\/31323\/01_020_00034386\/galeriaweb4bcn.jpg\",\"thumb_url\":\"media\/ftespect\/31323\/01_020_00034386\/galeriaweb4bcn_thumb.jpg\",\"title\":\"S\u00f3crates. Juicio y muerte de un ciudadano - T. Romea\",\"description\":\" \",\"copyright\":\"David Ruano\",\"order\":38},{\"localizer\":\"VERS_IMATGE_ESPECTACLE\",\"url\":\"media\/ftespect\/31323\/01_020_00034387\/galeriaweb5bcn.jpg\",\"thumb_url\":\"media\/ftespect\/31323\/01_020_00034387\/galeriaweb5bcn_thumb.jpg\",\"title\":\"S\u00f3crates. Juicio y muerte de un ciudadano - T. Romea\",\"description\":\" \",\"copyright\":\"David Ruano\",\"order\":39},{\"localizer\":\"VERS_IMATGE_ESPECTACLE\",\"url\":\"media\/ftespect\/31323\/01_020_00034388\/galeriaweb6bcn.jpg\",\"thumb_url\":\"media\/ftespect\/31323\/01_020_00034388\/galeriaweb6bcn_thumb.jpg\",\"title\":\"S\u00f3crates. Juicio y muerte de un ciudadano - T. Romea\",\"description\":\" \",\"copyright\":\"David Ruano\",\"order\":40},{\"localizer\":\"V2SLIDE\",\"url\":\"media\/ftgalslide\/31323\/01_076_00034389\/slideweb1bcn.jpg\",\"thumb_url\":\"media\/ftgalslide\/31323\/01_076_00034389\/slideweb1bcn_thumb.jpg\",\"title\":\"S\u00f3crates. Juicio y muerte de un ciudadano\",\"description\":\"Escena Teatre Romea\",\"copyright\":\"David Ruano\",\"order\":41},{\"localizer\":\"V2SLIDE\",\"url\":\"media\/ftgalslide\/31323\/01_076_00034390\/slideweb2bcn.jpg\",\"thumb_url\":\"media\/ftgalslide\/31323\/01_076_00034390\/slideweb2bcn_thumb.jpg\",\"title\":\"S\u00f3crates. Juicio y muerte de un ciudadano\",\"description\":\"Escena Teatre Romea\",\"copyright\":\"David Ruano\",\"order\":42},{\"localizer\":\"V2SLIDE\",\"url\":\"media\/ftgalslide\/31323\/01_076_00034391\/slideweb3bcn.jpg\",\"thumb_url\":\"media\/ftgalslide\/31323\/01_076_00034391\/slideweb3bcn_thumb.jpg\",\"title\":\"S\u00f3crates. Juicio y muerte de un ciudadano\",\"description\":\"Escena Teatre Romea\",\"copyright\":\"David Ruano\",\"order\":43},{\"localizer\":\"V2SLIDE\",\"url\":\"media\/ftgalslide\/31323\/01_076_00034392\/slideweb4bcn.jpg\",\"thumb_url\":\"media\/ftgalslide\/31323\/01_076_00034392\/slideweb4bcn_thumb.jpg\",\"title\":\"S\u00f3crates. Juicio y muerte de un ciudadano\",\"description\":\"Escena Teatre Romea\",\"copyright\":\"David Ruano\",\"order\":44},{\"localizer\":\"V2SLIDE\",\"url\":\"media\/ftgalslide\/31323\/01_076_00034393\/slideweb5bcn.jpg\",\"thumb_url\":\"media\/ftgalslide\/31323\/01_076_00034393\/slideweb5bcn_thumb.jpg\",\"title\":\"S\u00f3crates. Juicio y muerte de un ciudadano\",\"description\":\"Escena Teatre Romea\",\"copyright\":\"David Ruano\",\"order\":45},{\"localizer\":\"V2SLIDE\",\"url\":\"media\/ftgalslide\/31323\/01_076_00034394\/slideweb6bcn.jpg\",\"thumb_url\":\"media\/ftgalslide\/31323\/01_076_00034394\/slideweb6bcn_thumb.jpg\",\"title\":\"S\u00f3crates. Juicio y muerte de un ciudadano\",\"description\":\"Escena Teatre Romea\",\"copyright\":\"David Ruano\",\"order\":46},{\"localizer\":\"V2CARTELL\",\"url\":\"media\/ver\/cartell\/31389\/01_079_00038295\/405x579_Socrates.jpg\",\"thumb_url\":\"media\/ver\/cartell\/31389\/01_079_00038295\/405x579_Socrates_thumb.jpg\",\"title\":\"S\u00f3crates\",\"description\":\"S\u00f3crates\",\"copyright\":\"\",\"order\":51},{\"localizer\":\"V2CARTELLDISTRI\",\"url\":\"media\/cartell\/distrib\/313E6\/01_082_00039993\/SOCRATES_WEB.jpg\",\"thumb_url\":\"media\/cartell\/distrib\/313E6\/01_082_00039993\/SOCRATES_WEB_thumb.jpg\",\"title\":\"S\u00f3crates\",\"description\":\"S\u00f3crates\",\"copyright\":\"\",\"order\":55},{\"localizer\":\"V2PORTADA\",\"url\":\"media\/ver\/port\/313E8\/01_078_00040555\/hsocrtates01last.jpg\",\"thumb_url\":\"media\/ver\/port\/313E8\/01_078_00040555\/hsocrtates01last_thumb.jpg\",\"title\":\"S\u00f3crates\",\"description\":\"S\u00f3crates\",\"copyright\":\"\",\"order\":57},{\"localizer\":\"V3CARTELL\",\"url\":\"media\/ver\/cartell\/v3\/316A7\/01_085_00058114\/SOCRATES_teatre_sin_logos_a3_page-0001.jpg\",\"thumb_url\":\"media\/ver\/cartell\/v3\/316A7\/01_085_00058114\/SOCRATES_teatre_sin_logos_a3_page-0001_thumb.jpg\",\"title\":\"Cartell S\u00f3crates\",\"description\":\"Cartell S\u00f3crates\",\"copyright\":\"\",\"order\":58}]","material__texto_intro":"","data_material":null,"data_gallery":"","data_discounts":"[{\"InfoAddicional\":\"<p><strong>Descomptes per a grups i escoles<br \/><\/strong><\/p>\",\"Url\":\"https:\/\/www.promentrada.com\/ca\/product\/{#CODI#}\",\"Codi\":\"ROM131\",\"LogoUrl\":\"media\/fimage\/31389\/01_005_00038530\/logo_prome_nuevo_v_web.jpg\",\"TitolBoto\":\"Descomptes per a grups i escoles\",\"Type\":\"discount\"},{\"InfoAddicional\":\"<p><strong>Descomptes per a particulars<br \/><\/strong><\/p>\",\"Url\":\"vip.promentrada.com\/ca\/product\/{#CODI#}\",\"Codi\":\"ROM131\",\"LogoUrl\":\"media\/fimage\/31389\/01_005_00038559\/logo_prome_vip_v_web.jpg\",\"TitolBoto\":\"Descomptes per a particulars\",\"Type\":\"discount\"}]","contract_is_open":false,"in_tour":false},"yoast_head":"<!-- This site is optimized with the Yoast SEO plugin v27.4 - https:\/\/yoast.com\/product\/yoast-seo-wordpress\/ -->\n<title>S\u00f3crates, juicio y muerte de un ciudadano - Teatre Romea<\/title>\n<meta name=\"robots\" content=\"index, follow, max-snippet:-1, max-image-preview:large, max-video-preview:-1\" \/>\n<link rel=\"canonical\" href=\"https:\/\/www.teatreromea.cat\/ca\/ex\/socrates-juicio-y-muerte-de-un-ciudadano-6\/\" \/>\n<script type=\"application\/ld+json\" class=\"yoast-schema-graph\">{\"@context\":\"https:\\\/\\\/schema.org\",\"@graph\":[{\"@type\":\"WebPage\",\"@id\":\"https:\\\/\\\/www.teatreromea.cat\\\/ca\\\/ex\\\/socrates-juicio-y-muerte-de-un-ciudadano-6\\\/\",\"url\":\"https:\\\/\\\/www.teatreromea.cat\\\/ca\\\/ex\\\/socrates-juicio-y-muerte-de-un-ciudadano-6\\\/\",\"name\":\"S\u00f3crates, juicio y muerte de un ciudadano - Teatre Romea\",\"isPartOf\":{\"@id\":\"https:\\\/\\\/www.teatreromea.cat\\\/ca\\\/#website\"},\"datePublished\":\"2024-07-25T13:37:27+00:00\",\"dateModified\":\"2025-01-13T14:29:06+00:00\",\"breadcrumb\":{\"@id\":\"https:\\\/\\\/www.teatreromea.cat\\\/ca\\\/ex\\\/socrates-juicio-y-muerte-de-un-ciudadano-6\\\/#breadcrumb\"},\"inLanguage\":\"ca\",\"potentialAction\":[{\"@type\":\"ReadAction\",\"target\":[\"https:\\\/\\\/www.teatreromea.cat\\\/ca\\\/ex\\\/socrates-juicio-y-muerte-de-un-ciudadano-6\\\/\"]}]},{\"@type\":\"BreadcrumbList\",\"@id\":\"https:\\\/\\\/www.teatreromea.cat\\\/ca\\\/ex\\\/socrates-juicio-y-muerte-de-un-ciudadano-6\\\/#breadcrumb\",\"itemListElement\":[{\"@type\":\"ListItem\",\"position\":1,\"name\":\"Inici\",\"item\":\"https:\\\/\\\/www.teatreromea.cat\\\/ca\\\/\"},{\"@type\":\"ListItem\",\"position\":2,\"name\":\"Espectacles\",\"item\":\"https:\\\/\\\/www.teatreromea.cat\\\/ca\\\/ex\\\/\"},{\"@type\":\"ListItem\",\"position\":3,\"name\":\"S\u00f3crates, juicio y muerte de un ciudadano\"}]},{\"@type\":\"WebSite\",\"@id\":\"https:\\\/\\\/www.teatreromea.cat\\\/ca\\\/#website\",\"url\":\"https:\\\/\\\/www.teatreromea.cat\\\/ca\\\/\",\"name\":\"Teatre Romea\",\"description\":\"\",\"publisher\":{\"@id\":\"https:\\\/\\\/www.teatreromea.cat\\\/ca\\\/#organization\"},\"potentialAction\":[{\"@type\":\"SearchAction\",\"target\":{\"@type\":\"EntryPoint\",\"urlTemplate\":\"https:\\\/\\\/www.teatreromea.cat\\\/ca\\\/?s={search_term_string}\"},\"query-input\":{\"@type\":\"PropertyValueSpecification\",\"valueRequired\":true,\"valueName\":\"search_term_string\"}}],\"inLanguage\":\"ca\"},{\"@type\":\"Organization\",\"@id\":\"https:\\\/\\\/www.teatreromea.cat\\\/ca\\\/#organization\",\"name\":\"Teatre Romea\",\"url\":\"https:\\\/\\\/www.teatreromea.cat\\\/ca\\\/\",\"logo\":{\"@type\":\"ImageObject\",\"inLanguage\":\"ca\",\"@id\":\"https:\\\/\\\/www.teatreromea.cat\\\/ca\\\/#\\\/schema\\\/logo\\\/image\\\/\",\"url\":\"https:\\\/\\\/www.teatreromea.cat\\\/wp-content\\\/uploads\\\/sites\\\/2\\\/2017\\\/09\\\/teatre-romea-logo.svg\",\"contentUrl\":\"https:\\\/\\\/www.teatreromea.cat\\\/wp-content\\\/uploads\\\/sites\\\/2\\\/2017\\\/09\\\/teatre-romea-logo.svg\",\"width\":1,\"height\":1,\"caption\":\"Teatre Romea\"},\"image\":{\"@id\":\"https:\\\/\\\/www.teatreromea.cat\\\/ca\\\/#\\\/schema\\\/logo\\\/image\\\/\"},\"sameAs\":[\"http:\\\/\\\/www.facebook.com\\\/TeatreRomea\",\"https:\\\/\\\/x.com\\\/teatre_romea\",\"http:\\\/\\\/instagram.com\\\/teatreromea\",\"http:\\\/\\\/www.youtube.com\\\/user\\\/TeatreRomea\"]}]}<\/script>\n<!-- \/ Yoast SEO plugin. -->","yoast_head_json":{"title":"S\u00f3crates, juicio y muerte de un ciudadano - Teatre Romea","robots":{"index":"index","follow":"follow","max-snippet":"max-snippet:-1","max-image-preview":"max-image-preview:large","max-video-preview":"max-video-preview:-1"},"canonical":"https:\/\/www.teatreromea.cat\/ca\/ex\/socrates-juicio-y-muerte-de-un-ciudadano-6\/","schema":{"@context":"https:\/\/schema.org","@graph":[{"@type":"WebPage","@id":"https:\/\/www.teatreromea.cat\/ca\/ex\/socrates-juicio-y-muerte-de-un-ciudadano-6\/","url":"https:\/\/www.teatreromea.cat\/ca\/ex\/socrates-juicio-y-muerte-de-un-ciudadano-6\/","name":"S\u00f3crates, juicio y muerte de un ciudadano - Teatre Romea","isPartOf":{"@id":"https:\/\/www.teatreromea.cat\/ca\/#website"},"datePublished":"2024-07-25T13:37:27+00:00","dateModified":"2025-01-13T14:29:06+00:00","breadcrumb":{"@id":"https:\/\/www.teatreromea.cat\/ca\/ex\/socrates-juicio-y-muerte-de-un-ciudadano-6\/#breadcrumb"},"inLanguage":"ca","potentialAction":[{"@type":"ReadAction","target":["https:\/\/www.teatreromea.cat\/ca\/ex\/socrates-juicio-y-muerte-de-un-ciudadano-6\/"]}]},{"@type":"BreadcrumbList","@id":"https:\/\/www.teatreromea.cat\/ca\/ex\/socrates-juicio-y-muerte-de-un-ciudadano-6\/#breadcrumb","itemListElement":[{"@type":"ListItem","position":1,"name":"Inici","item":"https:\/\/www.teatreromea.cat\/ca\/"},{"@type":"ListItem","position":2,"name":"Espectacles","item":"https:\/\/www.teatreromea.cat\/ca\/ex\/"},{"@type":"ListItem","position":3,"name":"S\u00f3crates, juicio y muerte de un ciudadano"}]},{"@type":"WebSite","@id":"https:\/\/www.teatreromea.cat\/ca\/#website","url":"https:\/\/www.teatreromea.cat\/ca\/","name":"Teatre Romea","description":"","publisher":{"@id":"https:\/\/www.teatreromea.cat\/ca\/#organization"},"potentialAction":[{"@type":"SearchAction","target":{"@type":"EntryPoint","urlTemplate":"https:\/\/www.teatreromea.cat\/ca\/?s={search_term_string}"},"query-input":{"@type":"PropertyValueSpecification","valueRequired":true,"valueName":"search_term_string"}}],"inLanguage":"ca"},{"@type":"Organization","@id":"https:\/\/www.teatreromea.cat\/ca\/#organization","name":"Teatre Romea","url":"https:\/\/www.teatreromea.cat\/ca\/","logo":{"@type":"ImageObject","inLanguage":"ca","@id":"https:\/\/www.teatreromea.cat\/ca\/#\/schema\/logo\/image\/","url":"https:\/\/www.teatreromea.cat\/wp-content\/uploads\/sites\/2\/2017\/09\/teatre-romea-logo.svg","contentUrl":"https:\/\/www.teatreromea.cat\/wp-content\/uploads\/sites\/2\/2017\/09\/teatre-romea-logo.svg","width":1,"height":1,"caption":"Teatre Romea"},"image":{"@id":"https:\/\/www.teatreromea.cat\/ca\/#\/schema\/logo\/image\/"},"sameAs":["http:\/\/www.facebook.com\/TeatreRomea","https:\/\/x.com\/teatre_romea","http:\/\/instagram.com\/teatreromea","http:\/\/www.youtube.com\/user\/TeatreRomea"]}]}},"translations":[{"id":11302,"locale":"ca"},{"id":11303,"locale":"es"}],"_links":{"self":[{"href":"https:\/\/www.teatreromea.cat\/ca\/wp-json\/wp\/v2\/ex\/11302","targetHints":{"allow":["GET"]}}],"collection":[{"href":"https:\/\/www.teatreromea.cat\/ca\/wp-json\/wp\/v2\/ex"}],"about":[{"href":"https:\/\/www.teatreromea.cat\/ca\/wp-json\/wp\/v2\/types\/ex"}],"author":[{"embeddable":true,"href":"https:\/\/www.teatreromea.cat\/ca\/wp-json\/wp\/v2\/users\/2"}],"replies":[{"embeddable":true,"href":"https:\/\/www.teatreromea.cat\/ca\/wp-json\/wp\/v2\/comments?post=11302"}],"acf:term":[{"embeddable":true,"taxonomy":"season","href":"https:\/\/www.teatreromea.cat\/ca\/wp-json\/wp\/v2\/season\/147"}],"wp:attachment":[{"href":"https:\/\/www.teatreromea.cat\/ca\/wp-json\/wp\/v2\/media?parent=11302"}],"curies":[{"name":"wp","href":"https:\/\/api.w.org\/{rel}","templated":true}]}}