{"id":11207,"date":"2024-03-08T12:30:22","date_gmt":"2024-03-08T11:30:22","guid":{"rendered":"https:\/\/www.teatreromea.cat\/ex\/ahora-todo-es-noche-2\/"},"modified":"2024-03-08T13:25:49","modified_gmt":"2024-03-08T12:25:49","slug":"ahora-todo-es-noche-2","status":"publish","type":"ex","link":"https:\/\/www.teatreromea.cat\/ca\/ex\/ahora-todo-es-noche-2\/","title":{"rendered":"Ahora todo es noche"},"content":{"rendered":"","protected":false},"excerpt":{"rendered":"","protected":false},"author":2,"featured_media":0,"comment_status":"closed","ping_status":"closed","template":"","class_list":["post-11207","ex","type-ex","status-publish","hentry","season-2017-18"],"acf":{"txt_synopsis":"<p align=\"left\"><em>Todo el que est\u00e1 en la Gloria y en la Luz mendiga. <br \/><\/em>(Le\u00f3n Bloy)<\/p>\r\n<p align=\"left\">Es van tornar invisibles, tan acostumats com ja estem a veure'ls, dormitant als vest\u00edbuls de les estacions i aeroports, remenant en els contenidors d'escombraries, fent cua als menjadors ben\u00e8fics... Els veiem tan llunyans i amb prou feines la quantitat d'una mensualitat ens separa d'ells. Els llan\u00e7ats per la borda de les seves destinacions, els n\u00e0ufrags a la foscor d'un m\u00f3n hostil. De vegades en silenci creuen la nostra consci\u00e8ncia, encara que els evitem com el pet\u00f3 del lepr\u00f3s, perqu\u00e8 la seva pobresa ens interpel\u00b7la: Qui creu que t\u00e9 alguna cosa per sempre?<br \/><br \/>Aquests captaires deixen les seves petjades en les cendres de la vida, conserven les brases d'una flama antiga, una f\u00faria davant el temps, que d'alguna manera els entronitza; reis sense regne; l'home desterrat entre escombraries, sense m\u00e9s llum que l'esperan\u00e7a d\u2019una mirada des del cel. Qui no ha demanat caritat per alguna cosa alguna vegada?<br \/><br \/>Liquidaci\u00f3 d'exist\u00e8ncies, aquestes consagrades al teatre, conscient que la nit s'acosta, i que lluny de la complaen\u00e7a, segueixen despullant el seu estil de qualsevol ret\u00f2rica, de qualsevol vestidura est\u00e8tica, buscant perviure en la tensi\u00f3 i el risc de la creaci\u00f3, que segueix reflexionant en el que han estat les seves constants: les devastacions del temps, la cr\u00edtica a la desertitzaci\u00f3 espiritual, l'escenari com a setge vivencial.<br \/><br \/>Aqu\u00ed hi ha l'univers d'una companyia, les seves ferides i cicatrius, seva el seu desarborat imaginari, la seva esquin\u00e7ada veu, els seus personatges desnonats. Eco de lit\u00fargia, tints esperp\u00e8ntics i regust de trag\u00e8dia, un humor pertorbador i un comprom\u00eds po\u00e8tic insubornable. Els peus en els cl\u00e0ssics i la mirada en l'horitz\u00f3 de noves formes de parlar a l\u2019\u00e0nima de cada home. Tradicionals i rupturistes, contradicci\u00f3 viva, contracorrent sempre, passi\u00f3 de quatre d\u00e8cades pels escenaris del m\u00f3n: La Zaranda, teatre inestable d'enlloc, compleix quaranta anys al fons del temps.<br \/><\/p>\r\n<p align=\"justify\"><\/p>\r\n<p align=\"center\"><a href=\"http:\/\/bit.ly\/LaTemporada-17-18-GrupFocus\"><strong>Consulta la nostra revista de La Temporada 2017-2018 amb la programaci\u00f3 al detall de tots els teatres del Grup Focus<\/strong><\/a>&nbsp;<\/p>","main_buy_link":"","main_buy_links":"","group_buy_link":"","show_language":"","show_duration":"80","show_start_date":"20170920000000","show_end_date":"20171015000000","show_sort_date":"20170920000000","txt_custom_show_dates":"del 20 de setembre al 15 d'octubre de 2017 ","show_disciplines":"3","show_ultimes_funcions":false,"hide_tarifes_especials":false,"show_properament":false,"txt_additional_info":"","txt_present":"","show_season":[148],"txt_season":"[\"2017\/18\"]","txt_cycle":"","txt_claim":"","txt_cast_excerpt":"","txt_cast":"<p>d\u2019<strong>Eusebio Calonge<\/strong><\/p>\r\n<p>amb <\/p>\r\n<p><strong>Gaspar Campuzano<br \/>Enrique Bustos<br \/>Francisco S\u00e1nchez<br \/><\/strong><br \/>Il\u00b7luminaci\u00f3: <strong>Eusebio Calonge<\/strong><br \/>Espai esc\u00e8nic: <strong>Paco de la Zaranda<\/strong><br \/>Regidoria:<strong> Eduardo Mart\u00ednez<\/strong><\/p>\r\n<p>Direcci\u00f3: <strong>Paco de la Zaranda<\/strong><\/p>\r\n<p>LA ZARANDA&nbsp; - Teatro Inestable de Ninguna Parte<br \/>en Coproducci\u00f3&nbsp;amb el Teatre Romea.<br \/><br \/>Espectacle en castell\u00e0.&nbsp;<br \/>Durada: <strong>1 hora i 30 minuts<\/strong><\/p>\r\n<p>&nbsp;<\/p>","txt_reviews":"Rosana Torres|El Pa\u00eds|\u201cHan vuelto a dejar al p\u00fablico con el est\u00f3mago encogido.\u201d\r\nDolores Guerrero|El Correo de Andaluc\u00eda|\u201cUna aut\u00e9ntica obra maestra.\u201d\r\nFernando Herrero|El Norte de Castilla|\u201cCuarenta a\u00f1os de La Zaranda. Ojal\u00e1 vivan muchos m\u00e1s.\u201d\r\nPaco Inestrosa|La Opini\u00f3n de M\u00e1laga|\u201cPuro teatro.\u201d\r\n\r\n","hashtag":"","have_promo":"","slogan":"","id_exhibicio":1462,"id_versio":1110,"id_local":1,"txt_seo_desc":"","data_images":"[{\"localizer\":\"V2CARTELLDISTRI\",\"url\":\"media\/cartell\/distrib\/31389\/01_082_00038507\/CARTEL_1_NOCHE_2_distri_v2.jpg\",\"thumb_url\":\"media\/cartell\/distrib\/31389\/01_082_00038507\/CARTEL_1_NOCHE_2_distri_v2_thumb.jpg\",\"title\":\"Ahora todo es noche\",\"description\":\"Ahora todo es noche\",\"copyright\":\"\",\"order\":3},{\"localizer\":\"V2SLIDE\",\"url\":\"media\/ftgalslide\/313E5\/01_076_00039749\/Ahoratodoesnocheok.jpg\",\"thumb_url\":\"media\/ftgalslide\/313E5\/01_076_00039749\/Ahoratodoesnocheok_thumb.jpg\",\"title\":\"Ahora todo es noche\",\"description\":\"LA ZARANDA  - Teatro Inestable de Ninguna Parte en Coproducci\u00f3 amb el Teatre Romea.\",\"copyright\":\"\",\"order\":30},{\"localizer\":\"V2SLIDE\",\"url\":\"media\/ftgalslide\/313E5\/01_076_00039760\/GSf_250117_494.jpg\",\"thumb_url\":\"media\/ftgalslide\/313E5\/01_076_00039760\/GSf_250117_494_thumb.jpg\",\"title\":\"Ahora todo es noche\",\"description\":\"LA ZARANDA - Teatro Inestable de Ninguna Parte en Coproducci\u00f3 amb el Teatre Romea.\",\"copyright\":\"\",\"order\":31},{\"localizer\":\"V2SLIDE\",\"url\":\"media\/ftgalslide\/313E5\/01_076_00039761\/GSf_250117_543.jpg\",\"thumb_url\":\"media\/ftgalslide\/313E5\/01_076_00039761\/GSf_250117_543_thumb.jpg\",\"title\":\"Ahora todo es noche\",\"description\":\"LA ZARANDA - Teatro Inestable de Ninguna Parte en Coproducci\u00f3 amb el Teatre Romea.\",\"copyright\":\"\",\"order\":32},{\"localizer\":\"V2SLIDE\",\"url\":\"media\/ftgalslide\/313E5\/01_076_00039762\/GSf_250117_569.jpg\",\"thumb_url\":\"media\/ftgalslide\/313E5\/01_076_00039762\/GSf_250117_569_thumb.jpg\",\"title\":\"Ahora todo es noche\",\"description\":\"LA ZARANDA - Teatro Inestable de Ninguna Parte en Coproducci\u00f3 amb el Teatre Romea.\",\"copyright\":\"\",\"order\":33},{\"localizer\":\"V2CARTELL\",\"url\":\"media\/ver\/cartell\/313E5\/01_079_00039763\/Cartell_AHORA_TODO_ES_NOCHE.jpg\",\"thumb_url\":\"media\/ver\/cartell\/313E5\/01_079_00039763\/Cartell_AHORA_TODO_ES_NOCHE_thumb.jpg\",\"title\":\"Ahora todo es noche\",\"description\":\"Ahora todo es noche\",\"copyright\":\"\",\"order\":34},{\"localizer\":\"V2CARTELL\",\"url\":\"media\/ver\/cartell\/313EA\/01_079_00041195\/AHORA_TODO_ES_NOCHE_405x579_01.jpg\",\"thumb_url\":\"media\/ver\/cartell\/313EA\/01_079_00041195\/AHORA_TODO_ES_NOCHE_405x579_01_thumb.jpg\",\"title\":\"Ahora todo es noche\",\"description\":\"Ahora todo es noche\",\"copyright\":\"\",\"order\":36},{\"localizer\":\"VERS_IMATGE_ESPECTACLE\",\"url\":\"media\/ftespect\/313EA\/01_020_00041197\/ahoratodoesnochehoritzontal.jpg\",\"thumb_url\":\"media\/ftespect\/313EA\/01_020_00041197\/ahoratodoesnochehoritzontal_thumb.jpg\",\"title\":\"Ahora todo es noche\",\"description\":\"Ahora todo es noche\",\"copyright\":\"\",\"order\":38},{\"localizer\":\"VERS_IMATGE_ESPECTACLE\",\"url\":\"media\/ftespect\/313EA\/01_020_00041198\/GSf_250117_368.jpg\",\"thumb_url\":\"media\/ftespect\/313EA\/01_020_00041198\/GSf_250117_368_thumb.jpg\",\"title\":\"Ahora todo es noche\",\"description\":\"Ahora todo es noche\",\"copyright\":\"\",\"order\":39},{\"localizer\":\"VERS_IMATGE_ESPECTACLE\",\"url\":\"media\/ftespect\/313EA\/01_020_00041199\/GSf_250117_434.jpg\",\"thumb_url\":\"media\/ftespect\/313EA\/01_020_00041199\/GSf_250117_434_thumb.jpg\",\"title\":\"Ahora todo es noche\",\"description\":\"Ahora todo es noche\",\"copyright\":\"\",\"order\":40},{\"localizer\":\"VERS_IMATGE_ESPECTACLE\",\"url\":\"media\/ftespect\/313EA\/01_020_00041200\/GSf_250117_442.jpg\",\"thumb_url\":\"media\/ftespect\/313EA\/01_020_00041200\/GSf_250117_442_thumb.jpg\",\"title\":\"Ahora todo es noche\",\"description\":\"Ahora todo es noche\",\"copyright\":\"\",\"order\":41},{\"localizer\":\"VERS_IMATGE_ESPECTACLE\",\"url\":\"media\/ftespect\/313EA\/01_020_00041201\/GSf_250117_468.jpg\",\"thumb_url\":\"media\/ftespect\/313EA\/01_020_00041201\/GSf_250117_468_thumb.jpg\",\"title\":\"Ahora todo es noche\",\"description\":\"Ahora todo es noche\",\"copyright\":\"\",\"order\":42},{\"localizer\":\"VERS_IMATGE_ESPECTACLE\",\"url\":\"media\/ftespect\/313EA\/01_020_00041202\/GSf_250117_543.jpg\",\"thumb_url\":\"media\/ftespect\/313EA\/01_020_00041202\/GSf_250117_543_thumb.jpg\",\"title\":\"Ahora todo es noche\",\"description\":\"Ahora todo es noche\",\"copyright\":\"\",\"order\":43},{\"localizer\":\"VERS_IMATGE_ESPECTACLE\",\"url\":\"media\/ftespect\/313EA\/01_020_00041203\/GSf_250117_543.jpg\",\"thumb_url\":\"media\/ftespect\/313EA\/01_020_00041203\/GSf_250117_543_thumb.jpg\",\"title\":\"Ahora todo es noche\",\"description\":\"Ahora todo es noche\",\"copyright\":\"\",\"order\":44},{\"localizer\":\"VERS_IMATGE_ESPECTACLE\",\"url\":\"media\/ftespect\/313EA\/01_020_00041204\/GSf_250117_567.jpg\",\"thumb_url\":\"media\/ftespect\/313EA\/01_020_00041204\/GSf_250117_567_thumb.jpg\",\"title\":\"Ahora todo es noche\",\"description\":\"Ahora todo es noche\",\"copyright\":\"\",\"order\":45},{\"localizer\":\"VERS_IMATGE_ESPECTACLE\",\"url\":\"media\/ftespect\/313EA\/01_020_00041205\/GSf_250117_569.jpg\",\"thumb_url\":\"media\/ftespect\/313EA\/01_020_00041205\/GSf_250117_569_thumb.jpg\",\"title\":\"Ahora todo es noche\",\"description\":\"Ahora todo es noche\",\"copyright\":\"\",\"order\":46},{\"localizer\":\"V3SLIDE\",\"url\":\"media\/ftgalslide\/v3\/313ED\/01_086_00042460\/ahoratodoesnochehoritzontal.jpg\",\"thumb_url\":\"media\/ftgalslide\/v3\/313ED\/01_086_00042460\/ahoratodoesnochehoritzontal_thumb.jpg\",\"title\":\"Ahora todo es noche\",\"description\":\"Teatre Romea\",\"copyright\":\"\",\"order\":50},{\"localizer\":\"V3SLIDE\",\"url\":\"media\/ftgalslide\/v3\/313ED\/01_086_00042461\/GSf_250117_434.jpg\",\"thumb_url\":\"media\/ftgalslide\/v3\/313ED\/01_086_00042461\/GSf_250117_434_thumb.jpg\",\"title\":\"Ahora todo es noche\",\"description\":\"Teatre Romea\",\"copyright\":\"\",\"order\":51},{\"localizer\":\"V3SLIDE\",\"url\":\"media\/ftgalslide\/v3\/313ED\/01_086_00042462\/GSf_250117_442.jpg\",\"thumb_url\":\"media\/ftgalslide\/v3\/313ED\/01_086_00042462\/GSf_250117_442_thumb.jpg\",\"title\":\"Ahora todo es noche\",\"description\":\"Teatre Romea\",\"copyright\":\"\",\"order\":52},{\"localizer\":\"V3SLIDE\",\"url\":\"media\/ftgalslide\/v3\/313ED\/01_086_00042463\/GSf_250117_468.jpg\",\"thumb_url\":\"media\/ftgalslide\/v3\/313ED\/01_086_00042463\/GSf_250117_468_thumb.jpg\",\"title\":\"Ahora todo es noche\",\"description\":\"Teatre Romea\",\"copyright\":\"\",\"order\":53},{\"localizer\":\"V3SLIDE\",\"url\":\"media\/ftgalslide\/v3\/313ED\/01_086_00042464\/GSf_250117_543.jpg\",\"thumb_url\":\"media\/ftgalslide\/v3\/313ED\/01_086_00042464\/GSf_250117_543_thumb.jpg\",\"title\":\"Ahora todo es noche\",\"description\":\"Teatre Romea\",\"copyright\":\"\",\"order\":54},{\"localizer\":\"V3SLIDE\",\"url\":\"media\/ftgalslide\/v3\/313ED\/01_086_00042465\/GSf_250117_569.jpg\",\"thumb_url\":\"media\/ftgalslide\/v3\/313ED\/01_086_00042465\/GSf_250117_569_thumb.jpg\",\"title\":\"Ahora todo es noche\",\"description\":\"Teatre Romea\",\"copyright\":\"\",\"order\":55},{\"localizer\":\"V2PORTADA\",\"url\":\"media\/ver\/port\/313EE\/01_078_00042723\/AHORA_581x32701_v4.jpg\",\"thumb_url\":\"media\/ver\/port\/313EE\/01_078_00042723\/AHORA_581x32701_v4_thumb.jpg\",\"title\":\"Ahora todo es noche\",\"description\":\"Ahora todo es noche\",\"copyright\":\"\",\"order\":60},{\"localizer\":\"V3PORTADA\",\"url\":\"media\/ver\/port\/v3\/313EE\/01_084_00042796\/ahoraportada101webok.jpg\",\"thumb_url\":\"media\/ver\/port\/v3\/313EE\/01_084_00042796\/ahoraportada101webok_thumb.jpg\",\"title\":\"Ahora\",\"description\":\"Ahora\",\"copyright\":\"\",\"order\":63},{\"localizer\":\"V3CARTELL\",\"url\":\"media\/ver\/cartell\/v3\/316A3\/01_085_00057525\/AHORA_TODO_ES_NOCHE_405x579_-01.jpg\",\"thumb_url\":\"media\/ver\/cartell\/v3\/316A3\/01_085_00057525\/AHORA_TODO_ES_NOCHE_405x579_-01_thumb.jpg\",\"title\":\"CARTELL AHORA TODO ES NOCHE\",\"description\":\"CARTELL AHORA TODO ES NOCHE\",\"copyright\":\"\",\"order\":64}]","material__texto_intro":"","data_material":null,"data_gallery":"","data_discounts":"[{\"InfoAddicional\":\"<p><strong>Descomptes per a grups i escoles<br \/><\/strong><\/p>\",\"Url\":\"https:\/\/www.promentrada.com\/ca\/product\/{#CODI#}\",\"Codi\":\"ROM177\",\"LogoUrl\":\"media\/fimage\/31389\/01_005_00038530\/logo_prome_nuevo_v_web.jpg\",\"TitolBoto\":\"Descomptes per a grups i escoles\",\"Type\":\"discount\"},{\"InfoAddicional\":\"<p><strong>Descomptes per a particulars<br \/><\/strong><\/p>\",\"Url\":\"vip.promentrada.com\/ca\/product\/{#CODI#}\",\"Codi\":\"ROM177\",\"LogoUrl\":\"media\/fimage\/31389\/01_005_00038559\/logo_prome_vip_v_web.jpg\",\"TitolBoto\":\"Descomptes per a particulars\",\"Type\":\"discount\"}]","contract_is_open":false,"in_tour":false},"yoast_head":"<!-- This site is optimized with the Yoast SEO plugin v27.5 - https:\/\/yoast.com\/product\/yoast-seo-wordpress\/ -->\n<title>Ahora todo es noche - Teatre Romea<\/title>\n<meta name=\"robots\" content=\"index, follow, max-snippet:-1, max-image-preview:large, max-video-preview:-1\" \/>\n<link rel=\"canonical\" href=\"https:\/\/www.teatreromea.cat\/ca\/ex\/ahora-todo-es-noche-2\/\" \/>\n<script type=\"application\/ld+json\" class=\"yoast-schema-graph\">{\"@context\":\"https:\\\/\\\/schema.org\",\"@graph\":[{\"@type\":\"WebPage\",\"@id\":\"https:\\\/\\\/www.teatreromea.cat\\\/ca\\\/ex\\\/ahora-todo-es-noche-2\\\/\",\"url\":\"https:\\\/\\\/www.teatreromea.cat\\\/ca\\\/ex\\\/ahora-todo-es-noche-2\\\/\",\"name\":\"Ahora todo es noche - Teatre Romea\",\"isPartOf\":{\"@id\":\"https:\\\/\\\/www.teatreromea.cat\\\/ca\\\/#website\"},\"datePublished\":\"2024-03-08T11:30:22+00:00\",\"dateModified\":\"2024-03-08T12:25:49+00:00\",\"breadcrumb\":{\"@id\":\"https:\\\/\\\/www.teatreromea.cat\\\/ca\\\/ex\\\/ahora-todo-es-noche-2\\\/#breadcrumb\"},\"inLanguage\":\"ca\",\"potentialAction\":[{\"@type\":\"ReadAction\",\"target\":[\"https:\\\/\\\/www.teatreromea.cat\\\/ca\\\/ex\\\/ahora-todo-es-noche-2\\\/\"]}]},{\"@type\":\"BreadcrumbList\",\"@id\":\"https:\\\/\\\/www.teatreromea.cat\\\/ca\\\/ex\\\/ahora-todo-es-noche-2\\\/#breadcrumb\",\"itemListElement\":[{\"@type\":\"ListItem\",\"position\":1,\"name\":\"Inici\",\"item\":\"https:\\\/\\\/www.teatreromea.cat\\\/ca\\\/\"},{\"@type\":\"ListItem\",\"position\":2,\"name\":\"Espectacles\",\"item\":\"https:\\\/\\\/www.teatreromea.cat\\\/ca\\\/ex\\\/\"},{\"@type\":\"ListItem\",\"position\":3,\"name\":\"Ahora todo es noche\"}]},{\"@type\":\"WebSite\",\"@id\":\"https:\\\/\\\/www.teatreromea.cat\\\/ca\\\/#website\",\"url\":\"https:\\\/\\\/www.teatreromea.cat\\\/ca\\\/\",\"name\":\"Teatre Romea\",\"description\":\"\",\"publisher\":{\"@id\":\"https:\\\/\\\/www.teatreromea.cat\\\/ca\\\/#organization\"},\"potentialAction\":[{\"@type\":\"SearchAction\",\"target\":{\"@type\":\"EntryPoint\",\"urlTemplate\":\"https:\\\/\\\/www.teatreromea.cat\\\/ca\\\/?s={search_term_string}\"},\"query-input\":{\"@type\":\"PropertyValueSpecification\",\"valueRequired\":true,\"valueName\":\"search_term_string\"}}],\"inLanguage\":\"ca\"},{\"@type\":\"Organization\",\"@id\":\"https:\\\/\\\/www.teatreromea.cat\\\/ca\\\/#organization\",\"name\":\"Teatre Romea\",\"url\":\"https:\\\/\\\/www.teatreromea.cat\\\/ca\\\/\",\"logo\":{\"@type\":\"ImageObject\",\"inLanguage\":\"ca\",\"@id\":\"https:\\\/\\\/www.teatreromea.cat\\\/ca\\\/#\\\/schema\\\/logo\\\/image\\\/\",\"url\":\"https:\\\/\\\/www.teatreromea.cat\\\/wp-content\\\/uploads\\\/sites\\\/2\\\/2017\\\/09\\\/teatre-romea-logo.svg\",\"contentUrl\":\"https:\\\/\\\/www.teatreromea.cat\\\/wp-content\\\/uploads\\\/sites\\\/2\\\/2017\\\/09\\\/teatre-romea-logo.svg\",\"width\":1,\"height\":1,\"caption\":\"Teatre Romea\"},\"image\":{\"@id\":\"https:\\\/\\\/www.teatreromea.cat\\\/ca\\\/#\\\/schema\\\/logo\\\/image\\\/\"},\"sameAs\":[\"http:\\\/\\\/www.facebook.com\\\/TeatreRomea\",\"https:\\\/\\\/x.com\\\/teatre_romea\",\"http:\\\/\\\/instagram.com\\\/teatreromea\",\"http:\\\/\\\/www.youtube.com\\\/user\\\/TeatreRomea\"]}]}<\/script>\n<!-- \/ Yoast SEO plugin. -->","yoast_head_json":{"title":"Ahora todo es noche - Teatre Romea","robots":{"index":"index","follow":"follow","max-snippet":"max-snippet:-1","max-image-preview":"max-image-preview:large","max-video-preview":"max-video-preview:-1"},"canonical":"https:\/\/www.teatreromea.cat\/ca\/ex\/ahora-todo-es-noche-2\/","schema":{"@context":"https:\/\/schema.org","@graph":[{"@type":"WebPage","@id":"https:\/\/www.teatreromea.cat\/ca\/ex\/ahora-todo-es-noche-2\/","url":"https:\/\/www.teatreromea.cat\/ca\/ex\/ahora-todo-es-noche-2\/","name":"Ahora todo es noche - Teatre Romea","isPartOf":{"@id":"https:\/\/www.teatreromea.cat\/ca\/#website"},"datePublished":"2024-03-08T11:30:22+00:00","dateModified":"2024-03-08T12:25:49+00:00","breadcrumb":{"@id":"https:\/\/www.teatreromea.cat\/ca\/ex\/ahora-todo-es-noche-2\/#breadcrumb"},"inLanguage":"ca","potentialAction":[{"@type":"ReadAction","target":["https:\/\/www.teatreromea.cat\/ca\/ex\/ahora-todo-es-noche-2\/"]}]},{"@type":"BreadcrumbList","@id":"https:\/\/www.teatreromea.cat\/ca\/ex\/ahora-todo-es-noche-2\/#breadcrumb","itemListElement":[{"@type":"ListItem","position":1,"name":"Inici","item":"https:\/\/www.teatreromea.cat\/ca\/"},{"@type":"ListItem","position":2,"name":"Espectacles","item":"https:\/\/www.teatreromea.cat\/ca\/ex\/"},{"@type":"ListItem","position":3,"name":"Ahora todo es noche"}]},{"@type":"WebSite","@id":"https:\/\/www.teatreromea.cat\/ca\/#website","url":"https:\/\/www.teatreromea.cat\/ca\/","name":"Teatre Romea","description":"","publisher":{"@id":"https:\/\/www.teatreromea.cat\/ca\/#organization"},"potentialAction":[{"@type":"SearchAction","target":{"@type":"EntryPoint","urlTemplate":"https:\/\/www.teatreromea.cat\/ca\/?s={search_term_string}"},"query-input":{"@type":"PropertyValueSpecification","valueRequired":true,"valueName":"search_term_string"}}],"inLanguage":"ca"},{"@type":"Organization","@id":"https:\/\/www.teatreromea.cat\/ca\/#organization","name":"Teatre Romea","url":"https:\/\/www.teatreromea.cat\/ca\/","logo":{"@type":"ImageObject","inLanguage":"ca","@id":"https:\/\/www.teatreromea.cat\/ca\/#\/schema\/logo\/image\/","url":"https:\/\/www.teatreromea.cat\/wp-content\/uploads\/sites\/2\/2017\/09\/teatre-romea-logo.svg","contentUrl":"https:\/\/www.teatreromea.cat\/wp-content\/uploads\/sites\/2\/2017\/09\/teatre-romea-logo.svg","width":1,"height":1,"caption":"Teatre Romea"},"image":{"@id":"https:\/\/www.teatreromea.cat\/ca\/#\/schema\/logo\/image\/"},"sameAs":["http:\/\/www.facebook.com\/TeatreRomea","https:\/\/x.com\/teatre_romea","http:\/\/instagram.com\/teatreromea","http:\/\/www.youtube.com\/user\/TeatreRomea"]}]}},"translations":[{"id":11207,"locale":"ca"},{"id":11208,"locale":"es"}],"_links":{"self":[{"href":"https:\/\/www.teatreromea.cat\/ca\/wp-json\/wp\/v2\/ex\/11207","targetHints":{"allow":["GET"]}}],"collection":[{"href":"https:\/\/www.teatreromea.cat\/ca\/wp-json\/wp\/v2\/ex"}],"about":[{"href":"https:\/\/www.teatreromea.cat\/ca\/wp-json\/wp\/v2\/types\/ex"}],"author":[{"embeddable":true,"href":"https:\/\/www.teatreromea.cat\/ca\/wp-json\/wp\/v2\/users\/2"}],"replies":[{"embeddable":true,"href":"https:\/\/www.teatreromea.cat\/ca\/wp-json\/wp\/v2\/comments?post=11207"}],"acf:term":[{"embeddable":true,"taxonomy":"season","href":"https:\/\/www.teatreromea.cat\/ca\/wp-json\/wp\/v2\/season\/148"}],"wp:attachment":[{"href":"https:\/\/www.teatreromea.cat\/ca\/wp-json\/wp\/v2\/media?parent=11207"}],"curies":[{"name":"wp","href":"https:\/\/api.w.org\/{rel}","templated":true}]}}