{"id":10821,"date":"2023-06-13T11:09:23","date_gmt":"2023-06-13T09:09:23","guid":{"rendered":"https:\/\/www.teatreromea.cat\/?post_type=ex&#038;p=10821"},"modified":"2025-01-09T10:24:31","modified_gmt":"2025-01-09T09:24:31","slug":"la-dona-fantasma","status":"publish","type":"ex","link":"https:\/\/www.teatreromea.cat\/ca\/ex\/la-dona-fantasma\/","title":{"rendered":"La dona fantasma"},"content":{"rendered":"","protected":false},"excerpt":{"rendered":"","protected":false},"author":2,"featured_media":0,"comment_status":"closed","ping_status":"closed","template":"","class_list":["post-10821","ex","type-ex","status-publish","hentry","season-2023-24"],"acf":{"txt_synopsis":"<p>La dona fantasma \u00e9s una com\u00e8dia delirant i excessiva, una s\u00e0tira immoral sobre la moral, una revisi\u00f3 sobre la funci\u00f3 de la ficci\u00f3, un retorn a la inf\u00e0ncia, al primer amor, al moment en qu\u00e8 tot era possible, com en el teatre.<br \/><br \/>La dona fantasma gira al voltant de quatre mestres a finals dels anys setanta. Porten una vida intensa i melanc\u00f2lica, marcada pel cura dels pares i dels fills, pels desenganys amorosos i pels desafiaments que els provoquen les seves alumnes. L\u2019extraordinari irromp en aquesta quotidianitat esglaiadora: una dona fantasma. <\/p>\r\n<p>L\u2019aparici\u00f3 del fantasma \u00e9s la porta d\u2019entrada a un altre m\u00f3n: el del passat, el de la mem\u00f2ria. La ficci\u00f3 per explicar l\u2019impossible. El teatre com a sessi\u00f3 d\u2019espiritisme. El teatre com a artefacte de mem\u00f2ria. De fantasmes, d\u2019espectres, de morts que parlen; de tot aix\u00f2 est\u00e0 feta la hist\u00f2ria, i de tot aix\u00f2 est\u00e0 fet el teatre.<\/p>\r\n<p>Qu\u00e8 \u00e9s ser un fantasma? Nom\u00e9s el teatre ho pot respondre. <br \/><\/p>","main_buy_link":"","main_buy_links":"","group_buy_link":"","show_language":"Catal\u00e0","show_duration":"1h 35min","show_start_date":"20230929000000","show_end_date":"20231126000000","show_sort_date":"20230929000000","txt_custom_show_dates":"del 29 de setembre al 26 de novembre de 2023 ","show_disciplines":"7","show_ultimes_funcions":true,"hide_tarifes_especials":false,"show_properament":false,"txt_additional_info":"","txt_present":"","show_season":[176],"txt_season":"[\"2023\/24\"]","txt_cycle":"","txt_claim":"La dona fantasma \u00e9s una com\u00e8dia delirant i excessiva, una s\u00e0tira immoral sobre la moral, una revisi\u00f3 sobre la funci\u00f3 de la ficci\u00f3, un retorn a la inf\u00e0ncia, al primer amor, al moment en qu\u00e8 tot era possible, com en el teatre.","txt_cast_excerpt":"","txt_cast":"<p>Autoria i direcci\u00f3: <strong>Mariano Tenconi Blanco<br \/><\/strong>Traducci\u00f3: <strong>Sergi Belbel<\/strong><\/p>\r\n<p>Int\u00e8rprets: <strong>Mamen Duch, Marta P\u00e9rez, Carme Pla <\/strong>i <strong>\u00c0gata Roca<br \/><br \/><\/strong>M\u00fasics: <strong>Joan Palet i Rafel Plana <br \/><\/strong>Veu en off: <strong>Elisabet Casanovas <\/strong><\/p>\r\n<p>Escenografia i vestuari: <strong>Alejandro And\u00fajar<\/strong><br \/>M\u00fasica original i direcci\u00f3 musical: <strong>Ian Shifres<\/strong><br \/>Il\u00b7luminaci\u00f3: <strong>Jaume Ventura<\/strong><br \/>So: <strong>Damien Bazin<\/strong><br \/>V\u00eddeo: <strong>Francesc Isern<\/strong><br \/>Caracteritzaci\u00f3: <strong>Eva Fern\u00e1ndez<\/strong><br \/>Dramaturgista: <strong>Carolina Castro<br \/><\/strong>Moviment i coreografies: <strong>Vero Cendoya <br \/><\/strong>Ajudantia de direcci\u00f3: <strong>Anna Llopart<br \/><\/strong>Producci\u00f3 executiva: <strong>Daniel L\u00f3pez-Or\u00f3s<\/strong><\/p>\r\n<p>Direcci\u00f3 t\u00e8cnica: <strong>Jordi Thom\u00e0s<br \/><\/strong>Regidora: <strong>Marta Garolera<\/strong><br \/>T\u00e8cnic de so: <strong>Roger \u00c1balos<\/strong><br \/>T\u00e8cnic d\u2019il\u00b7luminaci\u00f3: <strong>Manel Melguizo<br \/><\/strong>Maquinistes: <strong>Joan Bonany<\/strong> i<strong> Roman Ogg&nbsp; <br \/><\/strong>Perruquer:<strong> Lucho Soriano <\/strong><\/p>\r\n<p>Realitzaci\u00f3 de l\u2019escenografia: <strong>May, Sol Curiel, Gerriets, Joan Viscasillas i Mar\u00eda Calder\u00f3n <br \/><\/strong>Realitzaci\u00f3 del vestuari: <strong>Maribel Rodr\u00edguez<\/strong><br \/>Realitzaci\u00f3 de la perruqueria: <strong>Fent <\/strong>i <strong>Desfent<br \/><\/strong>Ajudant de v\u00eddeo: <strong>Elsa Romero <\/strong><\/p>\r\n<p>Cap de premsa: <strong>Marta Suriol<\/strong><br \/>Comunicaci\u00f3 i m\u00e0rqueting: <strong>Roberta Romero<\/strong><br \/>Administraci\u00f3 i finances: <strong>Irene Vila<\/strong><br \/>Disseny gr\u00e0fic: <strong>Enric Jard\u00ed<\/strong><br \/>Fotografies: <strong>David Ruano <\/strong>i<strong> Kiku Pi\u00f1ol<br \/><\/strong>V\u00eddeo promocional: <strong>Mar Orfila<\/strong><\/p>\r\n<p>Equip Teatre Romea<br \/>Caps t\u00e8cnics del teatre: <strong>Sergi Lobaco <\/strong>i<strong> Ra\u00fal Mart\u00ednez<br \/><\/strong>M\u00e0rqueting i comunicaci\u00f3: <strong>Teatre Romea<\/strong><\/p>\r\n<p>Una coproducci\u00f3 de <strong>T de Teatre<\/strong>, <strong>Centro Dram\u00e1tico Nacional<\/strong>, i <strong>Teatre Romea<\/strong>, amb el suport de <strong>l\u2019ICEC (Generalitat de Catalunya),<\/strong> la participaci\u00f3 de <strong>Crea SGR<\/strong> i la col\u00b7laboraci\u00f3 de <strong>Compa\u00f1\u00eda Teatro Futuro<\/strong> i <strong>Teatre La Sala de Rub\u00ed<\/strong> (Ajuntament de Rub\u00ed).<br \/><br \/>Agra\u00efments: <strong>Dagoll Dagom, Focus, Javier Braier, \u00d2ptica Sanabre, Punto Blanco i Xavier<\/strong> <strong>Blanch<\/strong> <\/p>","txt_reviews":"","hashtag":"LaDonaFantasma","have_promo":"","slogan":"","id_exhibicio":2029,"id_versio":1618,"id_local":1,"txt_seo_desc":"La Dona Fantasma, una com\u00e8dia delirant al Teatre Romea de Barcelona.","data_images":"[{\"localizer\":\"V4CARTELL\",\"url\":\"media\/ver\/cartell\/v4\/31642\/01_089_00056208\/Cartell-web-la-dona-fantasma-teatre-romea.jpg\",\"thumb_url\":\"\",\"title\":\"La dona fantasma - Teatre Romea\",\"description\":\"la dona fantasma al teatre romea de barcelona.\",\"copyright\":\"\",\"order\":3},{\"localizer\":\"V3SLIDE\",\"url\":\"media\/ftgalslide\/v3\/31642\/01_086_00056278\/230411_LA_DONA_FANTASMA_F005_0086.jpg\",\"thumb_url\":\"media\/ftgalslide\/v3\/31642\/01_086_00056278\/230411_LA_DONA_FANTASMA_F005_0086_thumb.jpg\",\"title\":\"La dona fantasma - Teatre Romea\",\"description\":\"la dona fantasma al teatre romea de barcelona\",\"copyright\":\"https:\/\/youtu.be\/7SmiKRO_FVY\",\"order\":6},{\"localizer\":\"V4PORTADAWIDEMOBILE\",\"url\":\"media\/ver\/port\/wide\/mobile\/v4\/31647\/01_092_00056901\/portada-0-mob-donajpg.jpg\",\"thumb_url\":\"\",\"title\":\"\u00daLTIMES FUNCIONS teatre romea\",\"description\":\"\u00daLTIMES FUNCIONS teatre romea\",\"copyright\":\"\",\"order\":10},{\"localizer\":\"V4PORTADAWIDE\",\"url\":\"media\/ver\/port\/wide\/v4\/31647\/01_091_00056967\/PORTADA-0-DONA.jpg\",\"thumb_url\":\"\",\"title\":\"La dona fantasma - Black Friday\",\"description\":\"la dona fantasma black friday\",\"copyright\":\"\",\"order\":11},{\"localizer\":\"V4PORTADA\",\"url\":\"media\/ver\/port\/v4\/31647\/01_090_00056968\/Portada-1-DONA.jpg\",\"thumb_url\":\"\",\"title\":\"La dona fantasma - Black Friday\",\"description\":\"la dona fantasma black friday\",\"copyright\":\"\",\"order\":12},{\"localizer\":\"V3CARTELL\",\"url\":\"media\/ver\/cartell\/v3\/316A5\/01_085_00057846\/v-la-dona-fantasma-teatre-romea.jpg\",\"thumb_url\":\"media\/ver\/cartell\/v3\/316A5\/01_085_00057846\/v-la-dona-fantasma-teatre-romea_thumb.jpg\",\"title\":\"Cartell La dona fantasma\",\"description\":\"Cartell La dona fantasma\",\"copyright\":\"\",\"order\":13}]","material__texto_intro":"","data_material":null,"data_gallery":"","data_discounts":"[]","contract_is_open":false,"in_tour":false},"yoast_head":"<!-- This site is optimized with the Yoast SEO plugin v27.5 - https:\/\/yoast.com\/product\/yoast-seo-wordpress\/ -->\n<title>La dona fantasma - Teatre Romea<\/title>\n<meta name=\"robots\" content=\"index, follow, max-snippet:-1, max-image-preview:large, max-video-preview:-1\" \/>\n<link rel=\"canonical\" href=\"https:\/\/www.teatreromea.cat\/ca\/ex\/la-dona-fantasma\/\" \/>\n<script type=\"application\/ld+json\" class=\"yoast-schema-graph\">{\"@context\":\"https:\\\/\\\/schema.org\",\"@graph\":[{\"@type\":\"WebPage\",\"@id\":\"https:\\\/\\\/www.teatreromea.cat\\\/ca\\\/ex\\\/la-dona-fantasma\\\/\",\"url\":\"https:\\\/\\\/www.teatreromea.cat\\\/ca\\\/ex\\\/la-dona-fantasma\\\/\",\"name\":\"La dona fantasma - Teatre Romea\",\"isPartOf\":{\"@id\":\"https:\\\/\\\/www.teatreromea.cat\\\/ca\\\/#website\"},\"datePublished\":\"2023-06-13T09:09:23+00:00\",\"dateModified\":\"2025-01-09T09:24:31+00:00\",\"breadcrumb\":{\"@id\":\"https:\\\/\\\/www.teatreromea.cat\\\/ca\\\/ex\\\/la-dona-fantasma\\\/#breadcrumb\"},\"inLanguage\":\"ca\",\"potentialAction\":[{\"@type\":\"ReadAction\",\"target\":[\"https:\\\/\\\/www.teatreromea.cat\\\/ca\\\/ex\\\/la-dona-fantasma\\\/\"]}]},{\"@type\":\"BreadcrumbList\",\"@id\":\"https:\\\/\\\/www.teatreromea.cat\\\/ca\\\/ex\\\/la-dona-fantasma\\\/#breadcrumb\",\"itemListElement\":[{\"@type\":\"ListItem\",\"position\":1,\"name\":\"Inici\",\"item\":\"https:\\\/\\\/www.teatreromea.cat\\\/ca\\\/\"},{\"@type\":\"ListItem\",\"position\":2,\"name\":\"Espectacles\",\"item\":\"https:\\\/\\\/www.teatreromea.cat\\\/ca\\\/ex\\\/\"},{\"@type\":\"ListItem\",\"position\":3,\"name\":\"La dona fantasma\"}]},{\"@type\":\"WebSite\",\"@id\":\"https:\\\/\\\/www.teatreromea.cat\\\/ca\\\/#website\",\"url\":\"https:\\\/\\\/www.teatreromea.cat\\\/ca\\\/\",\"name\":\"Teatre Romea\",\"description\":\"\",\"publisher\":{\"@id\":\"https:\\\/\\\/www.teatreromea.cat\\\/ca\\\/#organization\"},\"potentialAction\":[{\"@type\":\"SearchAction\",\"target\":{\"@type\":\"EntryPoint\",\"urlTemplate\":\"https:\\\/\\\/www.teatreromea.cat\\\/ca\\\/?s={search_term_string}\"},\"query-input\":{\"@type\":\"PropertyValueSpecification\",\"valueRequired\":true,\"valueName\":\"search_term_string\"}}],\"inLanguage\":\"ca\"},{\"@type\":\"Organization\",\"@id\":\"https:\\\/\\\/www.teatreromea.cat\\\/ca\\\/#organization\",\"name\":\"Teatre Romea\",\"url\":\"https:\\\/\\\/www.teatreromea.cat\\\/ca\\\/\",\"logo\":{\"@type\":\"ImageObject\",\"inLanguage\":\"ca\",\"@id\":\"https:\\\/\\\/www.teatreromea.cat\\\/ca\\\/#\\\/schema\\\/logo\\\/image\\\/\",\"url\":\"https:\\\/\\\/www.teatreromea.cat\\\/wp-content\\\/uploads\\\/sites\\\/2\\\/2017\\\/09\\\/teatre-romea-logo.svg\",\"contentUrl\":\"https:\\\/\\\/www.teatreromea.cat\\\/wp-content\\\/uploads\\\/sites\\\/2\\\/2017\\\/09\\\/teatre-romea-logo.svg\",\"width\":1,\"height\":1,\"caption\":\"Teatre Romea\"},\"image\":{\"@id\":\"https:\\\/\\\/www.teatreromea.cat\\\/ca\\\/#\\\/schema\\\/logo\\\/image\\\/\"},\"sameAs\":[\"http:\\\/\\\/www.facebook.com\\\/TeatreRomea\",\"https:\\\/\\\/x.com\\\/teatre_romea\",\"http:\\\/\\\/instagram.com\\\/teatreromea\",\"http:\\\/\\\/www.youtube.com\\\/user\\\/TeatreRomea\"]}]}<\/script>\n<!-- \/ Yoast SEO plugin. -->","yoast_head_json":{"title":"La dona fantasma - Teatre Romea","robots":{"index":"index","follow":"follow","max-snippet":"max-snippet:-1","max-image-preview":"max-image-preview:large","max-video-preview":"max-video-preview:-1"},"canonical":"https:\/\/www.teatreromea.cat\/ca\/ex\/la-dona-fantasma\/","schema":{"@context":"https:\/\/schema.org","@graph":[{"@type":"WebPage","@id":"https:\/\/www.teatreromea.cat\/ca\/ex\/la-dona-fantasma\/","url":"https:\/\/www.teatreromea.cat\/ca\/ex\/la-dona-fantasma\/","name":"La dona fantasma - Teatre Romea","isPartOf":{"@id":"https:\/\/www.teatreromea.cat\/ca\/#website"},"datePublished":"2023-06-13T09:09:23+00:00","dateModified":"2025-01-09T09:24:31+00:00","breadcrumb":{"@id":"https:\/\/www.teatreromea.cat\/ca\/ex\/la-dona-fantasma\/#breadcrumb"},"inLanguage":"ca","potentialAction":[{"@type":"ReadAction","target":["https:\/\/www.teatreromea.cat\/ca\/ex\/la-dona-fantasma\/"]}]},{"@type":"BreadcrumbList","@id":"https:\/\/www.teatreromea.cat\/ca\/ex\/la-dona-fantasma\/#breadcrumb","itemListElement":[{"@type":"ListItem","position":1,"name":"Inici","item":"https:\/\/www.teatreromea.cat\/ca\/"},{"@type":"ListItem","position":2,"name":"Espectacles","item":"https:\/\/www.teatreromea.cat\/ca\/ex\/"},{"@type":"ListItem","position":3,"name":"La dona fantasma"}]},{"@type":"WebSite","@id":"https:\/\/www.teatreromea.cat\/ca\/#website","url":"https:\/\/www.teatreromea.cat\/ca\/","name":"Teatre Romea","description":"","publisher":{"@id":"https:\/\/www.teatreromea.cat\/ca\/#organization"},"potentialAction":[{"@type":"SearchAction","target":{"@type":"EntryPoint","urlTemplate":"https:\/\/www.teatreromea.cat\/ca\/?s={search_term_string}"},"query-input":{"@type":"PropertyValueSpecification","valueRequired":true,"valueName":"search_term_string"}}],"inLanguage":"ca"},{"@type":"Organization","@id":"https:\/\/www.teatreromea.cat\/ca\/#organization","name":"Teatre Romea","url":"https:\/\/www.teatreromea.cat\/ca\/","logo":{"@type":"ImageObject","inLanguage":"ca","@id":"https:\/\/www.teatreromea.cat\/ca\/#\/schema\/logo\/image\/","url":"https:\/\/www.teatreromea.cat\/wp-content\/uploads\/sites\/2\/2017\/09\/teatre-romea-logo.svg","contentUrl":"https:\/\/www.teatreromea.cat\/wp-content\/uploads\/sites\/2\/2017\/09\/teatre-romea-logo.svg","width":1,"height":1,"caption":"Teatre Romea"},"image":{"@id":"https:\/\/www.teatreromea.cat\/ca\/#\/schema\/logo\/image\/"},"sameAs":["http:\/\/www.facebook.com\/TeatreRomea","https:\/\/x.com\/teatre_romea","http:\/\/instagram.com\/teatreromea","http:\/\/www.youtube.com\/user\/TeatreRomea"]}]}},"translations":[{"id":10821,"locale":"ca"},{"id":10822,"locale":"es"}],"_links":{"self":[{"href":"https:\/\/www.teatreromea.cat\/ca\/wp-json\/wp\/v2\/ex\/10821","targetHints":{"allow":["GET"]}}],"collection":[{"href":"https:\/\/www.teatreromea.cat\/ca\/wp-json\/wp\/v2\/ex"}],"about":[{"href":"https:\/\/www.teatreromea.cat\/ca\/wp-json\/wp\/v2\/types\/ex"}],"author":[{"embeddable":true,"href":"https:\/\/www.teatreromea.cat\/ca\/wp-json\/wp\/v2\/users\/2"}],"replies":[{"embeddable":true,"href":"https:\/\/www.teatreromea.cat\/ca\/wp-json\/wp\/v2\/comments?post=10821"}],"acf:term":[{"embeddable":true,"taxonomy":"season","href":"https:\/\/www.teatreromea.cat\/ca\/wp-json\/wp\/v2\/season\/176"}],"wp:attachment":[{"href":"https:\/\/www.teatreromea.cat\/ca\/wp-json\/wp\/v2\/media?parent=10821"}],"curies":[{"name":"wp","href":"https:\/\/api.w.org\/{rel}","templated":true}]}}