{"id":10747,"date":"2023-06-06T11:42:15","date_gmt":"2023-06-06T09:42:15","guid":{"rendered":"https:\/\/www.teatreromea.cat\/ex\/la-isla-del-aire-2\/"},"modified":"2025-01-09T10:36:23","modified_gmt":"2025-01-09T09:36:23","slug":"la-isla-del-aire","status":"publish","type":"ex","link":"https:\/\/www.teatreromea.cat\/ca\/ex\/la-isla-del-aire\/","title":{"rendered":"La isla del aire"},"content":{"rendered":"","protected":false},"excerpt":{"rendered":"","protected":false},"author":2,"featured_media":0,"comment_status":"closed","ping_status":"closed","template":"","class_list":["post-10747","ex","type-ex","status-publish","hentry","season-2022-23"],"acf":{"txt_synopsis":"A Menorca, una fam\u00edlia de cinc dones, guiades per la vella Menc\u00eda (la matriarca de la fam\u00edlia), s\u2019endinsen en un viatge en barca a la Isla del Aire. La desaparici\u00f3 de l\u2019Helena, la neta gran de la Menc\u00eda, es ben present en el pensament de la fam\u00edlia i, durant aquesta excursi\u00f3, la Menc\u00eda obligar\u00e0 a les seves filles i netes a enfrontar-se a la veritat i als secrets que oculten.","main_buy_link":"","main_buy_links":"","group_buy_link":"","show_language":"Espectacle en castell\u00e0","show_duration":"80","show_start_date":"20230325000000","show_end_date":"20230514000000","show_sort_date":"20230325000000","txt_custom_show_dates":"del 25 de mar\u00e7 al 14 de maig de 2023 ","show_disciplines":"11","show_ultimes_funcions":false,"hide_tarifes_especials":false,"show_properament":false,"txt_additional_info":"","txt_present":"","show_season":[128],"txt_season":"[\"2022\/23\"]","txt_cycle":"","txt_claim":"A Menorca, una fam\u00edlia de cinc dones, guiades per la vella Menc\u00eda (la matriarca de la fam\u00edlia), s\u2019endinsen en un viatge en barca a la Isla del Aire.","txt_cast_excerpt":"","txt_cast":"<p>Autoria:<strong> Alejandro Palomas<br \/><\/strong>Direcci\u00f3:<strong> Mario Gas<br \/>&nbsp;<br \/><\/strong>Int\u00e8rprets<br \/><strong>Nuria Espert - <\/strong>Menc\u00eda <br \/><strong>Vicky Pe\u00f1a - <\/strong>L\u00eda <br \/><strong>Teresa Vallicrosa - <\/strong>Flavia <br \/><strong>Miranda Gas - <\/strong>Bea <br \/><strong>Candela Serrat - <\/strong>In\u00e9s&nbsp;<\/p>\r\n<p>Escenografia<strong>: Sebasti\u00e0 Brosa <br \/><\/strong>Vestuari:<strong> Antonio Belart <br \/><\/strong>Il\u00b7luminaci\u00f3<strong>: Paco Ariza <br \/><\/strong>M\u00fasica original i espai sonor:<strong> Orestes Gas <br \/><\/strong>Videoescena:<strong> \u00c1lvaro Luna amb la col\u00b7laboraci\u00f3 de Evira Ruiz <br \/><\/strong>Caracteritzaci\u00f3: <strong>N\u00faria Llunell <br \/><\/strong>Veu: <strong>Anabel Moreno <\/strong><\/p>\r\n<p>Direcci\u00f3 de producci\u00f3: <strong>Maite Pijuan <br \/><\/strong>Producci\u00f3 executiva:<strong> Mireia Farrarons <br \/><\/strong>Direcci\u00f3 t\u00e8cnica:<strong> Mois\u00e9s Cuenca&nbsp; <br \/><\/strong>Coordinaci\u00f3 t\u00e8cnica:<strong> David Ruiz <\/strong><\/p>\r\n<p>Ajudantia de direcci\u00f3: <strong>Montse Tix\u00e9 <br \/><\/strong>Ajudantia d\u2019escenografia:<strong> Laura Mart\u00ednez Pi<br \/><\/strong>Ajudantia de vestuari:<strong> Maria Albadalejo <br \/><\/strong>Sastreria:<strong> Noelia Echevarria, Laura Gran\u00e9 <br \/><\/strong>Caps t\u00e8cnics del teatre:<strong> Sergi Lobaco i Ra\u00fal Mart\u00ednez<\/strong><\/p>\r\n<p>Construcci\u00f3 de l\u2019escenografia:<strong> Pascualin estructures i Taller d\u2019escenografia Castells&nbsp; <br \/><\/strong>Confecci\u00f3 del vestuari:<strong> Goretti Puente <\/strong><\/p>\r\n<p>M\u00e0rqueting i comunicaci\u00f3:<strong> Teatre Romea\u202f <br \/><\/strong>Reportatge fotogr\u00e0fic: <strong>David Ruano <br \/><\/strong>Disseny gr\u00e0fic:<strong> Santi&Kco\u202f\u202f\u202f <\/strong><\/p>\r\n<p>\u00c9s una producci\u00f3 de <strong>Teatre Romea<\/strong><br \/><strong>\u202f <br \/><\/strong>Amb el suport de<strong>:&nbsp;ICEC<br \/><\/strong><strong>&nbsp; <br \/><\/strong>Distribuci\u00f3: <strong>Sergi Calleja (<a href=\"mailto:scalleja@focus.cat\">scalleja@focus.cat<\/a>) <\/strong><strong><br \/><\/strong><\/p>","txt_reviews":"","hashtag":"LaIslaDelAire","have_promo":"","slogan":"","id_exhibicio":1959,"id_versio":1565,"id_local":1,"txt_seo_desc":"La isla del aire un espectacle dram\u00e1tic al Teatre Romea de Barcelona","data_images":"[{\"localizer\":\"V3SLIDE\",\"url\":\"media\/ftgalslide\/v3\/3163F\/01_086_00055790\/T23_La_isla_del_aire_002.jpg\",\"thumb_url\":\"media\/ftgalslide\/v3\/3163F\/01_086_00055790\/T23_La_isla_del_aire_002_thumb.jpg\",\"title\":\"La isla del aire - Teatre Romea\",\"description\":\"la isla del aire al teatre romea de barcelona\",\"copyright\":\"\",\"order\":9},{\"localizer\":\"V3SLIDE\",\"url\":\"media\/ftgalslide\/v3\/3163F\/01_086_00055788\/T23_La_isla_del_aire_030.jpg\",\"thumb_url\":\"media\/ftgalslide\/v3\/3163F\/01_086_00055788\/T23_La_isla_del_aire_030_thumb.jpg\",\"title\":\"La isla del aire - Teatre Romea\",\"description\":\"la isla del aire al teatre romea de barcelona\",\"copyright\":\"\",\"order\":11},{\"localizer\":\"V3SLIDE\",\"url\":\"media\/ftgalslide\/v3\/3163F\/01_086_00055789\/T23_La_isla_del_aire_144.jpg\",\"thumb_url\":\"media\/ftgalslide\/v3\/3163F\/01_086_00055789\/T23_La_isla_del_aire_144_thumb.jpg\",\"title\":\"La isla del aire - Teatre Romea\",\"description\":\"la isla del aire al teatre romea de barcelona\",\"copyright\":\"\",\"order\":12},{\"localizer\":\"V3SLIDE\",\"url\":\"media\/ftgalslide\/v3\/3163F\/01_086_00055791\/T23_La_isla_del_aire_020.jpg\",\"thumb_url\":\"media\/ftgalslide\/v3\/3163F\/01_086_00055791\/T23_La_isla_del_aire_020_thumb.jpg\",\"title\":\"La isla del aire - Teatre Romea\",\"description\":\"la isla del aire al teatre romea de barcelona\",\"copyright\":\"\",\"order\":13},{\"localizer\":\"V3PORTADAWIDE\",\"url\":\"media\/ver\/port\/v3wide\/31640\/01_088_00055878\/portada-0.jpg\",\"thumb_url\":\"media\/ver\/port\/v3wide\/31640\/01_088_00055878\/portada-0_thumb.jpg\",\"title\":\"La isla del aire - Teatre Romea\",\"description\":\"la isla del aire al teatre romea de barcelona\",\"copyright\":\"\",\"order\":15},{\"localizer\":\"V3PORTADA\",\"url\":\"media\/ver\/port\/v3\/31640\/01_084_00055879\/900x900Portada-1.jpg\",\"thumb_url\":\"media\/ver\/port\/v3\/31640\/01_084_00055879\/900x900Portada-1_thumb.jpg\",\"title\":\"La isla del aire - Teatre Romea\",\"description\":\"la isla del aire al teatre romea de barcelona\",\"copyright\":\"\",\"order\":16},{\"localizer\":\"V3CARTELL\",\"url\":\"media\/ver\/cartell\/v3\/31646\/01_085_00056719\/cartell-web-722x1030.jpg\",\"thumb_url\":\"media\/ver\/cartell\/v3\/31646\/01_085_00056719\/cartell-web-722x1030_thumb.jpg\",\"title\":\"La isla del aire- Distribuci\u00f3\",\"description\":\"la isla del aire distribucio\",\"copyright\":\"\",\"order\":17}]","material__texto_intro":"","data_material":null,"data_gallery":"","data_discounts":"[]","contract_is_open":true,"in_tour":false},"yoast_head":"<!-- This site is optimized with the Yoast SEO plugin v27.5 - https:\/\/yoast.com\/product\/yoast-seo-wordpress\/ -->\n<title>La isla del aire - Teatre Romea<\/title>\n<meta name=\"robots\" content=\"index, follow, max-snippet:-1, max-image-preview:large, max-video-preview:-1\" \/>\n<link rel=\"canonical\" href=\"https:\/\/www.teatreromea.cat\/ca\/ex\/la-isla-del-aire\/\" \/>\n<script type=\"application\/ld+json\" class=\"yoast-schema-graph\">{\"@context\":\"https:\\\/\\\/schema.org\",\"@graph\":[{\"@type\":\"WebPage\",\"@id\":\"https:\\\/\\\/www.teatreromea.cat\\\/ca\\\/ex\\\/la-isla-del-aire\\\/\",\"url\":\"https:\\\/\\\/www.teatreromea.cat\\\/ca\\\/ex\\\/la-isla-del-aire\\\/\",\"name\":\"La isla del aire - Teatre Romea\",\"isPartOf\":{\"@id\":\"https:\\\/\\\/www.teatreromea.cat\\\/ca\\\/#website\"},\"datePublished\":\"2023-06-06T09:42:15+00:00\",\"dateModified\":\"2025-01-09T09:36:23+00:00\",\"breadcrumb\":{\"@id\":\"https:\\\/\\\/www.teatreromea.cat\\\/ca\\\/ex\\\/la-isla-del-aire\\\/#breadcrumb\"},\"inLanguage\":\"ca\",\"potentialAction\":[{\"@type\":\"ReadAction\",\"target\":[\"https:\\\/\\\/www.teatreromea.cat\\\/ca\\\/ex\\\/la-isla-del-aire\\\/\"]}]},{\"@type\":\"BreadcrumbList\",\"@id\":\"https:\\\/\\\/www.teatreromea.cat\\\/ca\\\/ex\\\/la-isla-del-aire\\\/#breadcrumb\",\"itemListElement\":[{\"@type\":\"ListItem\",\"position\":1,\"name\":\"Inici\",\"item\":\"https:\\\/\\\/www.teatreromea.cat\\\/ca\\\/\"},{\"@type\":\"ListItem\",\"position\":2,\"name\":\"Espectacles\",\"item\":\"https:\\\/\\\/www.teatreromea.cat\\\/ca\\\/ex\\\/\"},{\"@type\":\"ListItem\",\"position\":3,\"name\":\"La isla del aire\"}]},{\"@type\":\"WebSite\",\"@id\":\"https:\\\/\\\/www.teatreromea.cat\\\/ca\\\/#website\",\"url\":\"https:\\\/\\\/www.teatreromea.cat\\\/ca\\\/\",\"name\":\"Teatre Romea\",\"description\":\"\",\"publisher\":{\"@id\":\"https:\\\/\\\/www.teatreromea.cat\\\/ca\\\/#organization\"},\"potentialAction\":[{\"@type\":\"SearchAction\",\"target\":{\"@type\":\"EntryPoint\",\"urlTemplate\":\"https:\\\/\\\/www.teatreromea.cat\\\/ca\\\/?s={search_term_string}\"},\"query-input\":{\"@type\":\"PropertyValueSpecification\",\"valueRequired\":true,\"valueName\":\"search_term_string\"}}],\"inLanguage\":\"ca\"},{\"@type\":\"Organization\",\"@id\":\"https:\\\/\\\/www.teatreromea.cat\\\/ca\\\/#organization\",\"name\":\"Teatre Romea\",\"url\":\"https:\\\/\\\/www.teatreromea.cat\\\/ca\\\/\",\"logo\":{\"@type\":\"ImageObject\",\"inLanguage\":\"ca\",\"@id\":\"https:\\\/\\\/www.teatreromea.cat\\\/ca\\\/#\\\/schema\\\/logo\\\/image\\\/\",\"url\":\"https:\\\/\\\/www.teatreromea.cat\\\/wp-content\\\/uploads\\\/sites\\\/2\\\/2017\\\/09\\\/teatre-romea-logo.svg\",\"contentUrl\":\"https:\\\/\\\/www.teatreromea.cat\\\/wp-content\\\/uploads\\\/sites\\\/2\\\/2017\\\/09\\\/teatre-romea-logo.svg\",\"width\":1,\"height\":1,\"caption\":\"Teatre Romea\"},\"image\":{\"@id\":\"https:\\\/\\\/www.teatreromea.cat\\\/ca\\\/#\\\/schema\\\/logo\\\/image\\\/\"},\"sameAs\":[\"http:\\\/\\\/www.facebook.com\\\/TeatreRomea\",\"https:\\\/\\\/x.com\\\/teatre_romea\",\"http:\\\/\\\/instagram.com\\\/teatreromea\",\"http:\\\/\\\/www.youtube.com\\\/user\\\/TeatreRomea\"]}]}<\/script>\n<!-- \/ Yoast SEO plugin. -->","yoast_head_json":{"title":"La isla del aire - Teatre Romea","robots":{"index":"index","follow":"follow","max-snippet":"max-snippet:-1","max-image-preview":"max-image-preview:large","max-video-preview":"max-video-preview:-1"},"canonical":"https:\/\/www.teatreromea.cat\/ca\/ex\/la-isla-del-aire\/","schema":{"@context":"https:\/\/schema.org","@graph":[{"@type":"WebPage","@id":"https:\/\/www.teatreromea.cat\/ca\/ex\/la-isla-del-aire\/","url":"https:\/\/www.teatreromea.cat\/ca\/ex\/la-isla-del-aire\/","name":"La isla del aire - Teatre Romea","isPartOf":{"@id":"https:\/\/www.teatreromea.cat\/ca\/#website"},"datePublished":"2023-06-06T09:42:15+00:00","dateModified":"2025-01-09T09:36:23+00:00","breadcrumb":{"@id":"https:\/\/www.teatreromea.cat\/ca\/ex\/la-isla-del-aire\/#breadcrumb"},"inLanguage":"ca","potentialAction":[{"@type":"ReadAction","target":["https:\/\/www.teatreromea.cat\/ca\/ex\/la-isla-del-aire\/"]}]},{"@type":"BreadcrumbList","@id":"https:\/\/www.teatreromea.cat\/ca\/ex\/la-isla-del-aire\/#breadcrumb","itemListElement":[{"@type":"ListItem","position":1,"name":"Inici","item":"https:\/\/www.teatreromea.cat\/ca\/"},{"@type":"ListItem","position":2,"name":"Espectacles","item":"https:\/\/www.teatreromea.cat\/ca\/ex\/"},{"@type":"ListItem","position":3,"name":"La isla del aire"}]},{"@type":"WebSite","@id":"https:\/\/www.teatreromea.cat\/ca\/#website","url":"https:\/\/www.teatreromea.cat\/ca\/","name":"Teatre Romea","description":"","publisher":{"@id":"https:\/\/www.teatreromea.cat\/ca\/#organization"},"potentialAction":[{"@type":"SearchAction","target":{"@type":"EntryPoint","urlTemplate":"https:\/\/www.teatreromea.cat\/ca\/?s={search_term_string}"},"query-input":{"@type":"PropertyValueSpecification","valueRequired":true,"valueName":"search_term_string"}}],"inLanguage":"ca"},{"@type":"Organization","@id":"https:\/\/www.teatreromea.cat\/ca\/#organization","name":"Teatre Romea","url":"https:\/\/www.teatreromea.cat\/ca\/","logo":{"@type":"ImageObject","inLanguage":"ca","@id":"https:\/\/www.teatreromea.cat\/ca\/#\/schema\/logo\/image\/","url":"https:\/\/www.teatreromea.cat\/wp-content\/uploads\/sites\/2\/2017\/09\/teatre-romea-logo.svg","contentUrl":"https:\/\/www.teatreromea.cat\/wp-content\/uploads\/sites\/2\/2017\/09\/teatre-romea-logo.svg","width":1,"height":1,"caption":"Teatre Romea"},"image":{"@id":"https:\/\/www.teatreromea.cat\/ca\/#\/schema\/logo\/image\/"},"sameAs":["http:\/\/www.facebook.com\/TeatreRomea","https:\/\/x.com\/teatre_romea","http:\/\/instagram.com\/teatreromea","http:\/\/www.youtube.com\/user\/TeatreRomea"]}]}},"translations":[{"id":10747,"locale":"ca"},{"id":10748,"locale":"es"}],"_links":{"self":[{"href":"https:\/\/www.teatreromea.cat\/ca\/wp-json\/wp\/v2\/ex\/10747","targetHints":{"allow":["GET"]}}],"collection":[{"href":"https:\/\/www.teatreromea.cat\/ca\/wp-json\/wp\/v2\/ex"}],"about":[{"href":"https:\/\/www.teatreromea.cat\/ca\/wp-json\/wp\/v2\/types\/ex"}],"author":[{"embeddable":true,"href":"https:\/\/www.teatreromea.cat\/ca\/wp-json\/wp\/v2\/users\/2"}],"replies":[{"embeddable":true,"href":"https:\/\/www.teatreromea.cat\/ca\/wp-json\/wp\/v2\/comments?post=10747"}],"acf:term":[{"embeddable":true,"taxonomy":"season","href":"https:\/\/www.teatreromea.cat\/ca\/wp-json\/wp\/v2\/season\/128"}],"wp:attachment":[{"href":"https:\/\/www.teatreromea.cat\/ca\/wp-json\/wp\/v2\/media?parent=10747"}],"curies":[{"name":"wp","href":"https:\/\/api.w.org\/{rel}","templated":true}]}}